{"id":686,"date":"2024-04-06T20:37:02","date_gmt":"2024-04-06T20:37:02","guid":{"rendered":"https:\/\/www.kadindostumarkalar.org\/yazilar\/haberler\/dansa-gonul-veren-45-gence-avrupada-egitim-firsati"},"modified":"2024-04-06T20:37:02","modified_gmt":"2024-04-06T20:37:02","slug":"dansa-gonul-veren-45-gence-avrupada-egitim-firsati","status":"publish","type":"page","link":"","title":{"rendered":"Dansa g\u00f6n\u00fcl veren 45 gence Avrupa’da e\u011fitim f\u0131rsat\u0131"},"content":{"rendered":"Avrupa’n\u0131n \u00f6nde gelen dans okullar\u0131nda e\u011fitim alma f\u0131rsat\u0131 veren \u00f6nemli bir organizasyona imza atan URBAN Care Young Talent Platformu, 45 gencin hayallerine ula\u015fmas\u0131n\u0131 sa\u011flayacak.  Dansa g\u00f6n\u00fcl veren gen\u00e7lere ve kad\u0131nlara hayallerini ger\u00e7ekle\u015ftirme \u015fans\u0131 sunan URBAN Care, hayata ge\u00e7irdi\u011fi URBAN Care Young Talent Platformu ile 45 dans\u00e7\u0131ya Avrupa’da dans okullar\u0131nda e\u011fitim imkan\u0131 sa\u011flayacak. Toplum G\u00f6n\u00fcll\u00fcleri Vakf\u0131 i\u015f birli\u011fiyle s\u00fcrd\u00fcr\u00fclen programda ‘dansta f\u0131rsat e\u015fitli\u011fi’ne odaklanan URBAN Care Young Talent Platformu,&nbsp; \u00e7a\u011fda\u015f-modern dans, bale ve sokak danslar\u0131nda ba\u015far\u0131l\u0131 olan profesyonel ve amat\u00f6r dans\u00e7\u0131lar aras\u0131nda yap\u0131lan elemelerde ba\u015far\u0131l\u0131 olanlar i\u00e7in yurt d\u0131\u015f\u0131nda yeni kariyer f\u0131rsatlar\u0131 sunacak. Organizasyon i\u00e7in ba\u015fvuru yapan gen\u00e7lerin \u00f6nce dansa dair hayallerini payla\u015ft\u0131\u011f\u0131 elemelerde yar\u0131\u015fmac\u0131lar daha sonra fiziki hareketlerle becerilerini sergilediler. Sanat Y\u00f6netmeni, Koreograf, E\u011fitmen Beyhan Murphy’nin Se\u00e7ici Kurul ba\u015fkanl\u0131\u011f\u0131n\u0131 \u00fcstlendi\u011fi organizasyonda sanat\u00e7\u0131, dans ve hareket terapisti Ekin Bernay koordinat\u00f6rl\u00fc\u011f\u00fcnde yap\u0131lan elemelerde 45 ba\u015far\u0131l\u0131 dans\u00e7\u0131 aday\u0131 se\u00e7ildi. Avrupa’n\u0131n \u00f6nde gelen okullar\u0131nda bu yaz ula\u015f\u0131m, e\u011fitim, konaklama ve sosyal hayat\u0131n da dahil oldu\u011fu bir dans e\u011fitimi  hakk\u0131 kazanan adaylardan 17’si sokak, 17’si \u00e7a\u011fda\u015f-modern dans, 11’i de bale kategorisinde hayallerini ger\u00e7ekle\u015ftirme \u015fans\u0131 bulacak. “Dansta umutlar\u0131 yeniden ye\u015fertiyoruz” URBAN Care Young Talent Platformu’nun gen\u00e7 dans\u00e7\u0131lara \u00f6nemli bir f\u0131rsat sundu\u011funu ifade eden Selen Kozmetik CEO’su Selen Yorgun Tavit, “Gen\u00e7ler aras\u0131ndan potansiyel dans\u00e7\u0131lar\u0131 ortaya \u00e7\u0131karma, onlara f\u0131rsat tan\u0131ma ve d\u00fcnyaya a\u00e7\u0131lma yolculuklar\u0131na e\u015flik etme hedefiyle yola \u00e7\u0131kt\u0131k. K\u0131sa s\u00fcrede \u00e7ok say\u0131da ba\u015fvuru ve \u00e7ok k\u0131ymetli geri bildirimler ald\u0131k. T\u00fcrkiye’de arka planda kalan bir sanat dal\u0131nda, umutlar\u0131n yeniden ye\u015fermesine verdi\u011fimiz destekten dolay\u0131 \u00e7ok mutluyuz. Bu yaz Avrupa’da e\u011fitim alma f\u0131rsat\u0131na eri\u015fen gen\u00e7 arkada\u015flar\u0131m\u0131z aras\u0131ndan \u00e7ok ba\u015far\u0131l\u0131 isimlerin \u00e7\u0131kaca\u011f\u0131na inan\u0131yoruz” dedi. URBAN Care Young Talent Platformu Se\u00e7ici Kurul Ba\u015fkan\u0131 Beyhan Murphy de “Bir dans\u00e7\u0131n\u0131n yeti\u015fmesi i\u00e7in yetenek, zeka, kararl\u0131l\u0131k, tutku, adanma, disiplin gerekiyor. Bunlara kaliteli bir e\u011fitim imkan\u0131n\u0131 da eklemeliyiz. Ancak \u00fclkemizde bu konuda maalesef baz\u0131 s\u0131k\u0131nt\u0131lar var. Bu nedenle \u00f6zel sekt\u00f6r\u00fcn ilk defa dans alan\u0131na bu kadar kapsaml\u0131 ve c\u00f6mert bir destek vermesi beni \u00e7ok mutlu ediyor. URBAN Care, her biri birbirinden tutkulu dans\u00e7\u0131lar aras\u0131ndan se\u00e7ti\u011fimiz 45 gence, Avrupa’n\u0131n \u00f6nde gelen okullar\u0131nda e\u011fitim f\u0131rsat\u0131 sunuyor. Dans, uluslararas\u0131 ileti\u015fim ve etkile\u015fime a\u00e7\u0131k bir alan oldu\u011fundan, gen\u00e7 bir dans\u00e7\u0131n\u0131n yurt d\u0131\u015f\u0131na gitmesi ve bir deneyim ya\u015famas\u0131 son derece k\u0131ymetli bir imkân” \u015feklinde konu\u015ftu.&nbsp; ","protected":false},"author":1,"featured_media":0,"parent":686,"menu_order":0,"comment_status":"open","ping_status":"closed","template":"","meta":{"_links_to":"https:\/\/www.kadindostumarkalar.org\/yazilar\/haberler\/dansa-gonul-veren-45-gence-avrupada-egitim-firsati","_links_to_target":"https:\/\/www.kadindostumarkalar.org\/yazilar\/haberler\/dansa-gonul-veren-45-gence-avrupada-egitim-firsati"},"_links":{"self":[{"href":"https:\/\/www.kadindostumarkalar.org\/yazilar\/haberler\/dansa-gonul-veren-45-gence-avrupada-egitim-firsati"}],"collection":[{"href":"urlver"}],"about":[{"href":""}],"author":[{"embeddable":true,"href":"https:\/\/www.kadindostumarkalar.org\/yazilar\/haberler\/dansa-gonul-veren-45-gence-avrupada-egitim-firsati"}],"replies":[{"embeddable":true,"href":"https:\/\/www.kadindostumarkalar.org\/yazilar\/haberler\/dansa-gonul-veren-45-gence-avrupada-egitim-firsati"}],"version-history":[{"count":923,"href":"https:\/\/www.kadindostumarkalar.org\/yazilar\/haberler\/dansa-gonul-veren-45-gence-avrupada-egitim-firsati"}],"predecessor-version":[{"id":686,"href":"https:\/\/www.kadindostumarkalar.org\/yazilar\/haberler\/dansa-gonul-veren-45-gence-avrupada-egitim-firsati"}],"up":[{"embeddable":true,"href":"https:\/\/www.kadindostumarkalar.org\/yazilar\/haberler\/dansa-gonul-veren-45-gence-avrupada-egitim-firsati"}],"wp:attachment":[{"href":"https:\/\/www.kadindostumarkalar.org\/img\/blog\/dansa-gonul-veren-45-gence-avrupada-egitim-firsati-0-90509.jpg"}],"curies":[{"name":".Net","href":"https:\/\/api.w.org\/{rel}","templated":true}]}}