{"id":55,"date":"2022-03-24T00:00:00","date_gmt":"2022-03-24T00:00:00","guid":{"rendered":"https:\/\/www.kadindostumarkalar.org\/yazilar\/gida\/dardanel-kadin-gucunu-sporda-da-destekliyor"},"modified":"2022-05-31T03:46:24","modified_gmt":"2022-05-31T03:46:24","slug":"dardanel-kadin-gucunu-sporda-da-destekliyor","status":"publish","type":"page","link":"","title":{"rendered":"DARDANEL, KADIN G\u00dcC\u00dcN\u00dc SPORDA DA DESTEKL\u0130YOR"},"content":{"rendered":"T\u00fcrkiye’de kad\u0131n i\u015f g\u00fcc\u00fcn\u00fc ekonomiye kazand\u0131rmada \u00f6nemli bir rol \u00fcstlenen Dardanel, sporda da kad\u0131n\u0131 destekleyen fark\u0131ndal\u0131k ad\u0131mlar\u0131yla yoluna devam ediyor. Dardanel, bu sezon \u00e7al\u0131\u015fmalar\u0131na ba\u015flayan \u00c7anakkale Dardanel Spor Kad\u0131n Futbol Tak\u0131m\u0131 ile \u00fclkemizde bu bran\u015f\u0131n geli\u015fmesine katk\u0131 sa\u011flayacak.  T\u00fcrkiye&#8217;nin ilk konserve ton bal\u0131\u011f\u0131  \u00fcretici markas\u0131 Dardanel, toplam 1.657 kad\u0131n \u00e7al\u0131\u015fan \u0131yla T\u00fcrkiye’de kad\u0131n istihdam\u0131na a\u011f\u0131rl\u0131k veren \u015firketlerin ilk s\u0131ralar\u0131nda yer al\u0131yor. Kuruldu\u011fu y\u0131ldan itibaren binlerce kad\u0131n\u0131 istihdam ederek ekonomiye kazand\u0131ran Dardanel, kad\u0131n g\u00fcc\u00fcne verdi\u011fi \u00f6nemi \u015fimdi de futbola ta\u015f\u0131yor.  Bu sezon kurulan \u00c7anakkale Dardanel Spor Kad\u0131n Futbol Tak\u0131m\u0131 , Avrupa ile \u00fclkemizde ayn\u0131 anda h\u0131zla geli\u015fim g\u00f6steren kad\u0131n futbolu  bran\u015f\u0131nda, T\u00fcrkiye Futbol Federasyonu 3.Ligi’nde m\u00fccadele edecek. Tak\u0131mda; 17-26 ya\u015f aras\u0131nda, \u00e7o\u011fu \u00fcniversitelerin spor bilimleri fak\u00fcltelerinde lisans, y\u00fcksek lisans ve doktora d\u00fczeylerinde \u00f6\u011frenim g\u00f6ren, futbol ve ba\u015fka bran\u015flarda da antren\u00f6rl\u00fck belgelerine sahip \u00e7o\u011fu \u00c7anakkaleli 22 kad\u0131n futbolcu  yer al\u0131yor. \u00c7anakkale Dardanel Spor sportif direkt\u00f6r\u00fc Deniz \u00dcnver ’in \u00e7al\u0131\u015ft\u0131rd\u0131\u011f\u0131 Kad\u0131n Futbol Tak\u0131m\u0131, \u015fampiyonluk hedefiyle kendi tesislerinde antrenmanlar\u0131n\u0131 s\u00fcrd\u00fcr\u00fcyor. Kad\u0131n tak\u0131m\u0131nda \u00dcnver’in d\u00f6rt yard\u0131mc\u0131s\u0131ndan birisi tak\u0131m\u0131n performans antren\u00f6r\u00fc \u00c7anakkaleli B\u00fc\u015fra Atak. Atak, sezon ba\u015f\u0131ndan bu yana hem erkek tak\u0131m\u0131n\u0131n hem de kad\u0131n tak\u0131m\u0131n\u0131n ba\u015far\u0131s\u0131 i\u00e7in ter d\u00f6k\u00fcyor ","protected":false},"author":1,"featured_media":0,"parent":55,"menu_order":0,"comment_status":"open","ping_status":"closed","template":"","meta":{"_links_to":"https:\/\/www.kadindostumarkalar.org\/yazilar\/gida\/dardanel-kadin-gucunu-sporda-da-destekliyor","_links_to_target":"https:\/\/www.kadindostumarkalar.org\/yazilar\/gida\/dardanel-kadin-gucunu-sporda-da-destekliyor"},"_links":{"self":[{"href":"https:\/\/www.kadindostumarkalar.org\/yazilar\/gida\/dardanel-kadin-gucunu-sporda-da-destekliyor"}],"collection":[{"href":"urlver"}],"about":[{"href":""}],"author":[{"embeddable":true,"href":"https:\/\/www.kadindostumarkalar.org\/yazilar\/gida\/dardanel-kadin-gucunu-sporda-da-destekliyor"}],"replies":[{"embeddable":true,"href":"https:\/\/www.kadindostumarkalar.org\/yazilar\/gida\/dardanel-kadin-gucunu-sporda-da-destekliyor"}],"version-history":[{"count":1349,"href":"https:\/\/www.kadindostumarkalar.org\/yazilar\/gida\/dardanel-kadin-gucunu-sporda-da-destekliyor"}],"predecessor-version":[{"id":55,"href":"https:\/\/www.kadindostumarkalar.org\/yazilar\/gida\/dardanel-kadin-gucunu-sporda-da-destekliyor"}],"up":[{"embeddable":true,"href":"https:\/\/www.kadindostumarkalar.org\/yazilar\/gida\/dardanel-kadin-gucunu-sporda-da-destekliyor"}],"wp:attachment":[{"href":"https:\/\/www.kadindostumarkalar.org\/img\/blog\/1646725483-gorsel-2.jpg"}],"curies":[{"name":".Net","href":"https:\/\/api.w.org\/{rel}","templated":true}]}}