{"id":1397,"date":"2025-11-13T15:51:44","date_gmt":"2025-11-13T15:51:44","guid":{"rendered":"https:\/\/www.kadindostumarkalar.org\/yazilar\/kariyer-basamaklari\/derya-aktay-raffles-istanbul-un-gelirler-yonetimi-direktoru-oldu"},"modified":"2025-11-13T15:51:44","modified_gmt":"2025-11-13T15:51:44","slug":"derya-aktay-raffles-istanbul-un-gelirler-yonetimi-direktoru-oldu","status":"publish","type":"page","link":"","title":{"rendered":"Derya Aktay, Raffles \u0130stanbul’un Gelirler Y\u00f6netimi Direkt\u00f6r\u00fc Oldu"},"content":{"rendered":"Raffles \u0130stanbul’da ger\u00e7ekle\u015fen \u00fcst d\u00fczey atama kapsam\u0131nda Derya Aktay, Gelirler Y\u00f6netimi Direkt\u00f6r\u00fc ve Y\u00f6netim Kurulu \u00dcyesi oldu.   L\u00fcks konaklama sekt\u00f6r\u00fcnde 15 y\u0131l\u0131 a\u015fk\u0131n deneyime sahip Derya Aktay , A\u011fustos 2025 itibar\u0131yla Raffles \u0130stanbul ’un Gelirler Y\u00f6netimi Direkt\u00f6r\u00fc ve Y\u00f6netim Kurulu \u00dcyesi olarak g\u00f6reve ba\u015flad\u0131. E\u011fitimini Akdeniz \u00dcniversitesi  Turizm \u0130\u015fletmecili\u011fi b\u00f6l\u00fcm\u00fcnde tamamlayan Derya Aktay, \u00e7al\u0131\u015fma hayat\u0131na \u00c7\u0131ra\u011fan Palace Kempinski  \u0130stanbul ’da ad\u0131m att\u0131. Ard\u0131ndan Raffles \u0130stanbul  ve Mandarin Oriental Bosphorus, Istanbul  gibi global markalarda rezervasyon, gelir y\u00f6netimi ve e-ticaret alanlar\u0131nda kilit sorumluluklar \u00fcstlendi. T\u00fcrkiye’de edindi\u011fi kapsaml\u0131 birikimin yan\u0131 s\u0131ra, yurt d\u0131\u015f\u0131nda da \u00e7e\u015fitli deneyimler kazanarak uluslararas\u0131 gelir y\u00f6netimi stratejilerine dair g\u00fc\u00e7l\u00fc bir hakimiyet geli\u015ftirdi. Aktay, yeni g\u00f6revinde tecr\u00fcbelerini Raffles \u0130stanbul&nbsp;ailesine aktarmay\u0131 ve ekip\u00e7e yeni ba\u015far\u0131lara imza atmay\u0131 hedefliyor. ","protected":false},"author":1,"featured_media":0,"parent":1397,"menu_order":0,"comment_status":"open","ping_status":"closed","template":"","meta":{"_links_to":"https:\/\/www.kadindostumarkalar.org\/yazilar\/kariyer-basamaklari\/derya-aktay-raffles-istanbul-un-gelirler-yonetimi-direktoru-oldu","_links_to_target":"https:\/\/www.kadindostumarkalar.org\/yazilar\/kariyer-basamaklari\/derya-aktay-raffles-istanbul-un-gelirler-yonetimi-direktoru-oldu"},"_links":{"self":[{"href":"https:\/\/www.kadindostumarkalar.org\/yazilar\/kariyer-basamaklari\/derya-aktay-raffles-istanbul-un-gelirler-yonetimi-direktoru-oldu"}],"collection":[{"href":"urlver"}],"about":[{"href":""}],"author":[{"embeddable":true,"href":"https:\/\/www.kadindostumarkalar.org\/yazilar\/kariyer-basamaklari\/derya-aktay-raffles-istanbul-un-gelirler-yonetimi-direktoru-oldu"}],"replies":[{"embeddable":true,"href":"https:\/\/www.kadindostumarkalar.org\/yazilar\/kariyer-basamaklari\/derya-aktay-raffles-istanbul-un-gelirler-yonetimi-direktoru-oldu"}],"version-history":[{"count":717,"href":"https:\/\/www.kadindostumarkalar.org\/yazilar\/kariyer-basamaklari\/derya-aktay-raffles-istanbul-un-gelirler-yonetimi-direktoru-oldu"}],"predecessor-version":[{"id":1397,"href":"https:\/\/www.kadindostumarkalar.org\/yazilar\/kariyer-basamaklari\/derya-aktay-raffles-istanbul-un-gelirler-yonetimi-direktoru-oldu"}],"up":[{"embeddable":true,"href":"https:\/\/www.kadindostumarkalar.org\/yazilar\/kariyer-basamaklari\/derya-aktay-raffles-istanbul-un-gelirler-yonetimi-direktoru-oldu"}],"wp:attachment":[{"href":"https:\/\/www.kadindostumarkalar.org\/img\/blog\/derya-aktay-raffles-istanbul-un-gelirler-yonetimi-direktoru-oldu-0-37111.jpg"}],"curies":[{"name":".Net","href":"https:\/\/api.w.org\/{rel}","templated":true}]}}