{"id":436,"date":"2022-10-06T11:16:19","date_gmt":"2022-10-06T11:16:19","guid":{"rendered":"https:\/\/www.kadindostumarkalar.org\/yazilar\/kariyer-basamaklari\/dhl-express-turkiyeden-avrupaya-onemli-atama"},"modified":"2022-10-06T11:20:52","modified_gmt":"2022-10-06T11:20:52","slug":"dhl-express-turkiyeden-avrupaya-onemli-atama","status":"publish","type":"page","link":"","title":{"rendered":"DHL EXPRESS T\u00dcRK\u0130YE’DEN AVRUPA’YA \u00d6NEML\u0130 ATAMA"},"content":{"rendered":"DHL Express  T\u00fcrkiye CFO ’su Derya \u00d6zer Sa\u011fkan , DHL Express Avrupa  CFO’lu\u011funa atand\u0131. Sa\u011fkan, yeni g\u00f6revine 1 Eyl\u00fcl’de Almanya’n\u0131n Bonn kentinde bulunan Deutsche Post DHL  merkezinde ba\u015flayacak. DHL Express T\u00fcrkiye  finans ekibinde 2003 y\u0131l\u0131ndan bu yana farkl\u0131 g\u00f6revler \u00fcstlenen Derya \u00d6zer Sa\u011fkan, 2018’den beri DHL Express T\u00fcrkiye CFO ’lu\u011funu y\u00fcr\u00fct\u00fcyordu. 1 Eyl\u00fcl 2022 itibar\u0131yla DHL Avrupa CFO ’lu\u011funa getirilen Sa\u011fkan, \u015firketin Bonn’daki merkezinde g\u00f6rev alacak. DHL Express CFO’su Joe Joseph’e do\u011frudan, Avrupa CEO’su Alberto Nobis’e dolayl\u0131 olarak raporlama yapacak olan Sa\u011fkan, ayn\u0131 zamanda DHL Express Avrupa B\u00f6lgesi Y\u00f6netim Kurulu ’nun da \u00fcyesi olacak. ","protected":false},"author":1,"featured_media":0,"parent":436,"menu_order":0,"comment_status":"open","ping_status":"closed","template":"","meta":{"_links_to":"https:\/\/www.kadindostumarkalar.org\/yazilar\/kariyer-basamaklari\/dhl-express-turkiyeden-avrupaya-onemli-atama","_links_to_target":"https:\/\/www.kadindostumarkalar.org\/yazilar\/kariyer-basamaklari\/dhl-express-turkiyeden-avrupaya-onemli-atama"},"_links":{"self":[{"href":"https:\/\/www.kadindostumarkalar.org\/yazilar\/kariyer-basamaklari\/dhl-express-turkiyeden-avrupaya-onemli-atama"}],"collection":[{"href":"urlver"}],"about":[{"href":""}],"author":[{"embeddable":true,"href":"https:\/\/www.kadindostumarkalar.org\/yazilar\/kariyer-basamaklari\/dhl-express-turkiyeden-avrupaya-onemli-atama"}],"replies":[{"embeddable":true,"href":"https:\/\/www.kadindostumarkalar.org\/yazilar\/kariyer-basamaklari\/dhl-express-turkiyeden-avrupaya-onemli-atama"}],"version-history":[{"count":1087,"href":"https:\/\/www.kadindostumarkalar.org\/yazilar\/kariyer-basamaklari\/dhl-express-turkiyeden-avrupaya-onemli-atama"}],"predecessor-version":[{"id":436,"href":"https:\/\/www.kadindostumarkalar.org\/yazilar\/kariyer-basamaklari\/dhl-express-turkiyeden-avrupaya-onemli-atama"}],"up":[{"embeddable":true,"href":"https:\/\/www.kadindostumarkalar.org\/yazilar\/kariyer-basamaklari\/dhl-express-turkiyeden-avrupaya-onemli-atama"}],"wp:attachment":[{"href":"https:\/\/www.kadindostumarkalar.org\/img\/blog\/httpswwwkadindostumarkalarorgblogkariyer-basamaklari-0-57439.jpg"}],"curies":[{"name":".Net","href":"https:\/\/api.w.org\/{rel}","templated":true}]}}