{"id":148,"date":"2022-05-09T00:00:00","date_gmt":"2022-05-09T00:00:00","guid":{"rendered":"https:\/\/www.kadindostumarkalar.org\/yazilar\/teknoloji\/dijital-benim-isim-yeni-egiticileri-de-bunyesine-katti"},"modified":"2022-05-31T10:16:13","modified_gmt":"2022-05-31T10:16:13","slug":"dijital-benim-isim-yeni-egiticileri-de-bunyesine-katti","status":"publish","type":"page","link":"","title":{"rendered":"“D\u0130J\u0130TAL BEN\u0130M \u0130\u015e\u0130M” YEN\u0130 E\u011e\u0130T\u0130C\u0130LER\u0130 DE B\u00dcNYES\u0130NE KATTI"},"content":{"rendered":"Millî E\u011fitim Bakanl\u0131\u011f\u0131 Hayat Boyu \u00d6\u011frenme Genel M\u00fcd\u00fcrl\u00fc\u011f\u00fc ve T\u00fcrkiye Vodafone Vakf\u0131 i\u015fbirli\u011fiyle hayata ge\u00e7irilen “Dijital Benim \u0130\u015fim” projesinde online olarak d\u00fczenlenen &nbsp;e\u011fitici e\u011fitimleri programlar\u0131 tamamland\u0131.  2 y\u0131l \u00f6nce hayata ge\u00e7irilen ve bug\u00fcne kadar 5 bini a\u015fk\u0131n kad\u0131na ula\u015fan “Dijital Benim \u0130\u015fim” projesinde yeni d\u00f6nem e\u011fitici e\u011fitimleri tamamland\u0131. Millî E\u011fitim Bakanl\u0131\u011f\u0131 Hayat Boyu \u00d6\u011frenme Genel M\u00fcd\u00fcrl\u00fc\u011f\u00fc ve T\u00fcrkiye Vodafone Vakf\u0131 i\u015fbirli\u011fiyle hayata ge\u00e7irlen proje kapsam\u0131nda, var olan ve yeni e\u011fitmenlere y\u00f6nelik Dijital Okuryazarl\u0131k ve Dijital Pazarlama konular\u0131nda e\u011fitici e\u011fitimi ve proje e\u011fitimlerinin verilece\u011fi halk e\u011fitimi merkezlerinin m\u00fcd\u00fcrlerine y\u00f6nelik bilgilendirme toplant\u0131s\u0131 ger\u00e7ekle\u015ftirildi. Online olarak d\u00fczenlenen e\u011fitim toplant\u0131lar\u0131na 20 proje ilinde bulunan 53 mevcut e\u011fitmen, 86 yeni e\u011fiticive 84 kurum idarecisi kat\u0131ld\u0131. Kursiyerler sosyal, k\u00fclt\u00fcrel ve mesleki a\u00e7\u0131lardan da geli\u015ftiriliyor   Millî E\u011fitim Bakanl\u0131\u011f\u0131 Hayat Boyu \u00d6\u011frenme Genel M\u00fcd\u00fcrl\u00fc\u011f\u00fc Ara\u015ft\u0131rma, Geli\u015ftirme ve Projeler Daire Ba\u015fkan\u0131 C\u00fcneyt Ak\u00e7ap\u0131nar , konuya ili\u015fkin yapt\u0131\u011f\u0131 a\u00e7\u0131klamada,Hayat Boyu \u00d6\u011frenme Genel M\u00fcd\u00fcrl\u00fc\u011f\u00fc olarak, payda\u015flar\u0131 ile birlikte kursiyerlerin sosyal, k\u00fclt\u00fcrel ve mesleki a\u00e7\u0131lardan geli\u015ftirilmesi ve bu geli\u015fime ba\u011fl\u0131 olarak istihdam edilebilir d\u00fczeye getirilmesi amac\u0131yla \u00e7ok say\u0131da proje y\u00fcr\u00fctt\u00fcklerine de\u011findi.  Ak\u00e7ap\u0131nar,  Halk E\u011fitimi Mmerkezlerinde \u00f6\u011frenim g\u00f6ren kursiyer kad\u0131nlar\u0131n dijital becerilerinin geli\u015ftirilmesine katk\u0131 sa\u011flamak \u00fczere T\u00fcrkiye Vodafone Vakf\u0131 i\u015fbirli\u011fiyle hayata ge\u00e7irdikleri, kamu ve \u00f6zel sekt\u00f6r birlikteli\u011finin ba\u015far\u0131l\u0131 \u00f6rneklerinden olan ‘Dijital Benim \u0130\u015fim’projesinin de bunlardan biri oldu\u011funu aktard\u0131. Proje kapsam\u0131nda, Dijital Okuryazarl\u0131k e\u011fitimleri ile kad\u0131n kursiyerlere temel bilgisayar becerileri kazand\u0131r\u0131rken, Dijital Pazarlama e\u011fitimleri ile de dijital alanda meslekî geli\u015fimlerine katk\u0131 sa\u011flad\u0131klar\u0131na dikkat \u00e7eken Ak\u00e7ap\u0131nar, pandemi d\u00f6neminin t\u00fcm olumsuz etkilerine ra\u011fmen projeye yo\u011fun bir ilgin\u0131n olu\u015ftu\u011funu ve bu ilginin neticesinde de 5 binin \u00fczerinde kad\u0131na ula\u015fm\u0131\u015f olduklar\u0131n\u0131 dile getirdi. Ak\u00e7ap\u0131nar, “Projenin ikinci y\u0131l\u0131nda da de\u011ferli e\u011fitmenlerimizin \u00f6zverili \u00e7al\u0131\u015fmalar\u0131yla daha b\u00fcy\u00fck ba\u015far\u0131lara imza ataca\u011f\u0131m\u0131za inan\u0131yorum ve yeni d\u00f6nemin hepimiz i\u00e7in g\u00fczel ge\u00e7mesini temenni ediyorum” diyerek s\u00f6zlerini tamamlad\u0131. Projenin yeni hedefi 2 y\u0131lda toplamda 12 bin kad\u0131na ula\u015fmak   T\u00fcrkiye Vodafone Vakf\u0131 olarak, yapt\u0131klar\u0131 her i\u015fin bir amaca hizmet etmesi gerekti\u011fine inand\u0131klar\u0131n\u0131 belirten T\u00fcrkiye Vodafone Vakf\u0131 Ba\u015fkan\u0131 Hasan S\u00fcel,  “Dijital Benim \u0130\u015fim” projesini, hem toplumun dijitalle\u015fmesine katk\u0131da bulunacaklar\u0131, hem de kad\u0131nlar\u0131n geli\u015fimini destekleyecekleri bir proje olarak tasarlay\u0131p hayata ge\u00e7irdiklerini ifade etti. Bu projeyle, kad\u0131nlar\u0131n dijital yetkinliklerini geli\u015ftirerek ekonomik ve sosyal hayata dahil olmalar\u0131n\u0131 sa\u011flamay\u0131 da hedeflediklerini aktaran S\u00fcel, ge\u00e7en y\u0131l a\u015famal\u0131 olarak 13 ilde hayata ge\u00e7irilen projeyle toplam 5 bini a\u015fk\u0131n kad\u0131na ula\u015ft\u0131klar\u0131 ve e\u011fitimlerden mezun olan 63 kad\u0131n kursiyeri Vodafone M\u00fc\u015fteri Hizmetleri  b\u00fcnyesinde istihdam  ettikleri bilgisini verdi. Projenin yeni d\u00f6neminde il say\u0131s\u0131n\u0131 13’ten 20’ye \u00e7\u0131kard\u0131klar\u0131n\u0131 da s\u00f6yleyen S\u00fcel, yeni hedefin de2 y\u0131lda toplamda 12 bin kad\u0131na ula\u015fmak oldu\u011funu dile getirdi. S\u00fcel, “Bu hedefimize, elbette, de\u011ferli e\u011fiticilerimizin katk\u0131 ve deste\u011fi ileula\u015fabilece\u011fiz. Bu nedenle e\u011fiticie\u011fitimlerine b\u00fcy\u00fck \u00f6nem veriyoruz. Bu e\u011fitimlerde, e\u011fitici aday\u0131 arkada\u015flar\u0131m\u0131za dijital okuryazarl\u0131k  ve dijital pazarlama  konular\u0131nda ayr\u0131nt\u0131l\u0131 bilgisunuyoruz. T\u00fcm yeni d\u00f6nem kursiyerlerimize \u015fimdiden ba\u015far\u0131lar diliyorum” \u015feklinde konu\u015ftu. E\u011fitici e\u011fitimleri 31 Mart’ta ba\u015flad\u0131  Proje kapsam\u0131nda ger\u00e7ekle\u015ftirilen e\u011fitici e\u011fitimlerinin ilki mevcut Dijital Okuryazarl\u0131k e\u011fitmenleriyle 31 Mart’ta ve mevcut Dijital Pazarlama e\u011fitmenleriyle 1 Nisan’da d\u00fczenlendi. Yeni e\u011fitmenlerle ise 13 Nisan’da Dijital Okuryazarl\u0131k ve 14 Nisan’da Dijital Pazarlama e\u011fitimleri ger\u00e7ekle\u015ftirildi. Ayr\u0131ca, 11 Nisan’da,e\u011fitimlerin verilece\u011fi halk e\u011fitimi merkezlerinin m\u00fcd\u00fcrlerine y\u00f6nelik bilgilendirme toplant\u0131s\u0131 yap\u0131ld\u0131. 20 ilde 12 bin kad\u0131na e\u011fitim  “Dijital Benim \u0130\u015fim” projesiyle, kad\u0131nlar\u0131n dijitalle\u015fme potansiyelinin farkl\u0131 e\u011fitim programlar\u0131yla ortaya \u00e7\u0131kar\u0131lmas\u0131 hedefleniyor. Proje kapsam\u0131nda kad\u0131n kursiyerlere 24 saatlik Dijital Okuryazarl\u0131k ve 40 saatlik Dijital Pazarlama e\u011fitimleri veriliyor. \u0130kinci y\u0131l\u0131na giren projenin ilk y\u0131l\u0131nda 13 ilde 140 e\u011fitmenle 5 bini a\u015fk\u0131n kad\u0131n kursiyere e\u011fitim verildi. Bu s\u00fcre\u00e7te 5 milyon TL’lik sosyal de\u011fer elde edilirken, proje i\u00e7in yap\u0131lan her 1 TL’lik yat\u0131r\u0131m 5 TL’lik sosyal getiri sa\u011flad\u0131. Projeyle 2 y\u0131lda 20 ilde toplam 12 bin kad\u0131n kursiyere e\u011fitim verilmesi hedefleniyor. ","protected":false},"author":1,"featured_media":0,"parent":148,"menu_order":0,"comment_status":"open","ping_status":"closed","template":"","meta":{"_links_to":"https:\/\/www.kadindostumarkalar.org\/yazilar\/teknoloji\/dijital-benim-isim-yeni-egiticileri-de-bunyesine-katti","_links_to_target":"https:\/\/www.kadindostumarkalar.org\/yazilar\/teknoloji\/dijital-benim-isim-yeni-egiticileri-de-bunyesine-katti"},"_links":{"self":[{"href":"https:\/\/www.kadindostumarkalar.org\/yazilar\/teknoloji\/dijital-benim-isim-yeni-egiticileri-de-bunyesine-katti"}],"collection":[{"href":"urlver"}],"about":[{"href":""}],"author":[{"embeddable":true,"href":"https:\/\/www.kadindostumarkalar.org\/yazilar\/teknoloji\/dijital-benim-isim-yeni-egiticileri-de-bunyesine-katti"}],"replies":[{"embeddable":true,"href":"https:\/\/www.kadindostumarkalar.org\/yazilar\/teknoloji\/dijital-benim-isim-yeni-egiticileri-de-bunyesine-katti"}],"version-history":[{"count":1507,"href":"https:\/\/www.kadindostumarkalar.org\/yazilar\/teknoloji\/dijital-benim-isim-yeni-egiticileri-de-bunyesine-katti"}],"predecessor-version":[{"id":148,"href":"https:\/\/www.kadindostumarkalar.org\/yazilar\/teknoloji\/dijital-benim-isim-yeni-egiticileri-de-bunyesine-katti"}],"up":[{"embeddable":true,"href":"https:\/\/www.kadindostumarkalar.org\/yazilar\/teknoloji\/dijital-benim-isim-yeni-egiticileri-de-bunyesine-katti"}],"wp:attachment":[{"href":"https:\/\/www.kadindostumarkalar.org\/img\/blog\/dijital-benim-isim-sosyal-medya-kampanya-yarismasinda-kazananlar-belli-oldu-yenigun-1-e1652090984289.jpg"}],"curies":[{"name":".Net","href":"https:\/\/api.w.org\/{rel}","templated":true}]}}