{"id":350,"date":"2021-08-11T00:00:00","date_gmt":"2021-08-11T00:00:00","guid":{"rendered":"https:\/\/www.kadindostumarkalar.org\/yazilar\/genel\/dunya-capindaki-ilk-es-forma-kampanyasi-basladi"},"modified":"2022-06-06T13:30:27","modified_gmt":"2022-06-06T13:30:27","slug":"dunya-capindaki-ilk-es-forma-kampanyasi-basladi","status":"publish","type":"page","link":"","title":{"rendered":"D\u00dcNYA \u00c7APINDAK\u0130 \u0130LK ‘E\u015e FORMA’ KAMPANYASI BA\u015eLADI"},"content":{"rendered":"Voleybolcular cinsiyet e\u015fitsizli\u011fine formal\u0131 yan\u0131t verdi  Uluslararas\u0131 Voleybol Federasyonu ve CVC Capital Partners ile Voleybol D\u00fcnyas\u0131, toplumsal cinsiyet e\u015fitli\u011fi konusunda fark\u0131ndal\u0131k yaratacak \u00f6zel bir \u00e7al\u0131\u015fmaya imza att\u0131.  Uluslararas\u0131 Voleybol Federasyonu  ve CVC Capital Partners  ile Voleybol D\u00fcnyas\u0131  sporcular\u0131n cinsiyet e\u015fitli\u011fini savunacaklar\u0131, d\u00fcnyadaki ilk ‘E\u015f Forma’  kampanyas\u0131n\u0131 ba\u015flatt\u0131. E\u015f Forma  giri\u015fimi, voleyboldaki en iyi oyuncular\u0131n kendi adlar\u0131n\u0131n ve kar\u015f\u0131 cinsten bir oyuncunun ad\u0131n\u0131n yer ald\u0131\u011f\u0131 \u00f6zel bask\u0131 formay\u0131 giymesiyle ba\u015flat\u0131lacak. D\u00dcNYA \u00c7APINDAK\u0130 \u0130LK ‘E\u015e FORMA’ KAMPANYASI BA\u015eLADI  Ayn\u0131 forma numaras\u0131n\u0131 payla\u015facak kad\u0131n ve erkek oyuncular, Voleybol Milletler Ligi (VNL)  2021 Finalleri’nde ilk kez birbirlerinin isimlerini gururla formalar\u0131nda ta\u015f\u0131d\u0131lar. Finallerde voleybol sporunun, oyuncular\u0131n ve taraftarlar\u0131n spor d\u00fcnyas\u0131nda s\u0131kl\u0131kla rastlanan cinsiyetler aras\u0131 e\u015fitsizli\u011fe meydan okumaya \u00e7al\u0131\u015ft\u0131\u011f\u0131n\u0131 vurgulamak i\u00e7in \u00f6zel \u00fcretim formalar giyilecek. T\u00fcrkiye’den Eda Erdem de Kampanyada  Aralar\u0131nda T\u00fcrkiye’den Eda Erdem ’in de bulundu\u011fu \u00fc\u00e7 \u00e7ift oyuncu, ilk E\u015f Forma  el\u00e7ileri olarak belirlendi. Buna g\u00f6re; Eda Erdem  ve Nimir Abdel-Aziz  (Hollanda) 14 numaral\u0131, Lauren Carlini (ABD)  ve Facundo Conte (Arjantin)  7 numaral\u0131, Natalia Goncharova (Rusya)  ve Wallace de Souza (Brezilya)  ise 8 numaral\u0131 E\u015f Forma ’y\u0131 payla\u015facak. Proje kapsam\u0131nda, voleybolda, e\u015fit para \u00f6d\u00fcllerine sahip olan ve e\u015fit izlenme rakamlar\u0131na ula\u015fan kad\u0131n ve erkek \u00fcst d\u00fczey turnuvalar\u0131 ile spor  genelinde e\u015fit bir oyun alan\u0131 geli\u015ftirilmek ama\u00e7lan\u0131yor. Geli\u015fmek i\u00e7in her zaman yer oldu\u011funun fark\u0131nda olan Voleyball World , voleybol  sporunda E\u015f Forma  giri\u015fimiyle bu durumu d\u00fczeltmeyi ve cinsiyet e\u015fitli\u011fi  i\u00e7in bir puan daha almay\u0131 hedefliyor. ","protected":false},"author":1,"featured_media":0,"parent":350,"menu_order":0,"comment_status":"open","ping_status":"closed","template":"","meta":{"_links_to":"https:\/\/www.kadindostumarkalar.org\/yazilar\/genel\/dunya-capindaki-ilk-es-forma-kampanyasi-basladi","_links_to_target":"https:\/\/www.kadindostumarkalar.org\/yazilar\/genel\/dunya-capindaki-ilk-es-forma-kampanyasi-basladi"},"_links":{"self":[{"href":"https:\/\/www.kadindostumarkalar.org\/yazilar\/genel\/dunya-capindaki-ilk-es-forma-kampanyasi-basladi"}],"collection":[{"href":"urlver"}],"about":[{"href":""}],"author":[{"embeddable":true,"href":"https:\/\/www.kadindostumarkalar.org\/yazilar\/genel\/dunya-capindaki-ilk-es-forma-kampanyasi-basladi"}],"replies":[{"embeddable":true,"href":"https:\/\/www.kadindostumarkalar.org\/yazilar\/genel\/dunya-capindaki-ilk-es-forma-kampanyasi-basladi"}],"version-history":[{"count":974,"href":"https:\/\/www.kadindostumarkalar.org\/yazilar\/genel\/dunya-capindaki-ilk-es-forma-kampanyasi-basladi"}],"predecessor-version":[{"id":350,"href":"https:\/\/www.kadindostumarkalar.org\/yazilar\/genel\/dunya-capindaki-ilk-es-forma-kampanyasi-basladi"}],"up":[{"embeddable":true,"href":"https:\/\/www.kadindostumarkalar.org\/yazilar\/genel\/dunya-capindaki-ilk-es-forma-kampanyasi-basladi"}],"wp:attachment":[{"href":"https:\/\/www.kadindostumarkalar.org\/img\/blog\/voleybolda-es-forma-kampanyasi.jpg"}],"curies":[{"name":".Net","href":"https:\/\/api.w.org\/{rel}","templated":true}]}}