{"id":352,"date":"2021-07-09T00:00:00","date_gmt":"2021-07-09T00:00:00","guid":{"rendered":"https:\/\/www.kadindostumarkalar.org\/yazilar\/genel\/dunyada-kadin-girisimci-sayisi-iki-katina-cikti"},"modified":"2022-06-06T13:31:40","modified_gmt":"2022-06-06T13:31:40","slug":"dunyada-kadin-girisimci-sayisi-iki-katina-cikti","status":"publish","type":"page","link":"","title":{"rendered":"D\u00dcNYADA KADIN G\u0130R\u0130\u015e\u0130MC\u0130 SAYISI \u0130K\u0130 KATINA \u00c7IKTI"},"content":{"rendered":"D\u00fcnya genelinde kad\u0131nlar, giri\u015fim ekosisteminin y\u00fczde 34’\u00fcn\u00fc olu\u015ftururken T\u00fcrkiye’de bu oran y\u00fczde 13’te kal\u0131yor. T\u00fcrkiye’de kad\u0131n giri\u015fimciler yaz\u0131l\u0131m, biyoteknoloji ve g\u0131da sekt\u00f6rlerine yo\u011funla\u015f\u0131yor.  E\u011fitim, sa\u011fl\u0131k, ekonomiye kat\u0131l\u0131m  ve siyasi ya\u015famda temsil alanlar\u0131n\u0131n incelendi\u011fi, 156 \u00fclkenin kad\u0131n  ve erkek n\u00fcfusu aras\u0131ndaki cinsiyet e\u015fitsizli\u011fi ni mercek alt\u0131na alan K\u00fcresel Cinsiyet E\u015fitsizli\u011fi Endeksi, D\u00fcnya Ekonomik Forumu  taraf\u0131ndan d\u00fczenleniyor. Bu endekse g\u00f6re cinsiyet  e\u015fitsizli\u011fi nin en az oldu\u011fu \u00fclke \u0130zlanda. Finlandiya ’n\u0131n ikinci, Norve\u00e7 ’in \u00fc\u00e7\u00fcnc\u00fc s\u0131rada yer ald\u0131\u011f\u0131 endekse g\u00f6re T\u00fcrkiye 133. s\u0131rada… Son s\u0131radaysa Afganistan  yer al\u0131yor. T\u00fcrkiye; kad\u0131nlar\u0131n ekonomiye kat\u0131l\u0131m\u0131 ve f\u0131rsat e\u015fitli\u011fi  kategorisinde 140., i\u015fg\u00fcc\u00fcne kat\u0131l\u0131mda 137., ayn\u0131 i\u015fe e\u015fit \u00fccrette 95.s\u0131rada yer ald\u0131. Etkisi devam eden salg\u0131n, kad\u0131nlar ve erkekler aras\u0131ndaki u\u00e7urumun daha da artmas\u0131na neden oldu.2020’de d\u00fcnya genelinde kad\u0131nlar, giri\u015fim ekosisteminin y\u00fczde 34’\u00fcn\u00fc olu\u015ftururken T\u00fcrkiye’de bu oran y\u00fczde 13. Kad\u0131n giri\u015fimciler yaz\u0131l\u0131m, biyoteknoloji ve g\u0131daya yo\u011funla\u015ft\u0131   Kad\u0131n giri\u015fimcil erin yaz\u0131l\u0131m, biyoteknoloji  ve g\u0131da  sekt\u00f6rlerine yo\u011funla\u015ft\u0131\u011f\u0131n\u0131n alt\u0131n\u0131 \u00e7izen IFASTURK  E\u011fitim, Ar-Ge ve Destek Kurucusu Mesut \u015eenel , “2007’de 75 bin olan kad\u0131n  giri\u015fimci  say\u0131s\u0131 g\u00fcn\u00fcm\u00fczde 140 bine yakla\u015fm\u0131\u015f durumda. Kad\u0131nlar\u0131n giri\u015fim ekosistemindeki rollerinin artmas\u0131 i\u00e7in mali dan\u0131\u015fmanl\u0131k, Ar-Ge destek dan\u0131\u015fmanl\u0131\u011f\u0131, Ticaret Bakanl\u0131\u011f\u0131 destekleri, Ar-Ge ve tasar\u0131m merkezi kurulum ve y\u00f6netim dan\u0131\u015fmanl\u0131\u011f\u0131yla birlikte e\u011fitim ve bilirki\u015filik hizmetleri sa\u011fl\u0131yoruz.” a\u00e7\u0131klamas\u0131nda bulundu. ","protected":false},"author":1,"featured_media":0,"parent":352,"menu_order":0,"comment_status":"open","ping_status":"closed","template":"","meta":{"_links_to":"https:\/\/www.kadindostumarkalar.org\/yazilar\/genel\/dunyada-kadin-girisimci-sayisi-iki-katina-cikti","_links_to_target":"https:\/\/www.kadindostumarkalar.org\/yazilar\/genel\/dunyada-kadin-girisimci-sayisi-iki-katina-cikti"},"_links":{"self":[{"href":"https:\/\/www.kadindostumarkalar.org\/yazilar\/genel\/dunyada-kadin-girisimci-sayisi-iki-katina-cikti"}],"collection":[{"href":"urlver"}],"about":[{"href":""}],"author":[{"embeddable":true,"href":"https:\/\/www.kadindostumarkalar.org\/yazilar\/genel\/dunyada-kadin-girisimci-sayisi-iki-katina-cikti"}],"replies":[{"embeddable":true,"href":"https:\/\/www.kadindostumarkalar.org\/yazilar\/genel\/dunyada-kadin-girisimci-sayisi-iki-katina-cikti"}],"version-history":[{"count":1315,"href":"https:\/\/www.kadindostumarkalar.org\/yazilar\/genel\/dunyada-kadin-girisimci-sayisi-iki-katina-cikti"}],"predecessor-version":[{"id":352,"href":"https:\/\/www.kadindostumarkalar.org\/yazilar\/genel\/dunyada-kadin-girisimci-sayisi-iki-katina-cikti"}],"up":[{"embeddable":true,"href":"https:\/\/www.kadindostumarkalar.org\/yazilar\/genel\/dunyada-kadin-girisimci-sayisi-iki-katina-cikti"}],"wp:attachment":[{"href":"https:\/\/www.kadindostumarkalar.org\/img\/blog\/kadin-girisimci-destek.jpg"}],"curies":[{"name":".Net","href":"https:\/\/api.w.org\/{rel}","templated":true}]}}