{"id":231,"date":"2021-05-08T00:00:00","date_gmt":"2021-05-08T00:00:00","guid":{"rendered":"https:\/\/www.kadindostumarkalar.org\/yazilar\/kadin-dostu-markalar-tv\/edenred-turkiye--kadin-yelken-takimi-ve-idealday-projeleriyle-kadin-dostu-markalar-2021-farkindalik-odulunun-sahibi-oldu"},"modified":"2022-06-02T03:57:26","modified_gmt":"2022-06-02T03:57:26","slug":"edenred-turkiye--kadin-yelken-takimi-ve-idealday-projeleriyle-kadin-dostu-markalar-2021-farkindalik-odulunun-sahibi-oldu","status":"publish","type":"page","link":"","title":{"rendered":"EDENRED T\u00dcRK\u0130YE  “KADIN YELKEN TAKIMI” VE “\u0130DEALDAY” PROJELER\u0130YLE KADIN DOSTU MARKALAR 2021 FARKINDALIK \u00d6D\u00dcL\u00dcN\u00dcN SAH\u0130B\u0130 OLDU"},"content":{"rendered":"Topluma, \u00e7evreye ve kad\u0131na dair \u00f6nemli \u00e7al\u0131\u015fmalar ortaya koyan, kad\u0131n yelken tak\u0131m\u0131 ile hem anlaml\u0131 bir dayan\u0131\u015fma sa\u011flayan hem de kad\u0131nlar\u0131m\u0131za sporun her t\u00fcrl\u00fcs\u00fcn\u00fcn yak\u0131\u015ft\u0131\u011f\u0131n\u0131 g\u00f6steren Edenred T\u00fcrkiye  “Kad\u0131n Yelken Tak\u0131m\u0131”  ve “\u0130dealday”  projeleriyle Kad\u0131n Dostu Markalar  2021 Fark\u0131ndal\u0131k  \u00d6d\u00fcl\u00fc&#8217;n\u00fcn sahibi oldu. \u00d6d\u00fcl\u00fc almak \u00fczere t\u00f6rene kat\u0131lan Edenred T\u00fcrkiye  Pazarlama Direkt\u00f6r\u00fc Sn. Zeynep Ege Dura  konu\u015fmas\u0131nda, kad\u0131nlar\u0131n i\u015f hayat\u0131nda daha aktif rol almas\u0131na ve kad\u0131n istihdam\u0131n\u0131 artt\u0131rmaya da \u00f6zen g\u00f6sterdiklerini, global d\u00fczeyde bir anla\u015fma olan &#8220;\u00c7e\u015fitlilik Bildirgesi&#8221; imzac\u0131lar\u0131ndan olduklar\u0131n\u0131 anlatt\u0131. ","protected":false},"author":1,"featured_media":0,"parent":231,"menu_order":0,"comment_status":"open","ping_status":"closed","template":"","meta":{"_links_to":"https:\/\/www.kadindostumarkalar.org\/yazilar\/kadin-dostu-markalar-tv\/edenred-turkiye--kadin-yelken-takimi-ve-idealday-projeleriyle-kadin-dostu-markalar-2021-farkindalik-odulunun-sahibi-oldu","_links_to_target":"https:\/\/www.kadindostumarkalar.org\/yazilar\/kadin-dostu-markalar-tv\/edenred-turkiye--kadin-yelken-takimi-ve-idealday-projeleriyle-kadin-dostu-markalar-2021-farkindalik-odulunun-sahibi-oldu"},"_links":{"self":[{"href":"https:\/\/www.kadindostumarkalar.org\/yazilar\/kadin-dostu-markalar-tv\/edenred-turkiye--kadin-yelken-takimi-ve-idealday-projeleriyle-kadin-dostu-markalar-2021-farkindalik-odulunun-sahibi-oldu"}],"collection":[{"href":"urlver"}],"about":[{"href":""}],"author":[{"embeddable":true,"href":"https:\/\/www.kadindostumarkalar.org\/yazilar\/kadin-dostu-markalar-tv\/edenred-turkiye--kadin-yelken-takimi-ve-idealday-projeleriyle-kadin-dostu-markalar-2021-farkindalik-odulunun-sahibi-oldu"}],"replies":[{"embeddable":true,"href":"https:\/\/www.kadindostumarkalar.org\/yazilar\/kadin-dostu-markalar-tv\/edenred-turkiye--kadin-yelken-takimi-ve-idealday-projeleriyle-kadin-dostu-markalar-2021-farkindalik-odulunun-sahibi-oldu"}],"version-history":[{"count":1074,"href":"https:\/\/www.kadindostumarkalar.org\/yazilar\/kadin-dostu-markalar-tv\/edenred-turkiye--kadin-yelken-takimi-ve-idealday-projeleriyle-kadin-dostu-markalar-2021-farkindalik-odulunun-sahibi-oldu"}],"predecessor-version":[{"id":231,"href":"https:\/\/www.kadindostumarkalar.org\/yazilar\/kadin-dostu-markalar-tv\/edenred-turkiye--kadin-yelken-takimi-ve-idealday-projeleriyle-kadin-dostu-markalar-2021-farkindalik-odulunun-sahibi-oldu"}],"up":[{"embeddable":true,"href":"https:\/\/www.kadindostumarkalar.org\/yazilar\/kadin-dostu-markalar-tv\/edenred-turkiye--kadin-yelken-takimi-ve-idealday-projeleriyle-kadin-dostu-markalar-2021-farkindalik-odulunun-sahibi-oldu"}],"wp:attachment":[{"href":"https:\/\/www.kadindostumarkalar.org\/img\/blog\/ekran-alintisi-edenred.png"}],"curies":[{"name":".Net","href":"https:\/\/api.w.org\/{rel}","templated":true}]}}