{"id":318,"date":"2021-10-15T00:00:00","date_gmt":"2021-10-15T00:00:00","guid":{"rendered":"https:\/\/www.kadindostumarkalar.org\/yazilar\/yesil-donusum\/eib-iklim-krizi-ile-mucadelede-destegini-arttiriyor"},"modified":"2022-06-06T13:10:22","modified_gmt":"2022-06-06T13:10:22","slug":"eib-iklim-krizi-ile-mucadelede-destegini-arttiriyor","status":"publish","type":"page","link":"","title":{"rendered":"E\u0130B, \u0130KL\u0130M KR\u0130Z\u0130 \u0130LE M\u00dcCADELEDE DESTE\u011e\u0130N\u0130 ARTTIRIYOR"},"content":{"rendered":"Paris \u0130klim Anla\u015fmas\u0131&#8217;n\u0131n onaylanmas\u0131na ili\u015fkin kanun teklifinin Meclis Genel Kurulu&#8217;nda oy birli\u011fiyle kabul edilmesi ve Resmi Gazete&#8217;de yay\u0131mlanarak y\u00fcr\u00fcrl\u00fc\u011fe girmesinin ard\u0131ndan Ege \u0130hracat\u00e7\u0131 Birlikleri (E\u0130B) bir a\u00e7\u0131klama yapt\u0131.  Ege \u0130hracat\u00e7\u0131 Birlikleri  Koordinat\u00f6r Ba\u015fkan\u0131 Jak Eskinazi  yapt\u0131\u011f\u0131 a\u00e7\u0131klamada, T\u00fcrkiye’nin anla\u015fmay\u0131 \u015fu tarihe kadar onaylamayan tek OECD  ve G20 \u00fclkesi  oldu\u011funu hat\u0131rlatt\u0131. 2020 y\u0131l\u0131nda sona eren Kyoto Protokol\u00fc ’nden sonraki s\u00fcre\u00e7te k\u00fcresel iklim rejimi ni netle\u015ftiren Paris Anla\u015fmas\u0131 ’n\u0131 \u015fimdiye kadar 197 ülkenin imzalad\u0131\u011f\u0131na ve 191’inin onaylad\u0131\u011f\u0131na dikkat \u00e7eken Eskinazi,  T\u00fcrkiye’nin, 5 y\u0131l \u00f6nce imza att\u0131\u011f\u0131 anla\u015fmaya taraf olarak s\u00fcreci tamamlad\u0131\u011f\u0131n\u0131 ve anla\u015fmay\u0131 onaylayan 192’inci \u00fclke oldu\u011funu dile getirdi. Bu ad\u0131m\u0131 atmak i\u00e7in ge\u00e7en s\u00fcrenin zaman kayb\u0131 oldu\u011funu da belirten Eskinazi, yine de olumlu bir ad\u0131m oldu\u011funu vurgulad\u0131. T\u00fcrkiye’nin dahil olmas\u0131 gereken \u00e7ok fazla s\u00fcre\u00e7, iyile\u015ftirilmesi gereken \u00e7ok fazla \u015fey oldu\u011funu da s\u00f6yleyen Eskinazi, T\u00fcrkiye’nin, iklim krizi ni ger\u00e7ekten bir kriz olarak g\u00f6rmesi ve bundan sonraki s\u00fcre\u00e7te t\u00fcm taraflarla aktif olarak \u00e7al\u0131\u015fmas\u0131 gerekti\u011finin alt\u0131n\u0131 \u00e7izdi. Eskinazi, anla\u015fmaya taraf \u00fclkelerin ulusal katk\u0131 beyanlar\u0131yla kendi hedeflerini belirlediklerini ve T\u00fcrkiye&#8217;nin yan\u0131 ba\u015f\u0131nda, Avrupa&#8217;da t\u00fcm sekt\u00f6rleri d\u00f6n\u00fc\u015ft\u00fcren yat\u0131r\u0131mlar ger\u00e7ekle\u015fti\u011fini ifade etti. Ar-Ge yat\u0131r\u0131m\u0131 yapmadan inovasyon olmaz  Bu durumun bir ki\u015finin tekelinde olmad\u0131\u011f\u0131n\u0131 anlatan Eskinazi’ye g\u00f6re b\u00fct\u00fcn payda\u015flar\u0131n etkin rol al\u0131p karar s\u00fcre\u00e7lerine dahil edilmesi gerekiyor. “Ele\u015ftiriselli\u011fin, \u00f6zg\u00fcrl\u00fc\u011f\u00fcn, kat\u0131l\u0131mc\u0131l\u0131\u011f\u0131n ve \u00e7o\u011fulculu\u011fun her alanda oldu\u011fu gibi iklim politikalar\u0131nda da en \u00f6nemli k\u0131s\u0131m oldu\u011funa vurgu yapan Eskinazi s\u00f6zlerine \u015f\u00f6yle devam etti: “T\u00fcrkiye WIPO 2021 Global \u0130novasyon Endeksi&#8217;nde kalk\u0131nma d\u00fczeyi ile orant\u0131l\u0131 olarak 41’inci s\u0131rada. Almanya  GSYIH&#8217;sinin y\u00fczde 3,17&#8217;sini, Japonya  GSYIH&#8217;sinin y\u00fczde 3,28&#8217;ini, \u0130sve\u00e7  y\u00fczde 3,39&#8217;unu, Kore  ise y\u00fczde 4,53&#8217;\u00fcn\u00fc Ar-Ge&#8217;ye ayr\u0131yor. T\u00fcrkiye ise GSYIH&#8217;sinin sadece y\u00fczde 1&#8217;ini Ar-Ge&#8217;ye yat\u0131r\u0131yor. T\u00fcrkiye, OECD \u00fclkeleri aras\u0131nda 2020&#8217;de devlet b\u00fct\u00e7esinden Ar-Ge yat\u0131r\u0131mlar\u0131 pay\u0131n\u0131 azaltan tek \u00fclke. Ar-Ge yat\u0131r\u0131m\u0131 yap\u0131l\u0131rsa inovasyon , inovasyon olursa nitelikli s\u00fcrd\u00fcr\u00fclebilir ekonomik b\u00fcy\u00fcme olur. Ye\u015fil yat\u0131r\u0131m seferberli\u011fi i\u00e7in gerekli katk\u0131 verilmeli ve Ar-Ge kayna\u011f\u0131 fazlala\u015ft\u0131r\u0131lmal\u0131.” Yenilenebilir Enerji Ekipman ve Hizmet \u0130hracat\u00e7\u0131lar\u0131 Birli\u011fi  ve Karbon Emisyonu Piyasas\u0131 D\u00fczenleme Kurumu kurulmal\u0131  \u0130zmir&#8217;de T\u00fcrkiye&#8217;nin ilk Yenilenebilir Enerji  Ekipman ve Hizmet \u0130hracat\u00e7\u0131lar\u0131 Birli\u011fi&#8217;nin kurulmas\u0131na y\u00f6nelik \u00e7al\u0131\u015fmalar\u0131 ba\u015flatt\u0131klar\u0131n\u0131 a\u00e7\u0131klayan Jak Eskinazi , e nerji verimlili\u011fi  ba\u015fta olmak \u00fczere gerekli politikalar\u0131n \u00f6ncelenmesi ve hayata ge\u00e7irilmesi gerekti\u011fi g\u00f6r\u00fc\u015f\u00fcnde. “T\u00fcrkiye&#8217;nin r\u00fczgar enerjisi  kurulu g\u00fc\u00e7 kapasitesi 10 bin MW&#8217;nin \u00fczerine \u00e7\u0131kt\u0131. R\u00fczgar, g\u00fcne\u015f ve ye\u015fil hidrojen gibi yenilenebilir enerji  kaynaklar\u0131n\u0131n te\u015fviki, iklim politikalar\u0131 n\u0131n \u00fcst d\u00fczeyde m\u00fczakere edilece\u011fi, raporlama, karbon ayak izi  bilgisi ve etiketleme gibi alanlarda ulusal inisiyatiflerin ortaya konulaca\u011f\u0131 mekanizmalar geli\u015ftirilmeli. T\u00fcrkiye’de Enerji Piyasas\u0131 D\u00fczenleme Kurumu  gibi Karbon Emisyonu Piyasas\u0131 D\u00fczenleme Kurumu kurulmal\u0131. \u0130klim  alan\u0131nda yeni bir d\u00f6nemin liderli\u011fini yapmak istiyorsak \u00f6zel sekt\u00f6r\u00fcn bu m\u00fccadelede \u00e7ok b\u00fcy\u00fck bir g\u00f6rev \u00fcstlendi\u011fini biliyoruz. Bu y\u00fczden s\u00fcrd\u00fcr\u00fclebilirlik  alan\u0131nda yapt\u0131\u011f\u0131m\u0131z projelerle, at\u0131l\u0131mlarla T\u00fcrkiye’de \u0130hracat\u00e7\u0131 Birlikleri aras\u0131nda \u00f6nc\u00fcy\u00fcz.” E\u0130B’te S\u00fcrd\u00fcr\u00fclebilirlik Departman\u0131 kuruldu  Eskinazi, “AB Ye\u015fil Mutabakat a uyum i\u00e7in ihracat\u00e7\u0131 sekt\u00f6rlerin uyum sa\u011flama s\u00fcrecine destek olmak, projeler geli\u015ftirilmesi i\u00e7in Ege \u0130hracat\u00e7\u0131 Birlikleri’nde S\u00fcrd\u00fcr\u00fclebilirlik Departman\u0131  kurduk. Hem sanayi hem tar\u0131m sekt\u00f6rlerimizin \u00e7evreci ve d\u00fc\u015f\u00fck karbonlu kalk\u0131nmaya ge\u00e7i\u015fini h\u0131zland\u0131rmak i\u00e7in firmalar\u0131m\u0131za S\u00fcrd\u00fcr\u00fclebilir  UR-GE projelerimizle destek veriyoruz. E\u0130B olarak uzun s\u00fcredir devam eden iklim krizi ile m\u00fccadeleye deste\u011fimizin artarak s\u00fcrece\u011fini taahh\u00fct ediyoruz.” dedi. ","protected":false},"author":1,"featured_media":0,"parent":318,"menu_order":0,"comment_status":"open","ping_status":"closed","template":"","meta":{"_links_to":"https:\/\/www.kadindostumarkalar.org\/yazilar\/yesil-donusum\/eib-iklim-krizi-ile-mucadelede-destegini-arttiriyor","_links_to_target":"https:\/\/www.kadindostumarkalar.org\/yazilar\/yesil-donusum\/eib-iklim-krizi-ile-mucadelede-destegini-arttiriyor"},"_links":{"self":[{"href":"https:\/\/www.kadindostumarkalar.org\/yazilar\/yesil-donusum\/eib-iklim-krizi-ile-mucadelede-destegini-arttiriyor"}],"collection":[{"href":"urlver"}],"about":[{"href":""}],"author":[{"embeddable":true,"href":"https:\/\/www.kadindostumarkalar.org\/yazilar\/yesil-donusum\/eib-iklim-krizi-ile-mucadelede-destegini-arttiriyor"}],"replies":[{"embeddable":true,"href":"https:\/\/www.kadindostumarkalar.org\/yazilar\/yesil-donusum\/eib-iklim-krizi-ile-mucadelede-destegini-arttiriyor"}],"version-history":[{"count":1042,"href":"https:\/\/www.kadindostumarkalar.org\/yazilar\/yesil-donusum\/eib-iklim-krizi-ile-mucadelede-destegini-arttiriyor"}],"predecessor-version":[{"id":318,"href":"https:\/\/www.kadindostumarkalar.org\/yazilar\/yesil-donusum\/eib-iklim-krizi-ile-mucadelede-destegini-arttiriyor"}],"up":[{"embeddable":true,"href":"https:\/\/www.kadindostumarkalar.org\/yazilar\/yesil-donusum\/eib-iklim-krizi-ile-mucadelede-destegini-arttiriyor"}],"wp:attachment":[{"href":"https:\/\/www.kadindostumarkalar.org\/img\/blog\/1633610969-adobestock-205908749-scaled.jpeg"}],"curies":[{"name":".Net","href":"https:\/\/api.w.org\/{rel}","templated":true}]}}