{"id":443,"date":"2022-10-06T16:16:50","date_gmt":"2022-10-06T16:16:50","guid":{"rendered":"https:\/\/www.kadindostumarkalar.org\/yazilar\/kariyer-basamaklari\/elemannetin-pazarlama-ve-iletisim-direktoru-pinar-aysen"},"modified":"2022-10-06T16:20:18","modified_gmt":"2022-10-06T16:20:18","slug":"elemannetin-pazarlama-ve-iletisim-direktoru-pinar-aysen","status":"publish","type":"page","link":"","title":{"rendered":"ELEMAN.NET'\u0130N PAZARLAMA VE \u0130LET\u0130\u015e\u0130M D\u0130REKT\u00d6R\u00dc: PINAR AYSEN"},"content":{"rendered":"T\u00fcrkiye’nin istihdam kayna\u011f\u0131 Eleman.net ’te Pazarlama ve \u0130leti\u015fim Direkt\u00f6rl\u00fc\u011f\u00fc  g\u00f6revine P\u0131nar Aysen  getirildi. Farkl\u0131 sekt\u00f6rlerdeki \u015firketlerde y\u00f6netici pozisyonlar\u0131nda g\u00f6rev alan P\u0131nar Aysen, markan\u0131n t\u00fcm pazarlama ve ileti\u015fim stratejilerinin yan\u0131 s\u0131ra dijital pazarlama ve dijital ileti\u015fim \u00e7al\u0131\u015fmalar\u0131n\u0131n kurgulanmas\u0131ndan ve y\u00f6netiminden de sorumlu olacak. P\u0131nar Aysen, Bo\u011fazi\u00e7i \u00dcniversitesi Ekonomi B\u00f6l\u00fcm\u00fc  mezunu. Daha sonra Bah\u00e7e\u015fehir \u00dcniversitesi ’nde MBA  yapt\u0131. Profesyonel kariyerine uluslararas\u0131 medikal cihaz firmas\u0131 Covidien  \u015firketinde \u00dcr\u00fcn M\u00fcd\u00fcr\u00fc  olarak ba\u015flayan Aysen, kariyerine uluslararas\u0131 ila\u00e7 firmas\u0131 Teva \u0130la\u00e7  \u015firketinde devam etti. 2011 y\u0131l\u0131nda T\u00fcrk Telekom ’a transfer olan Aysen, sekiz y\u0131l boyunca internet, mobil, sabit hat bireysel ve kurumsal pazarlama m\u00fc\u015fteri de\u011fer y\u00f6netimi birimlerinde y\u00f6netici olarak g\u00f6rev yapt\u0131. 2019’da Birevim A.\u015e ’ye ge\u00e7en Aysen, Pazarlama Grup M\u00fcd\u00fcr\u00fc  olarak 2019-2021 y\u0131llar\u0131 aras\u0131nda g\u00f6rev ald\u0131. ","protected":false},"author":1,"featured_media":0,"parent":443,"menu_order":0,"comment_status":"open","ping_status":"closed","template":"","meta":{"_links_to":"https:\/\/www.kadindostumarkalar.org\/yazilar\/kariyer-basamaklari\/elemannetin-pazarlama-ve-iletisim-direktoru-pinar-aysen","_links_to_target":"https:\/\/www.kadindostumarkalar.org\/yazilar\/kariyer-basamaklari\/elemannetin-pazarlama-ve-iletisim-direktoru-pinar-aysen"},"_links":{"self":[{"href":"https:\/\/www.kadindostumarkalar.org\/yazilar\/kariyer-basamaklari\/elemannetin-pazarlama-ve-iletisim-direktoru-pinar-aysen"}],"collection":[{"href":"urlver"}],"about":[{"href":""}],"author":[{"embeddable":true,"href":"https:\/\/www.kadindostumarkalar.org\/yazilar\/kariyer-basamaklari\/elemannetin-pazarlama-ve-iletisim-direktoru-pinar-aysen"}],"replies":[{"embeddable":true,"href":"https:\/\/www.kadindostumarkalar.org\/yazilar\/kariyer-basamaklari\/elemannetin-pazarlama-ve-iletisim-direktoru-pinar-aysen"}],"version-history":[{"count":1044,"href":"https:\/\/www.kadindostumarkalar.org\/yazilar\/kariyer-basamaklari\/elemannetin-pazarlama-ve-iletisim-direktoru-pinar-aysen"}],"predecessor-version":[{"id":443,"href":"https:\/\/www.kadindostumarkalar.org\/yazilar\/kariyer-basamaklari\/elemannetin-pazarlama-ve-iletisim-direktoru-pinar-aysen"}],"up":[{"embeddable":true,"href":"https:\/\/www.kadindostumarkalar.org\/yazilar\/kariyer-basamaklari\/elemannetin-pazarlama-ve-iletisim-direktoru-pinar-aysen"}],"wp:attachment":[{"href":"https:\/\/www.kadindostumarkalar.org\/img\/blog\/httpswwwkadindostumarkalarorgblogkariyer-basamaklari-0-21636.jpg"}],"curies":[{"name":".Net","href":"https:\/\/api.w.org\/{rel}","templated":true}]}}