{"id":867,"date":"2024-11-13T19:04:31","date_gmt":"2024-11-13T19:04:31","guid":{"rendered":"https:\/\/www.kadindostumarkalar.org\/yazilar\/kariyer-basamaklari\/elif-cam-defactoda-surdurulebilirlik-stratejisini-guclendirecek"},"modified":"2024-11-13T19:06:22","modified_gmt":"2024-11-13T19:06:22","slug":"elif-cam-defactoda-surdurulebilirlik-stratejisini-guclendirecek","status":"publish","type":"page","link":"","title":{"rendered":"Elif \u00c7am, Defacto’da S\u00fcrd\u00fcr\u00fclebilirlik Stratejisini G\u00fc\u00e7lendirecek"},"content":{"rendered":"Defacto’da yap\u0131lan \u00fcst d\u00fczey atamayla S\u00fcrd\u00fcr\u00fclebilirlik ve Kurumsal Sosyal Sorumluluk Ba\u015fkanl\u0131\u011f\u0131 g\u00f6revine Elif \u00c7am getirildi.   Global moda markas\u0131 DeFacto’da Tedarik Ba\u015fkanl\u0131\u011f\u0131n\u0131 \u00fcstlenen, yurt i\u00e7inde ve yurt d\u0131\u015f\u0131nda 22 y\u0131l\u0131 a\u015fk\u0131n deneyime sahip olan&nbsp;Elif \u00c7am,  S\u00fcrd\u00fcr\u00fclebilirlik ve Kurumsal Sosyal Sorumluluk Ba\u015fkan\u0131 olarak atand\u0131. Elif \u00c7am yeni g\u00f6revinde, s\u00fcrd\u00fcr\u00fclebilirlik ve kurumsal sosyal sorumluluk alan\u0131nda sahip oldu\u011fu tecr\u00fcbeleriyle, \u015firketin hem s\u00fcrd\u00fcr\u00fclebilirlik stratejisini hem de topluma katk\u0131 sa\u011flama vizyonunu daha da g\u00fc\u00e7lendirmeye \u00e7al\u0131\u015facak.  \u0130stanbul \u00dcniversitesi  \u0130\u015fletme Fak\u00fcltesi’nden mezun olan Elif \u00c7am, kariyerine \u0130nsan Kaynaklar\u0131 Y\u00f6netimi alan\u0131nda ba\u015flad\u0131. Ard\u0131ndan Dijital Pazarlama e\u011fitimi alan \u00c7am, Business of Fashion  London' da Moda Pazarlama e\u011fitimi ald\u0131 ve Erickson' da ko\u00e7luk faaliyetlerinde bulundu. ","protected":false},"author":1,"featured_media":0,"parent":867,"menu_order":0,"comment_status":"open","ping_status":"closed","template":"","meta":{"_links_to":"https:\/\/www.kadindostumarkalar.org\/yazilar\/kariyer-basamaklari\/elif-cam-defactoda-surdurulebilirlik-stratejisini-guclendirecek","_links_to_target":"https:\/\/www.kadindostumarkalar.org\/yazilar\/kariyer-basamaklari\/elif-cam-defactoda-surdurulebilirlik-stratejisini-guclendirecek"},"_links":{"self":[{"href":"https:\/\/www.kadindostumarkalar.org\/yazilar\/kariyer-basamaklari\/elif-cam-defactoda-surdurulebilirlik-stratejisini-guclendirecek"}],"collection":[{"href":"urlver"}],"about":[{"href":""}],"author":[{"embeddable":true,"href":"https:\/\/www.kadindostumarkalar.org\/yazilar\/kariyer-basamaklari\/elif-cam-defactoda-surdurulebilirlik-stratejisini-guclendirecek"}],"replies":[{"embeddable":true,"href":"https:\/\/www.kadindostumarkalar.org\/yazilar\/kariyer-basamaklari\/elif-cam-defactoda-surdurulebilirlik-stratejisini-guclendirecek"}],"version-history":[{"count":871,"href":"https:\/\/www.kadindostumarkalar.org\/yazilar\/kariyer-basamaklari\/elif-cam-defactoda-surdurulebilirlik-stratejisini-guclendirecek"}],"predecessor-version":[{"id":867,"href":"https:\/\/www.kadindostumarkalar.org\/yazilar\/kariyer-basamaklari\/elif-cam-defactoda-surdurulebilirlik-stratejisini-guclendirecek"}],"up":[{"embeddable":true,"href":"https:\/\/www.kadindostumarkalar.org\/yazilar\/kariyer-basamaklari\/elif-cam-defactoda-surdurulebilirlik-stratejisini-guclendirecek"}],"wp:attachment":[{"href":"https:\/\/www.kadindostumarkalar.org\/img\/blog\/elif-cam-defactoda-surdurulebilirlik-stratejisini-guclendirecek-0-89403.jpg"}],"curies":[{"name":".Net","href":"https:\/\/api.w.org\/{rel}","templated":true}]}}