{"id":387,"date":"2022-06-17T17:23:30","date_gmt":"2022-06-17T17:23:30","guid":{"rendered":"https:\/\/www.kadindostumarkalar.org\/yazilar\/kariyer-basamaklari\/elif-goktas"},"modified":"2022-06-17T18:09:51","modified_gmt":"2022-06-17T18:09:51","slug":"elif-goktas","status":"publish","type":"page","link":"","title":{"rendered":"Elif G\u00f6kta\u015f"},"content":{"rendered":"H\u0131zl\u0131 t\u00fcketim \u00fcr\u00fcnleri ve perakende sekt\u00f6rlerinde 27 y\u0131l\u0131 a\u015fk\u0131n pazarlama tecr\u00fcbesi olan Elif G\u00f6kta\u015f , haz\u0131r giyim  sekt\u00f6r\u00fcn\u00fcn \u00f6nemli akt\u00f6rlerinden Beymen Group ’un Pazarlama ve \u0130leti\u015fim Genel M\u00fcd\u00fcr Yard\u0131mc\u0131l\u0131\u011f\u0131  g\u00f6revine getirildi. G\u00f6kta\u015f, Beymenb\u00fcnyesinde bulunan yabanc\u0131 markalar\u0131n ve Beymen Collectio n, Academia , Beymen Club  markalar\u0131n\u0131npazarlama ve ileti\u015fim stratejilerinin geli\u015ftirilmesi, medya ili\u015fkileri, etkinlik y\u00f6netimi, halkla ili\u015fkiler ve kurumsal ileti\u015fim alanlar\u0131ndaki \u00e7al\u0131\u015fmalar\u0131 y\u00f6netecek. Ayr\u0131ca k\u00fcresel geli\u015fmelerle uyumlu olarak grubunperakende sekt\u00f6r\u00fcndeki liderli\u011fini s\u00fcrd\u00fcrecek inovasyonlar\u0131n markalara uyarlanmas\u0131na y\u00f6nelik \u00e7al\u0131\u015fmalara da \u00f6nderlik yapacak. Elif G\u00f6kta\u015f ; Orta Do\u011fu Teknik \u00dcniversitesi  \u0130\u015fletme b\u00f6l\u00fcm\u00fcnden mezun olduktan sonra, 2006 y\u0131l\u0131nda Sabanc\u0131 \u00dcniversitesi ’nde MBA’ini tamamlad\u0131. \u00c7al\u0131\u015fma hayat\u0131na 1995 y\u0131l\u0131nda Ko\u00e7 Holding ’de ba\u015flad\u0131, ard\u0131ndan s\u0131ras\u0131yla AC Nielsen, Alman Sch\u00f6ller Dondurma, Danone, Sabanc\u0131 Holding, Mey Diageo, Do\u011fta\u015f-Kelebek Mobilya ’da y\u00f6neticilik yapt\u0131. ","protected":false},"author":1,"featured_media":0,"parent":387,"menu_order":0,"comment_status":"open","ping_status":"closed","template":"","meta":{"_links_to":"https:\/\/www.kadindostumarkalar.org\/yazilar\/kariyer-basamaklari\/elif-goktas","_links_to_target":"https:\/\/www.kadindostumarkalar.org\/yazilar\/kariyer-basamaklari\/elif-goktas"},"_links":{"self":[{"href":"https:\/\/www.kadindostumarkalar.org\/yazilar\/kariyer-basamaklari\/elif-goktas"}],"collection":[{"href":"urlver"}],"about":[{"href":""}],"author":[{"embeddable":true,"href":"https:\/\/www.kadindostumarkalar.org\/yazilar\/kariyer-basamaklari\/elif-goktas"}],"replies":[{"embeddable":true,"href":"https:\/\/www.kadindostumarkalar.org\/yazilar\/kariyer-basamaklari\/elif-goktas"}],"version-history":[{"count":2065,"href":"https:\/\/www.kadindostumarkalar.org\/yazilar\/kariyer-basamaklari\/elif-goktas"}],"predecessor-version":[{"id":387,"href":"https:\/\/www.kadindostumarkalar.org\/yazilar\/kariyer-basamaklari\/elif-goktas"}],"up":[{"embeddable":true,"href":"https:\/\/www.kadindostumarkalar.org\/yazilar\/kariyer-basamaklari\/elif-goktas"}],"wp:attachment":[{"href":"https:\/\/www.kadindostumarkalar.org\/img\/blog\/elif-goktas-beymen-group-pazarlama-ve-iletisim-genel-mudur-yardimcisi-oldu-0-18482.jpg"}],"curies":[{"name":".Net","href":"https:\/\/api.w.org\/{rel}","templated":true}]}}