{"id":1473,"date":"2025-12-24T16:53:14","date_gmt":"2025-12-24T16:53:14","guid":{"rendered":"https:\/\/www.kadindostumarkalar.org\/yazilar\/kariyer-basamaklari\/elif-mungan-ozdogan-abbvie-turkiye-hukuk-direktoru-oldu"},"modified":"2025-12-24T16:54:18","modified_gmt":"2025-12-24T16:54:18","slug":"elif-mungan-ozdogan-abbvie-turkiye-hukuk-direktoru-oldu","status":"publish","type":"page","link":"","title":{"rendered":"Elif Mungan \u00d6zdo\u011fan, AbbVie T\u00fcrkiye Hukuk Direkt\u00f6r\u00fc Oldu"},"content":{"rendered":"AbbVie T\u00fcrkiye’de ger\u00e7ekle\u015ftirilen \u00fcst d\u00fczey atama kapsam\u0131nda Elif Mungan \u00d6zdo\u011fan, AbbVie T\u00fcrkiye Hukuk Direkt\u00f6r\u00fc olarak g\u00f6reve ba\u015flad\u0131.   Ara\u015ft\u0131rma odakl\u0131 global biyofarma \u015firketi AbbVie T\u00fcrkiye , \u00f6nemli bir atama ger\u00e7ekle\u015ftirildi\u011fini payla\u015ft\u0131. \u015eirket, Elif Mungan \u00d6zdo\u011fan ’\u0131n AbbVie T\u00fcrkiye Hukuk Direkt\u00f6r\u00fc olarak g\u00f6reve ba\u015flad\u0131\u011f\u0131n\u0131 duyurdu. Bilkent \u00dcniversitesi  Hukuk B\u00f6l\u00fcm\u00fc'nden mezun olan Elif Mungan \u00d6zdo\u011fan, ard\u0131ndan King's College London 'da lisans\u00fcst\u00fc e\u011fitim ald\u0131. 1 Aral\u0131k 2025 tarihi itibar\u0131yla yeni g\u00f6revine ba\u015flayan Mungan \u00d6zdo\u011fan kariyer yolculu\u011funda; 2013 - 2021 y\u0131llar\u0131 aras\u0131nda \u00e7e\u015fitli hukuk \u015firketlerinde Avukat ve K\u0131demli Avukat olarak g\u00f6rev yapt\u0131ktan sonra 2021 y\u0131l\u0131nda sa\u011fl\u0131k sekt\u00f6r\u00fcne ge\u00e7erek 5 y\u0131l s\u00fcreyle K\u0131demli Hukuk M\u00fc\u015faviri olarak \u00e7al\u0131\u015ft\u0131. ","protected":false},"author":1,"featured_media":0,"parent":1473,"menu_order":0,"comment_status":"open","ping_status":"closed","template":"","meta":{"_links_to":"https:\/\/www.kadindostumarkalar.org\/yazilar\/kariyer-basamaklari\/elif-mungan-ozdogan-abbvie-turkiye-hukuk-direktoru-oldu","_links_to_target":"https:\/\/www.kadindostumarkalar.org\/yazilar\/kariyer-basamaklari\/elif-mungan-ozdogan-abbvie-turkiye-hukuk-direktoru-oldu"},"_links":{"self":[{"href":"https:\/\/www.kadindostumarkalar.org\/yazilar\/kariyer-basamaklari\/elif-mungan-ozdogan-abbvie-turkiye-hukuk-direktoru-oldu"}],"collection":[{"href":"urlver"}],"about":[{"href":""}],"author":[{"embeddable":true,"href":"https:\/\/www.kadindostumarkalar.org\/yazilar\/kariyer-basamaklari\/elif-mungan-ozdogan-abbvie-turkiye-hukuk-direktoru-oldu"}],"replies":[{"embeddable":true,"href":"https:\/\/www.kadindostumarkalar.org\/yazilar\/kariyer-basamaklari\/elif-mungan-ozdogan-abbvie-turkiye-hukuk-direktoru-oldu"}],"version-history":[{"count":454,"href":"https:\/\/www.kadindostumarkalar.org\/yazilar\/kariyer-basamaklari\/elif-mungan-ozdogan-abbvie-turkiye-hukuk-direktoru-oldu"}],"predecessor-version":[{"id":1473,"href":"https:\/\/www.kadindostumarkalar.org\/yazilar\/kariyer-basamaklari\/elif-mungan-ozdogan-abbvie-turkiye-hukuk-direktoru-oldu"}],"up":[{"embeddable":true,"href":"https:\/\/www.kadindostumarkalar.org\/yazilar\/kariyer-basamaklari\/elif-mungan-ozdogan-abbvie-turkiye-hukuk-direktoru-oldu"}],"wp:attachment":[{"href":"https:\/\/www.kadindostumarkalar.org\/img\/blog\/elif-mungan-ozdogan-abbvie-turkiye-hukuk-direktoru-oldu-0-21777.jpg"}],"curies":[{"name":".Net","href":"https:\/\/api.w.org\/{rel}","templated":true}]}}