{"id":1481,"date":"2025-12-26T14:28:36","date_gmt":"2025-12-26T14:28:36","guid":{"rendered":"https:\/\/www.kadindostumarkalar.org\/yazilar\/kariyer-basamaklari\/emel-gulsen-nestlé-turkiye-de-vp--nesa-bgs-genel-muduru-olarak-atandi"},"modified":"2025-12-26T14:28:36","modified_gmt":"2025-12-26T14:28:36","slug":"emel-gulsen-nestlé-turkiye-de-vp--nesa-bgs-genel-muduru-olarak-atandi","status":"publish","type":"page","link":"","title":{"rendered":"Emel G\u00fcl\u015fen, Nestlé T\u00fcrkiye’de VP- NESA BGS Genel M\u00fcd\u00fcr\u00fc Olarak Atand\u0131"},"content":{"rendered":"Nestlé T\u00fcrkiye’de Operasyonlar Genel M\u00fcd\u00fcr\u00fc olarak g\u00f6rev yapan Emel G\u00fcl\u015fen, 1 Aral\u0131k 2025 itibar\u0131yla \u0130svi\u00e7re’ye atanarak VP- NESA Business Growth Solutions (NESA BGS) Genel M\u00fcd\u00fcr\u00fc oldu. G\u00fcl\u015fen, 26 y\u0131l\u0131 a\u015fk\u0131n deneyimiyle \u015firketin b\u00fcy\u00fcme ve d\u00f6n\u00fc\u015f\u00fcm odakl\u0131 k\u00fcresel stratejilerine liderlik edecek.   Nestlé T\u00fcrkiye  \u00fcst y\u00f6netiminde \u00f6nemli bir atama ger\u00e7ekle\u015ftirildi. Nestlé b\u00fcnyesinde 26 y\u0131l\u0131 a\u015fk\u0131n zamand\u0131r operasyon ve tedarik zinciri alanlar\u0131nda sorumluluklar \u00fcstlenen Emel G\u00fcl\u015fen,  \u0130si\u00e7re’ye VP- NESA Business Growth Solutions (NESA BGS) Genel M\u00fcd\u00fcr\u00fc olarak atand\u0131. Nestlé’nin global \u00f6l\u00e7ekte kad\u0131n liderlerin y\u00f6netim ve karar alma mekanizmalar\u0131ndaki artan rol\u00fcne verdi\u011fi \u00f6nemi yans\u0131tan bu atama ile Emel G\u00fcl\u015fen, \u015firketin b\u00fcy\u00fcme ve d\u00f6n\u00fc\u015f\u00fcm odakl\u0131 stratejilerinin hayata ge\u00e7irilmesinden sorumlu olacak. Kapsay\u0131c\u0131 liderlik anlay\u0131\u015f\u0131 ile pragmatik ve \u00e7\u00f6z\u00fcm odakl\u0131 yakla\u015f\u0131m\u0131yla tan\u0131nan G\u00fcl\u015fen, tedarik zinciri y\u00f6netimindeki derin uzmanl\u0131\u011f\u0131 ve d\u00f6n\u00fc\u015f\u00fcm vizyonuyla NESA Business Growth Solutions’\u0131n bir sonraki b\u00fcy\u00fcme ve etki d\u00f6nemine liderlik edecek. Nestlé T\u00fcrkiye’ye 1999 y\u0131l\u0131nda kat\u0131lan Emel G\u00fcl\u015fen, kariyeri boyunca planlama, lojistik ve m\u00fc\u015fteri hizmetleri gibi farkl\u0131 g\u00f6revlerde bulundu. 2019 y\u0131l\u0131nda Nestlé T\u00fcrkiye Tedarik Zinciri Genel M\u00fcd\u00fcr\u00fc olarak atanan G\u00fcl\u015fen, 2023 y\u0131l\u0131ndan bu yana ise Teknik ve Tedarik Zinciri birimlerinin birle\u015fmesiyle olu\u015fturulan T\u00fcrkiye Operasyonlar Genel M\u00fcd\u00fcrl\u00fc\u011f\u00fc g\u00f6revini y\u00fcr\u00fct\u00fcyordu. G\u00f6rev s\u00fcresi boyunca Nestlé T\u00fcrkiye’nin \u00fcretim ve lojistik ba\u015fta olmak \u00fczere t\u00fcm operasyonlar\u0131nda \u00f6nemli organizasyonel ve altyap\u0131sal d\u00f6n\u00fc\u015f\u00fcmlere liderlik eden G\u00fcl\u015fen; stratejik planlama yetkinli\u011fi ve u\u00e7tan uca de\u011fer zinciri perspektifiyle dikkat \u00e7eken \u00e7al\u0131\u015fmalara imza att\u0131. ","protected":false},"author":1,"featured_media":0,"parent":1481,"menu_order":0,"comment_status":"open","ping_status":"closed","template":"","meta":{"_links_to":"https:\/\/www.kadindostumarkalar.org\/yazilar\/kariyer-basamaklari\/emel-gulsen-nestlé-turkiye-de-vp--nesa-bgs-genel-muduru-olarak-atandi","_links_to_target":"https:\/\/www.kadindostumarkalar.org\/yazilar\/kariyer-basamaklari\/emel-gulsen-nestlé-turkiye-de-vp--nesa-bgs-genel-muduru-olarak-atandi"},"_links":{"self":[{"href":"https:\/\/www.kadindostumarkalar.org\/yazilar\/kariyer-basamaklari\/emel-gulsen-nestlé-turkiye-de-vp--nesa-bgs-genel-muduru-olarak-atandi"}],"collection":[{"href":"urlver"}],"about":[{"href":""}],"author":[{"embeddable":true,"href":"https:\/\/www.kadindostumarkalar.org\/yazilar\/kariyer-basamaklari\/emel-gulsen-nestlé-turkiye-de-vp--nesa-bgs-genel-muduru-olarak-atandi"}],"replies":[{"embeddable":true,"href":"https:\/\/www.kadindostumarkalar.org\/yazilar\/kariyer-basamaklari\/emel-gulsen-nestlé-turkiye-de-vp--nesa-bgs-genel-muduru-olarak-atandi"}],"version-history":[{"count":463,"href":"https:\/\/www.kadindostumarkalar.org\/yazilar\/kariyer-basamaklari\/emel-gulsen-nestlé-turkiye-de-vp--nesa-bgs-genel-muduru-olarak-atandi"}],"predecessor-version":[{"id":1481,"href":"https:\/\/www.kadindostumarkalar.org\/yazilar\/kariyer-basamaklari\/emel-gulsen-nestlé-turkiye-de-vp--nesa-bgs-genel-muduru-olarak-atandi"}],"up":[{"embeddable":true,"href":"https:\/\/www.kadindostumarkalar.org\/yazilar\/kariyer-basamaklari\/emel-gulsen-nestlé-turkiye-de-vp--nesa-bgs-genel-muduru-olarak-atandi"}],"wp:attachment":[{"href":"https:\/\/www.kadindostumarkalar.org\/img\/blog\/emel-gulsen-nestlé-turkiye-de-vp--nesa-bgs-genel-muduru-olarak-atandi-0-9663.jpg"}],"curies":[{"name":".Net","href":"https:\/\/api.w.org\/{rel}","templated":true}]}}