{"id":21,"date":"2021-10-04T00:00:00","date_gmt":"2021-10-04T00:00:00","guid":{"rendered":"https:\/\/www.kadindostumarkalar.org\/yazilar\/enerji\/enerjisa-enerjiden-yesil-mutabakat-destegi"},"modified":"2022-05-31T03:30:17","modified_gmt":"2022-05-31T03:30:17","slug":"enerjisa-enerjiden-yesil-mutabakat-destegi","status":"publish","type":"page","link":"","title":{"rendered":"ENERJ\u0130SA ENERJ\u0130‘DEN YE\u015e\u0130L MUTABAKAT DESTE\u011e\u0130"},"content":{"rendered":"BM K\u00fcresel \u0130lkeler S\u00f6zle\u015fmesi (UN Global Compact) imzac\u0131s\u0131  Enerjisa Enerji, Avrupa Komisyonu ile T\u00fcrkiye Ticaret Bakanl\u0131\u011f\u0131 taraf\u0131ndan karbon emisyonunun azalt\u0131lmas\u0131na y\u00f6nelik olarak a\u00e7\u0131klanan iki yeni eylem plan\u0131na da destek verece\u011fini a\u00e7\u0131klad\u0131.   S\u00fcrd\u00fcr\u00fclebilirlik  stratejilerini ve yol haritas\u0131n\u0131 geli\u015ftirmeye devam eden Enerjisa Enerji , ge\u00e7ti\u011fimiz g\u00fcnlerde Avrupa Komisyonu  ile T\u00fcrkiye Ticaret Bakanl\u0131\u011f\u0131  taraf\u0131ndan karbon emisyonu nun azalt\u0131lmas\u0131na y\u00f6nelik olarak a\u00e7\u0131klanan iki eylem plan\u0131na da destek verdi\u011fini a\u00e7\u0131klad\u0131. Yeni a\u00e7\u0131klanan eylem planlar\u0131na ili\u015fkin g\u00f6r\u00fc\u015flerini payla\u015fan Enerjisa Enerji  CEO’su Murat P\u0131nar, e ylem planlar\u0131n\u0131n iklim de\u011fi\u015fikli\u011fi  ile m\u00fccadele noktas\u0131nda b\u00fcy\u00fck \u00f6nem ta\u015f\u0131d\u0131\u011f\u0131na ve Enerjisa Enerji’nin de bu konuyu sahiplenmeyi ba\u015fl\u0131ca sorumluluklar\u0131 aras\u0131nda g\u00f6rd\u00fc\u011f\u00fcne vurgu yapt\u0131. P\u0131nar , Ye\u015fil enerji  kullan\u0131m\u0131n\u0131n yayg\u0131nla\u015fmas\u0131na katk\u0131 sa\u011flamay\u0131 topluma ve \u00e7evreye kar\u015f\u0131 sorumluluk olarak g\u00f6rd\u00fckleri gibi ka\u00e7\u0131r\u0131lmayacak bir f\u0131rsat olarak da de\u011ferlendirdiklerini dile getirdi.  T\u00fcrkiye gibi y\u00fcksek potansiyele sahip bir \u00fclkede bu eylem planlar\u0131n\u0131n her a\u00e7\u0131dan derinlemesine incelenmesi gerekti\u011fine inand\u0131\u011f\u0131n\u0131 belirten P\u0131nar, Enerjisa Enerji  olarak m\u00fc\u015fterilerini, i\u015f d\u00fcnyas\u0131n\u0131n payda\u015flar\u0131n\u0131 ve \u015fehirleri eylem planlar\u0131n\u0131n uygulamalar\u0131na dahil etmek i\u00e7in t\u00fcm g\u00fc\u00e7leriyle \u00e7al\u0131\u015facaklar\u0131n\u0131 ifade etti. T\u00fcrkiye elektrik enerji  da\u011f\u0131t\u0131m ve sat\u0131\u015f pazar\u0131nda \u00f6nemli bir akt\u00f6r olarak t\u00fcm payda\u015flar\u0131 i\u00e7in yaratt\u0131klar\u0131 fayday\u0131 en \u00fcst d\u00fczeye \u00e7\u0131karmay\u0131 hedeflediklerini aktaran P\u0131nar , s\u00fcrd\u00fcr\u00fclebilirlik  kavram\u0131n\u0131 sadece al\u0131nacak bir dizi aksiyon olarak de\u011fil \u015firket DNA’s\u0131n\u0131n sa\u011flam bir par\u00e7as\u0131 ve i\u015f stratejilerinin itici g\u00fc\u00e7lerinden biri olarak da g\u00f6rd\u00fcklerini belirtti. 2018 y\u0131l\u0131nda ger\u00e7ekle\u015fen ba\u015far\u0131l\u0131 halka arz\u0131 takiben, uzun vadeli de\u011fer yaratma amac\u0131yla ekonomik, \u00e7evresel ve sosyal alanlarda stratejik ve b\u00fct\u00fcnc\u00fcl bir yakla\u015f\u0131m geli\u015ftirmek i\u00e7in kurumsal s\u00fcrd\u00fcr\u00fclebilirli\u011fe odakland\u0131klar\u0131n\u0131 da anlatan P\u0131nar, s\u00fcrd\u00fcr\u00fclebilirli\u011fi  hisse hikâyelerinin \u00f6nemli bir par\u00e7as\u0131 ve etkin stratejik y\u00f6netim i\u00e7in kritik bir ara\u00e7 olarak konumland\u0131rd\u0131klar\u0131n\u0131 belirtti. P\u0131nar  s\u00f6zlerine s\u00f6yle devam etti: “S\u00fcrd\u00fcr\u00fclebilirli\u011fi s\u00fcre\u00e7lerimize entegre ederken, k\u00fcresel \u00e7evre ve sosyal standartlara uyman\u0131n yan\u0131 s\u0131ra toplumsal fark\u0131ndal\u0131\u011f \u0131 da y\u00fckseltiyoruz. Hen\u00fcz ge\u00e7ti\u011fimiz hafta Ayval\u0131k K\u00fc\u00e7\u00fckk\u00f6y’de UNDP  ve Sabanc\u0131 \u00dcniversitesi  ile birlikte ger\u00e7ekle\u015ftirece\u011fimiz SENTRUM  (S\u00fcrd\u00fcr\u00fclebilir Enerji Temelli Turizm Uygulama Merkezi  )’un lansman\u0131n\u0131 ger\u00e7ekle\u015ftirdik. Proje ile 18 ay boyunca Ayval\u0131k K\u00fc\u00e7\u00fckk\u00f6y’de olaca\u011f\u0131z. Birle\u015fmi\u015f Milletler Kalk\u0131nma Ama\u00e7lar\u0131’n\u0131n 10 tanesine do\u011frudan dokunacak \u015fekilde ve ba\u015fta enerji verimlili\u011fi  olmak \u00fczere fark\u0131ndal\u0131k \u00e7al\u0131\u015fmalar\u0131 yapaca\u011f\u0131z. \u00d6zellikle enerji verimlili\u011fi  konusu Enerji ve Tabii Kaynaklar Bakanl\u0131\u011f\u0131m\u0131z\u0131n da strateji belgelerine girmi\u015f \u00f6nemli bir dinamik. Bu noktada Ulusal Enerji Verimlili\u011fi Eylem Plan\u0131  kendimize de referans olarak al\u0131yoruz. \u00c7evresel, Sosyal ve Y\u00f6neti\u015fim (\u00c7SY)  performans\u0131m\u0131z ile enerji  sekt\u00f6r\u00fcnde lider bir \u015firket olma vizyonumuz ile s\u00fcrd\u00fcr\u00fclebilirlik  stratejimizi bu metrikleri entegre edecek \u015fekilde olu\u015fturduk.” Enerjisa Da\u011f\u0131t\u0131m \u015eirketleri  olarak AYEDA\u015e , Ba\u015fkent EDA\u015e  ve Toroslar EDA\u015e  olarak sorumluluk b\u00f6lgelerinde bulunan 14 ilde, 10 binden fazla \u00e7al\u0131\u015fanla, yakla\u015f\u0131k 21,5 milyon kullan\u0131c\u0131ya elektrik da\u011f\u0131t\u0131m\u0131 ger\u00e7ekle\u015ftirdiklerini ve T\u00fcrkiye’deki her 4 ki\u015fiden 1’inin elektri\u011fini sa\u011flad\u0131klar\u0131n\u0131 dile getiren Murat  P\u0131nar , faaliyet g\u00f6sterdikleri illerde \u00e7al\u0131\u015fmalar\u0131n\u0131 insan, \u00e7\u00f6z\u00fcm ve inovasyon odakl\u0131 y\u00fcr\u00fctt\u00fcklerini de anlatt\u0131. Yaln\u0131zca bug\u00fcn\u00fcn operasyonlar\u0131 i\u00e7in de\u011fil, gelece\u011fin \u015febekesi i\u00e7in de planlamalar\u0131n\u0131 hayata ge\u00e7irdikleri ve 2020 y\u0131l\u0131nda AYEDA\u015e, Ba\u015fkent EDA\u015e  ve Toroslar EDA\u015e  olarak toplam 1.960 milyar TL yat\u0131r\u0131m ger\u00e7ekle\u015ftirdikleri bilgisin de veren P\u0131nar , ge\u00e7ti\u011fimiz y\u0131l teknoloji ve s\u00fcrd\u00fcr\u00fclebilirlik  odakl\u0131 t\u00fcm m\u00fc\u015fteri \u00e7\u00f6z\u00fcmlerini “\u0130\u015fimin Enerjisi ” \u00e7at\u0131s\u0131 alt\u0131nda bir araya getirdiklerini ifade etti. Bu kapsamda, elektrikli ara\u00e7lar i\u00e7in \u015farj istasyonlar\u0131 kurulumu alan\u0131nda operasyonlar ger\u00e7ekle\u015ftirerek ye\u015fil enerji  kullan\u0131m\u0131n\u0131 destekleyen E\u015farj, Yenilenebilir Enerji Santralleri, Enerji Verimlili\u011fi Uygulamalar\u0131, Sertifikal\u0131 Ye\u015fil Enerji  ba\u015fta olmak \u00fczere do\u011fa dostu  m\u00fc\u015fteri \u00e7\u00f6z\u00fcmlerini kamu ve \u00f6zel sekt\u00f6rden m\u00fc\u015fterileriyle de payla\u015ft\u0131klar\u0131n\u0131 aktaran P\u0131nar, bu ama\u00e7la \u00f6n\u00fcm\u00fczdeki 5 y\u0131l boyunca t\u00fcm i\u015f kollar\u0131nda toplam 15 milyar TL \u015febekeye ve s\u00fcrd\u00fcr\u00fclebilir teknolojilere yat\u0131r\u0131m yapmay\u0131 planlad\u0131klar\u0131n\u0131 a\u00e7\u0131klad\u0131.  Murat  P\u0131nar  son olarak, elektrik enerjisi nin; hava ve su gibi ya\u015famsal bir ihtiya\u00e7 oldu\u011fu bilinciyle kurallar\u0131 yeniden yaz\u0131lan enerji  sekt\u00f6r\u00fcndeki de\u011fi\u015fim ve trendleri yak\u0131ndan izleyerek, toplumun t\u00fcm kesimlerinin sa\u011fl\u0131kl\u0131 ya\u015fam standartlar\u0131na sahip olabilmesi i\u00e7in \u00e7al\u0131\u015fmay\u0131 s\u00fcrd\u00fcrd\u00fcklerini de s\u00f6zlerine ekledi. Ye\u015fil ve d\u00f6ng\u00fcsel ekonomi i\u00e7in eylem plan\u0131   Avrupa Birli\u011fi  \u00fcyelerinin 2050 itibar\u0131yla s\u0131f\u0131r karbon bir ekonomi olma hedefine yakla\u015fabilmeleri i\u00e7in bir dizi yasal d\u00fczenleme i\u00e7eren “Fit for 55 ” adl\u0131 ye\u015fil paket, AB ’nin \u015fimdiye kadar a\u00e7\u0131klad\u0131\u011f\u0131 en iddial\u0131 iklim de\u011fi\u015fikliyle m\u00fccadele  plan\u0131 olarak dikkat \u00e7ekiyor. Paketin \u00f6ncelikli hedefi, birli\u011fin 2030 y\u0131l\u0131 itibar\u0131yla karbon emisyonlar\u0131n\u0131  1990’l\u0131 y\u0131llara g\u00f6re y\u00fczde 55 oran\u0131nda d\u00fc\u015f\u00fcrmesini sa\u011flamak. “Fit for 55 ” paketi kapsam\u0131nda jet yak\u0131tlar\u0131n\u0131n vergilendirilmesi, dizel ve benzinli ara\u00e7lar\u0131n sat\u0131\u015f\u0131n\u0131n 20 y\u0131l i\u00e7inde tamamen durdurulmas\u0131, T\u00fcrkiye gibi AB  \u00fclkeleriyle ticaret yapan ekonomilerin de ye\u015fil d\u00f6n\u00fc\u015f\u00fcm  ya\u015famalar\u0131n\u0131 sa\u011flayacak karbon vergisine kadar bir\u00e7ok tart\u0131\u015fmal\u0131 yasa tasar\u0131s\u0131 bulunuyor. T.C. Ticaret Bakanl\u0131\u011f\u0131 taraf\u0131ndan a\u00e7\u0131klanan “Ye\u015fil Mutabakat Eylem Plan\u0131 ” ile de T\u00fcrkiye’nin s\u00fcrd\u00fcr\u00fclebilir  ve kaynak etkin bir ekonomiye ge\u00e7i\u015fine katk\u0131 sa\u011flanmas\u0131 hedefleniyor. Eylem Plan\u0131 kapsam\u0131nda; s\u0131n\u0131rda karbon d\u00fczenlemeleri, ye\u015fil ve d\u00f6ng\u00fcsel bir ekonomi, ye\u015fil finansman, temiz, ekonomik ve g\u00fcvenli enerji arz\u0131, s\u00fcrd\u00fcr\u00fclebilir tar\u0131m, s\u00fcrd\u00fcr\u00fclebilir ak\u0131ll\u0131 ula\u015f\u0131m, iklim de\u011fi\u015fikli\u011fi ile m\u00fccadele, diplomasi ve Avrupa Ye\u015fil Mutabakat\u0131  bilgilendirme ve bilin\u00e7lendirme faaliyetleri ba\u015fl\u0131klar\u0131 alt\u0131nda belirlenen hedeflere ula\u015f\u0131lmas\u0131 amac\u0131yla hayata ge\u00e7irilecek eylemlere yer veriliyor. ","protected":false},"author":1,"featured_media":0,"parent":21,"menu_order":0,"comment_status":"open","ping_status":"closed","template":"","meta":{"_links_to":"https:\/\/www.kadindostumarkalar.org\/yazilar\/enerji\/enerjisa-enerjiden-yesil-mutabakat-destegi","_links_to_target":"https:\/\/www.kadindostumarkalar.org\/yazilar\/enerji\/enerjisa-enerjiden-yesil-mutabakat-destegi"},"_links":{"self":[{"href":"https:\/\/www.kadindostumarkalar.org\/yazilar\/enerji\/enerjisa-enerjiden-yesil-mutabakat-destegi"}],"collection":[{"href":"urlver"}],"about":[{"href":""}],"author":[{"embeddable":true,"href":"https:\/\/www.kadindostumarkalar.org\/yazilar\/enerji\/enerjisa-enerjiden-yesil-mutabakat-destegi"}],"replies":[{"embeddable":true,"href":"https:\/\/www.kadindostumarkalar.org\/yazilar\/enerji\/enerjisa-enerjiden-yesil-mutabakat-destegi"}],"version-history":[{"count":1320,"href":"https:\/\/www.kadindostumarkalar.org\/yazilar\/enerji\/enerjisa-enerjiden-yesil-mutabakat-destegi"}],"predecessor-version":[{"id":21,"href":"https:\/\/www.kadindostumarkalar.org\/yazilar\/enerji\/enerjisa-enerjiden-yesil-mutabakat-destegi"}],"up":[{"embeddable":true,"href":"https:\/\/www.kadindostumarkalar.org\/yazilar\/enerji\/enerjisa-enerjiden-yesil-mutabakat-destegi"}],"wp:attachment":[{"href":"https:\/\/www.kadindostumarkalar.org\/img\/blog\/indir-2.jpg"}],"curies":[{"name":".Net","href":"https:\/\/api.w.org\/{rel}","templated":true}]}}