{"id":575,"date":"2023-03-06T13:31:28","date_gmt":"2023-03-06T13:31:28","guid":{"rendered":"https:\/\/www.kadindostumarkalar.org\/yazilar\/enerji\/eosb-ve-baycan-elektrik-kadin-istihdami-icin-el-ele-verdi"},"modified":"2023-03-06T13:32:05","modified_gmt":"2023-03-06T13:32:05","slug":"eosb-ve-baycan-elektrik-kadin-istihdami-icin-el-ele-verdi","status":"publish","type":"page","link":"","title":{"rendered":"EOSB VE BAYCAN ELEKTR\u0130K KADIN \u0130ST\u0130HDAMI \u0130\u00c7\u0130N EL ELE VERD\u0130"},"content":{"rendered":" Eski\u015fehir Organize Sanayi B\u00f6lge M\u00fcd\u00fcrl\u00fc\u011f\u00fc ile Baycan Elektrik aras\u0131nda kad\u0131nlar\u0131n sanayideki istihdam edilebilirli\u011fini art\u0131rmak amac\u0131yla haz\u0131rlanan “\u00dcretim ve Beceri Odakl\u0131 Kad\u0131n Sosyal Geli\u015fim At\u00f6lyesi” fark\u0131ndal\u0131k projesi kapsam\u0131nda i\u015f birli\u011fi protokol\u00fc imzaland\u0131.  Eski\u015fehir Organize Sanayi B\u00f6lge M\u00fcd\u00fcrl\u00fc\u011f\u00fc ile Baycan Elektrik kad\u0131nlar\u0131n i\u015f ya\u015fam\u0131na daha fazla kat\u0131l\u0131m\u0131n\u0131 sa\u011flamak hedefiyle bir proje haz\u0131rlad\u0131. Projenin protokol\u00fc Eski\u015fehir OSB M\u00fcd\u00fcrl\u00fc\u011f\u00fcnde Y\u00f6netim Kurulu Ba\u015fkan\u0131 Nadir K\u00fcpeli  ve Baycan Elektrik A.\u015e. Genel M\u00fcd\u00fcr\u00fc Engin Y\u0131lmaz ’\u0131n kat\u0131l\u0131m\u0131yla imzaland\u0131. Bu proje ile sosyal-ekonomik destek alan kad\u0131nlar\u0131n \u00fcretim sekt\u00f6r\u00fc n\u00fc tan\u0131malar\u0131n\u0131, e\u011fitimlerle mesleki beceri kazanarak meslek sahibi olmalar\u0131n\u0131 ve istihdam  edilebilirliklerini art\u0131rarak sosyal hayata kat\u0131l\u0131mlar\u0131n\u0131 hedeflediklerini belirten Eski\u015fehir OSB Y\u00f6netim Kurulu Ba\u015fkan\u0131 Nadir K\u00fcpeli, projenin sanayiyi ve toplumun dezavantajl\u0131 kesiminde yer alan kad\u0131nlar\u0131 bulu\u015fturan sosyal i\u00e7ermeye sahip oldu\u011funu ve istihdam edilebilirli\u011fi art\u0131raca\u011f\u0131n\u0131 dile getirdi.  Nadir K\u00fcpeli konu\u015fmas\u0131na \u015fu \u015fekilde devam etti: “Proje, istihdam edilebilirli\u011fin s\u00fcreklilik sa\u011flamas\u0131 amac\u0131yla s\u00fcrekli ya\u015fayan bir model olarak kurgulanm\u0131\u015ft\u0131r. At\u00f6lye \u00e7al\u0131\u015fmalar\u0131 ve do\u011frudan istihdam \u00e7al\u0131\u015fmalar\u0131; Eski\u015fehir OSB, Aile ve Sosyal Hizmetler \u0130l M\u00fcd\u00fcrl\u00fc\u011f\u00fc  ortakl\u0131\u011f\u0131 ve \u0130\u015eKUR  i\u015ftirakiyle ayn\u0131 zamanda protokol imzalad\u0131\u011f\u0131m\u0131z Baycan Elektrik i\u015f birli\u011fi ile ger\u00e7ekle\u015fecektir.”  Sanayide i\u015f g\u00fcc\u00fcn\u00fcn y\u00fczde 25’ini kad\u0131nlar\u0131n olu\u015fturdu\u011funa dikkat \u00e7eken K\u00fcpeli, Eski\u015fehir OSB olarak ‘\u00dcreten Eski\u015fehir G\u00fc\u00e7l\u00fc T\u00fcrkiye’ mottosuyla hareket ettiklerini ve kad\u0131nlar\u0131n i\u015fg\u00fcc\u00fcne kat\u0131l\u0131m oranlar\u0131n\u0131 art\u0131r\u0131lmas\u0131n\u0131 her zaman desteklediklerini de aktard\u0131. Projenin \u00f6zellikle dezavantajl\u0131 kesim \u00f6zelinde bu i\u015fg\u00fcc\u00fc ihtiyac\u0131na katk\u0131 sa\u011flamay\u0131 ama\u00e7lad\u0131\u011f\u0131n\u0131n da alt\u0131n\u0131 \u00e7izen K\u00fcpeli, “S\u00fcrd\u00fcr\u00fclebilir kalk\u0131nma  g\u00fcn\u00fcm\u00fczde sadece ekonomik de\u011fil \u00e7evre ve sosyal etkenleri de i\u00e7ine alan bir anlay\u0131\u015f olup insan\u0131 merkeze alan bir kalk\u0131nma yakla\u015f\u0131m\u0131d\u0131r. Sosyal ve ekonomik geli\u015fme bir arada telaffuz edilmektedir. Proje sosyal i\u00e7erme ve sanayi i\u015f birli\u011fine \u00f6rnek olup b\u00f6lgede ekonomik kalk\u0131nman\u0131n \u00f6nemli bir par\u00e7as\u0131n\u0131 olu\u015fturacakt\u0131r” diyerek s\u00f6zlerine son verdi. Baycan Elektrik A.\u015e. Genel M\u00fcd\u00fcr\u00fc Engin Y\u0131lmaz ise firma olarak b\u00f6ylesi \u00f6nemli bir projenin payda\u015f\u0131 olman\u0131n hakl\u0131 gururunu ya\u015fad\u0131klar\u0131n\u0131 ifade etti. \u0130stihdama y\u00f6nelik projelerin her zaman destek\u00e7isi olduklar\u0131n\u0131 da belirten Y\u0131lmaz, “Kad\u0131nlar\u0131m\u0131z ya\u015fam\u0131n her alan\u0131nda, sabr\u0131, sevgisi, fedakârl\u0131\u011f\u0131 ve \u00e7al\u0131\u015fkanl\u0131\u011f\u0131 ile toplumun en \u00f6nemli bireyleridir. Firma olarak Kad\u0131nlar\u0131m\u0131z\u0131n toplumda her y\u00f6n\u00fcyle g\u00fc\u00e7l\u00fc olmas\u0131na her alanda destek olduk ve bu alandaki \u00e7al\u0131\u015fmalar\u0131m\u0131z\u0131 t\u00fcm gayretlerimizle s\u00fcrd\u00fcrmeye devam edece\u011fiz” \u015feklinde konu\u015ftu.  ","protected":false},"author":1,"featured_media":0,"parent":575,"menu_order":0,"comment_status":"open","ping_status":"closed","template":"","meta":{"_links_to":"https:\/\/www.kadindostumarkalar.org\/yazilar\/enerji\/eosb-ve-baycan-elektrik-kadin-istihdami-icin-el-ele-verdi","_links_to_target":"https:\/\/www.kadindostumarkalar.org\/yazilar\/enerji\/eosb-ve-baycan-elektrik-kadin-istihdami-icin-el-ele-verdi"},"_links":{"self":[{"href":"https:\/\/www.kadindostumarkalar.org\/yazilar\/enerji\/eosb-ve-baycan-elektrik-kadin-istihdami-icin-el-ele-verdi"}],"collection":[{"href":"urlver"}],"about":[{"href":""}],"author":[{"embeddable":true,"href":"https:\/\/www.kadindostumarkalar.org\/yazilar\/enerji\/eosb-ve-baycan-elektrik-kadin-istihdami-icin-el-ele-verdi"}],"replies":[{"embeddable":true,"href":"https:\/\/www.kadindostumarkalar.org\/yazilar\/enerji\/eosb-ve-baycan-elektrik-kadin-istihdami-icin-el-ele-verdi"}],"version-history":[{"count":1026,"href":"https:\/\/www.kadindostumarkalar.org\/yazilar\/enerji\/eosb-ve-baycan-elektrik-kadin-istihdami-icin-el-ele-verdi"}],"predecessor-version":[{"id":575,"href":"https:\/\/www.kadindostumarkalar.org\/yazilar\/enerji\/eosb-ve-baycan-elektrik-kadin-istihdami-icin-el-ele-verdi"}],"up":[{"embeddable":true,"href":"https:\/\/www.kadindostumarkalar.org\/yazilar\/enerji\/eosb-ve-baycan-elektrik-kadin-istihdami-icin-el-ele-verdi"}],"wp:attachment":[{"href":"https:\/\/www.kadindostumarkalar.org\/img\/blog\/eosb-ve-baycan-elektrik-kadin-istihdami-icin-el-ele-verdi-0-64317.jpg"}],"curies":[{"name":".Net","href":"https:\/\/api.w.org\/{rel}","templated":true}]}}