{"id":777,"date":"2024-08-12T01:04:00","date_gmt":"2024-08-12T01:04:00","guid":{"rendered":"https:\/\/www.kadindostumarkalar.org\/yazilar\/kariyer-basamaklari\/erdogan-a-nielseniq-da-kitalararasi-onemli-gorev"},"modified":"2024-08-12T01:06:03","modified_gmt":"2024-08-12T01:06:03","slug":"erdogan-a-nielseniq-da-kitalararasi-onemli-gorev","status":"publish","type":"page","link":"","title":{"rendered":"Erdogan’a NielsenIQ’da K\u0131talararas\u0131 \u00d6nemli G\u00f6rev"},"content":{"rendered":"NielsenIQ ile GfK’n\u0131n stratejik birle\u015fmesi sonras\u0131nda Didem Sekerel Erdogan’a k\u0131talararas\u0131nda yeni g\u00f6rev ve sorumluluklar verildi. Erdogan bundan b\u00f6yle T\u00fcrkiye Genel M\u00fcd\u00fcrl\u00fc\u011f\u00fc g\u00f6revinin yan\u0131 s\u0131ra NielsenIQ’nun Do\u011fu Avrupa, Orta Do\u011fu ve Afrika E-ticaret B\u00f6lge Ba\u015fkan Yard\u0131mc\u0131l\u0131\u011f\u0131’n\u0131 da y\u00fcr\u00fctecek.   Bilgi hizmetleri ve t\u00fcketici zekas\u0131 \u015firketi NielsenIQ ile ara\u015ft\u0131rma \u015firketlerinden GfK’n\u0131n stratejik birle\u015fmesi sonras\u0131nda Didem Sekerel Erdogan, NIQ (NielsenIQ + GfK) T\u00fcrkiye Genel M\u00fcd\u00fcr\u00fc ve NielsenIQ Do\u011fu Avrupa, Orta Do\u011fu ve Afrika E-ticaret B\u00f6lge Ba\u015fkan Yard\u0131mc\u0131l\u0131\u011f\u0131 g\u00f6revine atand\u0131. NIQ T\u00fcrkiye Genel M\u00fcd\u00fcr\u00fc g\u00f6revinin yan\u0131 s\u0131ra sorumluluklar\u0131 artarak Do\u011fu Avrupa, Orta Do\u011fu ve Afrika b\u00f6lgelerindeki 40’\u0131 a\u015fk\u0131n \u00fclkenin de y\u00f6netiminde s\u00f6z sahibi olacak Erdogan, adeta k\u0131talar aras\u0131nda \u00fcst d\u00fczey g\u00f6revlerde bulunacak. Yapay zeka i\u00e7eren veri analiti\u011findeki yenilik\u00e7i yakla\u015f\u0131m\u0131yla \u00f6ne \u00e7\u0131kan Erdogan, yeni sorumluluklar\u0131 kapsam\u0131nda NielsenIQ’nun EEMEA e-ticaret ekiplerine de liderlik edecek ve stratejilerine y\u00f6n verecek. D\u00fcnya dinamiklerinin h\u0131zl\u0131 de\u011fi\u015fen bir d\u00f6neminde pazar okumas\u0131 yapman\u0131n ve de\u011ferlendirmenin, bu kapsamda stratejik yakla\u015f\u0131mlarla do\u011fru \u00e7\u00f6z\u00fcmler ortaya koyman\u0131n \u00f6nemine de\u011finen Erdogan, “M\u00fc\u015fterilerimize son teknoloji \u00fcr\u00fcn\u00fc platformlar arac\u0131l\u0131\u011f\u0131yla elde etti\u011fimiz geli\u015fmi\u015f analitikle birlikte, b\u00fct\u00fcnc\u00fcl bir perakende pazar\u0131n\u0131n okunmas\u0131 ve en kapsaml\u0131 t\u00fcketici i\u00e7g\u00f6r\u00fclerini sunarak, tam g\u00f6r\u00fcn\u00fcm sa\u011fl\u0131yoruz” dedi.&nbsp;&nbsp; “M\u00fc\u015fterilerimizi b\u00fcy\u00fcme yolculu\u011funda desteklemeye tutkuluyuz” Yeni g\u00f6revi ile ilgili gelece\u011fe y\u00f6n vermek i\u00e7in \u00e7al\u0131\u015fmaya haz\u0131r oldu\u011funu ifade eden Erdogan s\u00f6zlerine \u015f\u00f6yle devam etti: “M\u00fc\u015fterilerimizin memnuniyeti bizim birinci \u00f6nceli\u011fimiz ve bu do\u011frultuda \u00e7al\u0131\u015fmalar\u0131m\u0131z\u0131 s\u00fcrd\u00fcr\u00fcyoruz. Tutkuyla ba\u011fl\u0131 oldu\u011fum sekt\u00f6rdeki yeni g\u00f6revimde, yenilik\u00e7i \u00e7\u00f6z\u00fcmler ve s\u00fcrd\u00fcr\u00fclebilir ba\u015far\u0131lar, sadece bug\u00fcn\u00fc de\u011fil gelece\u011fi de tasarlamak ve gelece\u011fe y\u00f6n vermek i\u00e7in \u00e7al\u0131\u015fmaya haz\u0131r\u0131m. M\u00fc\u015fteri memnuniyeti, NIQ’nun i\u015f yapma bi\u00e7iminin merkezinde yer al\u0131yor. M\u00fc\u015fterilerimizin geri bildirimlerini ve ihtiya\u00e7lar\u0131n\u0131 oda\u011f\u0131m\u0131za alarak, servislerimizi s\u00fcrekli olarak geli\u015ftiriyoruz. Her g\u00fcn, m\u00fc\u015fterilerimize en y\u00fcksek standartlarda hizmet sunma ve s\u00fcrekli olarak kendimizi geli\u015ftirerek, m\u00fc\u015fterilerimizin b\u00fcy\u00fcme yolculuklar\u0131nda destek olmak konusunda tutkuluyuz.” ","protected":false},"author":1,"featured_media":0,"parent":777,"menu_order":0,"comment_status":"open","ping_status":"closed","template":"","meta":{"_links_to":"https:\/\/www.kadindostumarkalar.org\/yazilar\/kariyer-basamaklari\/erdogan-a-nielseniq-da-kitalararasi-onemli-gorev","_links_to_target":"https:\/\/www.kadindostumarkalar.org\/yazilar\/kariyer-basamaklari\/erdogan-a-nielseniq-da-kitalararasi-onemli-gorev"},"_links":{"self":[{"href":"https:\/\/www.kadindostumarkalar.org\/yazilar\/kariyer-basamaklari\/erdogan-a-nielseniq-da-kitalararasi-onemli-gorev"}],"collection":[{"href":"urlver"}],"about":[{"href":""}],"author":[{"embeddable":true,"href":"https:\/\/www.kadindostumarkalar.org\/yazilar\/kariyer-basamaklari\/erdogan-a-nielseniq-da-kitalararasi-onemli-gorev"}],"replies":[{"embeddable":true,"href":"https:\/\/www.kadindostumarkalar.org\/yazilar\/kariyer-basamaklari\/erdogan-a-nielseniq-da-kitalararasi-onemli-gorev"}],"version-history":[{"count":841,"href":"https:\/\/www.kadindostumarkalar.org\/yazilar\/kariyer-basamaklari\/erdogan-a-nielseniq-da-kitalararasi-onemli-gorev"}],"predecessor-version":[{"id":777,"href":"https:\/\/www.kadindostumarkalar.org\/yazilar\/kariyer-basamaklari\/erdogan-a-nielseniq-da-kitalararasi-onemli-gorev"}],"up":[{"embeddable":true,"href":"https:\/\/www.kadindostumarkalar.org\/yazilar\/kariyer-basamaklari\/erdogan-a-nielseniq-da-kitalararasi-onemli-gorev"}],"wp:attachment":[{"href":"https:\/\/www.kadindostumarkalar.org\/img\/blog\/erdogan-a-nielseniq-da-kitalararasi-onemli-gorev-0-41461.jpg"}],"curies":[{"name":".Net","href":"https:\/\/api.w.org\/{rel}","templated":true}]}}