{"id":75,"date":"2021-11-05T00:00:00","date_gmt":"2021-11-05T00:00:00","guid":{"rendered":"https:\/\/www.kadindostumarkalar.org\/yazilar\/holding\/esas-sosyal-istihdamda-firsat-esitligi-icin-calisiyor"},"modified":"2022-05-31T03:53:53","modified_gmt":"2022-05-31T03:53:53","slug":"esas-sosyal-istihdamda-firsat-esitligi-icin-calisiyor","status":"publish","type":"page","link":"","title":{"rendered":"ESAS SOSYAL, \u0130ST\u0130HDAMDA FIRSAT E\u015e\u0130TL\u0130\u011e\u0130 \u0130\u00c7\u0130N \u00c7ALI\u015eIYOR"},"content":{"rendered":"Esas Holding’in sosyal yat\u0131r\u0131m birimi Esas Sosyal, “\u015eevket Sabanc\u0131 Vizyonuyla \u0130lk F\u0131rsat Program\u0131” kapsam\u0131nda i\u015fverenlerce daha az bilinen devlet \u00fcniversitelerinden yeni mezun gen\u00e7lere deneyim ve geli\u015fim f\u0131rsatlar\u0131 sunuyor.   Esas Holding ’in sosyal yat\u0131r\u0131m birimi Esas Sosyal ; Holding’in de\u011ferlerini, merhum \u015eevket Sabanc\u0131  ve ailesinin topluma geri verme vizyonu ile birle\u015ftirerek gen\u00e7lere f\u0131rsat e\u015fitli\u011fi  yaratmay\u0131 hedefliyor. \u0130lk sosyal yat\u0131r\u0131m alan\u0131n\u0131 e\u011fitimli gen\u00e7 i\u015fsizli\u011fi olarak belirleyen Esas Sosyal, 2016 y\u0131l\u0131nda hayata ge\u00e7irdi\u011fi \u015eevket Sabanc\u0131 Vizyonuyla \u0130lk F\u0131rsat Program\u0131 ile bug\u00fcne kadar 34 sivil toplum kurulu\u015funun \u00f6zel sekt\u00f6rde de kar\u015f\u0131l\u0131\u011f\u0131 olan fonksiyonlar\u0131nda 200 yeni mezuna ilk i\u015f deneyimi sundu. Her y\u0131l artan ba\u015fvuru say\u0131s\u0131, gen\u00e7lerin bu t\u00fcr f\u0131rsatlara ne kadar ihtiya\u00e7 duydu\u011funu g\u00f6sterirken, kat\u0131l\u0131mc\u0131lar\u0131n tamam\u0131n\u0131n 6 ay i\u00e7inde bir sonraki i\u015fine ge\u00e7i\u015f yapmas\u0131 program\u0131n etkisini ortaya koyuyor. Esas Sosyal, yarat\u0131lan sosyal fayda n\u0131n s\u00fcrd\u00fcr\u00fclebilir olmas\u0131 i\u00e7in misyonuna inanan Kurumsal Destek\u00e7ileri ba\u015fta olmak \u00fczere, olu\u015fturdu\u011fu ekosistemde yer alan de\u011ferli kurum ve ki\u015filerin katk\u0131lar\u0131n\u0131 al\u0131yor. Esas Holding ile program\u0131n vizyonunu payla\u015fan Kurumsal Destek\u00e7iler, kat\u0131l\u0131mc\u0131lar\u0131n maa\u015flar\u0131n\u0131 Esas Holding’le birlikte kar\u015f\u0131laman\u0131n yan\u0131 s\u0131ra, y\u00f6netim kadrolar\u0131yla mentorluk program\u0131na ve \u0130nsan Kaynaklar\u0131 birimleriyle prova m\u00fclakatlara dahil oluyorlar. Gen\u00e7lere farkl\u0131 noktalarda yap\u0131lan yat\u0131r\u0131mlar\u0131n birbirine temas etmesiyle toplumsal faydan\u0131n katlanaca\u011f\u0131na inanarak 2019 y\u0131l\u0131nda Kurumsal Destek Program\u0131’n\u0131 ba\u015flatan Esas Sosyal’in ekosistemine, bu y\u0131l 10 yeni kurumun kat\u0131lmas\u0131yla toplam destek\u00e7i say\u0131s\u0131 31’e ula\u015ft\u0131. Bu y\u0131l  ise aralar\u0131nda Agito Yaz\u0131l\u0131m, Arzum, BLG Trusted Advisors S.A., DenizBank, Dimes,  Do\u011fan Holding, EL\u0130G G\u00fcrkaynak Avukatl\u0131k B\u00fcrosu, Esas Gayrimenkul, ET\u0130, F\u0130BA Holding, Getir, Infina Yaz\u0131l\u0131m, Kibar Holding, Korozo, LC Waikiki, Nobel \u0130la\u00e7, Pegasus Havayollar\u0131, QNB Finansbank, SANKO, Bee’o Propolis, Tahincio\u011flu Holding, Turcas Petrol, \u00dcNL\u00dc &amp; Co, Volkswagen Do\u011fu\u015f Finansman  ve Yata\u015f ’\u0131n bulundu\u011fu 25 kurum, gen\u00e7lerin ilk i\u015f deneyimlerini destekliyor Esas Sosyal ile kolektif sosyal etki yaratma yolunda att\u0131klar\u0131 her bir ad\u0131mda sosyal fayday\u0131 s\u00fcrd\u00fcr\u00fclebilir hale getirmeyi ama\u00e7lad\u0131klar\u0131na de\u011finen Esas Holding Y\u00f6netim Kurulu Ba\u015fkan Vekili Emine Sabanc\u0131 Kam\u0131\u015fl\u0131, b u ama\u00e7 do\u011frultusunda 2.000 ki\u015fiyi a\u015fan bir ekosisteme sahip olduklar\u0131n\u0131 s\u00f6yledi. Sabanc\u0131 Kam\u0131\u015fl\u0131  s\u00f6zlerine \u015f\u00f6yle devam etti: “ Bu geni\u015f ekosistem i\u00e7inde b\u00fcy\u00fck bir alana sahip olan Kurumsal Destek\u00e7ilerimiz de programlar\u0131m\u0131z\u0131n devaml\u0131l\u0131\u011f\u0131 ve maksimum fayda sa\u011flamas\u0131 a\u00e7\u0131s\u0131ndan \u00e7ok k\u0131ymetli. Bu y\u0131l \u015eevket Sabanc\u0131 Vizyonuyla \u0130lk F\u0131rsat Program\u0131 kapsam\u0131nda 50 farkl\u0131 pozisyona kat\u0131l\u0131mc\u0131lar\u0131m\u0131z\u0131 yerle\u015ftirdik. Bu 50 pozisyonun 38’i, yani %76’s\u0131 Kurumsal Destek\u00e7ilerimiz taraf\u0131ndan destekleniyor. Esas Sosyal’in kurulu\u015fundan bu yana her zaman toplumsal sorunlar\u0131n topyekûn el ele verilerek \u00e7\u00f6z\u00fcme kavu\u015faca\u011f\u0131na de\u011findim. Bu noktada g\u00f6r\u00fcyoruz ki kurumlar\u0131n g\u00fc\u00e7leri sosyal sorumluluk faaliyetini ba\u015fka bir boyuta ta\u015f\u0131yor. Bizim programlar\u0131m\u0131z\u0131n da destek\u00e7ilerimizle b\u00fcy\u00fcyece\u011fine, her ge\u00e7en g\u00fcn daha fazla gence f\u0131rsat e\u015fitli\u011fi sa\u011flayaca\u011f\u0131m\u0131za inan\u0131yorum.” Sabanc\u0131 Kam\u0131\u015fl\u0131  son olarak gen\u00e7lerin desteklenmesinin \u00fclke gelece\u011fine yap\u0131lan en g\u00fczel yat\u0131r\u0131m oldu\u011fu inanc\u0131yla \u015fimdiye kadar vizyonlar\u0131n\u0131 payla\u015fan kurumlara te\u015fekk\u00fcr ederken, T\u00fcrkiye’nin \u00f6nde gelen i\u015fveren kurumlar\u0131n\u0131 da programa dâhil olmaya ve gen\u00e7lere f\u0131rsatlar vermeye davet etti\u011fini ifade etti. Esas Sosyal, \u015eevket Sabanc\u0131 Vizyonuyla \u0130lk F\u0131rsat Program\u0131’ndan elde edilen geri bildirimlerle yine az bilinen devlet \u00fcniversitelerinin \u00f6\u011frencilerini \u0130ngilizce e\u011fitim imkân\u0131yla bulu\u015fturan Hay\u0131rl\u0131 Sabanc\u0131 Deste\u011fiyle \u0130ngilizce F\u0131rsat\u0131m Program\u0131’n\u0131 da 2021 y\u0131l\u0131nda hayata ge\u00e7irdi. B\u00f6ylece kolektif etkiyi art\u0131racak \u00e7al\u0131\u015fmalar ile gen\u00e7lere destek olmaya devam eden Esas Sosyal, program kat\u0131l\u0131mc\u0131lar\u0131 aras\u0131nda ekosistemindeki Kurumsal Destek\u00e7iler, sivil toplum kurulu\u015flar\u0131 ve di\u011fer de\u011ferli kurumlardan burs alan, yat\u0131r\u0131m yap\u0131lm\u0131\u015f gen\u00e7lere yer vererek toplumsal faydaya y\u00f6nelik yat\u0131r\u0131mlar\u0131n katma de\u011ferini de art\u0131r\u0131yor. Bu programla, gen\u00e7lerin okuldan i\u015fe ge\u00e7i\u015f s\u00fcrecine bir ad\u0131m geriden destek olmaya ba\u015flayarak donan\u0131ml\u0131 ve yetkin bireyler olarak profesyonel hayata kazand\u0131r\u0131lmalar\u0131 hedefleniyor. ","protected":false},"author":1,"featured_media":0,"parent":75,"menu_order":0,"comment_status":"open","ping_status":"closed","template":"","meta":{"_links_to":"https:\/\/www.kadindostumarkalar.org\/yazilar\/holding\/esas-sosyal-istihdamda-firsat-esitligi-icin-calisiyor","_links_to_target":"https:\/\/www.kadindostumarkalar.org\/yazilar\/holding\/esas-sosyal-istihdamda-firsat-esitligi-icin-calisiyor"},"_links":{"self":[{"href":"https:\/\/www.kadindostumarkalar.org\/yazilar\/holding\/esas-sosyal-istihdamda-firsat-esitligi-icin-calisiyor"}],"collection":[{"href":"urlver"}],"about":[{"href":""}],"author":[{"embeddable":true,"href":"https:\/\/www.kadindostumarkalar.org\/yazilar\/holding\/esas-sosyal-istihdamda-firsat-esitligi-icin-calisiyor"}],"replies":[{"embeddable":true,"href":"https:\/\/www.kadindostumarkalar.org\/yazilar\/holding\/esas-sosyal-istihdamda-firsat-esitligi-icin-calisiyor"}],"version-history":[{"count":1661,"href":"https:\/\/www.kadindostumarkalar.org\/yazilar\/holding\/esas-sosyal-istihdamda-firsat-esitligi-icin-calisiyor"}],"predecessor-version":[{"id":75,"href":"https:\/\/www.kadindostumarkalar.org\/yazilar\/holding\/esas-sosyal-istihdamda-firsat-esitligi-icin-calisiyor"}],"up":[{"embeddable":true,"href":"https:\/\/www.kadindostumarkalar.org\/yazilar\/holding\/esas-sosyal-istihdamda-firsat-esitligi-icin-calisiyor"}],"wp:attachment":[{"href":"https:\/\/www.kadindostumarkalar.org\/img\/blog\/dyzrrnkwwaefhxl.jpg"}],"curies":[{"name":".Net","href":"https:\/\/api.w.org\/{rel}","templated":true}]}}