{"id":658,"date":"2024-01-31T22:33:04","date_gmt":"2024-01-31T22:33:04","guid":{"rendered":"https:\/\/www.kadindostumarkalar.org\/yazilar\/dunya-turu\/esi-buobasa-balikci--aktivist-gana"},"modified":"2024-01-31T22:33:04","modified_gmt":"2024-01-31T22:33:04","slug":"esi-buobasa-balikci--aktivist-gana","status":"publish","type":"page","link":"","title":{"rendered":"Esi Buobasa, Bal\u0131k\u00e7\u0131 & Aktivist, Gana "},"content":{"rendered":"Bat\u0131 Afrika’da yer alan Gana'n\u0131n deniz k\u0131y\u0131s\u0131ndaki k\u00f6ylerinden birinde ya\u015fayan Esi Buobasa, iklim de\u011fi\u015fikli\u011finin etkilerine ilk elden \u015fahit olmu\u015f bir insan.  Esi, kocas\u0131 ve be\u015f \u00e7ocu\u011fuyla birlikte, deniz seviyesi y\u00fckselip ya\u015fad\u0131klar\u0131 k\u00f6y\u00fcn topraklar\u0131n\u0131 ya\u015fanmaz hale getirince g\u00f6\u00e7 etmek zorunda kald\u0131lar. Ge\u00e7imlerini sa\u011flamak i\u00e7in k\u00f6y\u00fcnde bal\u0131k\u00e7\u0131l\u0131k yapan Buobasa ve arkada\u015flar\u0131, k\u0131y\u0131 erozyonu  nedeniyle ge\u00e7im kaynaklar\u0131 tehdit alt\u0131nda olan bal\u0131k\u00e7\u0131 kad\u0131nlara  yard\u0131m etmeyi ama\u00e7layan bir dernek kurdu. Mevcut durumda yakla\u015f\u0131k olarak 100 \u00fcyesi bulunan dernek , bal\u0131k\u00e7\u0131 kad\u0131nlar\u0131 etkileyen sorunlar\u0131 haftal\u0131k d\u00fczenledikleri toplant\u0131lar\u0131nda tart\u0131\u015f\u0131yor ve ihtiya\u00e7 sahibi aileleri desteklemek i\u00e7in maddi katk\u0131larda bulunuyor. Esi Buobasa: “Gelgit  nedeniyle sular her y\u00fckseldi\u011finde umutsuzlu\u011fa kap\u0131l\u0131yoruz. \u00d6l\u00fcm bizim i\u00e7in ve gelecek nesil i\u00e7in ger\u00e7ek bir tehlike” diyerek bu konudaki endi\u015felerini dile getiriyor. ","protected":false},"author":1,"featured_media":0,"parent":658,"menu_order":0,"comment_status":"open","ping_status":"closed","template":"","meta":{"_links_to":"https:\/\/www.kadindostumarkalar.org\/yazilar\/dunya-turu\/esi-buobasa-balikci--aktivist-gana","_links_to_target":"https:\/\/www.kadindostumarkalar.org\/yazilar\/dunya-turu\/esi-buobasa-balikci--aktivist-gana"},"_links":{"self":[{"href":"https:\/\/www.kadindostumarkalar.org\/yazilar\/dunya-turu\/esi-buobasa-balikci--aktivist-gana"}],"collection":[{"href":"urlver"}],"about":[{"href":""}],"author":[{"embeddable":true,"href":"https:\/\/www.kadindostumarkalar.org\/yazilar\/dunya-turu\/esi-buobasa-balikci--aktivist-gana"}],"replies":[{"embeddable":true,"href":"https:\/\/www.kadindostumarkalar.org\/yazilar\/dunya-turu\/esi-buobasa-balikci--aktivist-gana"}],"version-history":[{"count":7579,"href":"https:\/\/www.kadindostumarkalar.org\/yazilar\/dunya-turu\/esi-buobasa-balikci--aktivist-gana"}],"predecessor-version":[{"id":658,"href":"https:\/\/www.kadindostumarkalar.org\/yazilar\/dunya-turu\/esi-buobasa-balikci--aktivist-gana"}],"up":[{"embeddable":true,"href":"https:\/\/www.kadindostumarkalar.org\/yazilar\/dunya-turu\/esi-buobasa-balikci--aktivist-gana"}],"wp:attachment":[{"href":"https:\/\/www.kadindostumarkalar.org\/img\/blog\/esi-buobasa-balikci--aktivist-gana-0-78807.jpg"}],"curies":[{"name":".Net","href":"https:\/\/api.w.org\/{rel}","templated":true}]}}