{"id":640,"date":"2023-12-16T12:19:45","date_gmt":"2023-12-16T12:19:45","guid":{"rendered":"https:\/\/www.kadindostumarkalar.org\/yazilar\/haberler\/esitligin-liderleri-2023-ozel-odulleri-sahipleriyle-bulustu"},"modified":"2023-12-16T12:22:37","modified_gmt":"2023-12-16T12:22:37","slug":"esitligin-liderleri-2023-ozel-odulleri-sahipleriyle-bulustu","status":"publish","type":"page","link":"","title":{"rendered":"E\u015e\u0130TL\u0130\u011e\u0130N L\u0130DERLER\u0130 2023 \u00d6ZEL \u00d6D\u00dcLLER\u0130 SAH\u0130PLER\u0130YLE BULU\u015eTU"},"content":{"rendered":"Birle\u015fmi\u015f Milletler’in “D\u00fcnya Erkekler G\u00fcn\u00fc” olarak kabul etti\u011fi, \u00fclkemizde 2022 y\u0131l\u0131nda ilk defa Kad\u0131n Dostu Markalar Platformu \u00f6nc\u00fcl\u00fc\u011f\u00fcnde kutlanan ve Platform’un de\u011ferleri do\u011frultusunda anlam y\u00fckleyip isimlendirdi\u011fi “19 Kas\u0131m E\u015fitli\u011fe \u0130nanan ve E\u015fitli\u011fi G\u00fc\u00e7lendiren Erkekler G\u00fcn\u00fc” bu y\u0131l 2. kez d\u00fczenlenen bir organizasyonla kutland\u0131. “E\u015fitli\u011fin Liderleri” \u00d6d\u00fclleri’nin de sahiplerini buldu\u011fu bu \u00f6nemli organizasyon 12 Aral\u0131k 2023 tarihinde CVK Park Bosphorus Hotel’de i\u015f, sanat ve spor camias\u0131ndan s\u00fcrpriz isimlerin de kat\u0131l\u0131m\u0131yla ger\u00e7ekle\u015fti.  Kad\u0131n Dostu Markalar Platformu’nun \u00fclkemizde ilk defa 2022 y\u0131l\u0131nda Raffels Otel ’de ger\u00e7ekle\u015ftirdi\u011fi \u00f6zel bir organizasyonla kutlad\u0131\u011f\u0131 ve i\u015f, sanat, spor d\u00fcnyas\u0131ndan toplumsal cinsiyet e\u015fitli\u011fine dair proje ve d\u00fc\u015f\u00fcncelerin sahibi 11 \u00f6zel isme “E\u015fitli\u011fin Liderleri 2022 \u00d6zel \u00d6d\u00fclleri’ni takdim etti\u011fi program, bu y\u0131l 2.kez ger\u00e7ekle\u015ftirildi. E\u015fitli\u011fin Liderleri 2023 \u00d6zel  \u00d6d\u00fclleri’nin takdim edildi\u011fi program, Kad\u0131n Dostu Markalar Platformu’nun e\u015fitlik, \u00e7e\u015fitlilik, hakkaniyet oda\u011f\u0131nda hayata ge\u00e7irdi\u011fi projelerden biri olan, 6 \u015eubat depremlerinden \u00e7ok k\u0131sa bir s\u00fcre sonra b\u00f6lgedeki kad\u0131n ve \u00e7ocuklar\u0131 oda\u011f\u0131na alarak “Kad\u0131nlara Umut, \u00c7ocuklara Mutluluk” mottosuyla yola \u00e7\u0131kan “\u0130yili\u011fe Bir \u0130lmek ” projesinin “Hayat Yeniden” Defile&amp;M\u00fczayede  program\u0131 ile e\u015f zamanl\u0131 olarak 12 Aral\u0131k 2023 tarihinde CVK Park Bosphorus Hotel ’de ger\u00e7ekle\u015ftirildi.  E\u015fitlik\u00e7i y\u00f6nleri, y\u00f6netim felsefeleri ve toplumsal cinsiyet e\u015fitli\u011fi ne de\u011fer katan projeleriyle bilinen ve \u00f6rnek te\u015fkil eden i\u015f insanlar\u0131na “E\u015fitli\u011fin Liderleri 2023 \u00d6zel \u00d6d\u00fclleri ”  takdim edildi. Programda “E\u015fitli\u011fin Liderleri 2023 \u00d6zel \u00d6d\u00fclleri” takdim edilen isimler;  Haluk Kayaba\u015f\u0131- Kibar Holding  CEO Murat Kolba\u015f\u0131- Arzum  Elektrikli Ev Aletleri Y\u00f6netim Kurulu Ba\u015fkan\u0131 Davut Do\u011fan- Do\u011fanlar Holding  Y\u00f6netim Kurulu Ba\u015fkan\u0131 F\u0131rat Fidan- FDN Grubu  Y\u00f6netim Kurulu \u00dcyesi Murat Arslan-  CVK Park Bosphorus Genel M\u00fcd\u00fcr\u00fc  Programda, CVK PARK BOSPHORUS, AVEON GLOBAL S\u0130GORTA, BAH\u00c7E\u015eEH\u0130R OKULLARI, NETAF\u0130M  ve DESA, CEM\u0130L \u0130PEK\u00c7\u0130, \u00dcM\u0130T \u00dcNAL  ve BANU NOYAN ’a da 2023 “De\u011fer Katanlar \u00d6zel \u00d6d\u00fclleri” takdim edildi. ","protected":false},"author":1,"featured_media":0,"parent":640,"menu_order":0,"comment_status":"open","ping_status":"closed","template":"","meta":{"_links_to":"https:\/\/www.kadindostumarkalar.org\/yazilar\/haberler\/esitligin-liderleri-2023-ozel-odulleri-sahipleriyle-bulustu","_links_to_target":"https:\/\/www.kadindostumarkalar.org\/yazilar\/haberler\/esitligin-liderleri-2023-ozel-odulleri-sahipleriyle-bulustu"},"_links":{"self":[{"href":"https:\/\/www.kadindostumarkalar.org\/yazilar\/haberler\/esitligin-liderleri-2023-ozel-odulleri-sahipleriyle-bulustu"}],"collection":[{"href":"urlver"}],"about":[{"href":""}],"author":[{"embeddable":true,"href":"https:\/\/www.kadindostumarkalar.org\/yazilar\/haberler\/esitligin-liderleri-2023-ozel-odulleri-sahipleriyle-bulustu"}],"replies":[{"embeddable":true,"href":"https:\/\/www.kadindostumarkalar.org\/yazilar\/haberler\/esitligin-liderleri-2023-ozel-odulleri-sahipleriyle-bulustu"}],"version-history":[{"count":1359,"href":"https:\/\/www.kadindostumarkalar.org\/yazilar\/haberler\/esitligin-liderleri-2023-ozel-odulleri-sahipleriyle-bulustu"}],"predecessor-version":[{"id":640,"href":"https:\/\/www.kadindostumarkalar.org\/yazilar\/haberler\/esitligin-liderleri-2023-ozel-odulleri-sahipleriyle-bulustu"}],"up":[{"embeddable":true,"href":"https:\/\/www.kadindostumarkalar.org\/yazilar\/haberler\/esitligin-liderleri-2023-ozel-odulleri-sahipleriyle-bulustu"}],"wp:attachment":[{"href":"https:\/\/www.kadindostumarkalar.org\/img\/blog\/dsc-5588-copy-kapak-kirpik.jpg-40573.jpg"}],"curies":[{"name":".Net","href":"https:\/\/api.w.org\/{rel}","templated":true}]}}