{"id":308,"date":"2022-04-15T00:00:00","date_gmt":"2022-04-15T00:00:00","guid":{"rendered":"https:\/\/www.kadindostumarkalar.org\/yazilar\/perakende\/esitlik-kazandirir-diyen-tepe-emlak-yatirim-wepse-imza-atti"},"modified":"2022-06-06T13:06:21","modified_gmt":"2022-06-06T13:06:21","slug":"esitlik-kazandirir-diyen-tepe-emlak-yatirim-wepse-imza-atti","status":"publish","type":"page","link":"","title":{"rendered":"‘E\u015e\u0130TL\u0130K KAZANDIRIR’ D\u0130YEN TEPE EMLAK YATIRIM, WEPs’E \u0130MZA ATTI"},"content":{"rendered":"T\u00fcrkiye organize perakende sekt\u00f6r\u00fcnde faaliyet g\u00f6steren ve \u015firket politikas\u0131 i\u00e7inde kad\u0131n istihdam\u0131n\u0131 art\u0131rmaya y\u00f6nelik \u00e7al\u0131\u015fmalar\u0131yla da \u00f6ne \u00e7\u0131kan Tepe Emlak Yat\u0131r\u0131m, Kad\u0131n\u0131n G\u00fc\u00e7lenmesi Prensipleri’nin (Women’s Empowerment Principles-WEPs) imzac\u0131lar\u0131 aras\u0131nda yerini ald\u0131.  Ge\u00e7ti\u011fimiz y\u0131l 25’inci ya\u015f\u0131n\u0131 kutlayan Tepe Emlak Yat\u0131r\u0131m A.\u015e., sekt\u00f6r\u00fcndeki ba\u015far\u0131lar\u0131na ek olarak toplumsal faydaya d\u00f6n\u00fck att\u0131\u011f\u0131 fark\u0131ndal\u0131k ad\u0131mlar\u0131yla da dikkati \u00e7ekiyor. Al\u0131\u015fveri\u015f merkezi ve ticari alanlarda s\u00fcrd\u00fcrd\u00fc\u011f\u00fc y\u00f6netim, kiralama ve konsept dan\u0131\u015fmanl\u0131\u011f\u0131 hizmetlerinin yan\u0131 s\u0131ra ‘E\u015fitlik Kazand\u0131r\u0131r’  ilkesiyle kad\u0131nlar\u0131n i\u015fg\u00fcc\u00fcne kat\u0131l\u0131m\u0131na verdi\u011fi destekle \u00f6ne \u00e7\u0131kan Tepe Emlak Yat\u0131r\u0131m, en \u00f6nemli k\u00fcresel \u00f6zel sekt\u00f6r giri\u015fimlerinden olan Birle\u015fmi\u015f Milletler K\u00fcresel \u0130lkeler S\u00f6zle\u015fmesi (UN Global Compact)  ile Birle\u015fmi\u015f Milletler Toplumsal Cinsiyet E\u015fitli\u011fi  ve Kad\u0131n\u0131n G\u00fc\u00e7lenmesi Birimi (UN Women)  ortakl\u0131\u011f\u0131nda 2010 y\u0131l\u0131nda olu\u015fturulan WEPs platformunun imzac\u0131lar\u0131 aras\u0131na girdi. “E\u015fitlik Kazand\u0131r\u0131r”   Bug\u00fcne kadar ger\u00e7ekle\u015ftirdi\u011fi projelerle bir\u00e7ok ilke imza atan Tepe Emlak Yat\u0131r\u0131m A.\u015e., kad\u0131n\u0131n i\u015f d\u00fcnyas\u0131nda g\u00fc\u00e7lenmesine y\u00f6nelik \u00e7al\u0131\u015fmalar\u0131na bir yenisini daha ekledi. Tepe Emlak Yat\u0131r\u0131m A.\u015e. olarak, 25 y\u0131ld\u0131r \u00e7al\u0131\u015fanlar\u0131na e\u015fit, g\u00fcvene dayal\u0131, ekipler aras\u0131 geli\u015fimi destekleyen, a\u00e7\u0131k ve kapsay\u0131c\u0131 bir \u00e7al\u0131\u015fma ortam\u0131 sa\u011flad\u0131klar\u0131n\u0131 belirten Tepe Emlak Yat\u0131r\u0131m A.\u015e. Y\u00f6netim Kurulu Ba\u015fkan\u0131 Hayal Olcay,  mesleklerin cinsiyeti olmad\u0131\u011f\u0131n\u0131 savunduklar\u0131n\u0131, kad\u0131nlar\u0131n i\u015f hayat\u0131nda her zaman kal\u0131c\u0131 ve \u00e7ok ba\u015far\u0131l\u0131 i\u015flere imza att\u0131\u011f\u0131na inand\u0131klar\u0131n\u0131 ifade etti. Olcay, “‘E\u015fitlik Kazand\u0131r\u0131r’ ilkesiyle \u00e7\u0131kt\u0131\u011f\u0131m\u0131z yolda, \u015firketimizde kad\u0131nlar, toplam \u00e7al\u0131\u015fanlar\u0131n y\u00fczde 54’\u00fcn\u00fc, \u00fcst y\u00f6netim pozisyonlar\u0131n\u0131n ise y\u00fczde 71’ini olu\u015fturuyor. Kad\u0131nlarla \u00e7al\u0131\u015fmak \u00e7ok yarat\u0131c\u0131, kapsaml\u0131 d\u00fc\u015f\u00fcnmeye te\u015fvik eden ve performans\u0131 y\u00fcksek bir ortam sa\u011fl\u0131yor. Bununla beraber, i\u015f hayat\u0131 bir denge \u00fczerine kuruludur. Kad\u0131n ve erkeklerin farkl\u0131 becerileri birle\u015fti\u011finde, dayan\u0131\u015fmayla ortaya \u00e7\u0131kan zenginlik, ba\u015far\u0131l\u0131 \u015firketler, huzurlu ve mutlu toplumlar demektir. Bunun i\u00e7in WEPs Platformu’nun imzac\u0131lar\u0131 aras\u0131nda biz de yer al\u0131yoruz” \u015feklinde konu\u015ftu.  ‘Kad\u0131nlar\u0131n i\u015f d\u00fcnyas\u0131nda g\u00fc\u00e7lenmesi i\u00e7in \u00e7al\u0131\u015fmaya devam ediyoruz’   Tepe Emlak Yat\u0131r\u0131m ’\u0131n kuruldu\u011fu g\u00fcnden bu yana kad\u0131nlar\u0131n ekonomik ya\u015fam\u0131n i\u00e7inde artarak yer alabilmelerine y\u00f6nelik pek \u00e7ok \u00e7al\u0131\u015fma ger\u00e7ekle\u015ftirdiklerini belirten Genel M\u00fcd\u00fcr Deniz Bozan , kad\u0131n ve erkek t\u00fcm \u00e7al\u0131\u015fanlar\u0131n mesleki geli\u015fimlerini e\u011fitimlerle desteklediklerini, kad\u0131n istihdam\u0131n\u0131  art\u0131rmaya y\u00f6nelik pek \u00e7ok \u00f6rnek \u00e7al\u0131\u015fma ger\u00e7ekle\u015ftirdiklerini dile getirdi. Bozan, \u015firketin 25. y\u0131l\u0131nda ecording i\u015fbirli\u011fiyle hayata ge\u00e7irdikleri projede, ekonomik ve sosyolojik a\u00e7\u0131dan iklim krizi nin sonu\u00e7lar\u0131ndan etkilenen b\u00f6lgelerdeki kad\u0131nlar\u0131n el eme\u011fi  ile \u00fcretti\u011fi tohum toplar\u0131n\u0131 #ecoDronelarla  do\u011faya b\u0131rakarak, onlar i\u00e7in s\u00fcrd\u00fcr\u00fclebilir  ve do\u011faya hayat veren bir gelir kayna\u011f\u0131 olu\u015fmas\u0131na katk\u0131 sa\u011flad\u0131klar\u0131n\u0131 anlatt\u0131. \u00d6zg\u00fcr Turna Kooperatifi  \u00fcretici kad\u0131nlar\u0131  taraf\u0131ndan \u0130zmir Sel\u00e7uk Efes ’teki \u015firket tesisinin bah\u00e7esinde yer alan limonlar\u0131n el yap\u0131m\u0131 re\u00e7ele d\u00f6n\u00fc\u015ft\u00fcr\u00fclerek ekip arkada\u015flar\u0131na hediye edildi\u011fini kaydeden Bozan, y\u00f6netimini \u00fcstlendikleri al\u0131\u015fveri\u015f merkezlerinde kad\u0131n eme\u011fini  destekleyen alanlar yaratmaya \u00f6zen g\u00f6sterdiklerini de ifade etti. Bunun yan\u0131 s\u0131ra kad\u0131nlar\u0131n daha \u00f6zg\u00fcr ve \u015fiddetten uzak bir hayat ya\u015fayabilmesi i\u00e7in UN Women #kay\u0131ts\u0131zkalm\u0131yorum projesine de destek verdiklerinden s\u00f6z eden Bozan, ko\u015fu tak\u0131m\u0131yla birlikte her sene Unicef ’in ko\u015fu tak\u0131m\u0131 Team Unicef  ile birlikte toplumsal cinsiyet e\u015fitli\u011fi  i\u00e7in ko\u015ftuklar\u0131n\u0131 ve toplad\u0131klar\u0131 ba\u011f\u0131\u015flarla k\u0131z \u00e7ocuklar\u0131n\u0131n  e\u011fitime kat\u0131lmas\u0131na katk\u0131 sa\u011fl\u0131klar\u0131n\u0131 dile getirdi. Bozan son olarak, “\u0130mza att\u0131\u011f\u0131m\u0131z WEP’s Platformu kapsam\u0131nda bundan sonra da toplumsal cinsiyet e\u015fitli\u011fine kar\u015f\u0131 g\u00fc\u00e7l\u00fc duru\u015fumuzla, f\u0131rsat e\u015fitli\u011fi  oda\u011f\u0131nda daha pek \u00e7ok g\u00fczel i\u015flere imza atmay\u0131 hedefliyoruz” dedi. ","protected":false},"author":1,"featured_media":0,"parent":308,"menu_order":0,"comment_status":"open","ping_status":"closed","template":"","meta":{"_links_to":"https:\/\/www.kadindostumarkalar.org\/yazilar\/perakende\/esitlik-kazandirir-diyen-tepe-emlak-yatirim-wepse-imza-atti","_links_to_target":"https:\/\/www.kadindostumarkalar.org\/yazilar\/perakende\/esitlik-kazandirir-diyen-tepe-emlak-yatirim-wepse-imza-atti"},"_links":{"self":[{"href":"https:\/\/www.kadindostumarkalar.org\/yazilar\/perakende\/esitlik-kazandirir-diyen-tepe-emlak-yatirim-wepse-imza-atti"}],"collection":[{"href":"urlver"}],"about":[{"href":""}],"author":[{"embeddable":true,"href":"https:\/\/www.kadindostumarkalar.org\/yazilar\/perakende\/esitlik-kazandirir-diyen-tepe-emlak-yatirim-wepse-imza-atti"}],"replies":[{"embeddable":true,"href":"https:\/\/www.kadindostumarkalar.org\/yazilar\/perakende\/esitlik-kazandirir-diyen-tepe-emlak-yatirim-wepse-imza-atti"}],"version-history":[{"count":903,"href":"https:\/\/www.kadindostumarkalar.org\/yazilar\/perakende\/esitlik-kazandirir-diyen-tepe-emlak-yatirim-wepse-imza-atti"}],"predecessor-version":[{"id":308,"href":"https:\/\/www.kadindostumarkalar.org\/yazilar\/perakende\/esitlik-kazandirir-diyen-tepe-emlak-yatirim-wepse-imza-atti"}],"up":[{"embeddable":true,"href":"https:\/\/www.kadindostumarkalar.org\/yazilar\/perakende\/esitlik-kazandirir-diyen-tepe-emlak-yatirim-wepse-imza-atti"}],"wp:attachment":[{"href":"https:\/\/www.kadindostumarkalar.org\/img\/blog\/1646660368-tey-t--m-ek--p-scaled.jpg"}],"curies":[{"name":".Net","href":"https:\/\/api.w.org\/{rel}","templated":true}]}}