{"id":529,"date":"2022-11-11T21:20:12","date_gmt":"2022-11-11T21:20:12","guid":{"rendered":"https:\/\/www.kadindostumarkalar.org\/yazilar\/haberler\/ev-ici-siddete-karsi-sirketler-agi-hayata-gecti"},"modified":"2022-11-11T21:22:03","modified_gmt":"2022-11-11T21:22:03","slug":"ev-ici-siddete-karsi-sirketler-agi-hayata-gecti","status":"publish","type":"page","link":"","title":{"rendered":"“EV \u0130\u00c7\u0130 \u015e\u0130DDETE KAR\u015eI \u015e\u0130RKETLER A\u011eI” HAYATA GE\u00c7T\u0130"},"content":{"rendered":"Birle\u015fmi\u015f Milletler N\u00fcfus Fonu (UNFPA) ve Sabanc\u0131 Vakf\u0131’n\u0131n deste\u011fi, T\u00dcS\u0130AD’\u0131n i\u015f birli\u011fi ile Sabanc\u0131 \u00dcniversitesi Kurumsal Y\u00f6netim Forumu’nun uygulay\u0131c\u0131 ortakl\u0131\u011f\u0131nda y\u00fcr\u00fct\u00fclen “\u0130\u015f D\u00fcnyas\u0131 Ev \u0130\u00e7i \u015eiddete Kar\u015f\u0131” (BADV) projesi 10. y\u0131l d\u00f6n\u00fcm\u00fcn\u00fc kutlamaya haz\u0131rlan\u0131yor.   T\u00fcrkiye'de \u00e7al\u0131\u015fan her 4 kad\u0131ndan 3’\u00fc hayat\u0131 boyunca \u015fiddetin en az bir t\u00fcr\u00fcyle kar\u015f\u0131 kar\u015f\u0131ya kal\u0131yor. Projeye farkl\u0131 d\u00f6nemlerde dahil olan 100’e yak\u0131n \u015firketin birbiriyle kurdu\u011fu ileti\u015fimi, birbirlerinden ald\u0131klar\u0131 ilham\u0131, s\u00fcre\u00e7teki deneyimleri ile edindikleri bilginin payla\u015f\u0131m\u0131n\u0131 art\u0131rmak, iyi uygulamalar\u0131 yayg\u0131nla\u015ft\u0131rmak ve yeni \u015firketler ile b\u00fcy\u00fcyerek g\u00fc\u00e7lenmek hedefiyle “Ev \u0130\u00e7i \u015eiddete Kar\u015f\u0131 \u015eirketler A\u011f\u0131 ” hayata ge\u00e7irildi. A\u011f’\u0131n lansman\u0131, 8 Kas\u0131m’da kamu, \u00f6zel sekt\u00f6r, sivil toplum, akademi ve uluslararas\u0131 organizasyonlar\u0131n \u00f6nde gelen temsilcileri ile \u0130stanbul ’da ger\u00e7ekle\u015ftirildi. Projenin uygulay\u0131c\u0131 orta\u011f\u0131 Sabanc\u0131 \u00dcniversitesi’nin Kurumsalla\u015fma  ve Toplumsal Katk\u0131  S\u00fcre\u00e7lerinden Sorumlu Rekt\u00f6r Yard\u0131mc\u0131s\u0131 Prof. Dr. Fuat Keyman  konu\u015fmas\u0131nda, Sabanc\u0131 \u00dcniversitesi’nin toplumsal cinsiyet e\u015fitsizli\u011fini toplumlar\u0131n geli\u015fiminin \u00f6n\u00fcnde \u00f6nemli bir engel olarak g\u00f6rd\u00fc\u011f\u00fcn\u00fc belirterek toplumsal \u015fiddeti besleyen \u00f6nemli unsurlardan biri olan ev i\u00e7i \u015fiddete y\u00f6nelik m\u00fccadelenin de sadece bireyler i\u00e7in de\u011fil, ayn\u0131 zamanda kurumlar ve t\u00fcm y\u00f6netimsel yap\u0131lar i\u00e7in de farkl\u0131 sorumluluklar yaratt\u0131\u011f\u0131n\u0131 s\u00f6yledi. Keyman, “Hen\u00fcz A\u011f’a dahil olmam\u0131\u015f \u015firket ve kurumlar\u0131 da toplumumuzun ortak sorunu olan ev i\u00e7i \u015fiddetin \u00f6nlenmesi ve bu konudaki yaralar\u0131n sar\u0131lmas\u0131 i\u00e7in \u00e7al\u0131\u015fmaya davet ediyoruz” \u00e7a\u011fr\u0131s\u0131nda bulundu. Projenin destek\u00e7ilerinden Sabanc\u0131 Vakf\u0131 ’n\u0131n Genel M\u00fcd\u00fcr\u00fc Nevg\u00fcl Bilsel Safkan , Sabanc\u0131 Vakf\u0131’n\u0131n yar\u0131m asra yak\u0131n s\u00fcredir, t\u00fcm bireylerin haklardan e\u015fit yararland\u0131\u011f\u0131 bir toplum hayaliyle \u00e7al\u0131\u015ft\u0131\u011f\u0131n\u0131 belirterek; kad\u0131nlar\u0131n e\u011fitimde, istihdamda ve toplumsal hayata kat\u0131l\u0131mda oldu\u011fu gibi her alanda haklar\u0131na eri\u015febilmeleri i\u00e7in farkl\u0131 sekt\u00f6rlerde i\u015f birliklerine imza att\u0131klar\u0131n\u0131 s\u00f6yledi. Safkan, “Destek\u00e7isi olmaktan gurur duydu\u011fumuz ‘\u0130\u015f D\u00fcnyas\u0131 Ev \u0130\u00e7i \u015eiddete Kar\u015f\u0131’ projesi de y\u0131llar i\u00e7erisinde pek \u00e7ok somut ad\u0131m att\u0131. Kad\u0131na y\u00f6nelik ev i\u00e7i \u015fiddete kar\u015f\u0131 bir \u00e7al\u0131\u015fma k\u00fclt\u00fcr\u00fcn\u00fcn benimsenmesi amac\u0131yla \u00e7\u0131kt\u0131\u011f\u0131m\u0131z yolda, bug\u00fcn bir araya gelme sebebimizi olu\u015fturan, ‘Ev \u0130\u00e7i \u015eiddete Kar\u015f\u0131 \u015eirketler A\u011f\u0131’n\u0131n t\u00fcm i\u015f d\u00fcnyas\u0131nda etki yaratacak \u00e7ok de\u011ferli bir inisiyatif oldu\u011funa ve \u00fclkemizde \u00f6nemli fark\u0131ndal\u0131klar sa\u011flayaca\u011f\u0131na inan\u0131yorum” ifadelerini kulland\u0131.&nbsp; “Kendi \u00e7al\u0131\u015fma ortam\u0131m\u0131zdan ba\u015flayarak d\u00f6n\u00fc\u015f\u00fcm yaratmak isteyen t\u00fcm \u015firketleri bu k\u0131ymetli a\u011f\u0131n par\u00e7as\u0131 olmaya davet ediyoruz” dedi. Proje orta\u011f\u0131 T\u00dcS\u0130AD ’\u0131n Y\u00f6netim Kurulu Ba\u015fkan\u0131 Orhan Turan , kad\u0131na y\u00f6nelik \u015fiddetle m\u00fccadele etmeden toplumsal cinsiyet e\u015fitli\u011finin di\u011fer alanlar\u0131nda da istedi\u011fimiz ilerlemenin sa\u011flanamayaca\u011f\u0131n\u0131n alt\u0131n\u0131 \u00e7izerek, toplumsal cinsiyet e\u015fitli\u011fi i\u00e7in kurumsal d\u00f6n\u00fc\u015f\u00fcm\u00fc i\u015f yerlerinden ba\u015flayarak harekete ge\u00e7irebildi\u011fimiz s\u00fcrece somut ve kal\u0131c\u0131 \u00e7\u00f6z\u00fcmlere ula\u015f\u0131labilece\u011fini vurgulad\u0131. Projenin bir di\u011fer destek\u00e7isi Birle\u015fmi\u015f Milletler N\u00fcfus Fonu  ad\u0131na, UNFPA’in Do\u011fu Avrupa ve Orta Asya B\u00f6lge Direkt\u00f6r\u00fc’n\u00fc temsilen konu\u015fan Toplumsal Cinsiyet Dan\u0131\u015fman\u0131 Gabriela Alvarez Minte , UNFPA’in toplumsal cinsiyete dayal\u0131 \u015fiddete yan\u0131t vermek ve azaltmak i\u00e7in \u00e7al\u0131\u015fan lider kurumlardan biri olarak 150'den fazla \u00fclkede bu alanda \u00e7al\u0131\u015fmalar y\u00fcr\u00fctt\u00fc\u011f\u00fcn\u00fc belirterek T\u00fcrkiye'de de ev i\u00e7i \u015fiddetle m\u00fccadele alan\u0131nda en ba\u015f\u0131ndan beri i\u015f d\u00fcnyas\u0131 ile yak\u0131n i\u015f birli\u011fi i\u00e7inde \u00e7al\u0131\u015fmaktan mutluluk duyduklar\u0131n\u0131n alt\u0131n\u0131 \u00e7izdi. Minte; ev \u0130\u00e7i \u015eiddete Kar\u015f\u0131 \u015eirketler A\u011f\u0131’n\u0131n, i\u015f yerlerinde ev i\u00e7i \u015fiddete kar\u015f\u0131 destekleyici mekanizmalar in\u015fa edilmesi ve iyi uygulamalar\u0131n te\u015fvik edilmesi noktas\u0131nda, \u00f6zel sekt\u00f6r\u00fcn vizyonunu ve bu konuda ald\u0131\u011f\u0131 sorumlulu\u011fu daha da geli\u015ftirece\u011fine inand\u0131\u011f\u0131n\u0131 s\u00f6yledi. UNFPA  Temsilcisi; “Sesimizi ve ev i\u00e7i \u015fiddetle m\u00fccadele etme kapasitemizi g\u00fc\u00e7lendirmek ve toplumsal cinsiyet e\u015fitli\u011fini desteklemek i\u00e7in bize kat\u0131l\u0131n” ifadelerini kulland\u0131. ","protected":false},"author":1,"featured_media":0,"parent":529,"menu_order":0,"comment_status":"open","ping_status":"closed","template":"","meta":{"_links_to":"https:\/\/www.kadindostumarkalar.org\/yazilar\/haberler\/ev-ici-siddete-karsi-sirketler-agi-hayata-gecti","_links_to_target":"https:\/\/www.kadindostumarkalar.org\/yazilar\/haberler\/ev-ici-siddete-karsi-sirketler-agi-hayata-gecti"},"_links":{"self":[{"href":"https:\/\/www.kadindostumarkalar.org\/yazilar\/haberler\/ev-ici-siddete-karsi-sirketler-agi-hayata-gecti"}],"collection":[{"href":"urlver"}],"about":[{"href":""}],"author":[{"embeddable":true,"href":"https:\/\/www.kadindostumarkalar.org\/yazilar\/haberler\/ev-ici-siddete-karsi-sirketler-agi-hayata-gecti"}],"replies":[{"embeddable":true,"href":"https:\/\/www.kadindostumarkalar.org\/yazilar\/haberler\/ev-ici-siddete-karsi-sirketler-agi-hayata-gecti"}],"version-history":[{"count":1023,"href":"https:\/\/www.kadindostumarkalar.org\/yazilar\/haberler\/ev-ici-siddete-karsi-sirketler-agi-hayata-gecti"}],"predecessor-version":[{"id":529,"href":"https:\/\/www.kadindostumarkalar.org\/yazilar\/haberler\/ev-ici-siddete-karsi-sirketler-agi-hayata-gecti"}],"up":[{"embeddable":true,"href":"https:\/\/www.kadindostumarkalar.org\/yazilar\/haberler\/ev-ici-siddete-karsi-sirketler-agi-hayata-gecti"}],"wp:attachment":[{"href":"https:\/\/www.kadindostumarkalar.org\/img\/blog\/ev-ici-siddete-karsi-sirketler-agi-hayata-gecti-0-13016.jpg"}],"curies":[{"name":".Net","href":"https:\/\/api.w.org\/{rel}","templated":true}]}}