{"id":630,"date":"2023-10-19T11:39:20","date_gmt":"2023-10-19T11:39:20","guid":{"rendered":"https:\/\/www.kadindostumarkalar.org\/yazilar\/haberler\/ey-girisimci-kadin-liderler-programinin-7sini-duzenliyor"},"modified":"2023-10-19T11:39:20","modified_gmt":"2023-10-19T11:39:20","slug":"ey-girisimci-kadin-liderler-programinin-7sini-duzenliyor","status":"publish","type":"page","link":"","title":{"rendered":"EY G\u0130R\u0130\u015e\u0130MC\u0130 KADIN L\u0130DERLER PROGRAMI’NIN 7.’S\u0130N\u0130 D\u00dcZENL\u0130YOR"},"content":{"rendered":" EY (Ernst &amp; Young) T\u00fcrkiye bu y\u0131l EY Giri\u015fimci Kad\u0131n Liderler Program\u0131’n\u0131n 7.’sini d\u00fczenliyor. \u0130deallerini ger\u00e7ekle\u015ftirmek ve vizyonlar\u0131n\u0131 ger\u00e7e\u011fe d\u00f6n\u00fc\u015ft\u00fcrmek isteyen kad\u0131n giri\u015fimciler i\u00e7in d\u00fczenlenen EY  (Ernst &amp; Young) Giri\u015fimci Kad\u0131n Liderler Program\u0131’n\u0131n 2023 d\u00f6nemine kat\u0131lmaya hak kazanan 10 giri\u015fimci ismi belli oldu.   Uluslararas\u0131 dan\u0131\u015fmanl\u0131k, denetim ve vergi \u015firketi EY (Ernst &amp; Young) T\u00fcrkiye’nin bu y\u0131l 7.’sini d\u00fczenledi\u011fi EY Giri\u015fimci Kad\u0131n Liderler Program\u0131’na (EY Entrepreneurial Winning Women Program™) kat\u0131lmaya hak kazanan 10 giri\u015fimci belli oldu. K\u00fcresel \u00e7apta bu y\u0131l 16. y\u0131l\u0131n\u0131 kutlayan, T\u00fcrkiye’de ise 7. kez d\u00fczenlenen EY Giri\u015fimci Kad\u0131n Liderler Program\u0131’na KAG\u0130DER  Y\u00f6netim Kurulu Ba\u015fkan\u0131 Esra Bezircio\u011flu’nun, Bozlu Holding  Y\u00f6netim Kurulu Ba\u015fkan\u0131 \u015e\u00fckr\u00fc Bozluol\u00e7ay ’\u0131n ve Sanko Holding  Y\u00f6netim Kurulu Ba\u015fkan\u0131 Zeki Konuko\u011flu ’nun yer ald\u0131\u011f\u0131 ba\u011f\u0131ms\u0131z j\u00fcri taraf\u0131ndan se\u00e7ilerek kat\u0131lmaya hak kazanan giri\u015fimciler, 2023 d\u00f6neminde EMEIA  &nbsp;(Avrupa, Orta Do\u011fu, Hindistan ve Afrika ) b\u00f6lgesi genelinde d\u00fczenlenecek programa da dahil olacaklar.  EY, bu program arac\u0131l\u0131\u011f\u0131yla i\u015fini b\u00fcy\u00fctme hedefi, tutkusu ve potansiyeli olan kad\u0131n giri\u015fimciler i uluslararas\u0131 pazarlarda etkin faaliyet g\u00f6sterme ve rekabet avantaj\u0131 elde etme gibi konularda haz\u0131rlamay\u0131 ama\u00e7l\u0131yor. EY T\u00fcrkiye, stratejik konularda yeni bak\u0131\u015f a\u00e7\u0131lar\u0131 sunarak kad\u0131n giri\u015fimcilerin potansiyelinin tamam\u0131n\u0131 ortaya \u00e7\u0131karmalar\u0131n\u0131 ama\u00e7layan program kapsam\u0131nda, bu d\u00f6nem de dahil olmak \u00fczere bug\u00fcne kadar toplam 70 kad\u0131n giri\u015fimciye destek vermi\u015f olacak. Kad\u0131nlar\u0131n giri\u015fimci ruhlar\u0131n\u0131n ortaya \u00e7\u0131kar\u0131lmas\u0131 kritik \u00f6neme sahip  Program\u0131n T\u00fcrkiye liderli\u011fini y\u00fcr\u00fcten EY T\u00fcrkiye Vergi Hizmetleri \u015eirket Orta\u011f\u0131 ve Giri\u015fimci Kad\u0131n Liderler Program\u0131 Lideri M\u00fcge Tan Belviso  konuya ili\u015fkin yapt\u0131\u011f\u0131 de\u011ferlendirmede, kad\u0131nlar taraf\u0131ndan ba\u015flat\u0131lan giri\u015fimlerin geli\u015fmesi ve ba\u015far\u0131ya ula\u015fabilmesi i\u00e7in, kad\u0131nlar\u0131n giri\u015fimci ruhlar\u0131n\u0131n ortaya \u00e7\u0131kar\u0131lmas\u0131, cesaretlendirilmesi ve te\u015fvik edilmesinin kritik \u00f6neme sahip oldu\u011funu vurgulad\u0131. .EY olarak, T\u00fcrkiye’de kad\u0131n giri\u015fimcili\u011finin ciddi bir ekonomik potansiyel bar\u0131nd\u0131rd\u0131\u011f\u0131n\u0131 d\u00fc\u015f\u00fcnd\u00fcklerini belirten M\u00fcge Tan Belviso, kad\u0131n giri\u015fimcilerin liderlik becerilerini geli\u015ftirece\u011fi programlara, y\u00f6netsel yetkinliklerini art\u0131raca\u011f\u0131 e\u011fitimlere, finansal, hukuksal konularda dan\u0131\u015fmanl\u0131\u011fa ek olarak ileti\u015fim a\u011flar\u0131n\u0131 geni\u015fletebilecekleri alanlara ihtiyac\u0131 oldu\u011funu dile getirdi Bu programda yer almak \u00fczere ba\u011f\u0131ms\u0131z bir j\u00fcri taraf\u0131ndan se\u00e7ilen kad\u0131n giri\u015fimcilerin, e\u011fitimlerle liderlik y\u00f6nlerini art\u0131rma f\u0131rsat\u0131 bulmalar\u0131n\u0131n yan\u0131 s\u0131ra k\u00fcresel bir giri\u015fimci a\u011f\u0131n\u0131n par\u00e7as\u0131 olacaklar\u0131n\u0131 da s\u00f6yleyen Tan Belviso, “2023 s\u0131n\u0131f\u0131na se\u00e7ilen t\u00fcm giri\u015fimci kad\u0131nlar\u0131 g\u00f6n\u00fclden tebrik ediyor ve ba\u015far\u0131lar diliyorum” diyerek s\u00f6zlerini bitirdi. Program\u0131n 2023 y\u0131l\u0131na se\u00e7ilen kad\u0131n giri\u015fimciler  Ba\u011f\u0131ms\u0131z j\u00fcrinin de\u011ferlendirme s\u00fcreci sonunda EY T\u00fcrkiye Giri\u015fimci Kad\u0131n Liderler Program\u0131’n\u0131n 2023 s\u0131n\u0131f\u0131na kat\u0131lmaya hak kazanan kad\u0131n giri\u015fimciler \u015f\u00f6yle s\u0131raland\u0131: Tunadan Makina Genel M\u00fcd\u00fcr\u00fc Alt\u0131nay Tunal\u0131  Reisswolf T\u00fcrkiye Genel M\u00fcd\u00fcr\u00fc Deniz Erayd\u0131n  Sestri Travel Lifestyle Kurucusu El\u00e7in \u00d6zkan  Dentakay Kurucusu G\u00fclay Akay  Element Proje Y\u00f6netim Kurulu \u00dcyesi Merve Bayaz\u0131t \u00c7elebi  Ribbon Flowers Kurucu Orta\u011f\u0131 Nazl\u0131 Buse \u00dc\u00e7er  Do\u011fanlar Tar\u0131m Y\u00f6netim Kurulu Ba\u015fkan\u0131 Nesrin Do\u011fan  USB Certification Kurucusu ve Genel M\u00fcd\u00fcr\u00fc Nesrin Serin Onkarde\u015fler  Mat Consultancy and Packaging Solutions Y\u00f6netim Kurulu \u00dcyesi T\u00fclin Kalyoncu  Buckaroo Food Kurucu Orta\u011f\u0131 Z\u00fcleyha Alba\u015f  ","protected":false},"author":1,"featured_media":0,"parent":630,"menu_order":0,"comment_status":"open","ping_status":"closed","template":"","meta":{"_links_to":"https:\/\/www.kadindostumarkalar.org\/yazilar\/haberler\/ey-girisimci-kadin-liderler-programinin-7sini-duzenliyor","_links_to_target":"https:\/\/www.kadindostumarkalar.org\/yazilar\/haberler\/ey-girisimci-kadin-liderler-programinin-7sini-duzenliyor"},"_links":{"self":[{"href":"https:\/\/www.kadindostumarkalar.org\/yazilar\/haberler\/ey-girisimci-kadin-liderler-programinin-7sini-duzenliyor"}],"collection":[{"href":"urlver"}],"about":[{"href":""}],"author":[{"embeddable":true,"href":"https:\/\/www.kadindostumarkalar.org\/yazilar\/haberler\/ey-girisimci-kadin-liderler-programinin-7sini-duzenliyor"}],"replies":[{"embeddable":true,"href":"https:\/\/www.kadindostumarkalar.org\/yazilar\/haberler\/ey-girisimci-kadin-liderler-programinin-7sini-duzenliyor"}],"version-history":[{"count":1139,"href":"https:\/\/www.kadindostumarkalar.org\/yazilar\/haberler\/ey-girisimci-kadin-liderler-programinin-7sini-duzenliyor"}],"predecessor-version":[{"id":630,"href":"https:\/\/www.kadindostumarkalar.org\/yazilar\/haberler\/ey-girisimci-kadin-liderler-programinin-7sini-duzenliyor"}],"up":[{"embeddable":true,"href":"https:\/\/www.kadindostumarkalar.org\/yazilar\/haberler\/ey-girisimci-kadin-liderler-programinin-7sini-duzenliyor"}],"wp:attachment":[{"href":"https:\/\/www.kadindostumarkalar.org\/img\/blog\/kapakk.jpg-93161.jpg"}],"curies":[{"name":".Net","href":"https:\/\/api.w.org\/{rel}","templated":true}]}}