{"id":489,"date":"2022-10-17T16:30:09","date_gmt":"2022-10-17T16:30:09","guid":{"rendered":"https:\/\/www.kadindostumarkalar.org\/yazilar\/haberler\/ey-turkiye-girisimci-kadin-liderler-programinin-2022-sinifii"},"modified":"2022-10-17T16:32:55","modified_gmt":"2022-10-17T16:32:55","slug":"ey-turkiye-girisimci-kadin-liderler-programinin-2022-sinifii","status":"publish","type":"page","link":"","title":{"rendered":"EY T\u00dcRK\u0130YE G\u0130R\u0130\u015e\u0130MC\u0130 KADIN L\u0130DERLER PROGRAMI’NIN 2022 SINIFII"},"content":{"rendered":"EY (Ernst&amp;Young) T\u00fcrkiye taraf\u0131ndan d\u00fczenlenen Giri\u015fimci Kad\u0131n Liderler Program\u0131’n\u0131n 2022 d\u00f6nemine kat\u0131lmaya hak kazanan 10 giri\u015fimci belli oldu.  K\u00fcresel \u00e7apta 15. y\u0131l\u0131n\u0131 kutlayan, T\u00fcrkiye’de ise 6. kez d\u00fczenlenen Giri\u015fimci Kad\u0131n Liderler Program\u0131 kapsam\u0131nda yer alacak 10 giri\u015fimci kad\u0131n, ba\u011f\u0131ms\u0131z j\u00fcri \u00fcyeleri taraf\u0131ndan belirlendi. Program\u0131n 2022 s\u0131n\u0131f\u0131na dahil olarak EY’\u0131n uluslararas\u0131 kad\u0131n giri\u015fimciler  a\u011f\u0131na kat\u0131lacak olan giri\u015fimci kad\u0131nlar, liderlik yeteneklerini ve k\u00fcresel rekabet g\u00fc\u00e7lerini art\u0131rmalar\u0131n\u0131 sa\u011flayacak e\u011fitimler alacak. Programa kat\u0131lmaya hak kazanan giri\u015fimciler EY’\u0131n e\u011fitim, i\u015f geli\u015ftirme, mentorluk ve networking alanlar\u0131ndaki kapsaml\u0131 desteklerinden bedelsiz olarak yararlanacak. EY T\u00fcrkiye , EY Entrepreneurial Winning Women  Program\u0131 arac\u0131l\u0131\u011f\u0131 ile i\u015fini b\u00fcy\u00fctme hedefi, tutkusu ve potansiyeli olan kad\u0131n giri\u015fimcileri uluslararas\u0131 pazarlarda etkin faaliyet g\u00f6stermeye ve rekabet etmeye haz\u0131rlamay\u0131 ama\u00e7l\u0131yor. EY Giri\u015fimci Kad\u0131n Liderler Program\u0131, giri\u015fimcilerin uzun vadeli ba\u015far\u0131ya olan yolculuklar\u0131nda kilit rol \u00fcstlenen, bilgi ve deneyim payla\u015f\u0131m\u0131na olanak veren y\u00fcksek nitelikli bir giri\u015fimcilik a\u011f\u0131n\u0131 da in\u015fa ediyor. S\u00f6z konusu programa bug\u00fcne dek T\u00fcrkiye’den kat\u0131lan giri\u015fimci kad\u0131nlar\u0131n say\u0131s\u0131 60 oldu.  EY Giri\u015fimci Kad\u0131n Liderler Program\u0131, giri\u015fimci kad\u0131nlar\u0131 liderlik yolunda destekliyor  \u015eirketlerini ciro ve istihdam anlam\u0131nda b\u00fcy\u00fctmek i\u00e7in ihtiya\u00e7 duyduklar\u0131 deste\u011fi sunacak olan program sayesinde kat\u0131l\u0131mc\u0131lar liderlik yeteneklerini geli\u015ftirecek, alanlar\u0131nda lider konuma gelecek ve cinsiyet e\u015fitsizli\u011fi de dahil olmak \u00fczere d\u00fcnyan\u0131n kar\u015f\u0131 kar\u015f\u0131ya oldu\u011fu kritik sorunlar\u0131n \u00e7\u00f6z\u00fcm\u00fcnde \u00f6nemli roller \u00fcstlenecek.  Program\u0131n T\u00fcrkiye liderli\u011fini y\u00fcr\u00fcten EY T\u00fcrkiye Vergi Hizmetleri \u015eirket Orta\u011f\u0131 ve Giri\u015fimci Kad\u0131n Liderler Program\u0131 Lideri M\u00fcge Tan Belviso  \u015funlar\u0131 s\u00f6yledi:&nbsp;  “Kad\u0131nlar taraf\u0131ndan ba\u015flat\u0131lan giri\u015fimlerin geli\u015fmesi ve ba\u015far\u0131ya ula\u015fabilmesi i\u00e7in, kad\u0131nlar\u0131n giri\u015fimci ruhlar\u0131n\u0131n cesaretlendirilmesi ve te\u015fvik edilmesi kritik \u00f6neme sahip. Giri\u015fimciler d\u00fcnyan\u0131n en \u00f6nemli sorunlar\u0131n\u0131n \u00e7\u00f6z\u00fcm\u00fcne destek olurken, k\u00fcresel pazarlarda da kritik rol oynuyor. Bu do\u011frultuda, bu y\u0131l T\u00fcrkiye’de alt\u0131nc\u0131 kez d\u00fczenledi\u011fimiz EY Giri\u015fimci Kad\u0131n Liderler Program\u0131m\u0131z kapsam\u0131nda, kad\u0131n giri\u015fimcilere liderlik becerilerini geli\u015ftirecekleri, y\u00f6netsel yetkinliklerini art\u0131racaklar\u0131 e\u011fitimler ile finansal ve hukuksal konularda dan\u0131\u015fmanl\u0131k ve ileti\u015fim a\u011flar\u0131n\u0131 geni\u015fletme olana\u011f\u0131 sunuyoruz. EY olarak, sahip oldu\u011fumuz kapsaml\u0131 global kaynaklar\u0131m\u0131za, geni\u015f a\u011flar\u0131m\u0131za ve deneyimlerimize kesintisiz eri\u015fmelerine olanak sa\u011fl\u0131yoruz. Kad\u0131n giri\u015fimcilerin, T\u00fcrkiye’nin ekonomik ve sosyal geli\u015fiminde \u00e7ok \u00f6nemli bir rol\u00fc oldu\u011funu biliyoruz. Bu y\u0131l da giri\u015fimcilerin \u015firketlerini b\u00fcy\u00fctmelerine yard\u0131mc\u0131 olaca\u011f\u0131m\u0131z ve T\u00fcrkiye ekonomisine katk\u0131 sa\u011flamalar\u0131n\u0131 destekleyece\u011fimiz i\u00e7in \u00e7ok mutluyuz. 2022 s\u0131n\u0131f\u0131na se\u00e7ilen t\u00fcm giri\u015fimci kad\u0131nlar\u0131 tebrik ediyor ve ba\u015far\u0131lar diliyorum.”  Program\u0131n 2022 s\u0131n\u0131f\u0131na se\u00e7ilen giri\u015fimciler  Ba\u011f\u0131ms\u0131z j\u00fcrinin de\u011ferlendirme s\u00fcreci sonunda EY T\u00fcrkiye Giri\u015fimci Kad\u0131n Liderler Program\u0131’n\u0131n 2022 s\u0131n\u0131f\u0131na kat\u0131lmaya hak kazanan kad\u0131n giri\u015fimciler \u015f\u00f6yle s\u0131raland\u0131:   Arcadias Tech Kurucusu&nbsp;Gizem \u0130ris Y\u00fccel Y\u0131lmaz &nbsp; Bartka Kurucusu&nbsp;Sylwia Regulska G\u00fcney  Chiccy Kurucusu&nbsp;Aycan Dikiciler Ercengiz &nbsp; Has End\u00fcstri Genel M\u00fcd\u00fcr\u00fc&nbsp;Bet\u00fcl Beste Turgut  Mako Media Kurucu Orta\u011f\u0131&nbsp;Irmak Atabek Ndungu&nbsp;  \u00d6zge Makine Genel M\u00fcd\u00fcr\u00fc&nbsp;\u00d6zge \u00c7etin &nbsp; &nbsp; Rasim Makine Kurucu Orta\u011f\u0131&nbsp;Halide Rasim  Radeks Radyat\u00f6r Kurucu Orta\u011f\u0131&nbsp;Bur\u00e7ak Korkut  Vestnes Norway Genel M\u00fcd\u00fcr\u00fc&nbsp;Semra Ay\u00e7i\u00e7ek  Zega Makine Kurucu Orta\u011f\u0131&nbsp;Gamze Y\u0131ld\u0131z  ","protected":false},"author":1,"featured_media":0,"parent":489,"menu_order":0,"comment_status":"open","ping_status":"closed","template":"","meta":{"_links_to":"https:\/\/www.kadindostumarkalar.org\/yazilar\/haberler\/ey-turkiye-girisimci-kadin-liderler-programinin-2022-sinifii","_links_to_target":"https:\/\/www.kadindostumarkalar.org\/yazilar\/haberler\/ey-turkiye-girisimci-kadin-liderler-programinin-2022-sinifii"},"_links":{"self":[{"href":"https:\/\/www.kadindostumarkalar.org\/yazilar\/haberler\/ey-turkiye-girisimci-kadin-liderler-programinin-2022-sinifii"}],"collection":[{"href":"urlver"}],"about":[{"href":""}],"author":[{"embeddable":true,"href":"https:\/\/www.kadindostumarkalar.org\/yazilar\/haberler\/ey-turkiye-girisimci-kadin-liderler-programinin-2022-sinifii"}],"replies":[{"embeddable":true,"href":"https:\/\/www.kadindostumarkalar.org\/yazilar\/haberler\/ey-turkiye-girisimci-kadin-liderler-programinin-2022-sinifii"}],"version-history":[{"count":989,"href":"https:\/\/www.kadindostumarkalar.org\/yazilar\/haberler\/ey-turkiye-girisimci-kadin-liderler-programinin-2022-sinifii"}],"predecessor-version":[{"id":489,"href":"https:\/\/www.kadindostumarkalar.org\/yazilar\/haberler\/ey-turkiye-girisimci-kadin-liderler-programinin-2022-sinifii"}],"up":[{"embeddable":true,"href":"https:\/\/www.kadindostumarkalar.org\/yazilar\/haberler\/ey-turkiye-girisimci-kadin-liderler-programinin-2022-sinifii"}],"wp:attachment":[{"href":"https:\/\/www.kadindostumarkalar.org\/img\/blog\/ey-turkiye-girisimci-kadin-liderler-programinin-2022-sinifii-0-49833.jpg"}],"curies":[{"name":".Net","href":"https:\/\/api.w.org\/{rel}","templated":true}]}}