{"id":258,"date":"2022-01-20T00:00:00","date_gmt":"2022-01-20T00:00:00","guid":{"rendered":"https:\/\/www.kadindostumarkalar.org\/yazilar\/kultur-sanat\/fabrikada-tuten-sanatin-dumani-sehre-karisiyor"},"modified":"2022-11-27T15:25:24","modified_gmt":"2022-11-27T15:25:24","slug":"fabrikada-tuten-sanatin-dumani-sehre-karisiyor","status":"publish","type":"page","link":"","title":{"rendered":"FABR\u0130KADA T\u00dcTEN SANATIN DUMANI \u015eEHRE KARI\u015eIYOR"},"content":{"rendered":"GED\u0130K SANAT’IN \u00d6D\u00dcLL\u00dc D\u0130J\u0130TAL PROJES\u0130 “KADININ S\u00d6Z\u00dc VAR” SANAT SEVERLERLE BULU\u015eTU  Gedik E\u011fitim ve Sosyal Yard\u0131m Vakf\u0131 b\u00fcnyesinde \u00e7al\u0131\u015fmalar\u0131n\u0131 s\u00fcrd\u00fcren Gedik Sanat, \u0130stanbul Gedik \u00dcniversitesi ile birlikte kad\u0131nlar\u0131n ifade bi\u00e7imlerini, kendini ger\u00e7ekle\u015ftiren lider kad\u0131nlar\u0131 ve koro K\u00fclt\u00fcr\u00fcn\u00fcn bu \u00e7er\u00e7evedeki rol\u00fcn\u00fc ortaya \u00e7\u0131karan bir projeye ge\u00e7ti\u011fimiz Kas\u0131m ay\u0131nda imza atm\u0131\u015ft\u0131. Kas\u0131m ay\u0131 boyunca dijital platformlarda bir\u00e7ok alanda uzman konuklarla zenginle\u015fen proje i\u00e7in bestelenmi\u015f \u00fc\u00e7 eser pandemi ko\u015fullar\u0131 sebebiyle seslendirilememi\u015fti. \u00dc\u00e7 kad\u0131n \u015fairimizin dizelerini besteleyen \u00fc\u00e7 bestecimizin koro eserleri&nbsp; 28-29-30 Haziran tarihlerinde Gedik Sanat Youtube kanal\u0131ndan yay\u0131nland\u0131.   \u00dc\u00c7 KADIN \u015eA\u0130R\u0130N D\u0130ZELER\u0130 \u00d6D\u00dcLL\u00dc KORO S\u0130RENE \u0130LE&nbsp; D\u00dcNYA PR\u00d6M\u0130YER\u0130   Gedik Sanat taraf\u0131ndan sipari\u015f edilen Koro eserleriyle projede; Ayten Mutlu’nun “ Telefonda “ adl\u0131 \u015fiirini O\u011fuzhan Balc\u0131, Didem Madak’\u0131n “ Ay I\u015f\u0131l’a S\u0131\u011f\u0131\u015fm\u0131\u015ft\u0131” adl\u0131 \u015fiirini Enver Yal\u00e7\u0131n \u00d6zdiker ve Gonca \u00d6zmen’in “ Belki Sessiz”&nbsp; adl\u0131 \u015fiirini Mesruh Sava\u015f besteledi. 28 – 29 – 30 Haziran tarihlerinde saat 21.00’da \u00fc\u00e7 seans halinde bu eserlerin D\u00fcnya Pr\u00f6miyerlerini, Volkan Akko\u00e7 y\u00f6netiminde 10. J. Brahms ve 8. R.Schumann Koro Yar\u0131\u015fmalar\u0131ndan iki alt\u0131n madalya alan T\u00fcrkiye’nin ilk ve tek Kad\u0131n Korosu Sirene  yorumuyla sanat severlerle bulu\u015ftu. GED\u0130K SANAT’IN FABR\u0130KADA KORO BA\u015eLI\u011eI DEVAM ED\u0130YOR  8 Kas\u0131m 2018 tarihinde Gedik Sanat, &nbsp;ilk etkinli\u011fini Fabrikada Koro ba\u015fl\u0131\u011f\u0131yla Roboweld Robot E\u011fitim ve Ara\u015ft\u0131rma Alan\u0131’nda ger\u00e7ekle\u015ftirmi\u015fti. Sanayinin \u00fcretim alanlar\u0131nda Sanatsal \u00fcretimleri sergileyen ve \u00e7a\u011fda\u015f sanatlar\u0131n \u00f6rneklerini sanatseverlerle payla\u015fan olu\u015fum, Kad\u0131n\u0131n S\u00f6z\u00fc Var projesiyle de Fabrikada Koro ba\u015fl\u0131\u011f\u0131n\u0131 devam ettiriyor. Gedik Kaynak \u00fcretim alanlar\u0131nda \u00e7ekimleri ger\u00e7ekle\u015ftirilecek yeni proje, sanatseverlere al\u0131\u015f\u0131lm\u0131\u015f\u0131n d\u0131\u015f\u0131nda g\u00f6rsel ve i\u015fitsel bir tecr\u00fcbe sundu. KADININ S\u00d6Z\u00dc VAR PROJES\u0130NE KADIN DOSTU MARKALARDAN \u00d6D\u00dcL  Teknolojiden sanata, spordan siyasete her alanda kad\u0131n\u0131n sesinin duyurulmas\u0131 ve kad\u0131n istihdam\u0131n\u0131n art\u0131r\u0131lmas\u0131 y\u00f6r\u00fcngesinde &nbsp;KAG\u0130DER, KASFAD,TOBB Kad\u0131n Giri\u015fimciler Kurulu Y\u00f6neticileri, Koro K\u00fclt\u00fcr\u00fc Derne\u011fi, Semiha Berksoy Opera Vakf\u0131 Y\u00f6neticileri, Sanat Tarih\u00e7ileri, \u015eairler, Besteciler ve Sanat\u00e7\u0131larla ger\u00e7ekle\u015fen keyifli sohbetleri Kas\u0131m 2020 boyunca Gedik Sanat Instagram adresi \u00fczerinden takip edilmi\u015fti. Bununla beraber Gedik Sanat, edebiyat\u0131 koro m\u00fczi\u011finin birle\u015ftirici y\u00f6n\u00fcyle bir araya getirip \u00fc\u00e7 eserin yarat\u0131lmas\u0131na sebep olmu\u015ftu. &nbsp;Bu projedeki \u00e7ok disiplinli duru\u015fu ve sanata Toplumsal Cinsiyet E\u015fitli\u011fi anlam\u0131nda getirdi\u011fi yakla\u015f\u0131mla Kad\u0131n Dostu Markalar Platformu taraf\u0131ndan 2020 y\u0131l\u0131 Fark\u0131ndal\u0131k \u00d6d\u00fcl\u00fc’ne lay\u0131k g\u00f6r\u00fclen Gedik Sanat, \u00f6n\u00fcm\u00fczdeki sene Tiyatro alan\u0131nda ger\u00e7ekle\u015ftirece\u011fi bir dijital projeyle bu platforma destek olmaya devam edecek.  Gedik Sanat; \u0130stanbul Gedik \u00dcniversitesi ile birlikte planlayaca\u011f\u0131 yeni projesinin detaylar\u0131n\u0131 2021-2022 Sanat sezonu ilan\u0131yla birlikte A\u011fustos ay\u0131 i\u00e7erisinde sanatseverlerle bulu\u015ftu. \u00dc\u00c7 D\u00dcNYA PR\u00d6M\u0130YER\u0130N\u0130N PROGRAMI \u015eU \u015eEK\u0130LDE  * O\u011fuzhan Balc\u0131 “ Telefonda “&nbsp; \u015eair: Ayten Mutlu 28 Haziran 2021 Pazartesi saat 21:00 Gedik Sanat Youtube Kanal\u0131 * Enver Yal\u00e7\u0131n \u00d6zdiker “ Ay I\u015f\u0131l’a S\u0131\u011f\u0131\u015fm\u0131\u015ft\u0131” \u015eair: Didem Madak 29 Haziran 2021 Sal\u0131 saat 21:00 Gedik Sanat Youtube Kanal\u0131 * Mesruh Sava\u015f&nbsp; “ Belki Sessiz”&nbsp; \u015eair: Gonca \u00d6zmen 30 Haziran 2021 \u00c7ar\u015famba saat 21:00 Gedik Sanat Youtube Kanal\u0131 ","protected":false},"author":1,"featured_media":0,"parent":258,"menu_order":0,"comment_status":"open","ping_status":"closed","template":"","meta":{"_links_to":"https:\/\/www.kadindostumarkalar.org\/yazilar\/kultur-sanat\/fabrikada-tuten-sanatin-dumani-sehre-karisiyor","_links_to_target":"https:\/\/www.kadindostumarkalar.org\/yazilar\/kultur-sanat\/fabrikada-tuten-sanatin-dumani-sehre-karisiyor"},"_links":{"self":[{"href":"https:\/\/www.kadindostumarkalar.org\/yazilar\/kultur-sanat\/fabrikada-tuten-sanatin-dumani-sehre-karisiyor"}],"collection":[{"href":"urlver"}],"about":[{"href":""}],"author":[{"embeddable":true,"href":"https:\/\/www.kadindostumarkalar.org\/yazilar\/kultur-sanat\/fabrikada-tuten-sanatin-dumani-sehre-karisiyor"}],"replies":[{"embeddable":true,"href":"https:\/\/www.kadindostumarkalar.org\/yazilar\/kultur-sanat\/fabrikada-tuten-sanatin-dumani-sehre-karisiyor"}],"version-history":[{"count":1055,"href":"https:\/\/www.kadindostumarkalar.org\/yazilar\/kultur-sanat\/fabrikada-tuten-sanatin-dumani-sehre-karisiyor"}],"predecessor-version":[{"id":258,"href":"https:\/\/www.kadindostumarkalar.org\/yazilar\/kultur-sanat\/fabrikada-tuten-sanatin-dumani-sehre-karisiyor"}],"up":[{"embeddable":true,"href":"https:\/\/www.kadindostumarkalar.org\/yazilar\/kultur-sanat\/fabrikada-tuten-sanatin-dumani-sehre-karisiyor"}],"wp:attachment":[{"href":"https:\/\/www.kadindostumarkalar.org\/img\/blog\/ekran-resmi-2022-01-20-13.59.20.png"}],"curies":[{"name":".Net","href":"https:\/\/api.w.org\/{rel}","templated":true}]}}