{"id":232,"date":"2021-05-08T00:00:00","date_gmt":"2021-05-08T00:00:00","guid":{"rendered":"https:\/\/www.kadindostumarkalar.org\/yazilar\/kadin-dostu-markalar-tv\/fenerbahce-spor-kulubu--heforshe-projesiyle-kadin-dostu-markalar-2021-farkindalik-odulunun-sahibi-oldu"},"modified":"2022-06-02T03:57:46","modified_gmt":"2022-06-02T03:57:46","slug":"fenerbahce-spor-kulubu--heforshe-projesiyle-kadin-dostu-markalar-2021-farkindalik-odulunun-sahibi-oldu","status":"publish","type":"page","link":"","title":{"rendered":"FENERBAH\u00c7E SPOR KUL\u00dcB\u00dc  “HEFORSHE” PROJES\u0130YLE KADIN DOSTU MARKALAR 2021 FARKINDALIK \u00d6D\u00dcL\u00dcN\u00dcN SAH\u0130B\u0130 OLDU"},"content":{"rendered":"Fenerbah\u00e7e Spor Kul\u00fcb\u00fc,  ba\u015fta erkekler olmak \u00fczere t\u00fcm bireyleri toplumsal cinsiyet e\u015fitli\u011fi  i\u00e7in de\u011fi\u015fimin savunucusu olmaya \u00e7a\u011f\u0131ran dayan\u0131\u015fma hareketi HeForShe Hareketi  ile yapt\u0131\u011f\u0131 i\u015fbirli\u011fi projesiyle Kad\u0131n Dostu Markalar  2021 Fark\u0131ndal\u0131k  \u00d6d\u00fcl\u00fc&#8217;n\u00fcn sahibi oldu. T\u00f6rene videolu konu\u015fma ile  kat\u0131lan Fenerbah\u00e7e Spor Kul\u00fcb\u00fc Y\u00f6netim Kurulu \u00dcyesi Simla T\u00fcrker Bayaz\u0131t konu\u015fmas\u0131nda Fenerbah\u00e7e&#8217;nin sadece bir spor kul\u00fcb\u00fc olmad\u0131\u011f\u0131n\u0131 ayn\u0131 zamanda \u00fclkenin en b\u00fcy\u00fck sivil toplum kurulu\u015fu oldu\u011funu ve toplumsal fayda sa\u011flayacaklar\u0131 sorumluluklar\u0131n\u0131n bilincinde olduklar\u0131n\u0131 anlatt\u0131. Kad\u0131nlar  ve k\u0131z \u00e7ocuklar\u0131 n\u0131n hem sporcu hem de taraftar olarak varl\u0131klar\u0131n\u0131n artt\u0131r\u0131lmas\u0131 ve sporun her alan\u0131nda e\u015fit haklara sahip olmalar\u0131 ad\u0131na att\u0131klar\u0131 ad\u0131mlardan bahsetti. ","protected":false},"author":1,"featured_media":0,"parent":232,"menu_order":0,"comment_status":"open","ping_status":"closed","template":"","meta":{"_links_to":"https:\/\/www.kadindostumarkalar.org\/yazilar\/kadin-dostu-markalar-tv\/fenerbahce-spor-kulubu--heforshe-projesiyle-kadin-dostu-markalar-2021-farkindalik-odulunun-sahibi-oldu","_links_to_target":"https:\/\/www.kadindostumarkalar.org\/yazilar\/kadin-dostu-markalar-tv\/fenerbahce-spor-kulubu--heforshe-projesiyle-kadin-dostu-markalar-2021-farkindalik-odulunun-sahibi-oldu"},"_links":{"self":[{"href":"https:\/\/www.kadindostumarkalar.org\/yazilar\/kadin-dostu-markalar-tv\/fenerbahce-spor-kulubu--heforshe-projesiyle-kadin-dostu-markalar-2021-farkindalik-odulunun-sahibi-oldu"}],"collection":[{"href":"urlver"}],"about":[{"href":""}],"author":[{"embeddable":true,"href":"https:\/\/www.kadindostumarkalar.org\/yazilar\/kadin-dostu-markalar-tv\/fenerbahce-spor-kulubu--heforshe-projesiyle-kadin-dostu-markalar-2021-farkindalik-odulunun-sahibi-oldu"}],"replies":[{"embeddable":true,"href":"https:\/\/www.kadindostumarkalar.org\/yazilar\/kadin-dostu-markalar-tv\/fenerbahce-spor-kulubu--heforshe-projesiyle-kadin-dostu-markalar-2021-farkindalik-odulunun-sahibi-oldu"}],"version-history":[{"count":1116,"href":"https:\/\/www.kadindostumarkalar.org\/yazilar\/kadin-dostu-markalar-tv\/fenerbahce-spor-kulubu--heforshe-projesiyle-kadin-dostu-markalar-2021-farkindalik-odulunun-sahibi-oldu"}],"predecessor-version":[{"id":232,"href":"https:\/\/www.kadindostumarkalar.org\/yazilar\/kadin-dostu-markalar-tv\/fenerbahce-spor-kulubu--heforshe-projesiyle-kadin-dostu-markalar-2021-farkindalik-odulunun-sahibi-oldu"}],"up":[{"embeddable":true,"href":"https:\/\/www.kadindostumarkalar.org\/yazilar\/kadin-dostu-markalar-tv\/fenerbahce-spor-kulubu--heforshe-projesiyle-kadin-dostu-markalar-2021-farkindalik-odulunun-sahibi-oldu"}],"wp:attachment":[{"href":"https:\/\/www.kadindostumarkalar.org\/img\/blog\/ekran-alintisi-fenerbahce.png"}],"curies":[{"name":".Net","href":"https:\/\/api.w.org\/{rel}","templated":true}]}}