{"id":302,"date":"2021-04-14T00:00:00","date_gmt":"2021-04-14T00:00:00","guid":{"rendered":"https:\/\/www.kadindostumarkalar.org\/yazilar\/iklimlendirme\/form-anadoluda-kiz-cocuklarinin-gelecegine-yatirim-yapiyor"},"modified":"2022-06-06T12:59:16","modified_gmt":"2022-06-06T12:59:16","slug":"form-anadoluda-kiz-cocuklarinin-gelecegine-yatirim-yapiyor","status":"publish","type":"page","link":"","title":{"rendered":"FORM, ANADOLU’DA KIZ \u00c7OCUKLARININ GELECE\u011e\u0130NE YATIRIM YAPIYOR"},"content":{"rendered":"\u0130klimlendirme sekt\u00f6r\u00fcn\u00fcn \u00f6nemli akt\u00f6rlerinden Form \u015eirketler Grubu, \u00c7a\u011fda\u015f Ya\u015fam\u0131 Destekleme Derne\u011fi i\u015f birli\u011fiyle “Anadolu’da Bir K\u0131z\u0131m Var \u00d6\u011fretmen Olacak” projesi kapsam\u0131nda 60 k\u0131z \u00f6\u011frenciyi lise \u00f6\u011frenimi boyunca destekliyor.   T\u00fcrkiye’de 55 y\u0131l\u0131 a\u015fk\u0131n s\u00fcredir iklimlendirme  sekt\u00f6r\u00fcne katma de\u011fer yaratan Form \u015eirketler Grubu , \u00f6rnek bir fark\u0131ndal\u0131k  ad\u0131m\u0131 atarak Anadolu’daki k\u0131z \u00e7ocuklar\u0131 n\u0131n e\u011fitimine destek veriyor. Bu \u00f6nemli ad\u0131mla T\u00fcrkiye’nin ve kad\u0131nlar\u0131n gelece\u011fine de yat\u0131r\u0131m yap\u0131yor. Form \u015eirketler Grubu  \u0130nsan Kaynaklar\u0131 Grup M\u00fcd\u00fcr\u00fc Lale \u00c7al\u0131\u015fkan Tok  proje kapsam\u0131nda yapt\u0131\u011f\u0131 a\u00e7\u0131klamada, erkek egemen addedilen iklimlendirme sekt\u00f6r\u00fcnde bu yakla\u015f\u0131m\u0131 de\u011fi\u015ftirmek ve kad\u0131n istihdam\u0131 n\u0131 art\u0131rmak ad\u0131na uzun s\u00fcredir ciddi bir \u00e7aba i\u00e7inde olduklar\u0131n\u0131 dile getirdi. Lale \u00c7al\u0131\u015fkan Tok , T\u00fcrkiye, her ne kadar fen, teknoloji, m\u00fchendislik ve matematik (STEM) alan\u0131ndaki kad\u0131n  oran\u0131 y\u00fczde 37 ile Avrupa’n\u0131n y\u00fczde 20 olan ortalamas\u0131n\u0131n \u00e7ok \u00fcst\u00fcnde olsa da bu oranlar\u0131n yeterli seviyede olmad\u0131\u011f\u0131n\u0131 ve hen\u00fcz i\u015f hayat\u0131na yans\u0131mad\u0131\u011f\u0131n\u0131 belirtti. \u00d6zellikle k\u0131z \u00e7ocuklar\u0131 n\u0131n lise e\u011fitiminin ba\u015fta ekonomik olmak \u00fczere \u00e7e\u015fitli nedenlerle sekteye u\u011frad\u0131\u011f\u0131n\u0131, k\u0131z \u00f6\u011frencilerin daha uzun s\u00fcreler e\u011fitim alabilmesi i\u00e7in lise \u00f6\u011freniminde ciddi \u00f6l\u00e7\u00fcde desteklenmesi gerekti\u011fini vurgulad\u0131. Tok  s\u00f6zlerine \u015f\u00f6yle devam etti: “Biz de bu konuda elimizi ta\u015f\u0131n alt\u0131na koyarak k\u0131z \u00e7ocuklar\u0131 n\u0131n lise \u00f6\u011frenimine devam edebilmesi i\u00e7in \u00c7a\u011fda\u015f Ya\u015fam\u0131 Destekleme Derne\u011fi- \u00c7YDD ’nin geli\u015ftirdi\u011fi bu projeye destek veriyoruz. K\u0131z \u00e7ocuklar\u0131 n\u0131n gelece\u011fine yat\u0131r\u0131m yapman\u0131n orta ve uzun vadede iyi e\u011fitimli, ekonomik \u00f6zg\u00fcrl\u00fc\u011f\u00fc olan bireyler yeti\u015ftirerek T\u00fcrkiye’nin gelece\u011fine yat\u0131r\u0131m yapmak oldu\u011funu d\u00fc\u015f\u00fcn\u00fcyoruz. O nedenle bu konudaki \u00e7abam\u0131z\u0131 s\u00fcrekli olarak biraz daha b\u00fcy\u00fctmek ve kad\u0131nlar\u0131n e\u011fitime ve \u00f6zellikle STEM alan\u0131nda istihdama kat\u0131l\u0131m\u0131n\u0131 art\u0131rmak istiyor, \u00e7abam\u0131z\u0131n ayn\u0131 zamanda sekt\u00f6r\u00fcm\u00fcze de \u00f6rnek olmas\u0131n\u0131 arzu ediyoruz.” ","protected":false},"author":1,"featured_media":0,"parent":302,"menu_order":0,"comment_status":"open","ping_status":"closed","template":"","meta":{"_links_to":"https:\/\/www.kadindostumarkalar.org\/yazilar\/iklimlendirme\/form-anadoluda-kiz-cocuklarinin-gelecegine-yatirim-yapiyor","_links_to_target":"https:\/\/www.kadindostumarkalar.org\/yazilar\/iklimlendirme\/form-anadoluda-kiz-cocuklarinin-gelecegine-yatirim-yapiyor"},"_links":{"self":[{"href":"https:\/\/www.kadindostumarkalar.org\/yazilar\/iklimlendirme\/form-anadoluda-kiz-cocuklarinin-gelecegine-yatirim-yapiyor"}],"collection":[{"href":"urlver"}],"about":[{"href":""}],"author":[{"embeddable":true,"href":"https:\/\/www.kadindostumarkalar.org\/yazilar\/iklimlendirme\/form-anadoluda-kiz-cocuklarinin-gelecegine-yatirim-yapiyor"}],"replies":[{"embeddable":true,"href":"https:\/\/www.kadindostumarkalar.org\/yazilar\/iklimlendirme\/form-anadoluda-kiz-cocuklarinin-gelecegine-yatirim-yapiyor"}],"version-history":[{"count":918,"href":"https:\/\/www.kadindostumarkalar.org\/yazilar\/iklimlendirme\/form-anadoluda-kiz-cocuklarinin-gelecegine-yatirim-yapiyor"}],"predecessor-version":[{"id":302,"href":"https:\/\/www.kadindostumarkalar.org\/yazilar\/iklimlendirme\/form-anadoluda-kiz-cocuklarinin-gelecegine-yatirim-yapiyor"}],"up":[{"embeddable":true,"href":"https:\/\/www.kadindostumarkalar.org\/yazilar\/iklimlendirme\/form-anadoluda-kiz-cocuklarinin-gelecegine-yatirim-yapiyor"}],"wp:attachment":[{"href":"https:\/\/www.kadindostumarkalar.org\/img\/blog\/cydd-nin-cagrisi-buyuyor-anadolu-da-bir-kizim-var-4c98a.jpg"}],"curies":[{"name":".Net","href":"https:\/\/api.w.org\/{rel}","templated":true}]}}