{"id":335,"date":"2022-01-05T00:00:00","date_gmt":"2022-01-05T00:00:00","guid":{"rendered":"https:\/\/www.kadindostumarkalar.org\/yazilar\/genel\/fransada-ust-duzey-yonetim-pozisyonlarindaki-kadin-sayisinin-arttirilmasina-yonelik-yasa-kabul-edildi"},"modified":"2022-06-06T13:20:53","modified_gmt":"2022-06-06T13:20:53","slug":"fransada-ust-duzey-yonetim-pozisyonlarindaki-kadin-sayisinin-arttirilmasina-yonelik-yasa-kabul-edildi","status":"publish","type":"page","link":"","title":{"rendered":"FRANSA’DA \u00dcST D\u00dcZEY Y\u00d6NET\u0130M POZ\u0130SYONLARINDAK\u0130 KADIN SAYISININ ARTTIRILMASINA Y\u00d6NEL\u0130K YASA KABUL ED\u0130LD\u0130"},"content":{"rendered":"Fransa, b\u00fcy\u00fck \u015firketleri \u00fcst d\u00fczey y\u00f6netim pozisyonlar\u0131ndaki kad\u0131n say\u0131s\u0131n\u0131 art\u0131rmaya ve bu alandaki ilerlemeler hakk\u0131nda kamuoyuna rapor vermeye zorlayan yasay\u0131 kabul etti.  Y\u00f6netim tak\u0131mlar\u0131ndaki kad\u0131n  say\u0131s\u0131n\u0131n artmas\u0131n\u0131n finansal sonu\u00e7lar\u0131 iyile\u015ftirdi\u011fine y\u00f6nelik \u00e7al\u0131\u015fmalar\u0131n kabul g\u00f6rd\u00fc\u011f\u00fc i\u015f d\u00fcnyas\u0131nda, y\u00f6netim kurullar\u0131ndaki cinsiyet \u00e7e\u015fitlili\u011fi  konusu ise en \u00f6nemli g\u00fcndem maddesi olarak kar\u015f\u0131m\u0131za \u00e7\u0131k\u0131yor. Y\u00f6netim kurullar\u0131ndaki kad\u0131n oranlar\u0131 d\u00fcnya genelinde artsa da bu art\u0131\u015f\u0131n h\u0131z\u0131 olduk\u00e7a d\u00fc\u015f\u00fck oldu\u011fu i\u00e7in kad\u0131nlar hâlâ yeterince temsil edilmiyor. Y\u00f6netim kurulunda y\u00fczde 30 kad\u0131n \u015fart\u0131  Ocak 2021’de \u00fcst d\u00fczey y\u00f6netim pozisyonlar\u0131 ndaki kad\u0131n  say\u0131s\u0131n\u0131 art\u0131rmak i\u00e7in kota uygulamas\u0131 ba\u015flatan Almanya ’n\u0131n ard\u0131ndan Fransa  da b\u00fcy\u00fck \u015firketleri, \u00fcst d\u00fczey y\u00f6netim pozisyonlar\u0131ndaki kad\u0131n say\u0131s\u0131n\u0131 art\u0131rmaya ve bu alandaki ilerlemeler hakk\u0131nda kamuoyuna rapor vermeye zorlayan bir yasay\u0131 kabul etti. 1000&#8217;den fazla \u00e7al\u0131\u015fan\u0131 olan \u015firketlerin 2027 y\u0131l\u0131na kadar \u00fcst d\u00fczey y\u00f6neticiler ve liderlik komiteleri nin en az y\u00fczde 30&#8217;unun kad\u0131n olmas\u0131n\u0131 \u00f6n g\u00f6ren yasan\u0131n amac\u0131; ‘Ger\u00e7ek ekonomik ve profesyonel e\u015fitlik’  olarak \u00f6zetleniyor. 2030&#8217;da \u015firketlerin kurallara uymak i\u00e7in iki y\u0131l\u0131 daha olacak ve aksi takdirde para cezas\u0131na \u00e7arpt\u0131r\u0131labilecekler. Ayr\u0131ca \u015firketler ilerlemelerini her y\u0131l \u00e7al\u0131\u015fma bakanl\u0131\u011f\u0131n\u0131n web sitesinde yay\u0131nlamak zorunda olacaklar. 2019&#8217;da Fransa&#8217;n\u0131n borsada i\u015flem g\u00f6ren en iyi 120 \u015firketinde y\u00f6netim kurulu \u00fcyelerinin y\u00fczde 43,6&#8217;s\u0131n\u0131 kad\u0131nlar temsil ederken, 2013&#8217;te bu oran y\u00fczde 26&#8217;n\u0131n biraz \u00fczerindeydi. Ancak Fransa&#8217;da cinsiyet\u00e7ilik \u00fczerine y\u0131ll\u0131k raporlar yay\u0131nlayan y\u00fcksek cinsiyet e\u015fitli\u011fi otoritesine g\u00f6re; y\u00fcr\u00fctme komitelerindeki ve \u00fcst y\u00f6netim ekiplerindeki ki\u015filerin yaln\u0131zca y\u00fczde 19&#8217;unu kad\u0131nlar olu\u015fturuyorlar.  ","protected":false},"author":1,"featured_media":0,"parent":335,"menu_order":0,"comment_status":"open","ping_status":"closed","template":"","meta":{"_links_to":"https:\/\/www.kadindostumarkalar.org\/yazilar\/genel\/fransada-ust-duzey-yonetim-pozisyonlarindaki-kadin-sayisinin-arttirilmasina-yonelik-yasa-kabul-edildi","_links_to_target":"https:\/\/www.kadindostumarkalar.org\/yazilar\/genel\/fransada-ust-duzey-yonetim-pozisyonlarindaki-kadin-sayisinin-arttirilmasina-yonelik-yasa-kabul-edildi"},"_links":{"self":[{"href":"https:\/\/www.kadindostumarkalar.org\/yazilar\/genel\/fransada-ust-duzey-yonetim-pozisyonlarindaki-kadin-sayisinin-arttirilmasina-yonelik-yasa-kabul-edildi"}],"collection":[{"href":"urlver"}],"about":[{"href":""}],"author":[{"embeddable":true,"href":"https:\/\/www.kadindostumarkalar.org\/yazilar\/genel\/fransada-ust-duzey-yonetim-pozisyonlarindaki-kadin-sayisinin-arttirilmasina-yonelik-yasa-kabul-edildi"}],"replies":[{"embeddable":true,"href":"https:\/\/www.kadindostumarkalar.org\/yazilar\/genel\/fransada-ust-duzey-yonetim-pozisyonlarindaki-kadin-sayisinin-arttirilmasina-yonelik-yasa-kabul-edildi"}],"version-history":[{"count":948,"href":"https:\/\/www.kadindostumarkalar.org\/yazilar\/genel\/fransada-ust-duzey-yonetim-pozisyonlarindaki-kadin-sayisinin-arttirilmasina-yonelik-yasa-kabul-edildi"}],"predecessor-version":[{"id":335,"href":"https:\/\/www.kadindostumarkalar.org\/yazilar\/genel\/fransada-ust-duzey-yonetim-pozisyonlarindaki-kadin-sayisinin-arttirilmasina-yonelik-yasa-kabul-edildi"}],"up":[{"embeddable":true,"href":"https:\/\/www.kadindostumarkalar.org\/yazilar\/genel\/fransada-ust-duzey-yonetim-pozisyonlarindaki-kadin-sayisinin-arttirilmasina-yonelik-yasa-kabul-edildi"}],"wp:attachment":[{"href":"https:\/\/www.kadindostumarkalar.org\/img\/blog\/50671-514274879.jpg"}],"curies":[{"name":".Net","href":"https:\/\/api.w.org\/{rel}","templated":true}]}}