{"id":1402,"date":"2025-11-21T13:07:36","date_gmt":"2025-11-21T13:07:36","guid":{"rendered":"https:\/\/www.kadindostumarkalar.org\/yazilar\/haberler\/fuzul-kadin-istihdamindaki-katkisiyla-iskagid-den-odul-aldi"},"modified":"2025-11-21T13:12:30","modified_gmt":"2025-11-21T13:12:30","slug":"fuzul-kadin-istihdamindaki-katkisiyla-iskagid-den-odul-aldi","status":"publish","type":"page","link":"","title":{"rendered":"Fuzul, Kad\u0131n \u0130stihdam\u0131ndaki Katk\u0131s\u0131yla \u0130\u015eKAG\u0130D’den \u00d6d\u00fcl Ald\u0131"},"content":{"rendered":"Kad\u0131n \u00e7al\u0131\u015fan oran\u0131n\u0131 y\u00fczde 50 seviyesine ta\u015f\u0131yan ve kad\u0131n liderli\u011fini destekleyen Fuzul, kad\u0131n istihdam\u0131na sa\u011flad\u0131\u011f\u0131 katk\u0131lar nedeniyle \u0130\u015f Kad\u0131nlar\u0131 Giri\u015fim Derne\u011fi taraf\u0131ndan \u00f6d\u00fcle lay\u0131k g\u00f6r\u00fcld\u00fc.   Fuzul, kad\u0131nlar\u0131n  i\u015f hayat\u0131na aktif kat\u0131l\u0131m\u0131n\u0131 destekleyen politikalar\u0131 nedeniyle \u0130\u015f Kad\u0131nlar\u0131 Giri\u015fim Derne\u011fi (\u0130\u015eKAG\u0130D)  taraf\u0131ndan \u00f6d\u00fcle lay\u0131k g\u00f6r\u00fcld\u00fc. \u015eirketin \u00f6d\u00fcl\u00fc, T\u00fcrkiye Kad\u0131n Giri\u015fimciler Zirvesi ’nde d\u00fczenlenen bir t\u00f6renle Fuzul Tasarruf Finansman A\u015e Y\u00f6netim   Kurulu Ba\u015fkan\u0131 Ey\u00fcp Akbal ’a takdim edildi. Ey\u00fcp Akbal, t\u00f6rende yapt\u0131\u011f\u0131 konu\u015fmada Fuzul’\u00fcn kad\u0131n istihdam\u0131na  verdi\u011fi \u00f6nemi vurgulayarak \u015funlar\u0131 s\u00f6yledi; “Fuzul’de \u00e7al\u0131\u015fanlar\u0131m\u0131z\u0131n neredeyse y\u00fczde 50’si kad\u0131n arkada\u015flar\u0131m\u0131zdan olu\u015fuyor. Ayr\u0131ca T\u00fcrkiye genelinde 160 \u015fubemizin en ba\u015far\u0131l\u0131 10 temsilcisi aras\u0131nda da kad\u0131nlar yer al\u0131yor. Dolay\u0131s\u0131yla ba\u015far\u0131m\u0131zda kad\u0131n \u00e7al\u0131\u015fma arkada\u015flar\u0131m\u0131z\u0131n &nbsp;b\u00fcy\u00fck rol\u00fc oldu\u011funu mutlulukla g\u00f6r\u00fcyoruz. Bu \u00f6d\u00fcl, sadece bir fark\u0131ndal\u0131k sembol\u00fc de\u011fil; Fuzul’\u00fcn kad\u0131nlar\u0131 i\u015f g\u00fcc\u00fcnde g\u00f6r\u00fcn\u00fcr k\u0131lma ve destekleme y\u00f6n\u00fcndeki kararl\u0131l\u0131\u011f\u0131n\u0131n somut bir g\u00f6stergesidir.” Bu do\u011frultuda sekt\u00f6rdeki yenilik\u00e7i yakla\u015f\u0131mlar\u0131na ve kad\u0131nlar\u0131n i\u015f hayat\u0131nda daha fazla yer almas\u0131n\u0131 sa\u011flamaya y\u00f6nelik \u00e7al\u0131\u015fmalar\u0131na h\u0131z kesmeden devam edeceklerini belirten Akbal, “Kad\u0131nlar\u0131n   do\u011fru planlama yapma becerilerine ve karar alma s\u00fcre\u00e7lerindeki titiz yakla\u015f\u0131mlar\u0131na b\u00fcy\u00fck \u00f6nem veriyoruz” dedi.  Kad\u0131n istihdam\u0131 konusunda etkin bir politika izleyen Fuzul, \u00f6n\u00fcm\u00fczdeki d\u00f6nemde kad\u0131n \u00e7al\u0131\u015fan oran\u0131n\u0131  daha da y\u00fckseltmeyi, y\u00f6netim ve karar alma s\u00fcre\u00e7lerine daha fazla kad\u0131n lider  kazand\u0131rmay\u0131 ve i\u015f hayat\u0131nda f\u0131rsat e\u015fitli\u011fini daha da g\u00fc\u00e7lendirmeyi ama\u00e7l\u0131yor. ","protected":false},"author":1,"featured_media":0,"parent":1402,"menu_order":0,"comment_status":"open","ping_status":"closed","template":"","meta":{"_links_to":"https:\/\/www.kadindostumarkalar.org\/yazilar\/haberler\/fuzul-kadin-istihdamindaki-katkisiyla-iskagid-den-odul-aldi","_links_to_target":"https:\/\/www.kadindostumarkalar.org\/yazilar\/haberler\/fuzul-kadin-istihdamindaki-katkisiyla-iskagid-den-odul-aldi"},"_links":{"self":[{"href":"https:\/\/www.kadindostumarkalar.org\/yazilar\/haberler\/fuzul-kadin-istihdamindaki-katkisiyla-iskagid-den-odul-aldi"}],"collection":[{"href":"urlver"}],"about":[{"href":""}],"author":[{"embeddable":true,"href":"https:\/\/www.kadindostumarkalar.org\/yazilar\/haberler\/fuzul-kadin-istihdamindaki-katkisiyla-iskagid-den-odul-aldi"}],"replies":[{"embeddable":true,"href":"https:\/\/www.kadindostumarkalar.org\/yazilar\/haberler\/fuzul-kadin-istihdamindaki-katkisiyla-iskagid-den-odul-aldi"}],"version-history":[{"count":486,"href":"https:\/\/www.kadindostumarkalar.org\/yazilar\/haberler\/fuzul-kadin-istihdamindaki-katkisiyla-iskagid-den-odul-aldi"}],"predecessor-version":[{"id":1402,"href":"https:\/\/www.kadindostumarkalar.org\/yazilar\/haberler\/fuzul-kadin-istihdamindaki-katkisiyla-iskagid-den-odul-aldi"}],"up":[{"embeddable":true,"href":"https:\/\/www.kadindostumarkalar.org\/yazilar\/haberler\/fuzul-kadin-istihdamindaki-katkisiyla-iskagid-den-odul-aldi"}],"wp:attachment":[{"href":"https:\/\/www.kadindostumarkalar.org\/img\/blog\/fuzul-kadin-istihdamindaki-katkisiyla-iskagid-den-odul-aldi-0-13329.png"}],"curies":[{"name":".Net","href":"https:\/\/api.w.org\/{rel}","templated":true}]}}