{"id":233,"date":"2021-05-09T00:00:00","date_gmt":"2021-05-09T00:00:00","guid":{"rendered":"https:\/\/www.kadindostumarkalar.org\/yazilar\/kadin-dostu-markalar-tv\/gedik-sanat-kadinin-sozu-var--projesiyle-kadin-dostu-markalar-2021-farkindalik-odulunun-sahibi-oldu"},"modified":"2022-06-02T03:58:29","modified_gmt":"2022-06-02T03:58:29","slug":"gedik-sanat-kadinin-sozu-var--projesiyle-kadin-dostu-markalar-2021-farkindalik-odulunun-sahibi-oldu","status":"publish","type":"page","link":"","title":{"rendered":"GED\u0130K SANAT “KADININ S\u00d6Z\u00dc VAR”  PROJES\u0130YLE KADIN DOSTU MARKALAR 2021 FARKINDALIK \u00d6D\u00dcL\u00dcN\u00dcN SAH\u0130B\u0130 OLDU"},"content":{"rendered":"Gedik Sanat , kad\u0131nlar\u0131n birer \u00f6zne olarak kendilerini ifade edebilmelerinin, kamusal alanda e\u015fit ve \u00f6zg\u00fcr bireyler olarak seslerini duyurabilmelerinin toplum i\u00e7in vazge\u00e7ilmez bir ihtiya\u00e7 oldu\u011funun bilinci ile hayata ge\u00e7irdi\u011fi “Kad\u0131n\u0131n S\u00f6z\u00fc Var”  projesiyle Kad\u0131n Dostu Markalar  2021 Fark\u0131ndal\u0131k  \u00d6d\u00fcl\u00fc&#8217;n\u00fcn sahibi oldu. \u00d6d\u00fcl\u00fc almak \u00fczere t\u00f6rene kat\u0131lan Gedik Sanat  Genel Sanat Direkt\u00f6r\u00fc Sn. Caner Akg\u00fcn, Kad\u0131n Dostu Markalar  Platformu&#8217;na te\u015fekk\u00fcr ederek ba\u015flad\u0131\u011f\u0131 konu\u015fmas\u0131nda, Gedik Holding  ve Gedik \u00dcniversitesi&#8217; nde uygulanan cinsiyet  ve f\u0131rsat e\u015fitlikleri  ile Gedik Sanat &#8216;\u0131n hayata ge\u00e7irdi\u011fi Gedik Filarmoni Orkestras\u0131 &#8216;ndan ve projenin gelecek planlar\u0131ndan bahsetti. ","protected":false},"author":1,"featured_media":0,"parent":233,"menu_order":0,"comment_status":"open","ping_status":"closed","template":"","meta":{"_links_to":"https:\/\/www.kadindostumarkalar.org\/yazilar\/kadin-dostu-markalar-tv\/gedik-sanat-kadinin-sozu-var--projesiyle-kadin-dostu-markalar-2021-farkindalik-odulunun-sahibi-oldu","_links_to_target":"https:\/\/www.kadindostumarkalar.org\/yazilar\/kadin-dostu-markalar-tv\/gedik-sanat-kadinin-sozu-var--projesiyle-kadin-dostu-markalar-2021-farkindalik-odulunun-sahibi-oldu"},"_links":{"self":[{"href":"https:\/\/www.kadindostumarkalar.org\/yazilar\/kadin-dostu-markalar-tv\/gedik-sanat-kadinin-sozu-var--projesiyle-kadin-dostu-markalar-2021-farkindalik-odulunun-sahibi-oldu"}],"collection":[{"href":"urlver"}],"about":[{"href":""}],"author":[{"embeddable":true,"href":"https:\/\/www.kadindostumarkalar.org\/yazilar\/kadin-dostu-markalar-tv\/gedik-sanat-kadinin-sozu-var--projesiyle-kadin-dostu-markalar-2021-farkindalik-odulunun-sahibi-oldu"}],"replies":[{"embeddable":true,"href":"https:\/\/www.kadindostumarkalar.org\/yazilar\/kadin-dostu-markalar-tv\/gedik-sanat-kadinin-sozu-var--projesiyle-kadin-dostu-markalar-2021-farkindalik-odulunun-sahibi-oldu"}],"version-history":[{"count":999,"href":"https:\/\/www.kadindostumarkalar.org\/yazilar\/kadin-dostu-markalar-tv\/gedik-sanat-kadinin-sozu-var--projesiyle-kadin-dostu-markalar-2021-farkindalik-odulunun-sahibi-oldu"}],"predecessor-version":[{"id":233,"href":"https:\/\/www.kadindostumarkalar.org\/yazilar\/kadin-dostu-markalar-tv\/gedik-sanat-kadinin-sozu-var--projesiyle-kadin-dostu-markalar-2021-farkindalik-odulunun-sahibi-oldu"}],"up":[{"embeddable":true,"href":"https:\/\/www.kadindostumarkalar.org\/yazilar\/kadin-dostu-markalar-tv\/gedik-sanat-kadinin-sozu-var--projesiyle-kadin-dostu-markalar-2021-farkindalik-odulunun-sahibi-oldu"}],"wp:attachment":[{"href":"https:\/\/www.kadindostumarkalar.org\/img\/blog\/ekran-alintisi-gedik-sanat.png"}],"curies":[{"name":".Net","href":"https:\/\/api.w.org\/{rel}","templated":true}]}}