{"id":423,"date":"2022-10-05T17:02:41","date_gmt":"2022-10-05T17:02:41","guid":{"rendered":"https:\/\/www.kadindostumarkalar.org\/yazilar\/kariyer-basamaklari\/gezinomide-deniz-selen-kilicozgurler-genel-mudur-oldu"},"modified":"2022-10-05T17:05:17","modified_gmt":"2022-10-05T17:05:17","slug":"gezinomide-deniz-selen-kilicozgurler-genel-mudur-oldu","status":"publish","type":"page","link":"","title":{"rendered":"GEZ\u0130NOM\u0130’DE DEN\u0130Z SELEN KILI\u00c7\u00d6ZG\u00dcRLER GENEL M\u00dcD\u00dcR OLDU"},"content":{"rendered":"T\u00fcrkiye’nin \u00f6nde gelen turizm teknoloji firmas\u0131  Gezinomi’ nin Genel M\u00fcd\u00fcrl\u00fc\u011f\u00fc g\u00f6revine Deniz Selen K\u0131l\u0131\u00e7\u00f6zg\u00fcrler  atand\u0131. K\u0131sa s\u00fcre \u00f6nce halka arz\u0131 ger\u00e7ekle\u015ftirilen, T\u00fcrkiye’nin \u00f6nde gelen turizm teknoloji firmas\u0131 Gezinomi’de, uzun y\u0131llar T\u00fcrkiye’nin \u00f6nde gelen gruplar\u0131nda \u00fcst d\u00fczey y\u00f6neticilik yapan Deniz Selen K\u0131l\u0131\u00e7\u00f6zg\u00fcrler, Genel M\u00fcd\u00fcr  oldu. Dokuz Eyl\u00fcl \u00dcniversitesi  \u0130ktisadi ve \u0130dari Bilimler Fak\u00fcltesi’nden 2000 y\u0131l\u0131nda mezun olan K\u0131l\u0131\u00e7\u00f6zg\u00fcrler, Maltepe \u00dcniversitesi Sosyal Bilimler  Enstit\u00fcs\u00fc  \u0130\u015fletme Anabilim Dal\u0131 \u0130\u015fletme Y\u00fcksek Lisans  Program\u0131’n\u0131 tamamlad\u0131. Kariyer hayat\u0131na 2002 y\u0131l\u0131nda Toprak Seramik ’te ba\u015flayan K\u0131l\u0131\u00e7\u00f6zg\u00fcrler, 2006 ila 2018 y\u0131llar\u0131 aras\u0131nda Ko\u00e7ta\u015f ’ta Operasyon ve Sat\u0131nalma M\u00fcd\u00fcrl\u00fc\u011f\u00fc ve Proje Liderli\u011fi  g\u00f6revlerini \u00fcstlendi. 2018 ila 2020 y\u0131llar\u0131 aras\u0131nda Carrefoursa ’da Sat\u0131\u015f M\u00fcd\u00fcrl\u00fc\u011f\u00fc yapan K\u0131l\u0131\u00e7\u00f6zg\u00fcrler, Gezinomi Genel M\u00fcd\u00fcr\u00fc  olarak atanmadan \u00f6nce Kas\u0131m 2020’den bu yana Qua Grubu  \u015eirketlerinde Sat\u0131nalma Direkt\u00f6r\u00fc  olarak g\u00f6rev yap\u0131yordu. Uluslararas\u0131 Ko\u00e7luk Federasyonu  (ICF) \u00fcyesi ve PCC  (Professional Certified Coach) unvan\u0131na sahip olan K\u0131l\u0131\u00e7\u00f6zg\u00fcrler, sosyal sorumluluk projelerine ve kurum i\u00e7i ko\u00e7luk programlar\u0131na ko\u00e7luk ve ment\u00f6rl\u00fck  yapmakta. ","protected":false},"author":1,"featured_media":0,"parent":423,"menu_order":0,"comment_status":"open","ping_status":"closed","template":"","meta":{"_links_to":"https:\/\/www.kadindostumarkalar.org\/yazilar\/kariyer-basamaklari\/gezinomide-deniz-selen-kilicozgurler-genel-mudur-oldu","_links_to_target":"https:\/\/www.kadindostumarkalar.org\/yazilar\/kariyer-basamaklari\/gezinomide-deniz-selen-kilicozgurler-genel-mudur-oldu"},"_links":{"self":[{"href":"https:\/\/www.kadindostumarkalar.org\/yazilar\/kariyer-basamaklari\/gezinomide-deniz-selen-kilicozgurler-genel-mudur-oldu"}],"collection":[{"href":"urlver"}],"about":[{"href":""}],"author":[{"embeddable":true,"href":"https:\/\/www.kadindostumarkalar.org\/yazilar\/kariyer-basamaklari\/gezinomide-deniz-selen-kilicozgurler-genel-mudur-oldu"}],"replies":[{"embeddable":true,"href":"https:\/\/www.kadindostumarkalar.org\/yazilar\/kariyer-basamaklari\/gezinomide-deniz-selen-kilicozgurler-genel-mudur-oldu"}],"version-history":[{"count":1290,"href":"https:\/\/www.kadindostumarkalar.org\/yazilar\/kariyer-basamaklari\/gezinomide-deniz-selen-kilicozgurler-genel-mudur-oldu"}],"predecessor-version":[{"id":423,"href":"https:\/\/www.kadindostumarkalar.org\/yazilar\/kariyer-basamaklari\/gezinomide-deniz-selen-kilicozgurler-genel-mudur-oldu"}],"up":[{"embeddable":true,"href":"https:\/\/www.kadindostumarkalar.org\/yazilar\/kariyer-basamaklari\/gezinomide-deniz-selen-kilicozgurler-genel-mudur-oldu"}],"wp:attachment":[{"href":"https:\/\/www.kadindostumarkalar.org\/img\/blog\/httpswwwkadindostumarkalarorgblogkariyer-basamaklari-0-59015.jpg"}],"curies":[{"name":".Net","href":"https:\/\/api.w.org\/{rel}","templated":true}]}}