{"id":499,"date":"2022-10-19T15:39:09","date_gmt":"2022-10-19T15:39:09","guid":{"rendered":"https:\/\/www.kadindostumarkalar.org\/yazilar\/kahve-sohbetleri\/girisimci-ruhun-basarili-lideri"},"modified":"2022-10-19T15:49:44","modified_gmt":"2022-10-19T15:49:44","slug":"girisimci-ruhun-basarili-lideri","status":"publish","type":"page","link":"","title":{"rendered":"G\u0130R\u0130\u015e\u0130MC\u0130 RUHUN BA\u015eARILI L\u0130DER\u0130"},"content":{"rendered":"Giri\u015fimcilik ruhunun r\u00fczgar\u0131yla hayat\u0131na y\u00f6n veren, kurdu\u011fu ve b\u00fcy\u00fctt\u00fc\u011f\u00fc markalarda s\u00fcrekli kendisiyle yar\u0131\u015fan ve her zaman yenili\u011fe a\u00e7\u0131k olan, y\u00f6netim felsefesinde sosyal adalet ve disiplini temel alan, Atat\u00fcrk\u00e7\u00fc, ilerici ve \u00e7al\u0131\u015fanlar\u0131na dahi ana\u00e7 duygularla yakla\u015fan, sekt\u00f6r\u00fcn\u00fcn en iyilerinden olan Lava markas\u0131n\u0131n kurucusu Sn. Reyhan Ek\u015fi ile keyifli ve ilham veren bir sohbet ger\u00e7ekle\u015ftirdik.   Reyhan Ek\u015fi kimdir? Nerede, ne zaman do\u011fdu? Nas\u0131l bir e\u011fitim ald\u0131? Aile hayat\u0131? \u0130\u015f hayat\u0131na giri\u015fi ne zaman ve nas\u0131l ba\u015flad\u0131? \u0130lgi alanlar\u0131 nelerdir? Sosyal y\u00f6nlerinizden de bahsederek, biraz sizi sizden dinleyebilir miyiz?  Karadenizli bir ailenin \u00e7ocu\u011fu olarak Rize ’de do\u011fdum. Ak\u0131llara kaz\u0131nm\u0131\u015f olan “Karadeniz’de k\u0131z \u00e7ocu\u011fu sevilmez” alg\u0131s\u0131n\u0131n aksine anne ve babas\u0131 taraf\u0131ndan hep \u00e7ok sevilen ve her t\u00fcrl\u00fc desteklenen bir \u00e7ocuktum. Karadeniz B\u00f6lgesi’nde k\u0131zlara fazla yat\u0131r\u0131m yapmazlar ama son 20 y\u0131ld\u0131r biz ve bizim gibi \u00f6rneklerin \u00e7\u0131kmas\u0131yla k\u0131z \u00e7ocuklara bak\u0131\u015f\u0131n pozitif y\u00f6nde de\u011fi\u015fimine \u015fahit olmaya ba\u015flad\u0131k. Bir 20 y\u0131l \u00f6ncesinde k\u0131zlar\u0131 i\u00e7in, “Okuyup da ne olacak!” diyen ailelerin \u015fimdilerde bir emekli maa\u015f\u0131yla bile olsa k\u0131zlar\u0131n\u0131 okutmaya olan \u00e7abas\u0131n\u0131 g\u00f6r\u00fcyoruz. Bu d\u00fc\u015f\u00fcnceleri ayd\u0131nlatmada g\u00fc\u00e7l\u00fc bir \u0131\u015f\u0131k oldu\u011fumuzu d\u00fc\u015f\u00fcn\u00fcyorum.  1994 y\u0131l\u0131nda Karadeniz Teknik \u00dcniversitesi  \u0130\u015fletme Fak\u00fcltesi’nden mezun oldum. 1994-1995 y\u0131llar\u0131nda i\u015f hayat\u0131na ba\u015flad\u0131m. 2010 y\u0131l\u0131nda Lava markas\u0131yla sekt\u00f6r\u00fcnde demir d\u00f6k\u00fcmden mutfak ihtiya\u00e7lar\u0131 ve \u00f6zellikle Horeca taraf\u0131ndaki mutfak ekipmanlar\u0131na kadar, konusunda da bu i\u015fin T\u00fcrkiye’deki \u00f6nc\u00fcl\u00fc\u011f\u00fc yapan, bug\u00fcn piyasada perakende sat\u0131\u015f fiyatlar\u0131n\u0131 belirleyen, ihracatta da \u00fclkeye \u00f6nemli pazarlar ara\u015ft\u0131ran ve bu pazarlarda kendi markas\u0131yla olmaya \u00e7al\u0131\u015fan bir firma kurduk. \u0130ki y\u0131l sonra da bug\u00fcn, hem yurt i\u00e7i hem yurtd\u0131\u015f\u0131nda yapt\u0131\u011f\u0131 i\u015flerle sekt\u00f6r\u00fcn\u00fcn amiral firmalar\u0131ndan bir tanesi haline gelen ve IT sekt\u00f6r\u00fcnde faaliyet g\u00f6steren Lande  isimli \u015firketimizi kurduk. Geli\u015fen \u00e7a\u011fla beraber fiberin hayat\u0131m\u0131zdaki etkisini g\u00f6r\u00fcp kurdu\u011fumuz bir de Alfa Fonet  isimli bir \u015firketimiz de var. Bu \u00fc\u00e7 \u015firkette de hem giri\u015fimci hem kurucu ortak hem de y\u00f6netici pozisyonunda bir profesyonel olarak, patronluk yapmadan g\u00f6rev yap\u0131yorum.  \u00c7ocu\u011fum da yok fakat 7 tane ye\u011fenim ve 3 \u015firketim var. Bu \u00fc\u00e7 \u015firketin hem kurucu orta\u011f\u0131 hem de y\u00f6neticisiyim. Bu \u00fc\u00e7 \u015firketi de evlad\u0131m gibi sahiplenirim ve hem ye\u011fenlerime hem de \u015firketimdeki \u00e7al\u0131\u015fanlar\u0131ma ana\u00e7 duygular\u0131mla yakla\u015f\u0131r\u0131m. \u0130nsanlar\u0131 oldu\u011fu kadar hayvanlar\u0131 da \u00e7ok severim.  “Giri\u015fimcilik ruhu ben de hep vard\u0131”  Kariyeriniz i\u00e7in hayal ettikleriniz nelerdi? Ne isterken hikayeniz nerelere evrildi ya da kariyerinizde hayal etti\u011finiz yerde misiniz?  Giri\u015fimcilik ruhu ben de hep vard\u0131. “Bir g\u00fcn mutlaka kendi i\u015fimin patronu olaca\u011f\u0131m.” derdim. \u00dcniversiteyi bitirdi\u011fim y\u0131llarda bilgisayar hayat\u0131m\u0131za hen\u00fcz girmemi\u015fti. Annemin de maddi-manevi deste\u011fiyle bir kurs merkezinden bilgisayar kursu ald\u0131m. \u00d6\u011fretim i\u00e7in gitti\u011fim kursta k\u0131sa s\u00fcre sonra e\u011fitmen oldum. Profesyonel olarak muhasebenin bilgisayara aktar\u0131lmas\u0131n\u0131 \u00f6\u011fretmeye ba\u015flad\u0131m. \u00c7ok yo\u011fun bir \u00e7al\u0131\u015fma hayat\u0131na ad\u0131m atm\u0131\u015ft\u0131m. O kadar yo\u011fun \u00e7al\u0131\u015f\u0131yordum ki annem bir g\u00fcn; “Neye ihtiyac\u0131n var neden bu kadar yo\u011fun \u00e7al\u0131\u015f\u0131yorsun?” diye sordu. Hak verdim anneme ve iki i\u015fimi birden b\u0131rakt\u0131m. \u00d6mr\u00fcmde bir kere ve ilk defa bir ay evde oturdum. Fakat daha sonras\u0131nda 2005 y\u0131l\u0131nda yine profesyonel bir \u00e7al\u0131\u015fan olarak bir \u015firkette i\u015fe ba\u015flad\u0131m. Bu firma 2008 y\u0131l\u0131nda Frans\u0131z firmas\u0131na sat\u0131ld\u0131, bu sefer de Frans\u0131zlar beni b\u0131rakmad\u0131. 4 y\u0131l da onlarla i\u015f anla\u015fmas\u0131 yapt\u0131m. Sonunda 2010 y\u0131l\u0131nda Frans\u0131zlara satt\u0131\u011f\u0131m\u0131z firman\u0131n \u00f6nce orta\u011f\u0131 sonra da CEO’su ve benim de bug\u00fcnk\u00fc orta\u011f\u0131m olan Celalettin Bey’le birlikte Lava markam\u0131z\u0131 kurmaya karar verdik. \u00c7\u00fcnk\u00fc ikimiz de bir i\u015f yerinde profesyonel \u00e7al\u0131\u015facak ki\u015filer de\u011fildik; ruhumuzda giri\u015fimcilik vard\u0131 ve art\u0131k kendi i\u015fimizin patronu olma zaman\u0131 gelmi\u015fti.  Lava markas\u0131n\u0131n kurulumu a\u015famas\u0131nda neler ya\u015fand\u0131?    Celalettin Bey ile kendi i\u015fimizi yapmaya karar verdi\u011fimizde, Kesikba\u015flar D\u00f6k\u00fcm , Eski\u015fehir ’de 40 y\u0131ld\u0131r faaliyet g\u00f6steren bir firma ama onlar \u00e7ok manuel \u00e7al\u0131\u015f\u0131yordu. Otomatik makineleri, tesisleri yoktu. Biz o zaman zarf\u0131nda d\u00f6k\u00fcmc\u00fc olmaya karar verdik. Lava i\u00e7in 15.000 metrekarelik bir alan ald\u0131k, makinelerimiz Hindistan, Japonya  ve \u00c7in’ den getirdik. Emaye  tesisi kurduk. \u00c7ok b\u00fcy\u00fck maliyetli devasa i\u015flerdi hepsi. Her \u015fey bir yana; biz yapaca\u011f\u0131m\u0131z i\u015fle alakal\u0131 hi\u00e7 bir \u015fey bilmiyorduk. \u00d6nce birka\u00e7 tane profesyonel \u00e7al\u0131\u015fan ald\u0131k yan\u0131m\u0131za, iki-\u00fc\u00e7 sene sonra Celalettin Bey ciromuzu sordu\u011funda ona cevab\u0131m: “Ne sen sor ne ben s\u00f6yleyeyim” olmu\u015ftu. \u00c7\u00fcnk\u00fc benim \u00fczerinde raporlama yapabilece\u011fim bir ciro de\u011fildi. Biz b\u00f6yle giderse yan sanayi oluruz diye d\u00fc\u015f\u00fcnd\u00fck. Sadece, bilinen markalara f\u0131r\u0131n \u00fcst\u00fc \u0131zgara \u00fcr\u00fcn\u00fcn\u00fc yan sanayi \u00fcretim olarak yap\u0131yorduk. Bizim son kullan\u0131c\u0131 bir \u00fcr\u00fcne ihtiyac\u0131m\u0131z vard\u0131 ve d\u00f6k\u00fcmden tencere ve tava yapmaya karar verdik. Bu i\u015fi daha iyi \u00f6\u011frenebilmek i\u00e7in o d\u00f6nemde Fransa ’ya gittim. \u0130lk iki sene hem yan sanayi \u00e7al\u0131\u015ft\u0131k hem de son kullan\u0131c\u0131 \u00fcr\u00fcn \u00fcretimi yapt\u0131k. 2012’de yani iki y\u0131l\u0131n sonunda T\u00fcyap’ta  bir fuara kat\u0131ld\u0131k. O fuarda Essenso ’nun sahibi Semih \u015eeftali  ile kar\u015f\u0131la\u015ft\u0131k. Stand\u0131n \u00f6n\u00fcnden birka\u00e7 defa gitti geldi. Daha \u00f6nceden de bir tan\u0131\u015f\u0131kl\u0131\u011f\u0131m\u0131z yoktu. O g\u00fcn bize tek \u00fcr\u00fcn\u00fcm\u00fcz olan d\u00f6k\u00fcm tenceremizden onlar i\u00e7in \u00fcretim yap\u0131p yapamayaca\u011f\u0131m\u0131z\u0131 sordu. Yapabilirdik ve bir y\u0131l Essenso’ya d\u00f6k\u00fcm tencere yapt\u0131k. 2013 de bir r\u00fczgar ald\u0131k aram\u0131za. T\u00fcrkiye’de d\u00f6k\u00fcm \u00fczerine lay\u0131k\u0131yla mutfak ekipmanlar\u0131 yapan hi\u00e7 kimse yokken bir karar daha ald\u0131k ve bu i\u015fe kollar\u0131 s\u0131vad\u0131k. Bir de benim belirledi\u011fim \u00f6nemli bir vizyonumuz vard\u0131: ‘Lava markas\u0131 haricinde hi\u00e7bir \u015fekilde \u00fcr\u00fcn satmayaca\u011f\u0131z. Bize d\u00fcnyan\u0131n devi de gelse yan sanayi olmayaca\u011f\u0131z, fason \u00fcretim yapmayaca\u011f\u0131z!’ Bu vizyonla \u00e7ok \u00e7al\u0131\u015ft\u0131k. Bazen \u00fcz\u00fcld\u00fck, bu karardan geri d\u00f6nmeyi d\u00fc\u015f\u00fcnd\u00fck, bunald\u0131\u011f\u0131m\u0131z d\u00f6nemler oldu. Neticede d\u0131\u015f piyasa biliyor fakat i\u00e7 piyasada bu hacimde bir \u00fcr\u00fcn oldu\u011funda yad\u0131rgan\u0131yordu. \u0130\u00e7 piyasa t\u00fcketicisi \u00fcr\u00fcn\u00fc nas\u0131l kullanaca\u011f\u0131n\u0131 bilemiyor, yanar m\u0131, yakar m\u0131 diye teredd\u00fctleri oluyordu. Ama hepsini a\u015ft\u0131k ve bug\u00fcne geldik. Bug\u00fcn bakt\u0131\u011f\u0131m\u0131zda Lava, i\u00e7 pazarda d\u00f6k\u00fcm\u00fcn sat\u0131\u015f fiyat\u0131n\u0131 belirleyen ve yapt\u0131\u011f\u0131 kampanyalarla ve \u00f6zellikle pandemi d\u00f6nemiyle beraber internet \u00fczerinden yapt\u0131\u011f\u0131 sat\u0131\u015flar\u0131yla d\u00f6k\u00fcm\u00fc T\u00fcrk insan\u0131yla tan\u0131\u015ft\u0131ran bir marka oldu. Uygulad\u0131\u011f\u0131m\u0131z kampanya ve fiyat politikalar\u0131 ile \u00f6ne \u00e7\u0131kt\u0131k. Lava olarak \u00c7in ve Fransa’dan ithalat\u0131 durdurduk. Aksine Lava markas\u0131yla \u00c7in’e d\u00f6k\u00fcm tencere ve tava ihracat\u0131 yapt\u0131k. \u0130\u00e7 piyasada zincir marketlerle yapt\u0131\u011f\u0131m\u0131z kampanyalarla bug\u00fcn T\u00fcrk mutfa\u011f\u0131na da Lava markas\u0131 daha \u00e7ok girmi\u015f oldu. Baz\u0131 giderlerimizi de\u011fi\u015ftirip bu kampanyalara ay\u0131rd\u0131\u011f\u0131m\u0131z \u00fcr\u00fcnlerle halk\u0131m\u0131z\u0131 daha \u00e7ok bulu\u015fturma imkan\u0131 yakalad\u0131k.  &nbsp;“Sosyal adalet ve disiplin y\u00f6netim felsefem i\u00e7in olmazsa olmaz iki kriterdir”  Y\u00f6netim felsefeniz ve hayat\u0131n\u0131zda size \u0131\u015f\u0131k tutanlardan bahseder misiniz? (\u00d6rne\u011fin; iz b\u0131rakan kitaplar, ki\u015filer, benimsedi\u011finiz g\u00f6r\u00fc\u015fler, \u00f6zl\u00fc s\u00f6zler…)   Sosyal adalet ve disiplin y\u00f6netim felsefem i\u00e7in olmazsa olmaz iki kriterdir. \u00c7al\u0131\u015fanlar\u0131m\u0131za ‘Reyhan Ek\u015fi kimdir?’ diye sorsan\u0131z, emin olun size \u015fu cevab\u0131 verirler: ‘\u00c7ok disiplinlidir ama bir annedir.’ \u00c7ocu\u011fum olmad\u0131\u011f\u0131 halde ana\u00e7 duygular\u0131m olduk\u00e7a y\u00fcksektir. A\u00e7\u0131k\u00e7as\u0131 arka tarafta benim i\u00e7in bu tan\u0131mlamay\u0131 yapmalar\u0131 beni \u00e7ok onure ediyor. Bunu \u00f6zellikle belirtmek isterim. \u015eirketlerde kad\u0131n\u0131n etkisi; sosyal adalet, disiplin ve kurallar silsilesi olarak ortaya \u00e7\u0131k\u0131yor. Hayat\u0131ma \u0131\u015f\u0131k tuttu\u011funa inand\u0131\u011f\u0131m ayn\u0131 zamanda Atat\u00fcrk’\u00fcn de okunmas\u0131 i\u00e7in tavsiye etti\u011fi, Grigoriy Petrov ’un “Beyaz Zambaklar \u00dclkesinde ” kitab\u0131 benim i\u00e7in \u00e7ok \u00f6nemli bir kitapt\u0131r. 30 A\u011fustos ’ta \u00c7ak\u0131r\u00f6z\u00fc K\u00f6y\u00fc ’nden Sakarya Meydan Muharebesi ’nin ba\u015flad\u0131\u011f\u0131 yerlere kadar, o 16 km.’yi y\u00fcr\u00fcmek istedim fakat 9. km.’sinde a\u011flaya a\u011flaya kald\u0131m. Ben aya\u011f\u0131mdaki son model ayakkab\u0131yla oray\u0131 \u00e7\u0131kamad\u0131m da, onlar ayaklar\u0131na \u00e7aput ba\u011flayarak buralar\u0131 nas\u0131l ge\u00e7ti, bu \u00fclkeyi bizlere nas\u0131l b\u0131rakt\u0131 diye d\u00fc\u015f\u00fcnd\u00fcm. B\u0131rak\u0131n kad\u0131nl\u0131\u011f\u0131, giri\u015fimcili\u011fi bir T\u00fcrk evlad\u0131 olarak benim bu de\u011ferlere sahip \u00e7\u0131kmam gerek. Her zaman bu \u0131\u015f\u0131kla hareket ettim. Beni daima destekleyenler de ailemdir. Bir de babam\u0131n bir laf\u0131 vard\u0131r: “Karn\u0131n\u0131n doymayaca\u011f\u0131n\u0131 bildi\u011fin yerde a\u00e7l\u0131\u011f\u0131n\u0131 belli etmeyeceksin!” Bu \u00e7ok de\u011ferlidir. Bu desturla b\u00fcy\u00fcd\u00fcm; b\u00f6yle yeti\u015ftirildim. Feyiz ald\u0131\u011f\u0131m \u00e7ok \u015fey var ama \u00e7ok gurur duydu\u011fum bir Ata’m var.  &nbsp;“Beyaz yaka ile beraber %30 kad\u0131n \u00e7al\u0131\u015fan\u0131m\u0131z var”   \u015eirketinizde \u0130K s\u00fcre\u00e7lerinde ve tedarik\u00e7i s\u00fcre\u00e7lerinizde kad\u0131n\u0131n yeri ve \u00f6nceli\u011fi, bu y\u00f6nde s\u00fcrd\u00fcr\u00fclebilirlik vizyonunuzdan bahseder misiniz?   \u015eirketlerimizde etik de\u011ferlere \u00e7ok inan\u0131yor ve \u00f6nem veriyoruz. Y\u00f6neticilerimizin \u00e7o\u011fu kad\u0131n. Beyaz yaka ile beraber %30 kad\u0131n \u00e7al\u0131\u015fan\u0131m\u0131z var. A\u011f\u0131r sanayi sekt\u00f6r\u00fcnde \u00fcretim yapt\u0131\u011f\u0131m\u0131z i\u00e7in oranlar\u0131m\u0131z bu \u015fekilde. \u00c7\u00fcnk\u00fc bizim sekt\u00f6r\u00fcm\u00fcz\u00fcn tehlike s\u0131n\u0131f\u0131 y\u00fcksek. Emaye, paketleme, lojistik ve \u00f6zellikle planlama m\u00fcd\u00fcr\u00fc, Ar-Ge \u00e7al\u0131\u015fan\u0131 gibi ara meslek pozisyonlar\u0131na kad\u0131n \u00e7al\u0131\u015fan se\u00e7eriz. Pozitif ayr\u0131mc\u0131l\u0131\u011fa inanm\u0131yorum. Yani cinsiyeti kad\u0131n oldu\u011fu i\u00e7in onu di\u011fer \u00e7al\u0131\u015fanlar\u0131m\u0131zdan ay\u0131rmay\u0131z. Bir i\u015fveren, kar\u015f\u0131s\u0131ndaki personeli ne kadar zeki, terbiyeli ve i\u015fine hakimse pozitif ayr\u0131mc\u0131l\u0131\u011f\u0131 ancak burada yapar. Kad\u0131n veya erkek oldu\u011fu i\u00e7in de\u011fil. Ben buna kar\u015f\u0131y\u0131m. Hayat\u0131mda hi\u00e7bir zaman bana pozitif ayr\u0131mc\u0131l\u0131k yap\u0131lmad\u0131 ve ben de yapmad\u0131m. E\u011fer \u00e7al\u0131\u015f\u0131p hak etti\u011fini ve hak etti\u011finin verilmedi\u011fini d\u00fc\u015f\u00fcn\u00fcyorsa o zaman o \u00e7al\u0131\u015fan\u0131n arkas\u0131nda olurum. Benim odam\u0131n kap\u0131s\u0131n\u0131 her \u00e7al\u0131\u015fan \u00e7alar. Ve ben hepsine ismiyle hitap ederim. \u0130\u015fine sahip \u00e7\u0131kan kad\u0131n veya erkek olsun her t\u00fcrl\u00fc arkas\u0131nda olurum. Yaln\u0131z \u015funu da eklemem gerek. Kad\u0131n kimli\u011fimden dolay\u0131 i\u00e7eride bir haks\u0131zl\u0131k yap\u0131l\u0131p yap\u0131lmad\u0131\u011f\u0131n\u0131, farkl\u0131 bir davran\u0131\u015fa maruz kal\u0131p kalmad\u0131\u011f\u0131n\u0131 \u00f6zellikle incelerim. \u0130nsani olarak ve ana\u00e7 duygular\u0131mla arka tarafta \u00e7\u00f6zmeye \u00e7al\u0131\u015f\u0131r\u0131m. “Marka olmak ‘Ben satt\u0131m sen ne halin varsa g\u00f6r!’ demek de\u011fil”  Lava, kad\u0131nlar\u0131n mutfaklar\u0131nda renkli ve lezzetli alternatifler sunuyor. \u00d6zellikle son d\u00f6nemde eri\u015fim a\u011f\u0131n\u0131z\u0131 da geni\u015fletti\u011finizi ve her kad\u0131n\u0131n bir Lavas\u0131 olabilmesi i\u00e7in geni\u015f pazar pay\u0131na sahip marketlerle \u00f6zel projelere ba\u015flad\u0131\u011f\u0131n\u0131z\u0131 g\u00f6r\u00fcyoruz. Bu y\u00f6nde nas\u0131l geri d\u00f6n\u00fc\u015fler oldu?   \u00c7ok g\u00fczel d\u00f6n\u00fc\u015fler al\u0131yoruz. Herkes \u00e7ok mutlu… Lava t\u00fcketicisi herhangi bir sorunla kar\u015f\u0131la\u015f\u0131rsa e\u011fer, \u00fcr\u00fcn\u00fc ald\u0131\u011f\u0131 yere gidip de\u011fi\u015ftirmek veya iade etmek yerine direkt olarak Lava’ya yani bize geliyor. T\u00fcketicimiz i\u00e7in bir ileti\u015fim hatt\u0131m\u0131z var. Buraya gelen t\u00fcm \u015fikayetleri de\u011ferlendirip sorgusuz sualsiz \u00fcr\u00fcnlerimizi geri al\u0131yoruz. Kullan\u0131c\u0131, t\u00fcketici hatas\u0131 bile olsa… T\u00fcketici bize hatal\u0131 dedi\u011fi \u00fcr\u00fcn\u00fc g\u00f6nderirken ki kargo bizden \u015feklinde g\u00f6nderiyor. Biz ayn\u0131 \u00fcr\u00fcn\u00fcn yenisini ona g\u00f6nderiyoruz. \u00d6rne\u011fin t\u00fcketici tencereyi tam temizleyememi\u015f ama pas lekesi zannediyor. Biz yine de bu \u00fcr\u00fcn\u00fc al\u0131yoruz kalite departman\u0131m\u0131zda \u00fcr\u00fcn\u00fcn olmas\u0131 gerekti\u011fi gibi kullan\u0131m k\u0131lavuzunda yazd\u0131\u011f\u0131 \u015fekliyle- temizli\u011fini yap\u0131yor ve bu s\u0131rada t\u00fcm i\u015flemleri videoyaya kaydediyoruz. \u00dcr\u00fcn\u00fc temizlenmi\u015f yeni hali ve videosuyla beraber t\u00fcketicimize geri g\u00f6nderiyoruz. \u00c7\u00fcnk\u00fc marka olmak ‘Ben satt\u0131m, sen ne halin varsa g\u00f6r!’ de\u011fil bizim i\u00e7in. Biz dayan\u0131kl\u0131, nesilden nesle \u00fcr\u00fcn sat\u0131yoruz. Bak\u0131n Fransa’da bu \u00fcr\u00fcne ula\u015fmak zordur, pahal\u0131d\u0131r \u00e7\u00fcnk\u00fc. Ama kad\u0131n, k\u0131z\u0131 do\u011fdu\u011funda ona bu tencereyle yemekler pi\u015firmi\u015ftir ve k\u0131z\u0131 evlenirken de ona bu tencereyi hediye olarak verir ve i\u00e7ine notlar\u0131n\u0131 yazar. Kullanmay\u0131 bildi\u011fimiz s\u00fcrece \u00fcr\u00fcnlerimiz nesilden nesle aktar\u0131l\u0131r.  T\u00fcrkiye’de toplumsal cinsiyet e\u015fitli\u011finin sa\u011flanmas\u0131 halinde kad\u0131nlar\u0131n ekonomiye katk\u0131s\u0131n\u0131n yakla\u015f\u0131k de\u011feri ne olur? Ayr\u0131ca kad\u0131n i\u015f g\u00fcc\u00fcn\u00fcn ekonomiye kat\u0131l\u0131m\u0131, verimlilik ve karl\u0131l\u0131k oranlar\u0131na nas\u0131l yans\u0131r?   Toplumsal cinsiyet e\u015fitli\u011fini destekliyorum ben de. Biz Eski\u015fehir’de hafta sonlar\u0131 il\u00e7eleri geziyoruz. Sanatsal y\u00f6nden de Y\u0131lmaz B\u00fcy\u00fcker\u015fen ’in \u00e7ok \u00f6nemli katk\u0131lar\u0131 var buraya… Ama Eski\u015fehir iki park, m\u00fcze ile m\u00fc\u015fteki de\u011fil. Eski\u015fehir’de \u00f6yle il\u00e7eler var ki Anadolu motifli… Merkeze 20 km. uzakl\u0131kta… Baz\u0131 il\u00e7elerde belediyeler kad\u0131nlara kooperatifler olu\u015fturmu\u015f. \u00d6rne\u011fin, kad\u0131nlar lavanta bah\u00e7eleri  ekmi\u015f. Belediye ba\u015fkan\u0131n\u0131n e\u015fi sabun kursu na gitmi\u015f kooperatifteki 100 kad\u0131nla beraber lavanta sabunu  \u00fcretiyor. Bunlar \u00e7ift\u00e7i kad\u0131nlar . Biz Sanayi Odas\u0131  i\u015fbirli\u011fi ile bu \u00fcreten kad\u0131n lara destek olduk.  Kad\u0131n evde de \u00fcretiyor. \u00c7ocuk do\u011furuyor, onlar\u0131 yeti\u015ftiriyor. Evde \u00e7ama\u015f\u0131r, bula\u015f\u0131k y\u0131k\u0131yor, yemek yap\u0131yor… Fakat asl\u0131na bakarsan\u0131z bu toplumsal cinsiyet e\u015fitli\u011fi ni bizlerin yani kad\u0131nlar\u0131n sa\u011flamas\u0131 gerekiyor. Bir erke\u011fin bu konu \u00fczerinde yorum yapmas\u0131ndan nefret ediyorum. Bizler bizi ta\u015f\u0131y\u0131p onure edece\u011fiz. Elimden geldi\u011fi kadar da destek oluyorum kad\u0131nlara. Ula\u015fabildi\u011fim her yere elimi uzat\u0131yorum. Ekonomiye katk\u0131lar\u0131 da yads\u0131namaz derecede \u00f6nemli olacakt\u0131r. Bizim lavanta bah\u00e7eleri yapan kad\u0131nlarla yapt\u0131\u011f\u0131m\u0131z bu \u00e7al\u0131\u015fmalar da ekonomiye bir katk\u0131d\u0131r.  T\u00fcrkiye’nin s\u00fcrd\u00fcr\u00fclebilir kalk\u0131nma hedeflerine ula\u015fmas\u0131 ve kalk\u0131nma odakl\u0131 bir ekonomik model olu\u015fturmas\u0131 i\u00e7in, kad\u0131n odakl\u0131 geli\u015ftirilen politika ve uygulamalar a\u00e7\u0131s\u0131ndan, \u00f6ncelikle hangi ad\u0131mlar\u0131n at\u0131lmas\u0131 gerekiyor?  B\u00fcy\u00fck\u015fehirlerde kad\u0131n i\u015f hayat\u0131nda olmak istiyorsa bir \u015fekilde oluyor. Eme\u011fini kullanmak istiyorsa i\u015f bulup \u00e7al\u0131\u015f\u0131yor. Ama tezgahtar olarak, ama mesle\u011fi varsa mesle\u011fini icra ederek… Ben asl\u0131nda kalk\u0131nman\u0131n, k\u0131rsal\u0131n ekonomiye \u00e7a\u011fr\u0131lmas\u0131yla veya tar\u0131m politikalar\u0131n\u0131n geli\u015ftirilmesi ve farkl\u0131la\u015ft\u0131r\u0131lmas\u0131yla olaca\u011f\u0131na inan\u0131yorum. \u00dclkemiz tar\u0131m \u00fclkesi ve k\u0131rsaldaki i\u015f g\u00fcc\u00fcn\u00fcn kalk\u0131nma politikalar\u0131ndaki hedefi haline getirilip kayna\u011f\u0131 kullanmaktan yana g\u00f6r\u00fcyorum. \u00c7\u00fcnk\u00fc k\u0131rsaldaki kad\u0131n, toplumdaki kad\u0131n sirk\u00fclasyonunun nerden bakarsan\u0131z bak\u0131n %50’sini olu\u015fturuyor. Bug\u00fcn ben sanayici olarak ara meslek mensuplar\u0131nda kad\u0131n istihdam\u0131  bulam\u0131yorum. Bu da bir ger\u00e7ek... T\u00fcrkiye’nin genel kalk\u0131nmas\u0131n\u0131 d\u00fc\u015f\u00fcn\u00fcyorsak tar\u0131m politikalar\u0131 , kad\u0131n\u0131n i\u015f g\u00fcc\u00fcn\u00fcn tar\u0131m politikalar\u0131na eklenmesi, kad\u0131n istihdam\u0131, tar\u0131m  ekonomisi nde kad\u0131n\u0131n sosyal sigortas\u0131 gibi stratejilerin devlet politikalar\u0131 taraf\u0131ndan desteklenmesi gerekiyor. Kalk\u0131nma bu \u015fekilde olabilir, bunu da devlet b\u00fcy\u00fcklerimizin g\u00f6rmesini diliyorum. K\u0131sacas\u0131 y\u00f6n\u00fcm\u00fcz\u00fc k\u0131rsala \u00e7evirmemiz gerekiyor.  Bug\u00fcn d\u00fcnyan\u0131n en g\u00fczel co\u011frafyalar\u0131ndan birine sahibiz ancak pirinci, m\u0131s\u0131r\u0131 ithal yolla getiriyoruz. Sebep? Kad\u0131n\u0131n ekonomiye katk\u0131s\u0131n\u0131 konu\u015fup duruyoruz. Benim teyzem \u00fcniversite okuyamam\u0131\u015f ama topra\u011f\u0131 biliyor, tar\u0131m\u0131 ekonomiye d\u00f6nd\u00fcrmeyi biliyor. Yani her kad\u0131n CEO, \u00f6\u011fretmen ya da m\u00fchendis olamaz ama bir CEO’nun kulland\u0131\u011f\u0131 pamu\u011fu, tarlas\u0131nda \u00e7al\u0131\u015fan kad\u0131n\u0131n i\u015f g\u00fcc\u00fc, insan haklar\u0131  ve sosyal g\u00fcvenlik olarak hakk\u0131n\u0131 hukukunu devlet politikalar\u0131yla g\u00fcvenlik alt\u0131na ald\u0131\u011f\u0131n\u0131z zaman o kad\u0131n da o at\u00f6lyeye hizmet sa\u011flar. “Kad\u0131n kad\u0131n\u0131n dostu olmal\u0131”  Kad\u0131nlar\u0131n topluma ve ekonomiye kat\u0131l\u0131m\u0131 art\u0131rmak i\u00e7in \u00f6nerileriniz nelerdir?  Devletin \u015fu fikirle yola \u00e7\u0131kmas\u0131n\u0131 \u00e7ok arzu ederim: Her ev bir at\u00f6lyedir. Kad\u0131nlara giri\u015fimcilikleriyle alakal\u0131 destekler verilmeli. \u00d6rne\u011fin, bir kad\u0131n \u00e7ok g\u00fczel el h\u00fcneri oldu\u011funu, \u00e7ok g\u00fczel ka\u015f alaca\u011f\u0131n\u0131 s\u00f6yl\u00fcyor fakat bir d\u00fckkan a\u00e7\u0131p sadece bu i\u015fi yapam\u0131yor. \u00c7\u00fcnk\u00fc d\u00fckkan\u0131n kiras\u0131, stopaj\u0131 gibi bir\u00e7ok gideri var ve sadece bir ka\u015f i\u015flemi i\u00e7in bu giderleri kar\u015f\u0131layabilecek m\u00fc\u015fteriyi yakalayabilece\u011fini d\u00fc\u015f\u00fcnm\u00fcyor. Evinde bu i\u015fi yapmaya kalksa, yazarkasas\u0131 yok, fi\u015f kesemiyor. Bu tespit edilirse ceza alacak. Dolay\u0131s\u0131yla kad\u0131n bunu yapabilecek konumda de\u011fil. \u0130\u015fte bu noktada o kad\u0131na devlet deste\u011fi verilmeli. Bu insanlar\u0131n ekonomiye kazand\u0131r\u0131lmas\u0131 gerekiyor. Bizler bireysel olarak birka\u00e7 kad\u0131n kooperatifine bir sanayici olarak destek olabiliriz, fabrikam\u0131zda bayan i\u015f\u00e7i \u00e7al\u0131\u015ft\u0131r\u0131r\u0131z, bir bayan\u0131 kimsenin ezmesine izin vermeyiz. Fakat o evler ne olacak? \u00d6rne\u011fin lavanta sabunu yap\u0131p satan kad\u0131n kazand\u0131\u011f\u0131 150 TL.’yi evine getirdi\u011finde kocas\u0131na kar\u015f\u0131 hissetti\u011fi gururu ben hi\u00e7bir zaman unutamam. \u00c7ift\u00e7i \u00e7\u00fcnk\u00fc o kad\u0131n! Kocas\u0131 da o paray\u0131 o kad\u0131na ayda bir veya 2 kere veriyordur. Ama yapt\u0131\u011f\u0131 i\u015f sayesinde o 150 TL’yi kendi g\u00f6t\u00fcrd\u00fc bu kez evine. Bu gururu ya\u015famak, ya\u015fatmak \u00e7ok g\u00fczel… Biz kad\u0131nlar olarak sesimizi \u00e7\u0131karmal\u0131y\u0131z. Hep birilerinin bize hak vermesini beklememeliyiz, bizler kad\u0131n olarak bir b\u00fct\u00fcn olmal\u0131y\u0131z. Kad\u0131n  kad\u0131n\u0131n dostu  olmal\u0131 bence.  Bireysel \u00f6d\u00fclleriniz, bildi\u011finiz yabanc\u0131 diller, \u00fcyesi oldu\u011funuz veya y\u00f6netiminde bulundu\u011funuz di\u011fer sivil toplum kurulu\u015flar\u0131 var m\u0131? nelerdir?  \u00dcniversiteyi bitirdi\u011fimde \u0130ngilizce  bilmiyordum. \u015eirketimizi Frans\u0131zlara satt\u0131ktan sonra bir iki toplant\u0131da benim sunum yapmam gerekiyordu. Sunum yap\u0131lmas\u0131 i\u00e7in bir asistan verildi bana ama benim enerjimle ruhumla anlatamad\u0131 ve bu benim ho\u015fuma gitmedi elbette. 40 ya\u015f\u0131mdan sonra “\u0130ngilizce \u00f6\u011frenece\u011fim” dedim ve tabu oynayarak \u0130ngilizce \u00f6\u011frendim. \u0130ki y\u0131l \u00fcst \u00fcst\u00fc yaz tatillerimde \u0130ngiltere’de \u00f6zel bir okulda birer ay kursa gittim. Bug\u00fcn \u0130ngilizcem \u00e7ok iyi duruma geldi. \u0130steyin yeter… Lava Metal ’de orta\u011f\u0131m\u0131z STK ba\u015fkan\u0131 ama biz de ekip olarak onun arkas\u0131nday\u0131z.  Okullara yapt\u0131\u011f\u0131m\u0131z yard\u0131mlardan dolay\u0131 ald\u0131\u011f\u0131m\u0131z hay\u0131rseverlik \u00f6d\u00fcllerim var. Meslekte 20. y\u0131l\u0131 doldurdu\u011fum i\u00e7in ald\u0131\u011f\u0131m \u00f6d\u00fcller var. \u0130hracatta Metalik Y\u0131ld\u0131zlarda \u0130MM\u0130B  3.l\u00fck \u00f6d\u00fcl\u00fcm\u00fcz var. ","protected":false},"author":1,"featured_media":0,"parent":499,"menu_order":0,"comment_status":"open","ping_status":"closed","template":"","meta":{"_links_to":"https:\/\/www.kadindostumarkalar.org\/yazilar\/kahve-sohbetleri\/girisimci-ruhun-basarili-lideri","_links_to_target":"https:\/\/www.kadindostumarkalar.org\/yazilar\/kahve-sohbetleri\/girisimci-ruhun-basarili-lideri"},"_links":{"self":[{"href":"https:\/\/www.kadindostumarkalar.org\/yazilar\/kahve-sohbetleri\/girisimci-ruhun-basarili-lideri"}],"collection":[{"href":"urlver"}],"about":[{"href":""}],"author":[{"embeddable":true,"href":"https:\/\/www.kadindostumarkalar.org\/yazilar\/kahve-sohbetleri\/girisimci-ruhun-basarili-lideri"}],"replies":[{"embeddable":true,"href":"https:\/\/www.kadindostumarkalar.org\/yazilar\/kahve-sohbetleri\/girisimci-ruhun-basarili-lideri"}],"version-history":[{"count":3344,"href":"https:\/\/www.kadindostumarkalar.org\/yazilar\/kahve-sohbetleri\/girisimci-ruhun-basarili-lideri"}],"predecessor-version":[{"id":499,"href":"https:\/\/www.kadindostumarkalar.org\/yazilar\/kahve-sohbetleri\/girisimci-ruhun-basarili-lideri"}],"up":[{"embeddable":true,"href":"https:\/\/www.kadindostumarkalar.org\/yazilar\/kahve-sohbetleri\/girisimci-ruhun-basarili-lideri"}],"wp:attachment":[{"href":"https:\/\/www.kadindostumarkalar.org\/img\/blog\/girisimci-ruhun-basarili-lideri-0-82712.jpg"}],"curies":[{"name":".Net","href":"https:\/\/api.w.org\/{rel}","templated":true}]}}