{"id":345,"date":"2021-09-06T00:00:00","date_gmt":"2021-09-06T00:00:00","guid":{"rendered":"https:\/\/www.kadindostumarkalar.org\/yazilar\/genel\/golbasi-belediyesinden-kadinlara-ozel-kultur-turu"},"modified":"2022-06-06T13:27:49","modified_gmt":"2022-06-06T13:27:49","slug":"golbasi-belediyesinden-kadinlara-ozel-kultur-turu","status":"publish","type":"page","link":"","title":{"rendered":"G\u00d6LBA\u015eI BELED\u0130YES\u0130'NDEN KADINLARA \u00d6ZEL K\u00dcLT\u00dcR TURU"},"content":{"rendered":"G\u00f6lba\u015f\u0131 Belediye Ba\u015fkan\u0131 Ramazan \u015eim\u015fek, Ankara’dan \u015eanl\u0131urfa’ya uzanan ve sadece kad\u0131nlar\u0131n kat\u0131laca\u011f\u0131 bir k\u00fclt\u00fcr turu d\u00fczenledi.   G\u00f6lba\u015f\u0131’nda, \u015fehir d\u0131\u015f\u0131na \u00e7\u0131kamayan ve farkl\u0131 co\u011frafyalar\u0131 ke\u015ffedemeyen kad\u0131nlara \u00f6zel d\u00fczenlenen “\u015eanl\u0131urfa K\u00fclt\u00fcr Turu”  5 Eyl\u00fcl 2021 pazar ak\u015fam\u0131 yola \u00e7\u0131kan kafile ile ba\u015flad\u0131. Ankara G\u00f6lba\u015f\u0131  topraklar\u0131ndan Mezopotamya ’ya uzanacak yolculuk hakk\u0131nda konu\u015fan \u015eim\u015fek, Mezopotamya’n\u0131n ; farkl\u0131 dillerin, dinlerin ve medeniyetlerin bulu\u015ftu\u011fu insanl\u0131k tarihinin ba\u015flad\u0131\u011f\u0131 kadim co\u011frafya oldu\u011funa ve bu co\u011frafyaya dokunmak ve G\u00f6lba\u015f\u0131l\u0131 kad\u0131nlar\u0131 tarihin \u00e7ok \u00f6nemli bir kesiti ile bulu\u015fturmak i\u00e7in ‘\u015eanl\u0131urfa K\u00fclt\u00fcr Turu ’ nu hayata ge\u00e7irdiklerini belirtti. G\u00f6lba\u015f\u0131l\u0131 kad\u0131nlar\u0131n bu topraklardaki tarihe tan\u0131kl\u0131k etmesini mutluluk verici olarak de\u011ferlendiren \u015eim\u015fek  s\u00f6zlerini \u015f\u00f6yle s\u00fcrd\u00fcrd\u00fc: “Bir “a\u00e7\u0131k hava m\u00fczesi” niteli\u011finde olan G\u00fcneydo\u011fu Anadolu B\u00f6lgesi’nin kadim tarihini, misafirperver halk\u0131n\u0131, birbirinden lezzetli y\u00f6resel tatlar\u0131n\u0131, muazzam do\u011fas\u0131n\u0131 ve k\u00fclt\u00fcrel miraslar\u0131n\u0131 g\u00f6rmek, tarihin yeniden yaz\u0131ld\u0131\u011f\u0131 destans\u0131 topraklara, G\u00f6beklitepe ’ye ve ‘Zamana Dokun’maya g\u00f6nderdi\u011fimiz kafilemizin bu g\u00fczel geziden keyif alaca\u011f\u0131na inan\u0131yorum.” \u0130ki y\u00fcz ki\u015fi kat\u0131ld\u0131   5 Eyl\u00fcl pazar ak\u015fam\u0131 21.00’da Atat\u00fcrk Sahil Park\u0131’ndan hareket eden kafileyi u\u011furlayan Ramazan \u015eim\u015fek , G\u00f6lba\u015f\u0131 Belediyesi ’nin d\u00fczenledi\u011fi \u015eanl\u0131urfa K\u00fclt\u00fcr Turu ’nu gelenekselle\u015ftirmeyi ama\u00e7lad\u0131klar\u0131n\u0131n alt\u0131n\u0131 \u00e7izdi. \u0130lk kafilede toplam 200 ki\u015finin bulundu\u011funu ifade eden \u015eim\u015fek , bu projeyi hayata ge\u00e7irmekteki en b\u00fcy\u00fck amac\u0131n, G\u00f6lba\u015f\u0131’nda \u015fehir d\u0131\u015f\u0131na \u00e7\u0131kamayan ve farkl\u0131 co\u011frafyalar\u0131 ke\u015ffedemeyen kad\u0131nlara G\u00f6lba\u015f\u0131 Belediyesi  olarak bir imkân sunmak oldu\u011funu vurgulad\u0131. Geziye duyulan ilgi ve kat\u0131l\u0131mdan da olduk\u00e7a memnun olan \u015eim\u015fek, G\u00f6lba\u015f\u0131l\u0131 kad\u0131nlara bunun i\u00e7in te\u015fekk\u00fcr etti. Gezi Program\u0131:  200 ki\u015filik ilk kafilenin 6 Eyl\u00fcl’de G\u00f6beklitepe  ile ba\u015flayacak olan turu; \u015eanl\u0131urfa Arkeoloji M\u00fczesi, Bal\u0131kl\u0131 G\u00f6l Hali-\u00fcl Rahman G\u00f6l\u00fc ve Camii, Ayn-\u0131 Zeliha G\u00f6l\u00fc \u0130brahim Peygamber Makam\u0131, R\u0131zvaniye Camii, Mevlid-i Halil Camii ’ni ziyaretinin ard\u0131ndan Kapal\u0131 \u00c7ar\u015f\u0131, kilimciler, \u0130sot\u00e7ular, demirciler, bak\u0131rc\u0131lar \u00e7ar\u015f\u0131lar\u0131 n\u0131n ziyareti ile devam edecek. 7 Eyl\u00fcl’de d\u00fcnyan\u0131n ilk \u00fcniversitesinin bulundu\u011fu Harran&#8217;a gidecek olan tur, d\u00fcnyada sadece 3 b\u00f6lgede bulunan Konik Kubbeli evleriyle koruma alt\u0131na al\u0131nm\u0131\u015f olan Harran&#8217;da; Ulu Cami Kal\u0131nt\u0131lar\u0131, H\u00f6y\u00fck, \u015eehir Surlar\u0131, Kale, Geleneksel Harran Evleri’ni g\u00f6r\u00fcp bu evlerden birinde misafir olacak ve \u015eanl\u0131urfa ’da Ey\u00fcp Peygamber’i ziyaret edecek olan kafile gece saat 24.00’te Ankara ’ya varm\u0131\u015f olacak. \u0130lk kafilenin 1 gece 2 g\u00fcn s\u00fcrecek olan gezisini tamamlamas\u0131n\u0131n ard\u0131ndan, ikinci 200 ki\u015filik kafile de tura ba\u015flayacak.  9-10 Eyl\u00fcl 2021 tarihlerinde \u015eanl\u0131urfa&#8217;da olacak olan ikinci kafile 8 Eyl\u00fcl&#8217;de de d\u00f6n\u00fc\u015f yoluna \u00e7\u0131kacak. ","protected":false},"author":1,"featured_media":0,"parent":345,"menu_order":0,"comment_status":"open","ping_status":"closed","template":"","meta":{"_links_to":"https:\/\/www.kadindostumarkalar.org\/yazilar\/genel\/golbasi-belediyesinden-kadinlara-ozel-kultur-turu","_links_to_target":"https:\/\/www.kadindostumarkalar.org\/yazilar\/genel\/golbasi-belediyesinden-kadinlara-ozel-kultur-turu"},"_links":{"self":[{"href":"https:\/\/www.kadindostumarkalar.org\/yazilar\/genel\/golbasi-belediyesinden-kadinlara-ozel-kultur-turu"}],"collection":[{"href":"urlver"}],"about":[{"href":""}],"author":[{"embeddable":true,"href":"https:\/\/www.kadindostumarkalar.org\/yazilar\/genel\/golbasi-belediyesinden-kadinlara-ozel-kultur-turu"}],"replies":[{"embeddable":true,"href":"https:\/\/www.kadindostumarkalar.org\/yazilar\/genel\/golbasi-belediyesinden-kadinlara-ozel-kultur-turu"}],"version-history":[{"count":1120,"href":"https:\/\/www.kadindostumarkalar.org\/yazilar\/genel\/golbasi-belediyesinden-kadinlara-ozel-kultur-turu"}],"predecessor-version":[{"id":345,"href":"https:\/\/www.kadindostumarkalar.org\/yazilar\/genel\/golbasi-belediyesinden-kadinlara-ozel-kultur-turu"}],"up":[{"embeddable":true,"href":"https:\/\/www.kadindostumarkalar.org\/yazilar\/genel\/golbasi-belediyesinden-kadinlara-ozel-kultur-turu"}],"wp:attachment":[{"href":"https:\/\/www.kadindostumarkalar.org\/img\/blog\/1630917118-whatsapp-image-2021-09-06-at-11.29.41.jpeg"}],"curies":[{"name":".Net","href":"https:\/\/api.w.org\/{rel}","templated":true}]}}