{"id":106,"date":"2022-04-25T00:00:00","date_gmt":"2022-04-25T00:00:00","guid":{"rendered":"https:\/\/www.kadindostumarkalar.org\/yazilar\/kamu\/golbasili-kadinlar-gelecegin-tohumlarini-ekti"},"modified":"2022-05-31T04:06:16","modified_gmt":"2022-05-31T04:06:16","slug":"golbasili-kadinlar-gelecegin-tohumlarini-ekti","status":"publish","type":"page","link":"","title":{"rendered":"G\u00d6LBA\u015eILI KADINLAR GELECE\u011e\u0130N TOHUMLARINI EKT\u0130"},"content":{"rendered":"Toplumsal cinsiyet e\u015fitli\u011fi konusunda hayata ge\u00e7irdi\u011fi fark\u0131ndal\u0131k projeleriyle \u00f6rnek belediyecilik sergileyen G\u00f6lba\u015f\u0131 Belediye’si yeni projesinde de \u00e7evreye olan duyarl\u0131l\u0131\u011f\u0131 ile kad\u0131n \u00e7al\u0131\u015fmalar\u0131n\u0131 birle\u015ftirdi ve “G\u00f6lba\u015f\u0131l\u0131 Kad\u0131nlar Hat\u0131ra Orman\u0131” projesini hayata ge\u00e7irdi.  Binlerce fideyi G\u00f6lba\u015f\u0131l\u0131 kad\u0131nlarla birlikte toprakla bulu\u015fturan projenin mimar\u0131 olan G\u00f6lba\u015f\u0131 Belediye Ba\u015fkan\u0131&nbsp;Ramazan \u015eim\u015fek  , &nbsp;e\u015fi Ye\u015fim \u015eim\u015fek  ile birlikte ev sahipli\u011fi yapt\u0131\u011f\u0131 projeyi ba\u015flatt\u0131. &#8220;Gelece\u011fimiz G\u00f6lba\u015f\u0131l\u0131 Kad\u0131nlar\u0131n Ellerinde Ye\u015feriyor &#8221; kampanyas\u0131 kapsam\u0131nda olu\u015fturulan &#8220;Kad\u0131nlar Hat\u0131ra Orman\u0131&#8221;nda a\u011fa\u00e7 dikim t\u00f6reni ger\u00e7ekle\u015ftirildi. 100 bin metrekare alan\u0131n a\u011fa\u00e7land\u0131r\u0131lmak i\u00e7in ayr\u0131ld\u0131\u011f\u0131 G\u00f6lba\u015f\u0131’nda 20 bin metrekare d\u00fczenlenen etkinlikle a\u011fa\u00e7land\u0131r\u0131ld\u0131. &nbsp;Eymir Mahallesi ’nde ger\u00e7ekle\u015ftirilen t\u00f6rene, G\u00f6lba\u015f\u0131 Kaymakam\u0131&nbsp;T\u00fclay Baydar  &nbsp;Bilgihan , Belediye Ba\u015fkan\u0131 \u015eim\u015fek ve e\u015fi Ye\u015fim \u015eim\u015fek, Eymir Mahalle Muhtar\u0131 Arzu Dervi\u015fo\u011flu  ve G\u00f6lba\u015f\u0131l\u0131 kad\u0131nlar  kat\u0131ld\u0131. T\u00f6rende yapt\u0131\u011f\u0131 konu\u015fmada, b\u00fct\u00fcn kad\u0131nlar ad\u0131na G\u00f6lba\u015f\u0131 Belediye Ba\u015fkan\u0131 Ramazan \u015eim\u015fek’e te\u015fekk\u00fcr eden G\u00f6lba\u015f\u0131 Kaymakam\u0131&nbsp;T\u00fclay Baydar Bilgihan, projenin \u00e7ok g\u00fczel bir d\u00fc\u015f\u00fcnceden yola \u00e7\u0131kt\u0131\u011f\u0131n\u0131 ifade etti. Kad\u0131n\u0131n oldu\u011fu yeri ayn\u0131 zamanda ye\u015filin, do\u011fall\u0131\u011f\u0131n ve g\u00fczelli\u011fin de oldu\u011fu yer olarak tarif eden Baydar Bilgihan&nbsp; “Fakat ya\u015fam kad\u0131n ve erkekle birlikte anlaml\u0131d\u0131r. Dolay\u0131s\u0131yla bizler omuz omuza \u015fehrimizi, \u00fclkemizi ve d\u00fcnyam\u0131z\u0131 daha da g\u00fczelle\u015ftirece\u011fiz&#8221; dedi “Gelecek nesillere ye\u015fil bir d\u00fcnya b\u0131rakaca\u011f\u0131z”   T\u00f6rende, G\u00f6lba\u015f\u0131 Belediyesi olarak ama\u00e7lar\u0131n\u0131n ye\u015fil alanlar\u0131 korumak ve \u00e7o\u011faltmak oldu\u011funun alt\u0131n\u0131 \u00e7izen Ba\u015fkan Ramazan \u015eim\u015fek gelecek nesillere daha ye\u015fil bir G\u00f6lba\u015f\u0131 b\u0131rakmak i\u00e7in gece g\u00fcnd\u00fcz \u00e7al\u0131\u015ft\u0131klar\u0131n\u0131 ifade etti. G\u00f6reve geldiklerinde G\u00f6lba\u015f\u0131&#8217;nda ki\u015fi ba\u015f\u0131na d\u00fc\u015fen ye\u015fil alan\u0131n 20 metrekare oldu\u011funu fakat 2021 y\u0131l\u0131 sonu itibar\u0131yla bu rakam\u0131 28 metrekareye \u00e7\u0131kartt\u0131klar\u0131n\u0131 dile getirdi. \u015eim\u015fek konu\u015fmas\u0131na \u015fu \u015fekilde devam etti: “Hedefimiz ise bu rakam\u0131 ki\u015fi ba\u015f\u0131 30 metrekare alana \u00e7\u0131kartmak. Bug\u00fcn d\u00fczenledi\u011fimiz etkinli\u011fimizde 100 bin metrekare alan\u0131n 20 bin metrekaresini a\u011fa\u00e7land\u0131rd\u0131k. Kalan 80 bin metrekare alan\u0131nda a\u011fa\u00e7land\u0131r\u0131lmas\u0131n\u0131 h\u0131zl\u0131ca yapaca\u011f\u0131z.” G\u00f6lba\u015f\u0131l\u0131 kad\u0131nlar\u0131n adlar\u0131n\u0131n ekilen fideler ile sonsuza dek ya\u015fayaca\u011f\u0131n\u0131 s\u00f6yleyen Ba\u015fkan Ramazan \u015eim\u015fek: “G\u00f6lba\u015f\u0131l\u0131 kad\u0131nlar\u0131m\u0131z i\u00e7in hat\u0131ra orman\u0131 olu\u015fturduk. “Gelece\u011fimiz G\u00f6lba\u015f\u0131l\u0131 kad\u0131nlar\u0131m\u0131z\u0131n ellerinde ye\u015ferdi. Bundan sonra da yemye\u015fil bir gelecek i\u00e7in fidelerimizi toprakla bulu\u015fturmaya devam edece\u011fiz. B\u00fct\u00fcn vatanda\u015flar\u0131m\u0131z\u0131 da bu bilin\u00e7te olmaya ve a\u011fa\u00e7 dikmeye davet ediyorum” diyerek s\u00f6zlerini noktalad\u0131 ","protected":false},"author":1,"featured_media":0,"parent":106,"menu_order":0,"comment_status":"open","ping_status":"closed","template":"","meta":{"_links_to":"https:\/\/www.kadindostumarkalar.org\/yazilar\/kamu\/golbasili-kadinlar-gelecegin-tohumlarini-ekti","_links_to_target":"https:\/\/www.kadindostumarkalar.org\/yazilar\/kamu\/golbasili-kadinlar-gelecegin-tohumlarini-ekti"},"_links":{"self":[{"href":"https:\/\/www.kadindostumarkalar.org\/yazilar\/kamu\/golbasili-kadinlar-gelecegin-tohumlarini-ekti"}],"collection":[{"href":"urlver"}],"about":[{"href":""}],"author":[{"embeddable":true,"href":"https:\/\/www.kadindostumarkalar.org\/yazilar\/kamu\/golbasili-kadinlar-gelecegin-tohumlarini-ekti"}],"replies":[{"embeddable":true,"href":"https:\/\/www.kadindostumarkalar.org\/yazilar\/kamu\/golbasili-kadinlar-gelecegin-tohumlarini-ekti"}],"version-history":[{"count":896,"href":"https:\/\/www.kadindostumarkalar.org\/yazilar\/kamu\/golbasili-kadinlar-gelecegin-tohumlarini-ekti"}],"predecessor-version":[{"id":106,"href":"https:\/\/www.kadindostumarkalar.org\/yazilar\/kamu\/golbasili-kadinlar-gelecegin-tohumlarini-ekti"}],"up":[{"embeddable":true,"href":"https:\/\/www.kadindostumarkalar.org\/yazilar\/kamu\/golbasili-kadinlar-gelecegin-tohumlarini-ekti"}],"wp:attachment":[{"href":"https:\/\/www.kadindostumarkalar.org\/img\/blog\/1650097891-2-scaled.jpg"}],"curies":[{"name":".Net","href":"https:\/\/api.w.org\/{rel}","templated":true}]}}