{"id":190,"date":"2021-12-24T00:00:00","date_gmt":"2021-12-24T00:00:00","guid":{"rendered":"https:\/\/www.kadindostumarkalar.org\/yazilar\/kahve-sohbetleri\/gulcin-arslan-hazar--en-buyuk-ogretilerim-deneyimlerim"},"modified":"2022-06-02T00:37:32","modified_gmt":"2022-06-02T00:37:32","slug":"gulcin-arslan-hazar--en-buyuk-ogretilerim-deneyimlerim","status":"publish","type":"page","link":"","title":{"rendered":"G\u00dcL\u00c7\u0130N ARSLAN HAZAR:  “EN B\u00dcY\u00dcK \u00d6\u011eRET\u0130LER\u0130M, DENEY\u0130MLER\u0130M”"},"content":{"rendered":"Kariyer yolculu\u011funda en \u00f6nemli deste\u011fin ve yol g\u00f6stericinin ailesi oldu\u011funa vurgu yapan, bu yol g\u00f6stericiler \u0131\u015f\u0131\u011f\u0131nda \u00e7ok \u00e7al\u0131\u015f\u0131p i\u015f d\u00fcnyas\u0131nda do\u011fru yol haritalar\u0131 belirleyerek y\u00fcr\u00fcd\u00fc\u011f\u00fcn\u00fc anlatan ve bug\u00fcn 80 \u00fclkeye ihracat yapan b\u00fcy\u00fck bir marka olma \u00f6zelli\u011fine sahip Arbella’n\u0131n gen\u00e7, dinamik ve ba\u015far\u0131l\u0131 Genel M\u00fcd\u00fcr\u00fc Sn. G\u00fcl\u00e7in Arslan Hazar ile keyifli bir s\u00f6yle\u015fi ger\u00e7ekle\u015ftirdik.   Bu y\u0131l 12.sini d\u00fczenleyecekleri uluslararas\u0131 foto\u011fraf yar\u0131\u015fmas\u0131nda, toplumsal cinsiyet e\u015fitli\u011fine dikkat \u00e7ekmek i\u00e7in \u00f6nemli bir kategoriyi de  “kad\u0131n” a ay\u0131rarak \u00f6nemli bir fark\u0131ndal\u0131k ad\u0131m\u0131 atan Arbella markas\u0131n\u0131n bug\u00fcne geli\u015fine kadar sundu\u011fu \u00f6zel katk\u0131lar\u0131yla G\u00fcl\u00e7in Arslan Hazar’\u0131 biraz da kendisinden dinleyelim…  G\u00fcl\u00e7in Arslan Hazar kimdir; Nas\u0131l bir e\u011fitim ald\u0131n\u0131z? Aile hayat\u0131n\u0131z ve \u0130\u015f hayat\u0131na giri\u015finiz? Sosyal y\u00f6nlerinizden de bahsederek, biraz sizi sizden dinleyebilir miyiz?    1983 y\u0131l\u0131nda Mersin’de ailenin en b\u00fcy\u00fck \u00e7ocu\u011fu olarak d\u00fcnyaya geldim. Gazi \u00dcniversitesi \u0130\u015fletme B\u00f6l\u00fcm\u00fc’nde ald\u0131\u011f\u0131m e\u011fitim sonras\u0131nda ilk i\u015f deneyimimi Kanada’da edindim. 2006 y\u0131l\u0131nda Arbel Grup  firmas\u0131n\u0131n finans ve kambiyo b\u00f6l\u00fcm\u00fcnde i\u015fe ba\u015flad\u0131m. O zamanlar aile \u015firketi olan, bug\u00fcn uluslararas\u0131 bir firmaya d\u00f6n\u00fc\u015fen firmam\u0131zda, makarna  b\u00f6l\u00fcm\u00fcn\u00fcn ba\u015f\u0131nday\u0131m. 2008 y\u0131l\u0131nda evlendim ve 10 ya\u015f\u0131nda bir k\u0131z\u0131m var. Hem i\u015f kad\u0131n\u0131  hem anne olarak gezmek ve yeni k\u00fclt\u00fcrler ke\u015ffetmek en b\u00fcy\u00fck zevklerimden diyebilirim. Bunun yan\u0131nda kitap okumak vazge\u00e7ilmezlerimden. Kariyeriniz i\u00e7in neler hayal etmi\u015ftiniz? Bu yolculukta sizlere yol g\u00f6stericiler oldu mu? Hayal ettiklerinizle geldi\u011finiz nokta aras\u0131nda hikayeniz nereye evrildi?   Asl\u0131na bakarsan\u0131z ailem, kariyerim i\u00e7in bana \u00e7ok iyi bir yol g\u00f6sterici oldu. Tabii ki ba\u015flarda, yani daha i\u015fin kalbine girmeden, i\u015fleyi\u015fin daha kolay olaca\u011f\u0131n\u0131 hayal ediyordum. Ancak ba\u015far\u0131lar\u0131n sadece \u00e7al\u0131\u015fmak ve do\u011fru yol haritalar\u0131 belirlemek oldu\u011funu zamanla \u00f6\u011frendim. \u0130lk i\u015f deneyimimde hemen bir noktadan ba\u015flayaca\u011f\u0131m\u0131 hayal ederdim. Ancak muhasebeden finansa, ihracat dok\u00fcmantasyonundan ithalata kadar bir\u00e7ok alanda bilgi sahibi olmam ve t\u00fcm detaylar\u0131 \u00f6\u011frenmem gerekti\u011fini, i\u015fin i\u00e7ine girince anlad\u0131m. \u00d6rne\u011fin; i\u015fe ba\u015flad\u0131\u011f\u0131mda, \u015fu anki gibi d\u00fcnyada bakliyat  sekt\u00f6r\u00fcnde s\u00f6z sahibi bir firmayd\u0131k, makarna sekt\u00f6r\u00fcne de yeni ad\u0131m atm\u0131\u015ft\u0131k. Ailemin, bakliyat  sekt\u00f6r\u00fc yerine makarna  sekt\u00f6r\u00fc \u00fczerinde bir kariyer planlamas\u0131 yapmam gerekti\u011fini s\u00f6ylemesini, \u00f6nce \u00e7ok yad\u0131rgam\u0131\u015ft\u0131m. Fakat iki sene sonra, bir yurt d\u0131\u015f\u0131 fuar\u0131nda, kendi ellerimle b\u00fcy\u00fctt\u00fc\u011f\u00fcm yap\u0131n\u0131n meyvelerini toplad\u0131\u011f\u0131m\u0131 g\u00f6rd\u00fc\u011f\u00fcmde, onlara te\u015fekk\u00fcr ettim. \u015eimdi ise Arbella  olarak 80 \u00fclkeye ihracat yapan b\u00fcy\u00fck bir marka haline geldik. Bir kad\u0131n y\u00f6netici olarak \u015firketinizde \u00f6nc\u00fcl\u00fck etti\u011finiz uygulamalar oldu\u011funu biliyoruz. Bunlardan biraz bahseder misiniz?    Bir kad\u0131n y\u00f6netici  olarak, ilk ad\u0131m at\u0131lmas\u0131 gereken yerin kendi i\u015f yerimiz oldu\u011funu d\u00fc\u015f\u00fcnd\u00fcm. \u00d6ncelikli olarak, i\u015f yerimizdeki kad\u0131n \u00e7al\u0131\u015fan lar\u0131m\u0131zla daha fazla ileti\u015fim kurmakla yola koyulduk. Konuyla ilgili de\u011ferlendirmelerini, deneyimlerini ve fikirlerini konu\u015farak b\u00fcy\u00fck resmi birlikte \u00e7izdik. Zamanla, firmam\u0131zdaki kad\u0131n \u00e7al\u0131\u015fan lar\u0131m\u0131z\u0131n say\u0131s\u0131n\u0131 art\u0131rmak i\u00e7in pozitif ayr\u0131mc\u0131l\u0131k  yapt\u0131\u011f\u0131m\u0131z da oldu. D\u00fcn oldu\u011fu gibi bug\u00fcn de bir\u00e7ok kad\u0131n \u00e7al\u0131\u015fan\u0131m\u0131zla birlikte, markam\u0131za iyi bir ivme kazand\u0131rmaya devam ediyoruz. Gelecek 10 y\u0131lda \u015firketinizde nas\u0131l bir de\u011fi\u015fim hedefliyorsunuz?   Arbella  olarak, gelecek 10 y\u0131l i\u00e7in uluslararas\u0131 piyasada marka de\u011ferimiz ile birlikte sat\u0131\u015f hacmimizi b\u00fcy\u00fctmek en \u00f6ncelik hedeflerimizden. B\u00fcy\u00fcme hedefimiz ile paralel, \u00fcretimde karbon ve su ayak izimizi en aza indirmek i\u00e7in projelerimizi tamamlayarak gelecek nesiller i\u00e7in taraf\u0131m\u0131za d\u00fc\u015fen g\u00f6revleri yerine getirmek, di\u011fer en \u00f6nemli hedeflerimizden. D\u00fcnyada i\u015f yapma ko\u015fullar\u0131 de\u011fi\u015fti; kad\u0131nlar art\u0131k her sekt\u00f6rde var ve \u00e7ok aktifler. Sekt\u00f6r\u00fcn\u00fczde de kad\u0131n temsili oranlar\u0131 bir\u00e7ok sekt\u00f6rde oldu\u011fu gibi her d\u00f6nem art\u0131yor. Siz bu durumu nas\u0131l de\u011ferlendiriyorsunuz? \u0130\u015f d\u00fcnyas\u0131nda kad\u0131n\u0131n rol\u00fc nas\u0131l bir gelece\u011fe do\u011fru ilerliyor?   \u0130\u015f d\u00fcnyas\u0131nda kad\u0131n\u0131n yeri her ge\u00e7en d\u00f6nem y\u00fckseliyor. Ancak e\u015fitlik olarak toplumda hala \u00f6nyarg\u0131lar\u0131n oldu\u011fu ve bunlar\u0131 a\u015fmak gerekti\u011fi inanc\u0131nday\u0131m. Gelecek d\u00f6nemde bu \u00f6nyarg\u0131lar\u0131 y\u0131kmak i\u00e7in biz kad\u0131nlara daha \u00e7ok g\u00f6rev d\u00fc\u015ft\u00fc\u011f\u00fcn\u00fc d\u00fc\u015f\u00fcn\u00fcyorum. Ben de bir kad\u0131n y\u00f6netici  olarak bunun ile ilgili desteklerimi s\u00fcrd\u00fcrmeye devam edece\u011fim. Y\u00f6netim felsefenizden ve size \u0131\u015f\u0131k tutanlardan bahseder misiniz? ( \u00f6rne\u011fin; iz b\u0131rakan kitaplar, ki\u015filer, benimsedi\u011finiz g\u00f6r\u00fc\u015fler, \u00f6zl\u00fc s\u00f6zler… vs. )   Y\u00f6netim felsefemde bana \u0131\u015f\u0131k tutan bir\u00e7ok \u00f6\u011freti oldu diyebilirim. Ama san\u0131r\u0131m en b\u00fcy\u00fck \u00f6\u011fretilerim deneyimlerimdi. En iyi \u0131\u015f\u0131k tutan ki\u015filer ise ailem dememek b\u00fcy\u00fck haks\u0131zl\u0131k olur. COVID-19 salg\u0131n\u0131, d\u00fcnya genelinde bug\u00fcne kadar al\u0131\u015f\u0131k olmad\u0131\u011f\u0131m\u0131z bir tablo yaratt\u0131. Nas\u0131l a\u015f\u0131laca\u011f\u0131n\u0131 ve ne zaman sonu\u00e7lanaca\u011f\u0131n\u0131 tam olarak bilemedi\u011fimiz bir krizle kar\u015f\u0131 kar\u015f\u0131yay\u0131z. Bu s\u00fcre\u00e7te \u015firketinizde ne y\u00f6nde \u00e7al\u0131\u015fmalar ger\u00e7ekle\u015ftirdiniz?  Firmam\u0131z, \u00f6ncelikle d\u00fcnyay\u0131 saran Covid-19 pandemi sini \u00e7ok yak\u0131ndan takip etti ve h\u0131zl\u0131 aksiyonlar ald\u0131. \u00dclkemizde Covid-19 ’un g\u00f6r\u00fcld\u00fc\u011f\u00fc ilk andan itibaren, \u015firketimizde \u00e7al\u0131\u015fanlar\u0131m\u0131z\u0131n sa\u011fl\u0131\u011f\u0131n\u0131 koruyan ve gerekli tedbirlerin al\u0131nmas\u0131n\u0131 izleyen bir ekip kurduk. Makarna, tamamen do\u011fal ve pratik bir t\u00fcketim \u00fcr\u00fcn\u00fc olmas\u0131 sebebiyle, Covid-19  d\u00f6neminde b\u00fcy\u00fck bir talep g\u00f6rd\u00fc. Bu nedenle, \u00f6ncelikli olarak \u00fcr\u00fcn \u00e7e\u015fitlili\u011fimizi azaltt\u0131k, \u00fcretim verimlili\u011fimizi art\u0131rd\u0131k. B\u00f6ylelikle milyonlar\u0131n sofras\u0131na do\u011fall\u0131k ve lezzetle misafir olduk. \u015eirketinizde kad\u0131n \u00e7al\u0131\u015fan oran\u0131 nedir? \u0130K s\u00fcre\u00e7lerinizde cinsiyet e\u015fitli\u011finin \u00f6nemi ve \u00f6nceli\u011finden bahseder misiniz?  Kad\u0131n \u00e7al\u0131\u015fan  oran\u0131m\u0131z her yeni d\u00f6nemde artmaya devam etmekte.  \u0130K s\u00fcre\u00e7lerinde ekip arkada\u015flar\u0131 ararken cinsiyet e\u015fitli\u011fi nin \u00f6nemi \u00e7ok a\u00e7\u0131k ve net bir \u015fekilde biz y\u00f6neticiler taraf\u0131ndan belirtilmi\u015ftir. Y\u00f6netimde oldu\u011funuz s\u00fcre\u00e7te \u00f6nc\u00fcl\u00fck etti\u011finiz kurumsal sosyal sorumluluk projeleriniz var m\u0131? \u00d6zellikle s\u00fcrd\u00fcr\u00fclebilir kalk\u0131nma ve toplumda kad\u0131n\u0131n g\u00fc\u00e7lenmesine dair ne gibi \u00e7al\u0131\u015fmalar ortaya koymaktas\u0131n\u0131z?   Sosyal sorumluluk anlam\u0131nda en b\u00fcy\u00fck \u00f6nceli\u011fimiz e\u011fitim oldu diyebilirim. Yap\u0131m\u0131n\u0131 \u00fcstlendi\u011fimiz ve devletimize hibe edilen bir okulumuz var. Bu okulda okuyan, ba\u015far\u0131l\u0131 \u00f6\u011frencilerimize deste\u011fimiz de ilk g\u00fcnden beri devam ediyor.  Ayr\u0131ca y\u00f6remizdeki kad\u0131n kooperatifleri ve \u00fcreticileri  ile hep i\u00e7 i\u00e7e olmaya \u00f6nem veriyoruz. \u00d6rne\u011fin; Arbella ’da kurutulmu\u015f \u0131spanak ile yap\u0131lan \u00fcr\u00fcnlerimizde, y\u00f6remizdeki kad\u0131nlar\u0131m\u0131z\u0131n kurutup \u00f6\u011f\u00fctt\u00fc\u011f\u00fc \u00fcr\u00fcnleri kullan\u0131yoruz. B\u00f6ylelikle hem dayan\u0131\u015fmay\u0131 art\u0131r\u0131yor hem de katma de\u011fer yaratmaya \u00e7al\u0131\u015f\u0131yoruz. Ve ayr\u0131ca, Arbella  olarak bu y\u0131l, 12.sini d\u00fczenleyece\u011fimiz uluslararas\u0131 foto\u011fraf yar\u0131\u015fmam\u0131z mevcut. Foto\u011fraf\u00e7\u0131l\u0131k alan\u0131nda uluslararas\u0131 d\u00fczeyde binlerce kat\u0131l\u0131mc\u0131 ile bu projemizi s\u00fcrd\u00fcrmeye devam ediyoruz. Bu y\u0131lki yar\u0131\u015fmam\u0131z\u0131 \u00fc\u00e7 ana ba\u015fl\u0131k alt\u0131nda belirledik. Bu ba\u015fl\u0131klardan biri ve bence en \u00f6nemlisi “Kad\u0131n Her Yerde”. Bu ba\u015fl\u0131kla biz de Arbella olarak toplumsal cinsiyet e\u015fitsizli\u011fine dikkat \u00e7ekmek istedik. \u0130\u015f d\u00fcnyas\u0131nda cinsiyetle\u015fmi\u015f meslekler hakk\u0131nda \u00f6nemli bir d\u00f6n\u00fc\u015f\u00fcm s\u00fcrecinde oldu\u011fumuzu g\u00f6r\u00fcyoruz, ancak hala yolun ba\u015f\u0131nday\u0131z. Siz bu konuda ne d\u00fc\u015f\u00fcn\u00fcyorsunuz?   \u0130\u015f d\u00fcnyas\u0131nda kad\u0131n\u0131n yeri geli\u015fiyor ancak daha uzun bir yolumuz oldu\u011funu d\u00fc\u015f\u00fcn\u00fcyorum. E\u011fitime verilen \u00f6nemin artmas\u0131 ilk etken; daha sonra da \u00f6nyarg\u0131lar\u0131m\u0131zdan kurtulmal\u0131y\u0131z. Biz kad\u0131nlardan evde y\u00f6netici olmam\u0131z beklenmekte, ancak bunun bir dayan\u0131\u015fma i\u00e7erisinde y\u00fcr\u00fct\u00fclmesi ve bu sorumluklar\u0131n payla\u015f\u0131lmas\u0131 gerekti\u011fi bilincine toplum olarak var\u0131lmal\u0131. Bu hassas konular, \u00f6nce aile i\u00e7inde \u00f6\u011fretilmeli, toplum genelinde de yayg\u0131nla\u015fmal\u0131. Ailede ba\u015flayan davran\u0131\u015fsal \u00f6\u011fretilere ek olarak al\u0131nan e\u011fitimlerimizle hi\u00e7bir i\u015f kolunun cinsiyetle\u015fmi\u015f olmas\u0131n\u0131 beklememeliyiz. G\u00fcn\u00fcm\u00fczde bilinmesi art\u0131k ka\u00e7\u0131n\u0131lmaz olan yabanc\u0131 dillerle aran\u0131z nas\u0131l?  \u0130ngilizce bilgim ileri seviyede. Ba\u015flang\u0131\u00e7 seviyesinde oldu\u011fum Almanca ile de aram\u0131z \u00e7ok iyi, her g\u00fcn daha iyiye gidiyor. Benim i\u00e7in yeni bir macera olan \u0130spanyolca ser\u00fcvenine de, k\u0131z\u0131ma destek olmak amac\u0131 ile ba\u015fl\u0131yorum diyebilirim. \u00d6\u011frenmenin ne ya\u015f\u0131 ne de zaman\u0131 oldu\u011funa g\u00f6n\u00fclden inan\u0131yorum. \u00dcyesi oldu\u011funuz veya y\u00f6netiminde bulundu\u011funuz sivil toplum kurulu\u015flar\u0131 var m\u0131d\u0131r?   Bir s\u00fcre Giri\u015fimci \u0130\u015f Kad\u0131nlar\u0131 Derne\u011fi  \u00fcyeli\u011fi yapt\u0131m, Ticaret ve Sanayi Odas\u0131  Meclis \u00fcyeli\u011fim de devam ediyor. ","protected":false},"author":1,"featured_media":0,"parent":190,"menu_order":0,"comment_status":"open","ping_status":"closed","template":"","meta":{"_links_to":"https:\/\/www.kadindostumarkalar.org\/yazilar\/kahve-sohbetleri\/gulcin-arslan-hazar--en-buyuk-ogretilerim-deneyimlerim","_links_to_target":"https:\/\/www.kadindostumarkalar.org\/yazilar\/kahve-sohbetleri\/gulcin-arslan-hazar--en-buyuk-ogretilerim-deneyimlerim"},"_links":{"self":[{"href":"https:\/\/www.kadindostumarkalar.org\/yazilar\/kahve-sohbetleri\/gulcin-arslan-hazar--en-buyuk-ogretilerim-deneyimlerim"}],"collection":[{"href":"urlver"}],"about":[{"href":""}],"author":[{"embeddable":true,"href":"https:\/\/www.kadindostumarkalar.org\/yazilar\/kahve-sohbetleri\/gulcin-arslan-hazar--en-buyuk-ogretilerim-deneyimlerim"}],"replies":[{"embeddable":true,"href":"https:\/\/www.kadindostumarkalar.org\/yazilar\/kahve-sohbetleri\/gulcin-arslan-hazar--en-buyuk-ogretilerim-deneyimlerim"}],"version-history":[{"count":2961,"href":"https:\/\/www.kadindostumarkalar.org\/yazilar\/kahve-sohbetleri\/gulcin-arslan-hazar--en-buyuk-ogretilerim-deneyimlerim"}],"predecessor-version":[{"id":190,"href":"https:\/\/www.kadindostumarkalar.org\/yazilar\/kahve-sohbetleri\/gulcin-arslan-hazar--en-buyuk-ogretilerim-deneyimlerim"}],"up":[{"embeddable":true,"href":"https:\/\/www.kadindostumarkalar.org\/yazilar\/kahve-sohbetleri\/gulcin-arslan-hazar--en-buyuk-ogretilerim-deneyimlerim"}],"wp:attachment":[{"href":"https:\/\/www.kadindostumarkalar.org\/img\/blog\/ekran-resmi-2021-12-24-12.15.20-e1640347057441.png"}],"curies":[{"name":".Net","href":"https:\/\/api.w.org\/{rel}","templated":true}]}}