{"id":664,"date":"2024-02-07T14:04:54","date_gmt":"2024-02-07T14:04:54","guid":{"rendered":"https:\/\/www.kadindostumarkalar.org\/yazilar\/kariyer-basamaklari\/guliz-kocabalkan-zalma"},"modified":"2024-02-07T14:06:00","modified_gmt":"2024-02-07T14:06:00","slug":"guliz-kocabalkan-zalma","status":"publish","type":"page","link":"","title":{"rendered":"G\u00fcliz Kocabalkan Zalma"},"content":{"rendered":"G\u00fcliz Kocabalkan Zalma, Ocak ay\u0131 itibariyle adidas T\u00fcrkiye Marka Aktivasyon Direkt\u00f6r\u00fc olarak atand\u0131.  Marmara \u00dcniversitesi  Siyaset Bilimi  ve Uluslaras\u0131 \u0130li\u015fkiler  B\u00f6l\u00fcm\u00fc’nden 2006 y\u0131l\u0131nda mezun olan G\u00fcliz Kocabalkan Zalma, profesyonel i\u015f ya\u015fam\u0131na 2006 y\u0131l\u0131nda Colgate  firmas\u0131nda Kategori Uzman\u0131 olarak ba\u015flad\u0131. Ayn\u0131 \u015firkette farkl\u0131 pozisyonlarda \u00e7al\u0131\u015fan Kocabalkan Zalma, 2015 y\u0131l\u0131nda Pandora ’ya Pazarlama M\u00fcd\u00fcr\u00fc olarak ge\u00e7ti. 2019 y\u0131l\u0131nda L’Oreal  b\u00fcnyesine Kerastase  Marka Direkt\u00f6r\u00fc olarak kat\u0131ld\u0131. 2021 y\u0131l\u0131nda Miele T\u00fcrkiye  Pazarlama Direkt\u00f6r\u00fc pozisyonunu \u00fcstlenmesinin ard\u0131ndan adidas T\u00fcrkiye Marka Aktivasyon Direkt\u00f6r\u00fc olarak atand\u0131. Ocak ay\u0131 itibariyle adidas b\u00fcnyesine kat\u0131lan G\u00fcliz Kocabalkan Zalma , Marka Aktivasyon Direkt\u00f6r\u00fc olarak, marka konumland\u0131rmas\u0131 ve alg\u0131s\u0131n\u0131 g\u00fc\u00e7lendirme, yerel\/global konsept \u00f6nceliklerinin haz\u0131rlanmas\u0131 ve k\u00fcresel kavramlar\u0131n yerele uyarlanmas\u0131 konular\u0131ndan sorumlu olacak. Bu g\u00f6revlerinin yan\u0131 s\u0131ra sportif pazarlama, halkla ili\u015fkiler  ve pazarlama  stratejileri  konular\u0131nda ekiplere liderlik yaparak, global ve yerel marka pazarlama stratejileri ve kavramlar\u0131n\u0131n uygulanmas\u0131na katk\u0131 sa\u011flayacak. &nbsp;Profesyonel hayat\u0131n\u0131n yan\u0131 s\u0131ra sosyal hayat\u0131nda da olduk\u00e7a aktif olan G\u00fcliz Kocabalkan Zalma’n\u0131n hobileri aras\u0131nda kayak yapmak ve seyahat etmek yer al\u0131yor.  ","protected":false},"author":1,"featured_media":0,"parent":664,"menu_order":0,"comment_status":"open","ping_status":"closed","template":"","meta":{"_links_to":"https:\/\/www.kadindostumarkalar.org\/yazilar\/kariyer-basamaklari\/guliz-kocabalkan-zalma","_links_to_target":"https:\/\/www.kadindostumarkalar.org\/yazilar\/kariyer-basamaklari\/guliz-kocabalkan-zalma"},"_links":{"self":[{"href":"https:\/\/www.kadindostumarkalar.org\/yazilar\/kariyer-basamaklari\/guliz-kocabalkan-zalma"}],"collection":[{"href":"urlver"}],"about":[{"href":""}],"author":[{"embeddable":true,"href":"https:\/\/www.kadindostumarkalar.org\/yazilar\/kariyer-basamaklari\/guliz-kocabalkan-zalma"}],"replies":[{"embeddable":true,"href":"https:\/\/www.kadindostumarkalar.org\/yazilar\/kariyer-basamaklari\/guliz-kocabalkan-zalma"}],"version-history":[{"count":1282,"href":"https:\/\/www.kadindostumarkalar.org\/yazilar\/kariyer-basamaklari\/guliz-kocabalkan-zalma"}],"predecessor-version":[{"id":664,"href":"https:\/\/www.kadindostumarkalar.org\/yazilar\/kariyer-basamaklari\/guliz-kocabalkan-zalma"}],"up":[{"embeddable":true,"href":"https:\/\/www.kadindostumarkalar.org\/yazilar\/kariyer-basamaklari\/guliz-kocabalkan-zalma"}],"wp:attachment":[{"href":"https:\/\/www.kadindostumarkalar.org\/img\/blog\/adidas-turkiye-marka-aktivasyon-direktoru-guliz-kocabalkan-zalma-oldu-0-37049.jpg"}],"curies":[{"name":".Net","href":"https:\/\/api.w.org\/{rel}","templated":true}]}}