{"id":25,"date":"2024-09-23T15:36:05","date_gmt":"2024-09-23T15:36:05","guid":{"rendered":"https:\/\/www.kadindostumarkalar.org\/tr\/guvenli-adimlar\/"},"modified":"2024-09-25T23:05:34","modified_gmt":"2024-09-25T23:05:34","slug":"guvenli-adimlar","status":"publish","type":"page","link":"","title":{"rendered":"G\u00fcvenli Ad\u0131mlar"},"content":{"rendered":"Kurumsal markalar\u0131m\u0131zla belirledi\u011fimiz dezavantajl\u0131 b\u00f6lgelerde k\u0131z \u00e7ocuklar\u0131n\u0131n e\u011fitim d\u00fczeyini artt\u0131rmak, e\u011fitim hayat\u0131n\u0131 desteklemek, meslek liselerinde e\u011fitim alan K\u0131z Meslek Liseleri \u00f6\u011frencileri ba\u015fta olmak \u00fczere gen\u00e7lere vizyon programlar\u0131 ve kurumsal staj programlar\u0131 i\u015f birlikleri sa\u011flamak \u00fczere sizleri de e\u011fitimde f\u0131rsat e\u015fitli\u011fi projemize katk\u0131 vermeye davet ediyoruz. B\u00f6lgenizde veya devam eden projemiz kapsam\u0131nda anla\u015fmal\u0131 e\u011fitim kurumlar\u0131nda sizlerin katk\u0131 ve i\u015f birlikleriyle vizyon programlar\u0131 ger\u00e7ekle\u015ftirebiliriz. \u0130leti\u015fim Formu Soru, \u00f6neri, reklam ve yay\u0131nc\u0131l\u0131k hizmetleri i\u00e7in g\u00fcn\u00fcn her saati ileti\u015fim maillerinden ya da ileti\u015fim formundan bize yazabilirsiniz. Taleplerinize en k\u0131sa s\u00fcrede yan\u0131t verece\u011fiz.         start  speak     durdur   Geri bildirimi nas\u0131l yapmam\u0131z\u0131 istersiniz? Diledi\u011finiz kanaldan sizinle ileti\u015fim sa\u011flayabiliriz. Telefon   E-posta      KVKK s\u00f6zle\u015fmesini okudum ve onayl\u0131yorum.    G\u00f6nder   ","protected":false},"author":1,"featured_media":0,"parent":25,"menu_order":0,"comment_status":"open","ping_status":"closed","template":"","meta":{"_links_to":"https:\/\/www.kadindostumarkalar.org\/tr\/guvenli-adimlar\/","_links_to_target":"https:\/\/www.kadindostumarkalar.org\/tr\/guvenli-adimlar\/"},"_links":{"self":[{"href":"https:\/\/www.kadindostumarkalar.org\/tr\/guvenli-adimlar\/"}],"collection":[{"href":"urlver"}],"about":[{"href":""}],"author":[{"embeddable":true,"href":"https:\/\/www.kadindostumarkalar.org\/tr\/guvenli-adimlar\/"}],"replies":[{"embeddable":true,"href":"https:\/\/www.kadindostumarkalar.org\/tr\/guvenli-adimlar\/"}],"version-history":[{"count":89,"href":"https:\/\/www.kadindostumarkalar.org\/tr\/guvenli-adimlar\/"}],"predecessor-version":[{"id":25,"href":"https:\/\/www.kadindostumarkalar.org\/tr\/guvenli-adimlar\/"}],"up":[{"embeddable":true,"href":"https:\/\/www.kadindostumarkalar.org\/tr\/guvenli-adimlar\/"}],"wp:attachment":[{"href":"https:\/\/www.kadindostumarkalar.org\/img\/kurumsal\/guvenli-adimlar.jpg"}],"curies":[{"name":".Net","href":"https:\/\/api.w.org\/{rel}","templated":true}]}}