{"id":195,"date":"2022-02-04T00:00:00","date_gmt":"2022-02-04T00:00:00","guid":{"rendered":"https:\/\/www.kadindostumarkalar.org\/yazilar\/kahve-sohbetleri\/her-zaman-heybemde-beni-atesleyen-yeni-hedeflerim-vardir"},"modified":"2022-06-02T00:38:05","modified_gmt":"2022-06-02T00:38:05","slug":"her-zaman-heybemde-beni-atesleyen-yeni-hedeflerim-vardir","status":"publish","type":"page","link":"","title":{"rendered":"“HER ZAMAN HEYBEMDE, BEN\u0130 ATE\u015eLEYEN YEN\u0130 HEDEFLER\u0130M VARDIR”"},"content":{"rendered":"Okul y\u0131llar\u0131nda kurdu\u011fu hayallerde gelecekte bir opera sanat\u00e7\u0131s\u0131 olmak istiyordu ama bug\u00fcn geldi\u011fi noktada, erkek egemen in\u015faat ve mobilya sekt\u00f6r\u00fcnde bir kad\u0131n y\u00f6netici olarak ba\u015far\u0131lara imza att\u0131. \u0130\u015f d\u00fcnyas\u0131ndaki ba\u015far\u0131lar\u0131n\u0131n yan\u0131 s\u0131ra STK’larla da yo\u011fun emek \u00e7al\u0131\u015fan ve  \u0130Z\u0130KAD, \u0130KKB, G\u0130FED gibi kad\u0131n dernekleri ve federasyonlar\u0131n baz\u0131lar\u0131n\u0131n y\u00f6netiminde, baz\u0131lar\u0131nda ise y\u00f6netim kurulu ba\u015fkan\u0131 olarak g\u00f6rev alan Sn. Huriye Serter ile kad\u0131n\u0131, kad\u0131n\u0131n \u00fcretimdeki yerini ve bu konuda gelecekte olmas\u0131n\u0131 \u00f6ng\u00f6rd\u00fc\u011f\u00fc geli\u015fmeleri konu\u015ftuk. Sizleri bu ilham veren sohbetle ba\u015f ba\u015fa b\u0131rak\u0131yor ve keyifli okumalar diliyoruz.  Huriye Serter kimdir? Nas\u0131l bir e\u011fitim ald\u0131? Aile hayat\u0131n\u0131z, i\u015f hayat\u0131na giri\u015finiz ve sosyal y\u00f6nlerinizden de bahsederek, sizi sizden dinleyebilir miyiz?     T\u00fcm kad\u0131nlar\u0131n hem sosyal ve toplumsal ya\u015famda hem de ekonomiye kat\u0131larak g\u00fc\u00e7lenmelerini isteyen ve bunun i\u00e7in \u00e7aba g\u00f6steren, uzun zamand\u0131r kad\u0131n hareketi nin i\u00e7inde olan bir i\u015f insan\u0131y\u0131m. D\u00f6rtyol do\u011fumluyum. Dokuz Eyl\u00fcl \u00dcniversitesi  M\u00fczik E\u011fitimi, \u015ean B\u00f6l\u00fcm\u00fc mezunuyum. 1988 y\u0131l\u0131ndan bu yana ofis mobilyalar\u0131 , 2001 y\u0131l\u0131ndan bu yana ise in\u015faat  sekt\u00f6rlerindeki \u015firketlerimizin kurucu orta\u011f\u0131 ve y\u00f6neticisiyim. Sivil toplumun g\u00fcc\u00fcne ve yapt\u0131r\u0131m\u0131na inanan biri olarak i\u015f hayat\u0131m\u0131n yan\u0131 s\u0131ra halen pek \u00e7ok sivil toplum \u00f6rg\u00fct\u00fcnde \u00e7al\u0131\u015fmalar\u0131m\u0131 s\u00fcrd\u00fcrmekteyim. \u00d6zellikle “kad\u0131n ” konusunda etkin projelerde g\u00f6rev ald\u0131m ve bizzat y\u00f6nettim. \u015eu an \u0130zmir \u0130\u015f Kad\u0131nlar\u0131 Derne\u011fi (\u0130Z\u0130KAD ) ba\u015fkanl\u0131\u011f\u0131m s\u0131ras\u0131nda se\u00e7ildi\u011fim, \u0130zmir’deki 50 kad\u0131n derne\u011finin bir araya gelerek “kad\u0131n ve e\u015fitlik ” konusunda aksiyon ald\u0131\u011f\u0131 ve toplumu harekete ge\u00e7irdi\u011fi \u0130zmir Kad\u0131n Kurulu\u015flar\u0131 Birli\u011fi (\u0130KKB)  Ba\u015fkanl\u0131\u011f\u0131’n\u0131 y\u00fcr\u00fctmekteyim. Ayn\u0131 zamanda hen\u00fcz \u00e7ok yeni kurdu\u011fumuz 8 farkl\u0131 \u015fehirden giri\u015fimci  ve i\u015f kad\u0131n\u0131  derne\u011fimizle birlikte T\u00fcrkiye \u00e7ap\u0131nda ilk kez, i\u015f kad\u0131n\u0131 derneklerinin tek bir \u00e7at\u0131 alt\u0131nda \u00f6rg\u00fctlendi\u011fi bir olu\u015fum olan Giri\u015fimci \u0130\u015f Kad\u0131nlar\u0131 Federasyonu  Ba\u015fkanl\u0131\u011f\u0131’n\u0131 da b\u00fcy\u00fck bir heyecanla y\u00fcr\u00fctmekteyim. “Hayatta bu de\u011fil midir zaten; yapacaklar\u0131n\u0131z\u0131 planlarken, ba\u015f\u0131n\u0131za gelen \u015feyler…”  Kariyeriniz i\u00e7in hayal ettikleriniz nelerdi? Ne isterken hikayeniz nerelere evrildi? Bug\u00fcn kariyerinizde hayal etti\u011finiz yerde misiniz? Kariyer yolculu\u011funuzu anlatabilir misiniz?  Asl\u0131nda ben m\u00fczik alan\u0131nda okurken hayalim \u015fan sanat\u00e7\u0131s\u0131 olmak ve operada sahne almakt\u0131. Fakat \u00fcniversiteyi bitirdikten hemen sonra ortaokuldan itibaren \u00e7ok sevdi\u011fim e\u015fimle bir anda kendimi evli ve \u00e7ocuklu olarak buldum. Mecburen hi\u00e7 ba\u015flamad\u0131\u011f\u0131m i\u015f hayat\u0131na o\u011flumu b\u00fcy\u00fcterek 3 y\u0131l ara verdikten sonra,okulunu okudu\u011fum mesle\u011fimi yapmak yerine, i\u00e7imdeki sonradan fark etti\u011fim giri\u015fimcilik  ruhuyla,e\u015fimle birlikte Serter B\u00fcro Mobilya’ y\u0131 kurmaya karar verdik.O g\u00fczelim kost\u00fcmlerle sahne al\u0131p \u015fan sanat\u00e7\u0131s\u0131 olma hayallerimi ger\u00e7ekle\u015ftiremesem de ald\u0131\u011f\u0131m m\u00fczik e\u011fitiminin benim ki\u015fisel geli\u015fimime ve hem i\u015f hem sosyal ya\u015famdaki yolculu\u011fuma \u00e7ok \u015fey katt\u0131\u011f\u0131na inan\u0131yorum. Hayatta bu de\u011fil midir zaten; yapacaklar\u0131n\u0131z\u0131 planlarken, ba\u015f\u0131n\u0131za gelen \u015feyler… Kariyer yolculu\u011funuzda sizde iz b\u0131rakan isimler, kitaplar varsa bizimle payla\u015f\u0131r m\u0131s\u0131n\u0131z?  Hen\u00fcz \u00fcniversitede okuyan gen\u00e7 bir k\u0131z iken genel se\u00e7imler s\u0131ras\u0131nda kat\u0131ld\u0131\u011f\u0131m kad\u0131nlarla yap\u0131lan bir ev toplant\u0131s\u0131nda, o zaman milletvekili aday\u0131 olan fakat sonradan yapt\u0131\u011f\u0131 bakanl\u0131klarla “kad\u0131n” konusunda ba\u015far\u0131l\u0131 \u00e7al\u0131\u015fmalara imza atan Sn.I\u015f\u0131lay Sayg\u0131n ’\u0131 tan\u0131d\u0131m. Hitab\u0131, konulara hakimiyeti, b\u00fct\u00fcn kad\u0131nlar\u0131n a\u011fz\u0131ndan \u00e7\u0131kan her s\u00f6ze itibar etmesi, s\u00f6yledi\u011fi, anlatt\u0131\u011f\u0131 konular ve bir kad\u0131n lider  olarak talip oldu\u011fu g\u00f6reve inanm\u0131\u015fl\u0131\u011f\u0131 \u00e7ok ilgimi \u00e7ekti. O g\u00fcnden sonra o beni bilmese de ben onu hep takip ettim. Y\u0131llar sonra ben \u0130Z\u0130KAD ba\u015fkan\u0131 iken bir toplant\u0131ma kendisini davet ettim ve k\u00fcrs\u00fcden ona b\u00fct\u00fcn bunlar\u0131 anlatt\u0131m. G\u00f6zleri ya\u015fard\u0131, h\u00fcz\u00fcnlendi ve bana “S\u00f6z konusu kad\u0131nlarsa, hi\u00e7 durma yoluna devam et” dedi. Benim biriktirdi\u011fim en g\u00fczel an\u0131yd\u0131 bu. Ve \u015fimdi onu kaybettikten sonra, \u0130KKB ba\u015fkanl\u0131\u011f\u0131m s\u00fcrecinde \u00fc\u00e7 y\u0131ld\u0131r “I\u015f\u0131ldayan Kad\u0131nlar \u00d6d\u00fcl T\u00f6reni” ni onun ad\u0131na yap\u0131yoruz. Sn.Sayg\u0131n gibi kad\u0131nlar yeti\u015ftirmek \u00fczere b\u00fct\u00fcn kad\u0131nlar \u00f6zveriyle \u00e7al\u0131\u015f\u0131yoruz. Kitap konusunda ise, Alice Harikalar Diyar\u0131nda  ve K\u00fc\u00e7\u00fck Prens  d\u00f6n\u00fcp d\u00f6n\u00fcpher zaman okudu\u011fum en ciddi ba\u015fucu kitaplar\u0131m\u0131n ba\u015f\u0131nda geliyor. Ama bu aralar heyecanla Benazir Butto ’nun hayat\u0131n\u0131 anlatan bir otobiyografi okuyorum   “\u0130\u015fe al\u0131mlarda e\u015fit ko\u015fullar varsa pozitif ayr\u0131mc\u0131l\u0131k yaparak tercihimi kad\u0131n \u00e7al\u0131\u015fandan yana kulland\u0131m”  Bir kad\u0131n y\u00f6netici olarak sekt\u00f6r\u00fcn\u00fcze ne gibi katk\u0131lar sundunuz? Bu noktaya gelinceye dek neler ya\u015fad\u0131n\u0131z?   Daha \u00f6nce de bahsetti\u011fim gibi sanat okumam benim yarat\u0131c\u0131l\u0131\u011f\u0131m\u0131 hep tetiklemi\u015ftir. Mobilya  da yeni mekanlar yaratmak da yarat\u0131c\u0131l\u0131kla \u00e7ok do\u011fru orant\u0131l\u0131. \u0130\u015fime hep yenilikler katt\u0131m. Yurt d\u0131\u015f\u0131 fuarlarda bilgimi g\u00f6rg\u00fcm\u00fc artt\u0131rman\u0131n yan\u0131 s\u0131ra d\u00f6nd\u00fc\u011f\u00fcmde b\u00fct\u00fcn g\u00f6rd\u00fcklerimi ilk uygulayan oldum. Bizzat \u00fcretimde \u00e7al\u0131\u015ft\u0131m ve bundan b\u00fcy\u00fck zevk ald\u0131m. D\u00fcnyay\u0131 yak\u0131ndan takip ettim. \u00d6nce \u00e7al\u0131\u015fan mutlulu\u011funu hedefime ald\u0131m. Empati ve \u015feffafl\u0131kla yakla\u015ft\u0131m. Zaman y\u00f6netimi konusunda \u00e7al\u0131\u015fanlar\u0131mla birlikte \u00e7ok dikkatli oldum. \u015eirketimizi tak\u0131m ruhuyla y\u00f6nettim.\u0130\u015fe al\u0131mlarda e\u015fit ko\u015fullar  varsa pozitif ayr\u0131mc\u0131l\u0131k  yaparak tercihimi kad\u0131n \u00e7al\u0131\u015fan dan yana kulland\u0131m. Asl\u0131nda b\u00fct\u00fcn bunlar kad\u0131n y\u00f6netici  olman\u0131n \u00f6tesinde do\u011fru ve e\u015fitlik\u00e7i bir y\u00f6netici olman\u0131n getirdikleri. \u00c7al\u0131\u015ft\u0131\u011f\u0131n\u0131z, y\u00f6netiminde bulundu\u011funuz \u015firketlerde bir kad\u0131n lider olarak kar\u015f\u0131la\u015ft\u0131\u011f\u0131n\u0131z zorluklar oldu mu? Cam tavanlarla kar\u015f\u0131la\u015ft\u0131n\u0131z m\u0131; kar\u015f\u0131la\u015ft\u0131ysan\u0131z \u00fcstesinden nas\u0131l geldiniz?   Hem ofis mobilyalar\u0131 hem de in\u015faat sekt\u00f6r\u00fc genelde erkek egemen bir sekt\u00f6r oldu\u011fu i\u00e7in \u00f6zellikle bu alanlarda i\u015finin sahibi olan kad\u0131n say\u0131s\u0131 \u00e7ok az. Ben cam tavan  konusunda \u015fansl\u0131y\u0131m ve nadir engellerle kar\u015f\u0131la\u015ft\u0131m. Kararlar\u0131m\u0131z\u0131 hep ortak ald\u0131k. Yetkilerimi kullanmam\u0131n \u00f6n\u00fcnde bariyerler olmad\u0131. Fakat \u00f6rne\u011fin, m\u00fc\u015fteriler konusunda zaman zaman bunu ya\u015fad\u0131m. Dedi\u011fim gibi erkek egemen bir sekt\u00f6r oldu\u011fu i\u00e7in beklenti de o y\u00f6ndeydi ve \u00f6zellikle ilk y\u0131llar\u0131mda pazarl\u0131k yapmak i\u00e7in bana “Patron yok mu onunla konu\u015fal\u0131m” diyenler \u00e7ok olmu\u015ftur.Ayr\u0131ca erkek yo\u011funluktaki \u00fcretim alanlar\u0131nda bir kad\u0131n olarak elbette \u00f6nceleri yad\u0131rgand\u0131m ama bunu \u00e7al\u0131\u015fanlar\u0131mla konu\u015farak, g\u00fcvenlerini kazanarak atlatt\u0131m ve \u00f6n yarg\u0131lar\u0131ndan kurtulmalar\u0131n\u0131 sa\u011flad\u0131m. Kimileri do\u011fu\u015ftan STK’l\u0131d\u0131r. Sizi de uzun y\u0131llard\u0131r \u00e7ok de\u011ferli STK operasyonlar\u0131nda g\u00f6rmekteyiz. Bu y\u00f6ndeki ilginizi ne zaman ve nas\u0131l fark ettiniz?   Evet, uzun y\u0131llard\u0131r sivil toplumun i\u00e7indeyim ve \u00e7ok \u00f6nemli bir g\u00fc\u00e7 oldu\u011funa inan\u0131yorum. STK  deneyimim; sporla ilgim sadece y\u00fcr\u00fcy\u00fc\u015f yapmaktan ve y\u00fczmekten ibaret oldu\u011fu halde o\u011flum Milli E\u011fitim Vakf\u0131’n\u0131n okulunda okurken tesad\u00fcfen Milli E\u011fitim Vakf\u0131 Spor Kul\u00fcb\u00fc  Genel Sekreteri olarak se\u00e7ilmemle ba\u015flad\u0131. Ard\u0131ndan Rotary’e  girdim ve orada pek \u00e7ok g\u00f6rev ald\u0131m. Ve sonras\u0131nda da mesleki ya da toplumsal pek \u00e7ok STK’da \u00e7al\u0131\u015fmalar\u0131m oldu, halen olmakta. Kendinizi geli\u015ftirmeniz i\u00e7in en do\u011fru yerler STK’lar asl\u0131nda. \u00c7\u00fcnk\u00fc toplumla ilgili pek \u00e7ok \u015feyi orada daha yak\u0131ndan g\u00f6rebiliyorsunuz ve \u00f6rg\u00fctl\u00fc bir hareketin i\u00e7inde yapaca\u011f\u0131n\u0131z her i\u015f daha da b\u00fcy\u00fcy\u00fcp yerine ula\u015f\u0131yor. Tek ba\u015f\u0131na yapt\u0131\u011f\u0131n\u0131zda s\u00fcrd\u00fcr\u00fclebilir  olmayan yard\u0131mlar STK’lar arac\u0131l\u0131\u011f\u0131yla uzun soluklu iyi’liklere d\u00f6n\u00fcyor. “Kad\u0131n” alan\u0131nda \u00e7al\u0131\u015fmaya karar vermem ise 2010 y\u0131l\u0131nda Rotary’de ba\u015fkanl\u0131k d\u00f6nemimde \u0130zmir Tepecik Genelevinde “kad\u0131n haklar\u0131 ” ile ilgili bir proje yapmamla birlikte ger\u00e7ekle\u015fti. Oradaki haks\u0131zl\u0131klar\u0131 yak\u0131ndan g\u00f6rmek beni \u00e7ok etkiledi. O y\u0131ldan bu yana “kad\u0131n ve e\u015fitlik” konusu benim hayat amac\u0131m oldu. Kurucusu oldu\u011funuz G\u0130FED’in yolculu\u011funu ba\u015flang\u0131c\u0131ndan bu yana bize anlat\u0131r m\u0131s\u0131n\u0131z? Amac\u0131n\u0131z\u0131, \u00e7al\u0131\u015fmalar\u0131n\u0131z\u0131 ve planlar\u0131n\u0131z\u0131 sizden dinleyebilir miyiz?   Y\u00f6netim Kurulumuzla birlikte, hen\u00fcz y\u00f6netimine yeni geldi\u011fimizde,\u0130Z\u0130KAD’\u0131n stratejik planlar\u0131n\u0131 yaparken kendimize bir de uzak hedef olarak Federasyon kurma fikrini olu\u015fturduk. T\u00fcrkiye’de ilk kez i\u015f kad\u0131n\u0131 derneklerinin bir federasyon \u00e7at\u0131s\u0131 alt\u0131nda bir araya gelmesi \u00e7ok \u00f6nemliydi. \u00c7ok disiplinli ve etkin bir s\u00fcre\u00e7 y\u00f6netmeliydik.Zaman i\u00e7inde yapt\u0131\u011f\u0131m\u0131z ziyaretlerle Federasyonumuzun kurucu temellerini \u0130Z\u0130KAD , BU\u0130KAD, \u0130\u015eKAD, KO\u0130DER, KA\u0130SDER, AY\u0130\u015eKAD, AF\u0130KAD, G\u0130KAD  olmak \u00fczere 8 \u015fehrimizden 8 derne\u011fimizle birlikte olu\u015fturduk ve 2016 y\u0131l\u0131nda ba\u015flad\u0131\u011f\u0131m\u0131z bu yolculu\u011fu 2021 y\u0131l\u0131nda G\u0130FED’i kurarak ta\u00e7land\u0131rd\u0131k. G\u0130FED bir Anadolu Kad\u0131n Hareketi dir. Ve b\u00f6yle kalmas\u0131 i\u00e7in elimizden gelen t\u00fcm gayreti g\u00f6sterece\u011fiz. Anadolu’daki g\u00f6r\u00fcnmeyen pek \u00e7ok g\u00fc\u00e7l\u00fc kad\u0131n\u0131 ortaya \u00e7\u0131karmak, birbirimizle iyi ili\u015fkiler geli\u015ftirmek, Anadolu’daki di\u011fer kad\u0131nlar\u0131 hem ekonomik hem de her alanda g\u00fc\u00e7lendirmek ve g\u00fc\u00e7l\u00fc kad\u0131nlar\u0131n \u00e7o\u011falmas\u0131 i\u00e7in rol model olmak \u00fczere \u00e7al\u0131\u015fmalar yapaca\u011f\u0131z. Ekonominin de\u011ferlendirilemeyen en b\u00fcy\u00fck g\u00fcc\u00fc olan “kad\u0131nlar\u0131n” i\u015f g\u00fcc\u00fcne dahil olmas\u0131n\u0131n ve y\u00fckselmesinin sadece kad\u0131nlara de\u011fil d\u00fcnya ve \u00fclkemizin ekonomisine ve bar\u0131\u015fa olan katk\u0131lar\u0131n\u0131 g\u00f6zler \u00f6n\u00fcne serece\u011fiz. Kad\u0131n giri\u015fimci oran\u0131n\u0131 artt\u0131rmak \u00fczere politikalar \u00fcretecek ve federasyonumuzdan ald\u0131\u011f\u0131m\u0131z g\u00fc\u00e7le karar mekanizmalar\u0131na daha g\u00fc\u00e7l\u00fc etki edece\u011fiz. G\u0130FED’in \u00f6ncelikli hedefleri i\u00e7inde yak\u0131n d\u00f6nemde neleri hayata ge\u00e7irmek istiyorsunuz? Projelerinizin temelinde hangi hedefler yer al\u0131yor?  UNDP S\u00fcrd\u00fcr\u00fclebilir Kalk\u0131nma Ama\u00e7lar\u0131 n\u0131n 5. 8. ve 10. maddeleri G\u0130FED’i yak\u0131ndan ilgilendiriyor. \u00d6nceli\u011fimiz bu ama\u00e7lar olacakt\u0131r. Kurulu\u015fumuzun \u00fczerinden hen\u00fcz 6 ay ge\u00e7ti. \u00d6ncelikle bir \u00e7al\u0131\u015ftay yaparak birbirimizi daha yak\u0131ndan tan\u0131rken i\u015f g\u00fcc\u00fcnde daha donan\u0131ml\u0131 ve daha \u00e7ok kad\u0131n, daha e\u015fit bir i\u015f d\u00fcnyas\u0131,toplumsal cinsiyet e\u015fitli\u011fi  i\u00e7in \u00fcst d\u00fczey kurumsal liderlik, kad\u0131nlar\u0131n e\u011fitimle yetkinlik,profesyonel ve giri\u015fimci geli\u015fim olanaklar\u0131n\u0131n artt\u0131r\u0131lmas\u0131, sa\u011fl\u0131k ve sosyal g\u00fcvenliklerinin sa\u011flanmas\u0131 gibi konularda neler yapaca\u011f\u0131m\u0131za,hangi projeleri hayata ge\u00e7irece\u011fimize birlikte karar verece\u011fiz. “Kad\u0131n liderli\u011finin eksikli\u011fini fark eden, daha e\u015fitlik\u00e7i d\u00fc\u015f\u00fcnen insanlara ve politikalara ihtiyac\u0131m\u0131z var.”  G\u0130FED’i Anadolu’dan globale a\u00e7\u0131lan ciddi bir yap\u0131lanma olarak g\u00f6r\u00fcyoruz. Anadolu’daki kad\u0131n giri\u015fim oran\u0131n\u0131 artt\u0131rmak neden \u00f6nemli? Bu anlamda giri\u015fimde kad\u0131n g\u00fcc\u00fcn\u00fc artt\u0131rmak i\u00e7in geni\u015f \u00e7er\u00e7evede kimlere nas\u0131l g\u00f6revler d\u00fc\u015f\u00fcyor?  Anadolu’da asl\u0131nda harekete ge\u00e7meye haz\u0131r \u00e7ok b\u00fcy\u00fck bir kad\u0131n potansiyeli var. G\u0130FED olarak biz bu potansiyeli ate\u015fleyerek cesaretlendirmek ve ger\u00e7e\u011fe d\u00f6n\u00fc\u015ft\u00fcrmek istiyoruz. \u00c7\u00fcnk\u00fc o zaman daha zengin bir ekonomiye sahip olup,kad\u0131n cinayetlerinden daha az s\u00f6z eder olaca\u011f\u0131z, daha \u00e7ok k\u0131z \u00e7ocu\u011fu okuyacak, belediyelerimizde kad\u0131n odakl\u0131 b\u00fct\u00e7eler yap\u0131lacak, daha \u00e7ok kad\u0131n liderimiz olacak. Bunun i\u00e7in toplumun her kesimine g\u00f6revler ve sorumluluklar d\u00fc\u015f\u00fcyor. H\u00fckumet, belediyeler, \u00dcniversiteler, STK’lar, odalar, , medya ve asl\u0131nda t\u00fcm kurumlar bu vizyona sahip \u00e7\u0131kmal\u0131. Tek tarafl\u0131 ba\u015far\u0131lacak bir konu de\u011fil bu. Kad\u0131n liderli\u011finin eksikli\u011fini fark eden, daha e\u015fitlik\u00e7i d\u00fc\u015f\u00fcnen insanlara ve politikalara ihtiyac\u0131m\u0131z var. Bir sonraki hedefimiz ise G\u0130FED’i uluslararas\u0131na ta\u015f\u0131mak, yurt d\u0131\u015f\u0131nda Anadolu kad\u0131n\u0131n\u0131n g\u00fcc\u00fcn\u00fc g\u00f6stermek, di\u011fer \u00fclkelerle projeler yapmak, \u00fclkemizi giri\u015fimci i\u015f kad\u0131n tan\u0131t\u0131m el\u00e7ileri olarak en g\u00fczel \u015fekilde temsil etmek olacakt\u0131r. “Giri\u015fimci ekosistemlere daha \u00e7ok kad\u0131n\u0131n dahil olabilmesi ad\u0131na kad\u0131nlar\u0131n \u00f6n\u00fcndeki bariyerlerin kald\u0131r\u0131lmas\u0131 i\u00e7insistematik bir k\u00fclt\u00fcrel de\u011fi\u015fim gerekiyor”  Giri\u015fim ekosisteminin gelece\u011finde kad\u0131nlar\u0131 nerede ve nas\u0131l g\u00f6r\u00fcyorsunuz? Gelece\u011fe y\u00f6nelik \u00f6ng\u00f6r\u00fc ve hedefleri ele almak gerekirse, T\u00fcrkiye’nin bu alanda \u00f6n\u00fcm\u00fczdeki 5- 10 ve 20 y\u0131ll\u0131k gelecek plan\u0131nda kad\u0131n\u0131n g\u00fcc\u00fcn\u00fcn ve ekonomiye kat\u0131l\u0131m oranlar\u0131nda nas\u0131l bir art\u0131\u015f \u00f6ng\u00f6r\u00fcyorsunuz?  Kad\u0131nlar bir \u00fclkenin giri\u015fim ekosistemini ileriye ta\u015f\u0131yabilecek ana unsurlardan en \u00f6nemlisi. Gelece\u011fe dair fikirlerin \u00fcretildi\u011fi, i\u015f d\u00fcnyas\u0131n\u0131 yeniden \u015fekillendiren bir ekosistem i\u00e7erisinde daha fazla kad\u0131n kat\u0131l\u0131mc\u0131ya ve kad\u0131nlar\u0131n bu ekosisteme sunabileceklerine ihtiya\u00e7 var. Ancak giri\u015fimci ekosistemlere daha \u00e7ok kad\u0131n\u0131n dahil olabilmesi ad\u0131na kad\u0131nlar\u0131n \u00f6n\u00fcndeki bariyerlerin kald\u0131r\u0131lmas\u0131 i\u00e7in sistematik bir k\u00fclt\u00fcrel de\u011fi\u015fim gerekiyor.Bu de\u011fi\u015fimi h\u0131zl\u0131 bir \u015fekilde sa\u011flayabildi\u011fimiz takdirde kad\u0131nlar 5 y\u0131ll\u0131k s\u00fcre\u00e7te ve sonras\u0131nda ekosistemimizin lokomotiflerinden biri haline gelebilir. Bunun i\u00e7in kararl\u0131 bir duru\u015f, her birimi ile t\u00fcm toplumun sahiplendi\u011fi e\u015fitlik vizyonu ve art\u0131k s\u00f6ylemden \u00e7\u0131k\u0131p aksiyon alabilecek cesaretli politikalar gerekiyor.2002 y\u0131l\u0131nda %4 olan kad\u0131n giri\u015fimci say\u0131s\u0131 yeterli destek verilmedi\u011fi halde 20 y\u0131l sonra bug\u00fcn ancak %8,8 civar\u0131na ula\u015fabilmi\u015ftir. E\u011fer \u015fimdi ge\u00e7 kalmadan bir strateji dahilinde kararl\u0131 ad\u0131mlar at\u0131l\u0131p kad\u0131n giri\u015fimcilere bu kapsamda gerekli destekler sa\u011flanabilirse 10 y\u0131l sonra rahatl\u0131kla%30’lara \u00e7\u0131kabilme potansiyelinin oldu\u011funu d\u00fc\u015f\u00fcn\u00fcyorum. Kad\u0131nlar\u0131 buna haz\u0131rlayabilmek, e\u011fitimden ba\u015flayarak gerekli destekleri vermek ve \u00f6n yarg\u0131lardan kurtulmak \u015fart\u0131yla gelecekte ekosistemde \u00e7ok daha fazla kad\u0131n giri\u015fimci g\u00f6rmemiz m\u00fcmk\u00fcnd\u00fcr. T\u00fcrkiye’nin s\u00fcrd\u00fcr\u00fclebilir kalk\u0131nma hedeflerine ula\u015fmas\u0131 ve kalk\u0131nma odakl\u0131 bir ekonomik model olu\u015fturmas\u0131 i\u00e7in kad\u0131n giri\u015fimi sizce ne anlama geliyor?   S\u00fcrd\u00fcr\u00fclebilir kalk\u0131nma  hedeflerine ula\u015fman\u0131n \u00f6ncelikli yolu toplumsal cinsiyet e\u015fitli\u011finin sa\u011flanmas\u0131d\u0131r. Kad\u0131n giri\u015fimcilerin ko\u015fullar\u0131n\u0131n iyile\u015ftirilmesi ve say\u0131lar\u0131n\u0131n artt\u0131r\u0131lmas\u0131, giri\u015fimlerinin e\u015fitlik\u00e7i politikalarla desteklenmesi \u00fclke ekonomimizdeki kalk\u0131nma ve b\u00fcy\u00fcmeyi olumlu y\u00f6nde etkileyecek, s\u00fcrd\u00fcr\u00fclebilir kalk\u0131nmay\u0131 h\u0131zland\u0131racakt\u0131r. N\u00fcfusumuzun yar\u0131s\u0131 olan kad\u0131nlar\u0131n i\u015f g\u00fcc\u00fc piyasas\u0131nda var olmas\u0131, yeni i\u015f sahalar\u0131n\u0131n olu\u015fmas\u0131, yeni istihdam f\u0131rsatlar\u0131 yarat\u0131lmas\u0131 a\u00e7\u0131s\u0131ndan ekonomimizin b\u00fcy\u00fcmesine b\u00fcy\u00fck bir ivme kazand\u0131racak olup bu \u015fekilde toplumsal bar\u0131\u015f\u0131n sa\u011flanmas\u0131 da kad\u0131n odakl\u0131 \u00f6rnek bir ekonomik modeli daha cazip ve vazge\u00e7ilmez hale getirecektir. Bug\u00fcn yolun \u00e7ok ba\u015f\u0131nda olan, yar\u0131n\u0131n liderleri gen\u00e7lerimize \u0131\u015f\u0131k tutmak ad\u0131na varsa eklemek istedikleriniz, ya\u015fama dair tavsiyelerinizi de \u00f6\u011frenmek isteriz.  Tavsiye olmasa da ya\u015fama dair deneyim olarak kendi ya\u015fant\u0131mdan belki bir \u015feyler s\u00f6yleyebilirim. Faydal\u0131 i\u015fler yapmak \u00e7ok de\u011ferli. Ne yapaca\u011f\u0131na herkes kendi karar versin ama faydal\u0131 olman\u0131n, yararl\u0131 i\u015fler yapman\u0131n hem toplumun \u00fczerinde hem de ki\u015finin \u00fczerinde iyile\u015ftirici bir etkisi oluyor. Ben b\u00f6yle hissediyorum. Her zaman bir ya\u015fam amac\u0131m oldu. Ve o ama\u00e7 beni sabah yata\u011f\u0131mdan \u00e7\u0131karan sebebim oldu. Hi\u00e7bir zaman lider olmak i\u00e7in yola \u00e7\u0131kmad\u0131m. Yol beni oraya g\u00f6t\u00fcrd\u00fc\u011f\u00fcnde ise sorumluluk almaktan ka\u00e7mad\u0131m. Her kademeden insanla konu\u015fmaya \u00e7al\u0131\u015ft\u0131m ve onlar\u0131 dinledim. Y\u00fcr\u00fcd\u00fc\u011f\u00fcm yolda yan\u0131mda hep tak\u0131m\u0131m oldu. Hepsinden de \u00e7ok \u015fey \u00f6\u011frendim. Atat\u00fcrk ilkelerinden, \u00e7a\u011fda\u015fl\u0131ktan, sanat\u0131n g\u00fcc\u00fcnden g\u00fc\u00e7 ald\u0131m ve sevgi dilinden hi\u00e7 vazge\u00e7medim. Ben kendi hikayemi b\u00f6yle yaz\u0131yorum. Belki ba\u015fkas\u0131 ba\u015fka yollar bulur ve onun hikayesi de ba\u015fkalar\u0131na ilham olur. Son olarak eklemek istedikleriniz nelerdir?  Yap\u0131lm\u0131\u015f her \u015fey benim i\u00e7in ge\u00e7mi\u015fte kalm\u0131\u015ft\u0131r. Yapt\u0131klar\u0131mdan s\u00f6z etmeyi \u00e7ok sevmem. Ama yapacaklar\u0131m\u0131 anlatmak bana heyecan verir. Ve her zaman heybemde beni ate\u015fleyen yeni hedeflerim vard\u0131r. \u015eunu \u00e7ok iyi biliyorum ki sonunda her \u015fey bitti\u011finde sadece ismim kalacak. Ve ben o isme pek \u00e7ok yararl\u0131 \u015fey y\u00fcklemeyi seviyorum. ","protected":false},"author":1,"featured_media":0,"parent":195,"menu_order":0,"comment_status":"open","ping_status":"closed","template":"","meta":{"_links_to":"https:\/\/www.kadindostumarkalar.org\/yazilar\/kahve-sohbetleri\/her-zaman-heybemde-beni-atesleyen-yeni-hedeflerim-vardir","_links_to_target":"https:\/\/www.kadindostumarkalar.org\/yazilar\/kahve-sohbetleri\/her-zaman-heybemde-beni-atesleyen-yeni-hedeflerim-vardir"},"_links":{"self":[{"href":"https:\/\/www.kadindostumarkalar.org\/yazilar\/kahve-sohbetleri\/her-zaman-heybemde-beni-atesleyen-yeni-hedeflerim-vardir"}],"collection":[{"href":"urlver"}],"about":[{"href":""}],"author":[{"embeddable":true,"href":"https:\/\/www.kadindostumarkalar.org\/yazilar\/kahve-sohbetleri\/her-zaman-heybemde-beni-atesleyen-yeni-hedeflerim-vardir"}],"replies":[{"embeddable":true,"href":"https:\/\/www.kadindostumarkalar.org\/yazilar\/kahve-sohbetleri\/her-zaman-heybemde-beni-atesleyen-yeni-hedeflerim-vardir"}],"version-history":[{"count":1713,"href":"https:\/\/www.kadindostumarkalar.org\/yazilar\/kahve-sohbetleri\/her-zaman-heybemde-beni-atesleyen-yeni-hedeflerim-vardir"}],"predecessor-version":[{"id":195,"href":"https:\/\/www.kadindostumarkalar.org\/yazilar\/kahve-sohbetleri\/her-zaman-heybemde-beni-atesleyen-yeni-hedeflerim-vardir"}],"up":[{"embeddable":true,"href":"https:\/\/www.kadindostumarkalar.org\/yazilar\/kahve-sohbetleri\/her-zaman-heybemde-beni-atesleyen-yeni-hedeflerim-vardir"}],"wp:attachment":[{"href":"https:\/\/www.kadindostumarkalar.org\/img\/blog\/huriye-serter.jpg"}],"curies":[{"name":".Net","href":"https:\/\/api.w.org\/{rel}","templated":true}]}}