{"id":438,"date":"2022-10-06T12:00:05","date_gmt":"2022-10-06T12:00:05","guid":{"rendered":"https:\/\/www.kadindostumarkalar.org\/yazilar\/kariyer-basamaklari\/httpswwwkadindostumarkalarorgblogvodafone-turkiyede-ust-duzey-atama"},"modified":"2022-10-06T12:04:56","modified_gmt":"2022-10-06T12:04:56","slug":"httpswwwkadindostumarkalarorgblogvodafone-turkiyede-ust-duzey-atama","status":"publish","type":"page","link":"","title":{"rendered":"VODAFONE T\u00dcRK\u0130YE’DE \u00dcST D\u00dcZEY ATAMA"},"content":{"rendered":"\u0130nsan Kaynaklar\u0131  alan\u0131nda deneyimli isimlerden Nazl\u0131 Tlabar G\u00fcler , Vodafone T\u00fcrkiye  \u0130nsan Kaynaklar\u0131ndan Sorumlu \u0130cra Kurulu Ba\u015fkan Yard\u0131mc\u0131s\u0131 olarak atand\u0131. G\u00fcler, Vodafone T\u00fcrkiye’nin \u0130nsan Kaynaklar\u0131 alan\u0131ndaki t\u00fcm fonksiyon ve operasyonlar\u0131n\u0131n y\u00f6netimini \u00fcstlenecek. Nazl\u0131 Tlabar G\u00fcler, \u0130nsan Kaynaklar\u0131 alan\u0131nda Telekom\u00fcnikasyon, Bankac\u0131l\u0131k  ve Sigorta  sekt\u00f6rlerinde toplam 19 y\u0131l\u0131 a\u015fk\u0131n deneyime sahip. G\u00fcler, kariyerine Avea ’da ba\u015flad\u0131. Bu \u015firkette 7 y\u0131l boyunca Yetenek Y\u00f6netimi ve Geli\u015fimi ve \u0130K \u0130\u015f Ortakl\u0131\u011f\u0131 alanlar\u0131nda sorumluluk \u00fcstlendi. 2011 y\u0131l\u0131 itibar\u0131yla kariyerine HSBC ’de devam eden G\u00fcler, \u0130K \u0130\u015f Ortakl\u0131\u011f\u0131 ve Organizasyonel Geli\u015fim alanlar\u0131nda g\u00f6rev ald\u0131, \u00f6nemli transformasyon projelerini hayata ge\u00e7irdi. HSBC’deki son g\u00f6revinde \u00dccretlendirme ve Yan Haklar ve \u00c7al\u0131\u015fan \u0130li\u015fkilerinden Sorumlu Direkt\u00f6r olarak \u00e7al\u0131\u015fan G\u00fcler, 2018 y\u0131l\u0131nda Cigna Finans ve Emeklilik  \u015firketine ge\u00e7ti. Burada \u0130nsan Kaynaklar\u0131, S\u00fcre\u00e7 ve Stratejik Program Y\u00f6netiminden Sorumlu Genel M\u00fcd\u00fcr Yard\u0131mc\u0131s\u0131 olarak g\u00f6rev yapan G\u00fcler, kurumsal k\u00fclt\u00fcr\u00fcn olu\u015fturulmas\u0131, organizasyonel yap\u0131 ve modelin de\u011fi\u015fimi, pandemi d\u00f6neminde \u00e7al\u0131\u015fanlar\u0131n sa\u011fl\u0131k ve refah\u0131n\u0131n sa\u011flanmas\u0131na y\u00f6nelik en iyi uygulamalar\u0131n hayata ge\u00e7irilmesi gibi konulara liderlik etti. ","protected":false},"author":1,"featured_media":0,"parent":438,"menu_order":0,"comment_status":"open","ping_status":"closed","template":"","meta":{"_links_to":"https:\/\/www.kadindostumarkalar.org\/yazilar\/kariyer-basamaklari\/httpswwwkadindostumarkalarorgblogvodafone-turkiyede-ust-duzey-atama","_links_to_target":"https:\/\/www.kadindostumarkalar.org\/yazilar\/kariyer-basamaklari\/httpswwwkadindostumarkalarorgblogvodafone-turkiyede-ust-duzey-atama"},"_links":{"self":[{"href":"https:\/\/www.kadindostumarkalar.org\/yazilar\/kariyer-basamaklari\/httpswwwkadindostumarkalarorgblogvodafone-turkiyede-ust-duzey-atama"}],"collection":[{"href":"urlver"}],"about":[{"href":""}],"author":[{"embeddable":true,"href":"https:\/\/www.kadindostumarkalar.org\/yazilar\/kariyer-basamaklari\/httpswwwkadindostumarkalarorgblogvodafone-turkiyede-ust-duzey-atama"}],"replies":[{"embeddable":true,"href":"https:\/\/www.kadindostumarkalar.org\/yazilar\/kariyer-basamaklari\/httpswwwkadindostumarkalarorgblogvodafone-turkiyede-ust-duzey-atama"}],"version-history":[{"count":1313,"href":"https:\/\/www.kadindostumarkalar.org\/yazilar\/kariyer-basamaklari\/httpswwwkadindostumarkalarorgblogvodafone-turkiyede-ust-duzey-atama"}],"predecessor-version":[{"id":438,"href":"https:\/\/www.kadindostumarkalar.org\/yazilar\/kariyer-basamaklari\/httpswwwkadindostumarkalarorgblogvodafone-turkiyede-ust-duzey-atama"}],"up":[{"embeddable":true,"href":"https:\/\/www.kadindostumarkalar.org\/yazilar\/kariyer-basamaklari\/httpswwwkadindostumarkalarorgblogvodafone-turkiyede-ust-duzey-atama"}],"wp:attachment":[{"href":"https:\/\/www.kadindostumarkalar.org\/img\/blog\/httpswwwkadindostumarkalarorgblogkariyer-basamaklari-0-78208.jpg"}],"curies":[{"name":".Net","href":"https:\/\/api.w.org\/{rel}","templated":true}]}}