{"id":585,"date":"2023-03-27T15:20:21","date_gmt":"2023-03-27T15:20:21","guid":{"rendered":"https:\/\/www.kadindostumarkalar.org\/yazilar\/kamu\/ibb-ve-istanbul-barosundan-kadinlar-icin-is-birligi"},"modified":"2023-03-27T15:20:21","modified_gmt":"2023-03-27T15:20:21","slug":"ibb-ve-istanbul-barosundan-kadinlar-icin-is-birligi","status":"publish","type":"page","link":"","title":{"rendered":"\u0130BB VE \u0130STANBUL BAROSU’NDAN KADINLAR \u0130\u00c7\u0130N \u0130\u015e B\u0130RL\u0130\u011e\u0130"},"content":{"rendered":" \u0130BB Ba\u015fkan\u0131 Ekrem \u0130mamo\u011flu ve \u0130stanbul Barosu Ba\u015fkan\u0131 Filiz Sara\u00e7 kad\u0131n haklar\u0131, kad\u0131na d\u00f6n\u00fck \u015fiddet ve cinsiyet e\u015fitsizli\u011fi m\u00fccadelesi i\u00e7in mutabakat metni imzalayarak i\u015f birli\u011fi ba\u015flatt\u0131. &nbsp;  \u0130stanbul B\u00fcy\u00fck\u015fehir Belediyesi (\u0130BB)  adil, e\u015fit ve \u00f6zg\u00fcr bir toplum in\u015fas\u0131nda kad\u0131nlar\u0131n ekonomik, sosyal ve k\u00fclt\u00fcrel alanlar a\u00e7an ad\u0131mlar\u0131na bir yenisini daha ekledi. \u0130BB ile \u0130stanbul Barosu aras\u0131nda “Hukuki Dan\u0131\u015fmanl\u0131k Hizmeti Mutabakat Metni ” imzaland\u0131.  “Z\u0130HN\u0130YET DE\u011e\u0130\u015eMEL\u0130 HUKUK DO\u011eRU \u0130\u015eLEMEL\u0130”  \u0130mza t\u00f6reninde, kad\u0131n\u0131n toplumda hak etti\u011fi noktaya eri\u015fmesiyle toplumun da hak etti\u011fi yere gelece\u011fini belirten ve bunun yolunun da e\u015fitlikten ge\u00e7ti\u011fini ifade eden \u0130BB Ba\u015fkan\u0131 Ekrem \u0130mamo\u011flu, Cumhuriyetin 100’nc\u00fc y\u0131l\u0131nda cinsiyet e\u015fitli\u011fi konusunda halen istenilen seviyeye ula\u015f\u0131lamad\u0131\u011f\u0131n\u0131n alt\u0131n\u0131z\u0131 \u00e7izdi. T\u00fcrkiye’de kad\u0131nlar\u0131n se\u00e7me se\u00e7ilme hakk\u0131na d\u00fcnyadaki \u00e7o\u011fu kad\u0131ndan daha \u00f6nce ula\u015ft\u0131\u011f\u0131na an\u0131msatan \u0130mamo\u011flu, gelinen noktay\u0131 geriye gidi\u015f olarak niteledi. Kad\u0131na y\u00f6nelik \u015fiddete son vermenin yolunun toplu bir zihniyet de\u011fi\u015fiminden ge\u00e7ti\u011fini kaydeden \u0130mamo\u011flu, “Biz bug\u00fcn \u00e7\u00f6zece\u011fimiz kad\u0131na dair her sorun, \u00fclkemizin daha \u00e7a\u011fda\u015f, demokratik ve e\u015fitlik\u00e7i bir ya\u015fama ge\u00e7ilmesinin ad\u0131mlar\u0131 olacakt\u0131r. Kad\u0131na y\u00f6nelik \u015fiddet ve cinayet vakalar\u0131 \u00fclkemizin ac\u0131 bir ger\u00e7e\u011fi. Buna son vermenin yolu ba\u015fta zihniyetin de\u011fi\u015fimi ama sonras\u0131nda da hukukun en do\u011fru \u015fekilde i\u015fletilmesinden ge\u00e7iyor” ifadelerini kulland\u0131.&nbsp; “AMACIMIZ YERELDE TOPLUMSAL C\u0130NS\u0130YET E\u015e\u0130TL\u0130\u011e\u0130N\u0130 SA\u011eLAMAK”  \u0130stanbul Barosu ile imzalanan mutabakat\u0131n halihaz\u0131rda yap\u0131lan i\u015f birliklerinin kapsam\u0131n\u0131 daha da geni\u015fletece\u011fini belirten \u0130mamo\u011flu, “\u0130BB Kad\u0131n” \u00e7at\u0131s\u0131 alt\u0131nda kad\u0131nlar\u0131n sosyal hayata kat\u0131l\u0131mlar\u0131n\u0131 art\u0131rmaya y\u00f6nelik destekleyici \u00e7al\u0131\u015fmalar y\u00fcr\u00fctt\u00fcklerini de s\u00f6zlerine ekledi. Sa\u011fl\u0131k, sosyal hizmetler, k\u00fclt\u00fcrel etkinlikler ve istihdam gibi pek \u00e7ok ba\u015fl\u0131kta b\u00fct\u00fcnc\u00fc hizmetler sunduklar\u0131n\u0131 payla\u015fan \u0130BB Ba\u015fkan\u0131, “B\u00fct\u00fcnc\u00fcl hizmeti biz sunar ve \u00f6rnek uygulamalar\u0131 toplumla payla\u015f\u0131rsak bunun hem \u0130stanbul'da daha \u00f6nemli bir yere kavu\u015faca\u011f\u0131n\u0131 biliyoruz. Ayr\u0131ca bunun etkisiyle de t\u00fcm \u00fclkemize yay\u0131laca\u011f\u0131n\u0131 biliyoruz. Amac\u0131m\u0131z burada kad\u0131nlar\u0131n eri\u015fimini, kamusal alana kat\u0131l\u0131m\u0131n\u0131 artt\u0131rarak \u00f6zellikle siyasal, ekonomik, sosyal ve k\u00fclt\u00fcr alanlar\u0131nda g\u00fc\u00e7lenmesini sa\u011flamak, yereldeki toplumsal cinsiyet e\u015fitli\u011fi ni de d\u00fcnyan\u0131n en \u00f6zel noktalar\u0131na ta\u015f\u0131mak” dedi. “\u00dc\u00c7 MERKEZDE \u00dcCRETS\u0130Z HUKUK\u0130 DANI\u015eMANLIK”  \u0130\u015f birli\u011fini “\u0130BB Kad\u0131n vizyonumuzun \u00f6nemli bir par\u00e7as\u0131” s\u00f6zleriyle tarif eden \u0130mamo\u011flu mutabakatla ilgili detaylar\u0131, “\u0130lk etapta Esenyurt, Gaziosmanpa\u015fa ve \u00dcmraniye olmak \u00fczere 3 \u0130BB Kad\u0131n Merkezi’nde kad\u0131nlara y\u00f6nelik \u00fccretsiz hukuki dan\u0131\u015fmanl\u0131k hizmeti sunaca\u011f\u0131z. Kad\u0131n Destek Hatt\u0131 \u00fczerinden al\u0131nan ba\u015fvurular da hukuki dan\u0131\u015fmanl\u0131k sunulan merkezlerimize y\u00f6nlendirilecek. \u0130stanbul Baromuz merkez ba\u015f\u0131na bir n\u00f6bet\u00e7i avukat  ve ihtiya\u00e7 halinde y\u00f6nlendirilmek \u00fczere bir baro personeli g\u00f6revlendirecek. \u0130leride bu i\u015f birli\u011finin kapsam\u0131n\u0131 geni\u015fletmeyi planl\u0131yoruz. Kad\u0131nlar\u0131n haklar\u0131n\u0131n fark\u0131nda olmas\u0131, hukuki a\u00e7\u0131dan bilin\u00e7lenmesi toplumsal cinsiyet e\u015fitsizli\u011fiyle m\u00fccadele a\u00e7\u0131s\u0131ndan b\u00fcy\u00fck \u00f6nem ta\u015f\u0131yor” c\u00fcmleleriyle payla\u015ft\u0131.&nbsp; “\u0130STANBUL BAROSU HUKUK\u0130 DESTEK VERECEK”  \u0130mza T\u00f6reninde s\u00f6z alan \u0130stanbul Barosu Ba\u015fkan\u0131 Filiz Sara\u00e7 da mutabakat\u0131n ana temas\u0131n\u0131 “Kad\u0131nlar\u0131n yasal haklar\u0131n\u0131n \u00f6\u011frenmeleri, bilin\u00e7lendirilmeleri ve hukuki destek sunulmas\u0131” \u015feklinde \u00f6zetledi. \u0130\u015f birli\u011fiyle kad\u0131nlara yasal haklar\u0131n\u0131n anlat\u0131laca\u011f\u0131n\u0131 belirten Sara\u00e7, dava a\u00e7mak isteyen ve maddi durumu iyi olmayan kad\u0131nlara avukat atanabilmesi i\u00e7in baro adli yard\u0131m b\u00fcrosuna y\u00f6nlendirmek \u00fczere \u0130BB Kad\u0131n merkezlerinde hukuki destek verece\u011fini dile getirdi. Konu\u015fmalar\u0131n ard\u0131ndan “Umar\u0131m bu tarz ihtiya\u00e7lar\u0131n olmad\u0131\u011f\u0131 seviyeye geliriz” dile\u011fiyle metni imzalayan \u0130BB Ba\u015fkan\u0131 Ekrem \u0130mamo\u011flu ve \u0130stanbul Barosu Ba\u015fkan\u0131 Filiz Sara\u00e7 kad\u0131na d\u00f6n\u00fck \u015fiddetle m\u00fccadelede  i\u015f birli\u011fini ba\u015flatt\u0131.  ","protected":false},"author":1,"featured_media":0,"parent":585,"menu_order":0,"comment_status":"open","ping_status":"closed","template":"","meta":{"_links_to":"https:\/\/www.kadindostumarkalar.org\/yazilar\/kamu\/ibb-ve-istanbul-barosundan-kadinlar-icin-is-birligi","_links_to_target":"https:\/\/www.kadindostumarkalar.org\/yazilar\/kamu\/ibb-ve-istanbul-barosundan-kadinlar-icin-is-birligi"},"_links":{"self":[{"href":"https:\/\/www.kadindostumarkalar.org\/yazilar\/kamu\/ibb-ve-istanbul-barosundan-kadinlar-icin-is-birligi"}],"collection":[{"href":"urlver"}],"about":[{"href":""}],"author":[{"embeddable":true,"href":"https:\/\/www.kadindostumarkalar.org\/yazilar\/kamu\/ibb-ve-istanbul-barosundan-kadinlar-icin-is-birligi"}],"replies":[{"embeddable":true,"href":"https:\/\/www.kadindostumarkalar.org\/yazilar\/kamu\/ibb-ve-istanbul-barosundan-kadinlar-icin-is-birligi"}],"version-history":[{"count":1227,"href":"https:\/\/www.kadindostumarkalar.org\/yazilar\/kamu\/ibb-ve-istanbul-barosundan-kadinlar-icin-is-birligi"}],"predecessor-version":[{"id":585,"href":"https:\/\/www.kadindostumarkalar.org\/yazilar\/kamu\/ibb-ve-istanbul-barosundan-kadinlar-icin-is-birligi"}],"up":[{"embeddable":true,"href":"https:\/\/www.kadindostumarkalar.org\/yazilar\/kamu\/ibb-ve-istanbul-barosundan-kadinlar-icin-is-birligi"}],"wp:attachment":[{"href":"https:\/\/www.kadindostumarkalar.org\/img\/blog\/ibb-ve-istanbul-barosundan-kadinlar-icin-is-birligi-0-26491.jpg"}],"curies":[{"name":".Net","href":"https:\/\/api.w.org\/{rel}","templated":true}]}}