{"id":637,"date":"2023-11-28T15:48:52","date_gmt":"2023-11-28T15:48:52","guid":{"rendered":"https:\/\/www.kadindostumarkalar.org\/yazilar\/kamu\/ibbnin-mor-otobusu-yola-cikiyor"},"modified":"2023-11-28T15:49:30","modified_gmt":"2023-11-28T15:49:30","slug":"ibbnin-mor-otobusu-yola-cikiyor","status":"publish","type":"page","link":"","title":{"rendered":"\u0130BB’N\u0130N “MOR OTOB\u00dcS”\u00dc YOLA \u00c7IKIYOR"},"content":{"rendered":"\u0130stanbul B\u00fcy\u00fck\u015fehir Belediyesi (\u0130BB), e\u015fitlik konusunda att\u0131\u011f\u0131 say\u0131s\u0131z fark\u0131ndal\u0131k ad\u0131m\u0131na bir yenisini daha ekledi. Yeni fark\u0131ndal\u0131k ad\u0131m\u0131 ‘Kad\u0131na Y\u00f6nelik \u015eiddetle M\u00fccadele’ konusunda atan \u0130BB, kad\u0131nlara, ba\u015fta hukuk olmak \u00fczere pek \u00e7ok konuda dan\u0131\u015fmanl\u0131k hizmetinin sa\u011flanaca\u011f\u0131 Mor Otob\u00fcs ile yola \u00e7\u0131k\u0131yor. Otob\u00fcs,&nbsp;her hafta 5 il\u00e7e 85 mahalleyi dola\u015farak t\u00fcm \u0130stanbul’a hizmet verecek. &nbsp;  \u0130stanbul B\u00fcy\u00fck\u015fehir Belediyesi (\u0130BB), “25 Kas\u0131m Kad\u0131na Y\u00f6nelik \u015eiddete Kar\u015f\u0131 M\u00fccadele ve Uluslararas\u0131  Dayan\u0131\u015fma G\u00fcn\u00fc ”nde, Gezici Kad\u0131n Dan\u0131\u015fma Noktalar\u0131  projesini hayata ge\u00e7iriyor. Mobil dan\u0131\u015fma merkezi olarak hizmet verecek Mor Otob\u00fcs &nbsp; yola \u00e7\u0131k\u0131yor.&nbsp; Kad\u0131na y\u00f6nelik \u015fiddetle m\u00fccadele ba\u015fta olmak \u00fczere; psikolojik dan\u0131\u015fmanl\u0131k, sa\u011fl\u0131k beslenme ve kariyer dan\u0131\u015fmanl\u0131\u011f\u0131 gibi konularda bilgilendirmeler yap\u0131lacak. &nbsp;Her hafta 5 il\u00e7e 85 mahalleyi dola\u015facak Mor Otob\u00fcste; psikolog, sosyal hizmet uzman\u0131, diyetisyen ve sa\u011fl\u0131k e\u011fitimcisi bulunacak.&nbsp; HERKES \u0130\u00c7\u0130N ER\u0130\u015e\u0130LEB\u0130L\u0130R H\u0130ZMET Mor Otob\u00fcs, \u0130BB Kad\u0131n Dan\u0131\u015fma  Merkezleri ne gelemeyen kad\u0131nlar\u0131n da hizmetten faydalanmas\u0131n\u0131 ama\u00e7lan\u0131yor. Otob\u00fcste dan\u0131\u015fmanl\u0131k hizmetlerinin haricide, kad\u0131nlar mahallelerine dair ya\u015fad\u0131klar\u0131 sorunlar\u0131 payla\u015fabilecek, ilgili birimlerle temasa ge\u00e7mesi sa\u011flanacak.  4 D\u0130LDE KADIN DESTEK HATTI \u0130BB, 2019’dan bu yana kad\u0131na y\u00f6nelik \u015fiddetle m\u00fccadele ve toplumsal cinsiyet e\u015fitli\u011fi konular\u0131ndaki projelerine devam ediyor. O g\u00fcnden bu yana&nbsp;\u0130stanbul’u herkes i\u00e7in e\u015fit ve adil bir kent hâline getirme yolunda pek \u00e7ok ad\u0131m at\u0131ld\u0131. \u015eiddete maruz&nbsp;b\u0131rak\u0131lan kad\u0131nlar\u0131n hukuki, psikolojik ve sosyo-ekonomik destek alabilece\u011fi, 7 g\u00fcn 24 saat T\u00fcrk\u00e7e, K\u00fcrt\u00e7e,&nbsp;\u0130ngilizce ve Arap\u00e7a olmak \u00fczere d\u00f6rt ayr\u0131 dilde ula\u015fabilece\u011fi Kad\u0131n Destek Hatt\u0131 kuruldu. &nbsp;Kad\u0131n Destek Hatt\u0131na &nbsp;444 80 86 numaral\u0131 hattan ve ALO 153’ten ula\u015fmak m\u00fcmk\u00fcn. Kad\u0131nlara y\u00fcz y\u00fcze destek sunan Kad\u0131n Dan\u0131\u015fma Birimleri  de hayata ge\u00e7irildi. \u015eiddete maruz b\u0131rak\u0131lan kad\u0131nlar\u0131n \u00e7ocuklar\u0131yla birlikte kalabilece\u011fi Kad\u0131n Dayan\u0131\u015fma Evi de hizmet veriyor. Di\u011fer yandan, kad\u0131nlar\u0131n bak\u0131m y\u00fck\u00fcn\u00fc hafifletecek Yuvam\u0131z \u0130stanbul  kre\u015flerinin say\u0131s\u0131 da her ge\u00e7en g\u00fcn art\u0131yor.  ","protected":false},"author":1,"featured_media":0,"parent":637,"menu_order":0,"comment_status":"open","ping_status":"closed","template":"","meta":{"_links_to":"https:\/\/www.kadindostumarkalar.org\/yazilar\/kamu\/ibbnin-mor-otobusu-yola-cikiyor","_links_to_target":"https:\/\/www.kadindostumarkalar.org\/yazilar\/kamu\/ibbnin-mor-otobusu-yola-cikiyor"},"_links":{"self":[{"href":"https:\/\/www.kadindostumarkalar.org\/yazilar\/kamu\/ibbnin-mor-otobusu-yola-cikiyor"}],"collection":[{"href":"urlver"}],"about":[{"href":""}],"author":[{"embeddable":true,"href":"https:\/\/www.kadindostumarkalar.org\/yazilar\/kamu\/ibbnin-mor-otobusu-yola-cikiyor"}],"replies":[{"embeddable":true,"href":"https:\/\/www.kadindostumarkalar.org\/yazilar\/kamu\/ibbnin-mor-otobusu-yola-cikiyor"}],"version-history":[{"count":1372,"href":"https:\/\/www.kadindostumarkalar.org\/yazilar\/kamu\/ibbnin-mor-otobusu-yola-cikiyor"}],"predecessor-version":[{"id":637,"href":"https:\/\/www.kadindostumarkalar.org\/yazilar\/kamu\/ibbnin-mor-otobusu-yola-cikiyor"}],"up":[{"embeddable":true,"href":"https:\/\/www.kadindostumarkalar.org\/yazilar\/kamu\/ibbnin-mor-otobusu-yola-cikiyor"}],"wp:attachment":[{"href":"https:\/\/www.kadindostumarkalar.org\/img\/blog\/ibbnin-mor-otobusu-yola-cikiyor-0-10110.jpg"}],"curies":[{"name":".Net","href":"https:\/\/api.w.org\/{rel}","templated":true}]}}