{"id":474,"date":"2022-10-09T15:29:24","date_gmt":"2022-10-09T15:29:24","guid":{"rendered":"https:\/\/www.kadindostumarkalar.org\/yazilar\/stk\/icf-turkiyeden-yeni-bir-proje-ureten-eller"},"modified":"2022-10-09T15:30:28","modified_gmt":"2022-10-09T15:30:28","slug":"icf-turkiyeden-yeni-bir-proje-ureten-eller","status":"publish","type":"page","link":"","title":{"rendered":"ICF T\u00dcRK\u0130YE’DEN YEN\u0130 B\u0130R PROJE: “\u00dcRETEN ELLER”"},"content":{"rendered":"ICF T\u00fcrkiye, giri\u015fimci kad\u0131nlara y\u00f6nelik yeni bir sosyal sorumluluk projesi hayata ge\u00e7iriyor. Bu kez, d\u00fcnyan\u0131n 105 \u00fclkesinde, \u00fclkemizde ise 15 \u015fehirde \u00f6rg\u00fctl\u00fc JCI-Junior Chamber International (Gen\u00e7 Liderler ve Giri\u015fimciler Derne\u011fi) ile i\u015f birli\u011fine gidiyor.  Bu y\u0131l\u0131n Aral\u0131k ay\u0131nda tamamlanmas\u0131 planlanan ve farkl\u0131 kesimlerden giri\u015fimci kad\u0131nlar\u0131n desteklenece\u011fi projede, ICF T\u00fcrkiye \u00fcyesi profesyonel ko\u00e7lar, JCI \u00fcyesi 40’dan fazla giri\u015fimci kad\u0131na 3’er seans g\u00f6n\u00fcll\u00fc bireysel ko\u00e7luk hizmeti verecek. \u00dcreten Eller projesiyle, giri\u015fimci kad\u0131nlar\u0131n yarat\u0131c\u0131l\u0131klar\u0131n\u0131 art\u0131rmalar\u0131na ve kararlar\u0131n\u0131 daha cesaretle vermelerine destek olunarak \u00fcretim ve istihdamda daha etkin hale getirilmeleri hedefleniyor. Her projede alan\u0131n\u0131n etkili STK’lar\u0131yla i\u015fbirli\u011fine giden ICF T\u00fcrkiye , bu kez de “\u00dcreten Eller”  isimli projede, kad\u0131nlar\u0131n \u00fcretim ve istihdam s\u00fcre\u00e7lerine kat\u0131l\u0131mlar\u0131n\u0131n desteklenmesi amac\u0131yla d\u00fcnyan\u0131n 105  \u00fclkesinde ve \u00fclkemizde 15  \u015fehirde \u00f6rg\u00fctl\u00fc JCI-Junior Chamber International  ile i\u015f birli\u011fine gidiyor. ICF T\u00fcrkiye taraf\u0131ndan yap\u0131lan a\u00e7\u0131klamada, \u00dcreten Eller  projesinde, JCI  \u00fcyesi kad\u0131n giri\u015fimciler ve giri\u015fimci adaylar\u0131na, ICF T\u00fcrkiye \u00fcyesi profesyonel ko\u00e7lar taraf\u0131ndan tamamen g\u00f6n\u00fcll\u00fck esas\u0131na dayal\u0131 \u00fccretsiz profesyonel ko\u00e7luk deste\u011fi verilece\u011fi belirtildi. ","protected":false},"author":1,"featured_media":0,"parent":474,"menu_order":0,"comment_status":"open","ping_status":"closed","template":"","meta":{"_links_to":"https:\/\/www.kadindostumarkalar.org\/yazilar\/stk\/icf-turkiyeden-yeni-bir-proje-ureten-eller","_links_to_target":"https:\/\/www.kadindostumarkalar.org\/yazilar\/stk\/icf-turkiyeden-yeni-bir-proje-ureten-eller"},"_links":{"self":[{"href":"https:\/\/www.kadindostumarkalar.org\/yazilar\/stk\/icf-turkiyeden-yeni-bir-proje-ureten-eller"}],"collection":[{"href":"urlver"}],"about":[{"href":""}],"author":[{"embeddable":true,"href":"https:\/\/www.kadindostumarkalar.org\/yazilar\/stk\/icf-turkiyeden-yeni-bir-proje-ureten-eller"}],"replies":[{"embeddable":true,"href":"https:\/\/www.kadindostumarkalar.org\/yazilar\/stk\/icf-turkiyeden-yeni-bir-proje-ureten-eller"}],"version-history":[{"count":1065,"href":"https:\/\/www.kadindostumarkalar.org\/yazilar\/stk\/icf-turkiyeden-yeni-bir-proje-ureten-eller"}],"predecessor-version":[{"id":474,"href":"https:\/\/www.kadindostumarkalar.org\/yazilar\/stk\/icf-turkiyeden-yeni-bir-proje-ureten-eller"}],"up":[{"embeddable":true,"href":"https:\/\/www.kadindostumarkalar.org\/yazilar\/stk\/icf-turkiyeden-yeni-bir-proje-ureten-eller"}],"wp:attachment":[{"href":"https:\/\/www.kadindostumarkalar.org\/img\/blog\/icf-turkiyeden-yeni-bir-proje-ureten-eller-0-81769.jpg"}],"curies":[{"name":".Net","href":"https:\/\/api.w.org\/{rel}","templated":true}]}}