{"id":685,"date":"2024-04-06T20:24:40","date_gmt":"2024-04-06T20:24:40","guid":{"rendered":"https:\/\/www.kadindostumarkalar.org\/yazilar\/haberler\/iksv-ve-mercedes-benz-turk-deprem-bolgesindeki-sanatcilarin-yaninda"},"modified":"2024-04-06T20:27:07","modified_gmt":"2024-04-06T20:27:07","slug":"iksv-ve-mercedes-benz-turk-deprem-bolgesindeki-sanatcilarin-yaninda","status":"publish","type":"page","link":"","title":{"rendered":"\u0130KSV ve Mercedes-Benz T\u00fcrk, deprem b\u00f6lgesindeki sanat\u00e7\u0131lar\u0131n yan\u0131nda"},"content":{"rendered":"Deprem b\u00f6lgesindeki gen\u00e7 sanat\u00e7\u0131lara odaklanan Mercedes-Benz T\u00fcrk, \u0130stanbul K\u00fclt\u00fcr Sanat Vakf\u0131 (\u0130KSV) i\u015fbirli\u011fiyle ba\u015flat\u0131lan SaDe (Sanat\u00e7\u0131 Destek Fonu) kapsam\u0131nda g\u00f6rsel sanatlar alan\u0131nda be\u015f sanat\u00e7\u0131ya eser \u00fcretiminde destek verecek.   Kahramanmara\u015f merkezli depremlerden etkilenen 30 ya\u015f\u0131n\u0131 a\u015fmam\u0131\u015f sanat\u00e7\u0131lara Sanat\u00e7\u0131 Destek Fonu’ndan (SaDe) destek gelecek. Resim, heykel, seramik, foto\u011fraf, cam, ill\u00fcstrasyon, \u00e7izim veya bask\u0131 teknikleri gibi g\u00f6rsel sanatlar alan\u0131nda sunulacak destekler kapsam\u0131nda adaylara 5 bin avro katk\u0131 sa\u011flanacak ve ayr\u0131ca ment\u00f6rlerle \u00e7al\u0131\u015fma imkan\u0131 sunulacak. Sanat\u00e7\u0131lar projelerini hayata ge\u00e7irirken destek almak isteyecekleri k\u00fclt\u00fcr sanat profesyonelleri ile kurumlarla da bir araya getirilecek. Mercedes-Benz T\u00fcrk’\u00fcn sanata verdi\u011fi destekler, \u0130KSV’nin y\u00fcr\u00fct\u00fcc\u00fcl\u00fc\u011f\u00fcnde olu\u015fturulan SaDe ile deprem b\u00f6lgesine uzan\u0131yor. Deprem b\u00f6lgesinde 30 ya\u015f\u0131n\u0131 a\u015fmam\u0131\u015f sanat\u00e7\u0131lara \u00e7a\u011fr\u0131da bulunan SaDe, tasar\u0131m a\u015famas\u0131ndaki sanat projelerinden se\u00e7ilecek be\u015f \u00f6zg\u00fcn \u00e7al\u0131\u015fmay\u0131 \u00f6d\u00fcllendirecek. Projeye kat\u0131lmak isteyen sanat\u00e7\u0131lar 10 May\u0131s 2024 saat 17.00’ye kadar SaDe program\u0131na ba\u015fvurabilecek. De\u011ferlendirme s\u00fcrecini, sanat\u00e7\u0131 ve akademisyen \u015eive Ne\u015fe Baydar, sanat\u00e7\u0131 Bur\u00e7ak Bing\u00f6l, sanat\u00e7\u0131 Sinem Di\u015fli, sanat alan\u0131 y\u00f6neticisi ve sanat\u00e7\u0131 Erkan \u00d6zgen ile sanat\u00e7\u0131 ve akademisyen Evrim Kavcar y\u00f6netecek. “K\u00fclt\u00fcr sanatla daima ileri” Mercedes-Benz T\u00fcrk \u0130cra Kurulu Ba\u015fkan\u0131 S\u00fcer S\u00fcl\u00fcn, SaDe’nin yeni d\u00f6nemi ile ilgili de\u011ferlendirmelerde bulunarak, “Mercedes-Benz T\u00fcrk olarak, t\u00fcm faaliyetlerimizi \u00fclkemize ve toplumumuza de\u011fer katma bilinciyle s\u00fcrd\u00fcr\u00fcyoruz. Bu kapsamda e\u011fitim, spor, k\u00fclt\u00fcr-sanat ve \u00e7evre odakl\u0131 bir\u00e7ok kurumsal sosyal fayda program\u0131n\u0131 ve sponsorluklar\u0131 hayata ge\u00e7iriyoruz. K\u00fclt\u00fcr ve sanat alan\u0131n\u0131 da toplumlar\u0131n geli\u015fimindeki \u00f6nc\u00fc rol\u00fc bak\u0131m\u0131ndan \u00e7ok \u00f6nemsiyoruz. ‘K\u00fclt\u00fcr sanatla daim a ileri’ mottomuzun rehberli\u011finde, 40 y\u0131la yak\u0131n bir s\u00fcredir \u00fclkemizde k\u00fclt\u00fcr-sanat alan\u0131nda farkl\u0131 desteklerimize devam ediyoruz. Bu y\u0131l da SaDe ile deprem b\u00f6lgesinden sanat\u00e7\u0131lar\u0131m\u0131za \u00f6zel bir destek sunmay\u0131 hedefliyoruz. Amac\u0131m\u0131z; depremden etkilenen sanat\u00e7\u0131lar\u0131m\u0131z\u0131n sanatsal \u00fcretimlerine ve topluma ilham vermeye devam etmelerine katk\u0131 sa\u011flamak. Bu a\u00e7\u0131dan bu y\u0131lki SaDe program\u0131n\u0131n bizim i\u00e7in ayr\u0131 bir anlam\u0131 var. Mercedes-Benz T\u00fcrk olarak, toplumlar\u0131n hayal g\u00fcc\u00fcn\u00fc besleyen, yarat\u0131c\u0131l\u0131klar\u0131n\u0131 te\u015fvik eden ve entelekt\u00fcel geli\u015fimine katk\u0131da bulunan k\u00fclt\u00fcr ve sanat\u0131 desteklemeye devam edece\u011fiz” dedi. SaDe’nin bu \u00f6nemli projesinin \u00f6nemine dikkat \u00e7eken \u0130KSV Genel M\u00fcd\u00fcr\u00fc G\u00f6rg\u00fcn Taner de a\u00e7\u0131klamas\u0131nda \u015funlara de\u011findi: “\u0130KSV olarak sanat\u0131n pek \u00e7ok alan\u0131ndaki sanat\u00e7\u0131lar\u0131 ve yeni \u00fcretimleri desteklemek \u00fczere projeler hayata ge\u00e7irmeye devam ediyoruz. Uzun y\u0131llard\u0131r farkl\u0131 projelerde yan\u0131m\u0131zda olan Mercedes-Benz T\u00fcrk ile birlikte ba\u015flatt\u0131\u011f\u0131m\u0131z SaDe program\u0131nda bu y\u0131l depremden etkilenen illerdeki gen\u00e7 sanat\u00e7\u0131lar\u0131n \u00fcretimlerine katk\u0131da bulunmay\u0131 ama\u00e7l\u0131yoruz.&nbsp;SaDe ile g\u00fcncel sanat alan\u0131nda \u00fcretimlerine devam eden sanat\u00e7\u0131lar\u0131 desteklemenin yan\u0131 s\u0131ra onlar\u0131 sanat profesyonelleri ile bulu\u015fturarak geli\u015fimlerine yard\u0131mc\u0131 oluyor, ihtiya\u00e7 duyduklar\u0131 her alanda tecr\u00fcbelerimizle katk\u0131 sa\u011fl\u0131yoruz.” Ba\u015fvuru i\u00e7in gerekenler \u00c7evrimi\u00e7i ba\u015fvuru formu: https:\/\/forms.gle\/S59NtixZFJaZNUQ19  \u00d6zge\u00e7mi\u015f Niyet mektubu (En fazla 500 kelimeden olu\u015fmal\u0131) Portfolyo Proje tasla\u011f\u0131  Ba\u015fvuru s\u0131ras\u0131nda payla\u015f\u0131lacak (portfolyo dahil) t\u00fcm dosyalar en fazla 10 MB b\u00fcy\u00fckl\u00fc\u011f\u00fcnde ve PDF format\u0131nda olmal\u0131d\u0131r. Portfolyoya g\u00f6rsel, video, makale, internet sitesi i\u00e7eren en fazla 10 URL eklenebilir. Sadece PDF formatlar\u0131ndaki portfolyolar kabul edilir. Ba\u015fvurular, 10 May\u0131s Cuma 2024, saat 17.00’ye kadar yaln\u0131zca \u00e7evrimi\u00e7i ba\u015fvuru formu \u00fczerinden kabul edilmektedir. ","protected":false},"author":1,"featured_media":0,"parent":685,"menu_order":0,"comment_status":"open","ping_status":"closed","template":"","meta":{"_links_to":"https:\/\/www.kadindostumarkalar.org\/yazilar\/haberler\/iksv-ve-mercedes-benz-turk-deprem-bolgesindeki-sanatcilarin-yaninda","_links_to_target":"https:\/\/www.kadindostumarkalar.org\/yazilar\/haberler\/iksv-ve-mercedes-benz-turk-deprem-bolgesindeki-sanatcilarin-yaninda"},"_links":{"self":[{"href":"https:\/\/www.kadindostumarkalar.org\/yazilar\/haberler\/iksv-ve-mercedes-benz-turk-deprem-bolgesindeki-sanatcilarin-yaninda"}],"collection":[{"href":"urlver"}],"about":[{"href":""}],"author":[{"embeddable":true,"href":"https:\/\/www.kadindostumarkalar.org\/yazilar\/haberler\/iksv-ve-mercedes-benz-turk-deprem-bolgesindeki-sanatcilarin-yaninda"}],"replies":[{"embeddable":true,"href":"https:\/\/www.kadindostumarkalar.org\/yazilar\/haberler\/iksv-ve-mercedes-benz-turk-deprem-bolgesindeki-sanatcilarin-yaninda"}],"version-history":[{"count":948,"href":"https:\/\/www.kadindostumarkalar.org\/yazilar\/haberler\/iksv-ve-mercedes-benz-turk-deprem-bolgesindeki-sanatcilarin-yaninda"}],"predecessor-version":[{"id":685,"href":"https:\/\/www.kadindostumarkalar.org\/yazilar\/haberler\/iksv-ve-mercedes-benz-turk-deprem-bolgesindeki-sanatcilarin-yaninda"}],"up":[{"embeddable":true,"href":"https:\/\/www.kadindostumarkalar.org\/yazilar\/haberler\/iksv-ve-mercedes-benz-turk-deprem-bolgesindeki-sanatcilarin-yaninda"}],"wp:attachment":[{"href":"https:\/\/www.kadindostumarkalar.org\/img\/blog\/iksv-ve-mercedes-benz-turk-deprem-bolgesindeki-sanatcilarin-yaninda-0-96258.jpg"}],"curies":[{"name":".Net","href":"https:\/\/api.w.org\/{rel}","templated":true}]}}