{"id":437,"date":"2022-10-06T11:31:01","date_gmt":"2022-10-06T11:31:01","guid":{"rendered":"https:\/\/www.kadindostumarkalar.org\/yazilar\/kariyer-basamaklari\/ing-turkiyede-iki-ust-duzey-atama"},"modified":"2022-10-06T11:41:27","modified_gmt":"2022-10-06T11:41:27","slug":"ing-turkiyede-iki-ust-duzey-atama","status":"publish","type":"page","link":"","title":{"rendered":"ING T\u00dcRK\u0130YE’DE \u0130K\u0130 \u00dcST D\u00dcZEY ATAMA"},"content":{"rendered":"ING T\u00fcrkiye  b\u00fcnyesinde Uyum Risk Y\u00f6netimi Direkt\u00f6r\u00fc  olarak g\u00f6rev yapan \u00d6zge G\u00fcrsoy , Uyum Risk Y\u00f6netimi Genel M\u00fcd\u00fcr Yard\u0131mc\u0131s\u0131  olarak atand\u0131. G\u00fcrsoy yeni g\u00f6revinde, Uyum Risk Y\u00f6netimi alan\u0131nda kurumun \u00e7evikli\u011fini art\u0131r\u0131lmas\u0131na ve daha etkin bir risk y\u00f6netimi yap\u0131s\u0131n\u0131n hayata ge\u00e7irilmesine liderlik edecek. ING T\u00fcrkiye Kurumsal M\u00fc\u015fteriler Direkt\u00f6r\u00fc  olarak g\u00f6rev yapan \u0130pek Erhan  ise, Kurumsal M\u00fc\u015fteriler Genel M\u00fcd\u00fcr Yard\u0131mc\u0131s\u0131  olarak atand\u0131. Erhan, yeni g\u00f6revinde hem merkezi T\u00fcrkiye’de olan hem de ana hissedar\u0131 yurt d\u0131\u015f\u0131nda olup T\u00fcrkiye’de faaliyet g\u00f6steren kurumsal firmalarla ili\u015fkileri y\u00fcr\u00fcten ekiplere liderlik edecek. Bo\u011fazi\u00e7i \u00dcniversitesi Uluslararas\u0131 \u0130li\u015fkiler b\u00f6l\u00fcm\u00fcnden 2000 y\u0131l\u0131nda mezun olan \u00d6zge G\u00fcrsoy, 2011 y\u0131l\u0131nda Bilgi \u00dcniversitesi Bankac\u0131l\u0131k, Kurumsal Finans ve Menkul K\u0131ymetler Hukuku B\u00f6l\u00fcm\u00fc’nde y\u00fcksek lisans\u0131n\u0131 tamamlad\u0131. 21 y\u0131ll\u0131k bankac\u0131l\u0131k tecr\u00fcbesi ard\u0131ndan 2017 y\u0131l\u0131nda Uyum Risk Y\u00f6netiminden sorumlu olarak ING T\u00fcrkiye b\u00fcnyesine kat\u0131ld\u0131. ING T\u00fcrkiye kariyerinde farkl\u0131 sorumluluklar \u00fcstlenen G\u00fcrsoy, son olarak ING T\u00fcrkiye Uyum Risk Y\u00f6netimi Direkt\u00f6r\u00fc olarak g\u00f6rev yap\u0131yordu. Bo\u011fazi\u00e7i \u00dcniversitesi \u0130\u015fletme b\u00f6l\u00fcm\u00fcnden mezun olan \u0130pek Erhan ise 13 y\u0131l\u0131 a\u015fk\u0131n bir s\u00fcre T\u00fcrkiye ve \u0130ngiltere’de \u00e7e\u015fitli uluslararas\u0131 finansal kurulu\u015flarda \u00e7al\u0131\u015ft\u0131. ING T\u00fcrkiye’ye 2013 y\u0131l\u0131nda Kurumsal Bankac\u0131l\u0131k, Yap\u0131land\u0131r\u0131lm\u0131\u015f Finansman Grup M\u00fcd\u00fcr\u00fc olarak kat\u0131lan Erhan, ING T\u00fcrkiye’nin proje finansman\u0131 alan\u0131nda b\u00fcy\u00fcmesinde, ING global sekt\u00f6r ve \u00fcr\u00fcn tecr\u00fcbelerinin T\u00fcrkiye’ye aktar\u0131lmas\u0131nda \u00f6nemli katk\u0131lar sa\u011flad\u0131. Erhan, en son Kurumsal M\u00fc\u015fteriler Direkt\u00f6r\u00fc olarak g\u00f6rev yap\u0131yordu. ","protected":false},"author":1,"featured_media":0,"parent":437,"menu_order":0,"comment_status":"open","ping_status":"closed","template":"","meta":{"_links_to":"https:\/\/www.kadindostumarkalar.org\/yazilar\/kariyer-basamaklari\/ing-turkiyede-iki-ust-duzey-atama","_links_to_target":"https:\/\/www.kadindostumarkalar.org\/yazilar\/kariyer-basamaklari\/ing-turkiyede-iki-ust-duzey-atama"},"_links":{"self":[{"href":"https:\/\/www.kadindostumarkalar.org\/yazilar\/kariyer-basamaklari\/ing-turkiyede-iki-ust-duzey-atama"}],"collection":[{"href":"urlver"}],"about":[{"href":""}],"author":[{"embeddable":true,"href":"https:\/\/www.kadindostumarkalar.org\/yazilar\/kariyer-basamaklari\/ing-turkiyede-iki-ust-duzey-atama"}],"replies":[{"embeddable":true,"href":"https:\/\/www.kadindostumarkalar.org\/yazilar\/kariyer-basamaklari\/ing-turkiyede-iki-ust-duzey-atama"}],"version-history":[{"count":897,"href":"https:\/\/www.kadindostumarkalar.org\/yazilar\/kariyer-basamaklari\/ing-turkiyede-iki-ust-duzey-atama"}],"predecessor-version":[{"id":437,"href":"https:\/\/www.kadindostumarkalar.org\/yazilar\/kariyer-basamaklari\/ing-turkiyede-iki-ust-duzey-atama"}],"up":[{"embeddable":true,"href":"https:\/\/www.kadindostumarkalar.org\/yazilar\/kariyer-basamaklari\/ing-turkiyede-iki-ust-duzey-atama"}],"wp:attachment":[{"href":"https:\/\/www.kadindostumarkalar.org\/img\/blog\/httpswwwkadindostumarkalarorgblogkariyer-basamaklari-0-55554.jpg"}],"curies":[{"name":".Net","href":"https:\/\/api.w.org\/{rel}","templated":true}]}}