{"id":566,"date":"2023-01-30T15:22:03","date_gmt":"2023-01-30T15:22:03","guid":{"rendered":"https:\/\/www.kadindostumarkalar.org\/yazilar\/kariyer-basamaklari\/irem-onal"},"modified":"2023-01-30T15:23:05","modified_gmt":"2023-01-30T15:23:05","slug":"irem-onal","status":"publish","type":"page","link":"","title":{"rendered":"\u0130REM \u00d6NAL"},"content":{"rendered":"Adidas T\u00fcrkiye \u0130nsan Kaynaklar\u0131 Direkt\u00f6r\u00fc olarak g\u00f6rev alacak isim belli oldu.  Reckitt Health &amp; Hygiene, Danone  ve PepsiCo ’daki 15 y\u0131l\u0131 a\u015fk\u0131n profesyonel deneyiminin ard\u0131ndan \u0130rem \u00d6nal  Ocak 2023 tarihi itibariyle adidas T\u00fcrkiye \u0130nsan Kaynaklar\u0131 Direkt\u00f6r\u00fc olarak atand\u0131. \u0130\u015fletme M\u00fchendisli\u011fi  lisans ve End\u00fcstriyel ve \u00d6rg\u00fctsel Psikoloji  alan\u0131nda y\u00fcksek lisans derecesine sahip olan \u0130rem \u00d6nal, kariyeri boyunca, Organizasyonel Geli\u015fim ve Yetenek  projeleri de dahil olmak \u00fczere bir\u00e7ok \u0130K d\u00f6n\u00fc\u015f\u00fcm  projesine liderlik etti. \u00c7e\u015fitlilik ve Dahil Etme ajandas\u0131na paralel olarak kad\u0131n istihdam\u0131n\u0131n artmas\u0131, \u015firketler i\u00e7erisinde daha dahil edici bir dil kullan\u0131lmas\u0131 anlam\u0131nda aktif \u00e7al\u0131\u015fmalarda bulundu. \u00d6nal, b\u00f6lgenin insan kaynaklar\u0131 strateji ve sorumlulu\u011funu \u00fcstlenmenin yan\u0131 s\u0131ra yerel y\u00f6netim ekibinin bir \u00fcyesi olarak global ekipler  ile yak\u0131n \u00e7al\u0131\u015facak, adidas ’\u0131n insana y\u00f6nelik ajandas\u0131n\u0131 kuvvetlendirerek pazar i\u015f plan\u0131 ve hedeflerinin ger\u00e7ekle\u015ftirilmesine ekibiyle beraber katk\u0131da bulunacak.&nbsp;  Adidas’\u0131n spor  ile hayat\u0131 de\u011fi\u015ftirme  g\u00fcc\u00fcne ve amac\u0131na paralel olarak sporu hayat\u0131n\u0131n oda\u011f\u0131na koyan \u0130rem \u00d6nal ayn\u0131 zamanda aktif bir tenis oyuncusu . ","protected":false},"author":1,"featured_media":0,"parent":566,"menu_order":0,"comment_status":"open","ping_status":"closed","template":"","meta":{"_links_to":"https:\/\/www.kadindostumarkalar.org\/yazilar\/kariyer-basamaklari\/irem-onal","_links_to_target":"https:\/\/www.kadindostumarkalar.org\/yazilar\/kariyer-basamaklari\/irem-onal"},"_links":{"self":[{"href":"https:\/\/www.kadindostumarkalar.org\/yazilar\/kariyer-basamaklari\/irem-onal"}],"collection":[{"href":"urlver"}],"about":[{"href":""}],"author":[{"embeddable":true,"href":"https:\/\/www.kadindostumarkalar.org\/yazilar\/kariyer-basamaklari\/irem-onal"}],"replies":[{"embeddable":true,"href":"https:\/\/www.kadindostumarkalar.org\/yazilar\/kariyer-basamaklari\/irem-onal"}],"version-history":[{"count":1442,"href":"https:\/\/www.kadindostumarkalar.org\/yazilar\/kariyer-basamaklari\/irem-onal"}],"predecessor-version":[{"id":566,"href":"https:\/\/www.kadindostumarkalar.org\/yazilar\/kariyer-basamaklari\/irem-onal"}],"up":[{"embeddable":true,"href":"https:\/\/www.kadindostumarkalar.org\/yazilar\/kariyer-basamaklari\/irem-onal"}],"wp:attachment":[{"href":"https:\/\/www.kadindostumarkalar.org\/img\/blog\/irem-onal-0-98233.jpg"}],"curies":[{"name":".Net","href":"https:\/\/api.w.org\/{rel}","templated":true}]}}