{"id":923,"date":"2024-12-25T00:00:38","date_gmt":"2024-12-25T00:00:38","guid":{"rendered":"https:\/\/www.kadindostumarkalar.org\/yazilar\/kariyer-basamaklari\/isilay-ilgin-ceylanli-janssen-turgan-bolgesi-yonetim-kurulu-uyesi-oldu"},"modified":"2024-12-25T00:00:38","modified_gmt":"2024-12-25T00:00:38","slug":"isilay-ilgin-ceylanli-janssen-turgan-bolgesi-yonetim-kurulu-uyesi-oldu","status":"publish","type":"page","link":"","title":{"rendered":"I\u015f\u0131lay \u0130lgin Ceylanl\u0131, Janssen TURGAN B\u00f6lgesi Y\u00f6netim Kurulu \u00dcyesi Oldu"},"content":{"rendered":"D\u00fcnyan\u0131n \u00f6nde gelen sa\u011fl\u0131k \u015firketlerinden olan Janssen’de ger\u00e7ekle\u015fen ataman\u0131n ard\u0131ndan,&nbsp; TURGAN b\u00f6lgesinde Sa\u011fl\u0131k Hizmetleri Uyum M\u00fcd\u00fcrl\u00fc\u011f\u00fc g\u00f6revini s\u00fcrd\u00fcren I\u015f\u0131lay \u0130lgin Ceylanl\u0131, TURGAN B\u00f6lgesi Y\u00f6netim Kurulu \u00dcyesi olarak atand\u0131.  K\u00fcresel \u00e7apta hizmet veren sa\u011fl\u0131k \u015firketlerinden biri olan Janssen ’de, yeni bir atama ger\u00e7ekle\u015fti. T\u00fcrkiye, Ukrayna, G\u00fcrcistan  ve Azerbaycan ’\u0131 kapsayan TURGAN  b\u00f6lgesinde Sa\u011fl\u0131k Hizmetleri Uyum M\u00fcd\u00fcr\u00fc olarak g\u00f6rev yapan I\u015f\u0131lay \u0130lgin Ceylanl\u0131 , 2 Eyl\u00fcl 2024 itibar\u0131yla TURGAN B\u00f6lgesi Y\u00f6netim Kurulu \u00dcyesi olarak atand\u0131. I\u015f\u0131lay \u0130lgin Ceylanl\u0131 yeni g\u00f6revinde Y\u00f6netim Kurulu \u00dcyesi olarak, Janssen’in k\u00fcresel hedefleri do\u011frultusunda b\u00f6lgedeki stratejik i\u015f s\u00fcre\u00e7lerine katk\u0131 sunmaya ve organizasyonel dayan\u0131kl\u0131l\u0131\u011f\u0131 desteklemeye devam edecek.  2003 y\u0131l\u0131nda Orta Do\u011fu Teknik \u00dcniversitesi  Siyaset Bilimi ve Kamu Y\u00f6netimi B\u00f6l\u00fcm\u00fc’nden mezun olan I\u015f\u0131lay \u0130lgin Ceylanl\u0131, profesyonel kariyerine PWC T\u00fcrkiye ’de ba\u015flam\u0131\u015f ve Ericsson  ile Novartis  gibi k\u00fcresel \u015firketlerde \u00e7e\u015fitli \u00fcst d\u00fczey g\u00f6revlerde bulunmu\u015ftur. 2021 y\u0131l\u0131nda Sabanc\u0131 \u00dcniversitesi  Executive MBA program\u0131n\u0131 ve 2022 y\u0131l\u0131nda Columbia Business School  \u00dcst D\u00fczey Liderlik Program\u0131’n\u0131 tamamlam\u0131\u015ft\u0131r. ","protected":false},"author":1,"featured_media":0,"parent":923,"menu_order":0,"comment_status":"open","ping_status":"closed","template":"","meta":{"_links_to":"https:\/\/www.kadindostumarkalar.org\/yazilar\/kariyer-basamaklari\/isilay-ilgin-ceylanli-janssen-turgan-bolgesi-yonetim-kurulu-uyesi-oldu","_links_to_target":"https:\/\/www.kadindostumarkalar.org\/yazilar\/kariyer-basamaklari\/isilay-ilgin-ceylanli-janssen-turgan-bolgesi-yonetim-kurulu-uyesi-oldu"},"_links":{"self":[{"href":"https:\/\/www.kadindostumarkalar.org\/yazilar\/kariyer-basamaklari\/isilay-ilgin-ceylanli-janssen-turgan-bolgesi-yonetim-kurulu-uyesi-oldu"}],"collection":[{"href":"urlver"}],"about":[{"href":""}],"author":[{"embeddable":true,"href":"https:\/\/www.kadindostumarkalar.org\/yazilar\/kariyer-basamaklari\/isilay-ilgin-ceylanli-janssen-turgan-bolgesi-yonetim-kurulu-uyesi-oldu"}],"replies":[{"embeddable":true,"href":"https:\/\/www.kadindostumarkalar.org\/yazilar\/kariyer-basamaklari\/isilay-ilgin-ceylanli-janssen-turgan-bolgesi-yonetim-kurulu-uyesi-oldu"}],"version-history":[{"count":772,"href":"https:\/\/www.kadindostumarkalar.org\/yazilar\/kariyer-basamaklari\/isilay-ilgin-ceylanli-janssen-turgan-bolgesi-yonetim-kurulu-uyesi-oldu"}],"predecessor-version":[{"id":923,"href":"https:\/\/www.kadindostumarkalar.org\/yazilar\/kariyer-basamaklari\/isilay-ilgin-ceylanli-janssen-turgan-bolgesi-yonetim-kurulu-uyesi-oldu"}],"up":[{"embeddable":true,"href":"https:\/\/www.kadindostumarkalar.org\/yazilar\/kariyer-basamaklari\/isilay-ilgin-ceylanli-janssen-turgan-bolgesi-yonetim-kurulu-uyesi-oldu"}],"wp:attachment":[{"href":"https:\/\/www.kadindostumarkalar.org\/img\/blog\/isilay-ilgin-ceylanli-janssen-turgan-bolgesi-yonetim-kurulu-uyesi-oldu-0-54470.jpg"}],"curies":[{"name":".Net","href":"https:\/\/api.w.org\/{rel}","templated":true}]}}