{"id":1001,"date":"2025-02-24T18:50:30","date_gmt":"2025-02-24T18:50:30","guid":{"rendered":"https:\/\/www.kadindostumarkalar.org\/yazilar\/kariyer-basamaklari\/isilay-okay-olgar-in-insan-kaynaklari-direktoru-oldu"},"modified":"2025-02-25T21:24:56","modified_gmt":"2025-02-25T21:24:56","slug":"isilay-okay-olgar-in-insan-kaynaklari-direktoru-oldu","status":"publish","type":"page","link":"","title":{"rendered":"I\u015f\u0131lay Okay, Olgar’\u0131n \u0130nsan Kaynaklar\u0131 Direkt\u00f6r\u00fc Oldu"},"content":{"rendered":"OLGAR, \u0130nsan Kaynaklar\u0131 Y\u00f6netimi’nde deneyimli bir isim olan I\u015f\u0131lay Okay’\u0131 b\u00fcnyesine katt\u0131. Okay, sekt\u00f6r\u00fcnde 30 y\u0131ll\u0131k deneyimiyle OLGAR’ \u0131n insan kaynaklar\u0131 stratejilerine y\u00f6n verecek.   Outdoor, ekstrem sporlar ve performans ekipmanlar\u0131 konusunda geni\u015f \u00fcr\u00fcn yelpazesiyle t\u00fcketicilere hizmet veren T\u00fcrkiye’nin spor perakende markalar\u0131ndan SPX , insan kaynaklar\u0131 y\u00f6netiminde deneyimli bir isimle yoluna devam ediyor. 30 y\u0131ll\u0131k deneyimiyle sekt\u00f6rde \u00f6nemli ba\u015far\u0131lara imza atan I\u015f\u0131lay Okay , OLGAR ’ \u0131n \u0130nsan Kaynaklar\u0131 Direkt\u00f6r\u00fc olarak g\u00f6reve ba\u015flad\u0131.  OLGAR’ daki yeni g\u00f6revinde, \u015firketin yetenek kazan\u0131m\u0131, \u00e7al\u0131\u015fan ba\u011fl\u0131l\u0131\u011f\u0131, performans y\u00f6netimi ve kurumsal geli\u015fim s\u00fcre\u00e7lerine liderlik edecek olan I\u015f\u0131lay Okay, markan\u0131n b\u00fcy\u00fcme hedeflerine paralel olarak insan kayna\u011f\u0131 alan\u0131ndaki d\u00f6n\u00fc\u015f\u00fcm\u00fcn\u00fc y\u00f6netecek. \u0130stanbul Teknik \u00dcniversitesi  End\u00fcstri M\u00fchendisli\u011fi mezunu olan ve m\u00fchendislik y\u00f6netimi alan\u0131nda y\u00fcksek lisans yapan I\u015f\u0131lay Okay, kariyerinde Ko\u00e7 Holding , Boyner, Atasay, Ki\u011f\u0131l\u0131, Intercity  ve Adil I\u015f\u0131k Group  gibi markalarda insan kaynaklar\u0131 y\u00f6netimi ve kurumsal geli\u015fim alanlar\u0131nda kritik roller \u00fcstlendi. \u0130\u015fe al\u0131m, performans y\u00f6netimi, organizasyonel geli\u015fim ve i\u015fveren markas\u0131 olu\u015fturma konular\u0131nda uzmanla\u015fan Okay, bundan b\u00f6yle OLGAR’ \u0131n insan kaynaklar\u0131 stratejilerini y\u00f6netecek. ","protected":false},"author":1,"featured_media":0,"parent":1001,"menu_order":0,"comment_status":"open","ping_status":"closed","template":"","meta":{"_links_to":"https:\/\/www.kadindostumarkalar.org\/yazilar\/kariyer-basamaklari\/isilay-okay-olgar-in-insan-kaynaklari-direktoru-oldu","_links_to_target":"https:\/\/www.kadindostumarkalar.org\/yazilar\/kariyer-basamaklari\/isilay-okay-olgar-in-insan-kaynaklari-direktoru-oldu"},"_links":{"self":[{"href":"https:\/\/www.kadindostumarkalar.org\/yazilar\/kariyer-basamaklari\/isilay-okay-olgar-in-insan-kaynaklari-direktoru-oldu"}],"collection":[{"href":"urlver"}],"about":[{"href":""}],"author":[{"embeddable":true,"href":"https:\/\/www.kadindostumarkalar.org\/yazilar\/kariyer-basamaklari\/isilay-okay-olgar-in-insan-kaynaklari-direktoru-oldu"}],"replies":[{"embeddable":true,"href":"https:\/\/www.kadindostumarkalar.org\/yazilar\/kariyer-basamaklari\/isilay-okay-olgar-in-insan-kaynaklari-direktoru-oldu"}],"version-history":[{"count":568,"href":"https:\/\/www.kadindostumarkalar.org\/yazilar\/kariyer-basamaklari\/isilay-okay-olgar-in-insan-kaynaklari-direktoru-oldu"}],"predecessor-version":[{"id":1001,"href":"https:\/\/www.kadindostumarkalar.org\/yazilar\/kariyer-basamaklari\/isilay-okay-olgar-in-insan-kaynaklari-direktoru-oldu"}],"up":[{"embeddable":true,"href":"https:\/\/www.kadindostumarkalar.org\/yazilar\/kariyer-basamaklari\/isilay-okay-olgar-in-insan-kaynaklari-direktoru-oldu"}],"wp:attachment":[{"href":"https:\/\/www.kadindostumarkalar.org\/img\/blog\/isilay-okay-olgar-in-insan-kaynaklari-direktoru-oldu-0-99733.jpg"}],"curies":[{"name":".Net","href":"https:\/\/api.w.org\/{rel}","templated":true}]}}