{"id":803,"date":"2024-10-01T23:18:38","date_gmt":"2024-10-01T23:18:38","guid":{"rendered":"https:\/\/www.kadindostumarkalar.org\/yazilar\/haberler\/isildayanlar-konferansi-yaklasiyor"},"modified":"2024-10-01T23:18:38","modified_gmt":"2024-10-01T23:18:38","slug":"isildayanlar-konferansi-yaklasiyor","status":"publish","type":"page","link":"","title":{"rendered":"I\u015eILDAYANLAR KONFERANSI YAKLA\u015eIYOR "},"content":{"rendered":" Bu y\u0131l \u00fc\u00e7\u00fcnc\u00fc kez d\u00fczenlenecek olan “I\u015eILDAYANLAR Konferans\u0131” 9 Ekim’de Raffles Hotel \u0130stanbul’da ger\u00e7ekle\u015fecek. \u0130novasyon ve teknoloji, sosyal etki, sanat, spor, gastronomi, i\u015f d\u00fcnyas\u0131 ve giri\u015fimcilik gibi farkl\u0131 alanlarda \u0131\u015f\u0131ldayan kad\u0131nlara ve \u0131\u015f\u0131ldatan erkek lidere, “I\u015eILDAYANLAR \u00d6d\u00fclleri” takdim edilecek.   I\u015eILDAYANLAR, kad\u0131nlar \u0131n  sosyal ve ekonomik kalk\u0131nmadaki de\u011ferini \u00f6ne \u00e7\u0131karan bir platform olarak s\u00fcrd\u00fcr\u00fclebilir bir gelecek i\u00e7in kad\u0131nlar\u0131n ba\u015far\u0131 hikâyeleriyle \u00f6rnek olmalar\u0131 ve ilham vermelerini misyon ediniyor. Bu kapsamda d\u00fczenledikleri I\u015eILDAYANLAR Konferans\u0131 , bu y\u0131l \u00fc\u00e7\u00fcnc\u00fc kez ger\u00e7ekle\u015fecek. 9 Ekim tarihinde Raffles Hotel \u0130stanbul ’da d\u00fczenlenecek olan konferansta ilham veren konu\u015fmac\u0131lar ve bu alanda \u00f6nc\u00fc markalar yer alacak.  \u0130novasyon ve teknoloji, sosyal etki, sanat, spor, gastronomi, i\u015f d\u00fcnyas\u0131 ve giri\u015fimcilik gibi farkl\u0131 alanlarda \u0131\u015f\u0131ldayan kad\u0131nlar a ve \u0131\u015f\u0131ldatan erkek lidere, oylama sistemi PwC T\u00fcrkiye  taraf\u0131ndan denetlenen I\u015eILDAYANLAR \u00d6D\u00dcLLER\u0130  sunulacak. Ayr\u0131ca, I\u015eILDAYANLAR \u0130\u015f D\u00fcnyas\u0131nda Kad\u0131n Etki ENDEKS\u0130  a\u00e7\u0131klanacak. &nbsp; “I\u015f\u0131ldamak ve Birbirimizi I\u015f\u0131ldatmaya Kararl\u0131l\u0131kla Devam Edece\u011fiz” &nbsp; OGGUSTO  ve I\u015eILDAYANLAR Platformu  Kurucusu \u00d6zlem G\u00fcsar, kad\u0131nlar\u0131n toplumsal ve ekonomik hayatta daha fazla yer almas\u0131n\u0131n sadece onlar i\u00e7in de\u011fil, toplumun t\u00fcm kesimlerinin daha g\u00fc\u00e7l\u00fc ve adil bir gelece\u011fe sahip olmas\u0131n\u0131 sa\u011flayaca\u011f\u0131n\u0131 vurgulad\u0131. Kad\u0131nlar\u0131n g\u00fcc\u00fcyle s\u00fcrd\u00fcr\u00fclebilir bir gelece\u011fin m\u00fcmk\u00fcn oldu\u011funa inand\u0131klar\u0131n\u0131 belirten G\u00fcsar, bu do\u011frultudaki ama\u00e7lar\u0131n\u0131n, \u0131\u015f\u0131ldayan kad\u0131nlar\u0131n ve birlikte \u0131\u015f\u0131ldayan erkeklerin hikâyelerini payla\u015fmak, ilham ve \u00f6rnek olmak, toplumsal cinsiyet  e\u015fitli\u011fi ne y\u00f6nelik fark\u0131ndal\u0131k yaratmak oldu\u011funu ifade etti. Her y\u0131l artan bir ilgiyle kar\u015f\u0131lanan \u00e7al\u0131\u015fmalar\u0131nda \u0131\u015f\u0131\u011f\u0131n yans\u0131yarak \u00e7o\u011fald\u0131\u011f\u0131na, deneyimlerin yol g\u00f6sterdi\u011fine tan\u0131k olduklar\u0131n\u0131n alt\u0131n\u0131 \u00e7izen G\u00fcsar, bu y\u0131l iddialar\u0131n\u0131n I\u015eILDAYANLAR Platformu’na d\u00f6n\u00fc\u015fmek oldu\u011funu vurgulad\u0131. G\u00fcsar, s\u00f6zlerine, “PwC T\u00fcrkiye taraf\u0131ndan oylama sistemi denetlenen, halk\u0131n ve itibarl\u0131 bir j\u00fcrinin adaylar\u0131 belirledi\u011fi I\u015eILDAYANLAR \u00d6d\u00fcl Program\u0131m\u0131z ve I\u015eILDAYANLAR \u0130\u015f D\u00fcnyas\u0131nda Kad\u0131n Etki Endeksi ile ge\u00e7en sene verdi\u011fimiz s\u00f6zleri tutarak bu iddiam\u0131z\u0131 per\u00e7inleyece\u011fiz. S\u00f6z\u00fcm\u00fcz s\u00f6z: I\u015f\u0131ldamak ve birbirimizi \u0131\u015f\u0131ldatmaya kararl\u0131l\u0131kla devam edece\u011fiz” \u015feklinde devam etti. G\u00fcsar s\u00f6zlerini tamamlarken, bu y\u0131l konferansta ilk kez uluslararas\u0131 konu\u015fmac\u0131lar\u0131n da yer alaca\u011f\u0131n\u0131 belirtti.  Konferansta Yer Alacak \u0130lham Veren Konu\u015fmac\u0131lar &nbsp; OGGUSTO taraf\u0131ndan d\u00fczenlenen I\u015eILDAYANLAR Konferans\u0131 bu y\u0131l da ilham veren konu\u015fmac\u0131lara yer verecek. \u00dcstelik bu y\u0131l konferansta ilk kez uluslararas\u0131 konu\u015fmac\u0131 da olacak. Xponential Group Y\u00f6netim Kurulu Ba\u015fkan\u0131 ve CEO’su Tariq Qureishy , oyuncu Asl\u0131 Enver , oyuncu,  komedyen ve senarist Yasemin Sakall\u0131o\u011flu , gazeteci yazar Fatih Altayl\u0131 , milli y\u00fcz\u00fcc\u00fc Aysu T\u00fcrko\u011flu , tarih\u00e7i yazar Saffet Emre Tongu\u00e7 , ralli pilotu ve klinik psikolog K\u00fcbra Denizci , a\u015f\u00e7\u0131 Refika Birg\u00fcl , Urla Vino Locale Kurucu Orta\u011f\u0131 ve sahibi Seray Kumbasar,  Denizbank Y\u00f6netim Kurulu \u00dcyesi ve Genel M\u00fcd\u00fcr\u00fc Hakan Ate\u015f,  Mastercard Do\u011fu Avrupa Pazarlama ve \u0130leti\u015fim Ba\u015fkan Yard\u0131mc\u0131s\u0131 Yasemin Develio\u011flu , L’Oréal T\u00fcrkiye Genel M\u00fcd\u00fcr\u00fc Sinem Sand\u0131k\u00e7\u0131  G\u00f6k\u00e7en ve Pin Drinks Genel M\u00fcd\u00fcr\u00fc Emre Sever  gibi alan\u0131nda \u00f6nc\u00fc isimler sahnede yer alacak. &nbsp; I\u015eILDAYANLAR Konferans\u0131’n\u0131 bu y\u0131l Yekta Kopan  ve Burcu Hakyemez Dal  y\u00f6netecek. Mercedes,  Mastercard , Denizbank,  Socar,  T\u00fcrk Hava Yollar\u0131,  Aptamil,  Arksigner, Binance  gibi \u00f6nc\u00fc markalar \u00f6zel oturumlar ve deneyim alanlar\u0131nda spordan bilim ve teknolojiye, s\u00fcrd\u00fcr\u00fclebilir tar\u0131mdan g\u00fczelli\u011fe \u00e7e\u015fitli alanlarda kat\u0131l\u0131mc\u0131lara \u00f6zel anlar ya\u015fatacak. \u0130yi ki Filantropi Vakf\u0131  ve Yeniden Biz  ise stratejik ortak olacak.  &nbsp; “I\u015eILDAYANLAR” \u00d6d\u00fclleri   Bu y\u0131l I\u015eILDAYANLAR Platformu kapsam\u0131nda ilk kez I\u015eILDAYANLAR \u00d6d\u00fclleri d\u00fczenlenecek. \u00d6d\u00fcller ile \u0131\u015f\u0131ldayan kad\u0131n ba\u015far\u0131 hikâyelerinin \u00e7o\u011falmas\u0131 i\u00e7in g\u00fc\u00e7leri birle\u015ftirmek hedefleniyor. Toplumsal cinsiyet e\u015fitli\u011finin simgesi olarak toplumda ve i\u015f d\u00fcnyas\u0131nda \u00f6nc\u00fc, t\u00fcm kad\u0131nlara ve gen\u00e7 nesillere ilham veren, yol g\u00f6steren, g\u00fcven veren, umut kayna\u011f\u0131 olan \u0131\u015f\u0131ldayan kad\u0131nlar \u00f6d\u00fcllendirilecek. \u0130novasyon &amp; Teknoloji I\u015f\u0131ldayan\u0131, Sanat I\u015f\u0131ldayan\u0131, Sosyal Etki I\u015f\u0131ldayan\u0131, Spor I\u015f\u0131ldayan\u0131, Gastronomi I\u015f\u0131ldayan\u0131 ve \u0130\u015f D\u00fcnyas\u0131 ve Giri\u015fimcilik I\u015f\u0131ldayan\u0131 Kad\u0131nlar kategorilerinde \u00f6d\u00fcller a\u00e7\u0131klanacak. Ayr\u0131ca, kad\u0131nlar\u0131n \u0131\u015f\u0131ldamas\u0131 i\u00e7in etki \u00fcretenleri takdir etmek ve sayg\u0131 g\u00f6sterme amac\u0131yla, kad\u0131nlara e\u015fit f\u0131rsat sa\u011flayan ve uygulamalar\u0131 ile bu konuda toplumda fark\u0131ndal\u0131k yaratan erkek lider belirlenecek.  &nbsp; T\u00fcm adaylar \u015feffaf bir s\u00fcre\u00e7le halka a\u00e7\u0131k \u015fekilde belirlenecek. \u0130tibarl\u0131 kanaat lideri J\u00fcri Kurulu taraf\u0131ndan de\u011ferlendirilecek. Oylama sistemi PwC T\u00fcrkiye taraf\u0131ndan denetlenecek.&nbsp; Toplumsal Cinsiyet E\u015fitli\u011fi i\u00e7in Yeni Yol Haritas\u0131 &nbsp; Konferansta, ZENNA Dan\u0131\u015fmanl\u0131k  taraf\u0131ndan, I\u015eILDAYANLAR’a \u00f6zel haz\u0131rlanan \u0130\u015f D\u00fcnyas\u0131nda Kad\u0131n Etki Endeksi  de a\u00e7\u0131klanacak. Ge\u00e7en y\u0131l bu alanda ba\u015flat\u0131lan ara\u015ft\u0131rma, bu y\u0131l bir endeks \u00e7al\u0131\u015fmas\u0131na d\u00f6n\u00fc\u015ft\u00fcr\u00fclerek g\u00fc\u00e7lendiriliyor. Endeks ile kad\u0131nlar\u0131n toplumsal ve ekonomik hayattaki yerinin ve etkisinin \u00f6l\u00e7\u00fclmesi ama\u00e7lan\u0131yor. Bu do\u011frultuda kad\u0131nlar\u0131n g\u00fc\u00e7lenmesi nin sosyal ve ekonomik kalk\u0131nma \u00fczerindeki etkileri derinlemesine ele al\u0131nacak. B\u00f6ylece endeks, toplumsal cinsiyet e\u015fitli\u011fi  konusunda fark\u0131ndal\u0131k  yaratmaya ve i\u015f d\u00fcnyas\u0131na yeni bir yol haritas\u0131 sunmaya hizmet edecek.  ","protected":false},"author":1,"featured_media":0,"parent":803,"menu_order":0,"comment_status":"open","ping_status":"closed","template":"","meta":{"_links_to":"https:\/\/www.kadindostumarkalar.org\/yazilar\/haberler\/isildayanlar-konferansi-yaklasiyor","_links_to_target":"https:\/\/www.kadindostumarkalar.org\/yazilar\/haberler\/isildayanlar-konferansi-yaklasiyor"},"_links":{"self":[{"href":"https:\/\/www.kadindostumarkalar.org\/yazilar\/haberler\/isildayanlar-konferansi-yaklasiyor"}],"collection":[{"href":"urlver"}],"about":[{"href":""}],"author":[{"embeddable":true,"href":"https:\/\/www.kadindostumarkalar.org\/yazilar\/haberler\/isildayanlar-konferansi-yaklasiyor"}],"replies":[{"embeddable":true,"href":"https:\/\/www.kadindostumarkalar.org\/yazilar\/haberler\/isildayanlar-konferansi-yaklasiyor"}],"version-history":[{"count":826,"href":"https:\/\/www.kadindostumarkalar.org\/yazilar\/haberler\/isildayanlar-konferansi-yaklasiyor"}],"predecessor-version":[{"id":803,"href":"https:\/\/www.kadindostumarkalar.org\/yazilar\/haberler\/isildayanlar-konferansi-yaklasiyor"}],"up":[{"embeddable":true,"href":"https:\/\/www.kadindostumarkalar.org\/yazilar\/haberler\/isildayanlar-konferansi-yaklasiyor"}],"wp:attachment":[{"href":"https:\/\/www.kadindostumarkalar.org\/img\/blog\/isildayanlar-konferansi-yaklasiyor-0-99109.jpg"}],"curies":[{"name":".Net","href":"https:\/\/api.w.org\/{rel}","templated":true}]}}