{"id":533,"date":"2022-11-16T11:37:58","date_gmt":"2022-11-16T11:37:58","guid":{"rendered":"https:\/\/www.kadindostumarkalar.org\/yazilar\/vakif-dernek\/isyerimde-tacize-ve-siddete-yer-yok"},"modified":"2022-11-16T11:38:58","modified_gmt":"2022-11-16T11:38:58","slug":"isyerimde-tacize-ve-siddete-yer-yok","status":"publish","type":"page","link":"","title":{"rendered":"\u0130\u015eYER\u0130MDE TAC\u0130ZE VE \u015e\u0130DDETE YER YOK!"},"content":{"rendered":"YANINDAYIZ Derne\u011fi ’nin Friedrich Naumann Vakf\u0131 ’n\u0131n deste\u011fi ile y\u00fcr\u00fctt\u00fc\u011f\u00fc “\u0130\u015fyerimde Tacize ve \u015eiddete Yer Yok !” projesi, T\u00fcrkiye'de erkekleri e\u011fitim ve seminer faaliyetleri ile bilin\u00e7lendirerek toplumsal cinsiyete dayal\u0131 \u015fiddet ve tacizin sona ermesine katk\u0131da bulunmak amac\u0131yla ger\u00e7ekle\u015ftirildi. May\u0131s 2022’de ba\u015flayan ve 31 Ekim 2022’de tamamlan “\u0130\u015fyerimde Tacize ve \u015eiddete Yer Yok!” projesinin kapan\u0131\u015f toplant\u0131s\u0131 ge\u00e7ti\u011fimiz g\u00fcnlerde yap\u0131ld\u0131. Toplant\u0131n\u0131n a\u00e7\u0131l\u0131\u015f konu\u015fmas\u0131nda YANINDAYIZ Derne\u011fi Kurucu Y\u00f6netim Kurulu Ba\u015fkan\u0131 Nur Ger  proje hakk\u0131nda \u015funlar\u0131 s\u00f6yledi: “YANINDAYIZ Derne\u011fi olarak T\u00fcrkiye’ de ilk kez il\u00e7eler d\u00fczeyinde ger\u00e7ekle\u015ftirdi\u011fimiz Toplumsal Cinsiyet E\u015fitli\u011fi  Endeksi \u00e7al\u0131\u015fmam\u0131zdan yola \u00e7\u0131karak, \u0130stanbul \u00f6zelinde ve T\u00fcrkiye \u00e7ap\u0131nda genel endeks skoru d\u00fc\u015f\u00fck 10 il ve il\u00e7ede yer alan 13 farkl\u0131 tekstil  fabrikas\u0131nda ger\u00e7ekle\u015ftirdi\u011fimiz ‘\u0130\u015fyerimde Tacize ve \u015eiddete Yer Yok!’ projesi kapsam\u0131nda mavi yakal\u0131 \u00e7al\u0131\u015fanlara toplumsal cinsiyete dayal\u0131 taciz  ve \u015fiddet  fark\u0131ndal\u0131\u011f\u0131 e\u011fitimleri verdik. \u0130lk ve son testler uygulayarak kat\u0131l\u0131mc\u0131lar\u0131n \u015fiddet ve tacize y\u00f6nelik alg\u0131 de\u011fi\u015fimlerini g\u00f6zlemledik. Proje sonu\u00e7lar\u0131n\u0131 de\u011ferlendirdi\u011fimizde; e\u011fitimin \u00f6zellikle i\u015fyerinde cinsel taciz ile ilgili olan k\u0131sm\u0131n\u0131n olduk\u00e7a geli\u015ftirici ve \u00f6\u011fretici oldu\u011funu, d\u00fczenli aral\u0131klarla verilecek e\u011fitimlerde belki de kan\u0131ksanm\u0131\u015f olan kal\u0131plar\u0131n k\u0131r\u0131labilece\u011fini bizzat deneyimlemi\u015f olduk.” Nur Ger, “T\u00fcrkiye, s\u00f6z konusu toplumsal cinsiyet e\u015fitli\u011fi oldu\u011funda, kaplumba\u011fa h\u0131z\u0131nda yol alan bir \u00fclke. Bu h\u0131z\u0131n artmas\u0131 i\u00e7in \u00f6zel sekt\u00f6r, kamu ve sivil toplum \u00f6rg\u00fctlerinin el ele vermesi, birlikte \u00e7al\u0131\u015farak daha \u00e7ok ortak proje ger\u00e7ekle\u015ftirmesi ve ataerkil zihniyet d\u00f6n\u00fc\u015f\u00fcm\u00fcn\u00fcn sa\u011flanmas\u0131na katk\u0131 sunmas\u0131 \u015fart” dedi. YANINDAYIZ Derne\u011fi Kurucu Y\u00f6netim Kurulu Ba\u015fkan\u0131 Ger, T\u00fcrkiye’de faaliyet g\u00f6steren STK’larda toplumsal cinsiyet e\u015fitli\u011fini merkeze alan etkinlik ve projelerin say\u0131s\u0131n\u0131n giderek artmas\u0131n\u0131n memnuniyet verici oldu\u011funu vurgularken yeterli olmad\u0131\u011f\u0131n\u0131 da s\u00f6zlerine ekledi.  Friedrich Nauman Vakf\u0131 T\u00fcrkiye Daimi Temsilcisi Beate Apelt , “YANINDAYIZ Derne\u011fi ile proje ortakl\u0131\u011f\u0131m\u0131z bizim i\u00e7in ayr\u0131 bir \u00f6neme sahip. Bir kad\u0131n haklar\u0131 savunucusu derne\u011fi olan YANINDAYIZ’\u0131n hedef kitle olarak erkeklere ula\u015fma yakla\u015f\u0131m\u0131n\u0131 olduk\u00e7a e\u015fsiz buluyor ve bunun kad\u0131nlar\u0131n kendilerini g\u00fc\u00e7lendirirken ihtiya\u00e7 duyduklar\u0131 bir tamamlay\u0131c\u0131 oldu\u011funu d\u00fc\u015f\u00fcn\u00fcyoruz” dedi.  ","protected":false},"author":1,"featured_media":0,"parent":533,"menu_order":0,"comment_status":"open","ping_status":"closed","template":"","meta":{"_links_to":"https:\/\/www.kadindostumarkalar.org\/yazilar\/vakif-dernek\/isyerimde-tacize-ve-siddete-yer-yok","_links_to_target":"https:\/\/www.kadindostumarkalar.org\/yazilar\/vakif-dernek\/isyerimde-tacize-ve-siddete-yer-yok"},"_links":{"self":[{"href":"https:\/\/www.kadindostumarkalar.org\/yazilar\/vakif-dernek\/isyerimde-tacize-ve-siddete-yer-yok"}],"collection":[{"href":"urlver"}],"about":[{"href":""}],"author":[{"embeddable":true,"href":"https:\/\/www.kadindostumarkalar.org\/yazilar\/vakif-dernek\/isyerimde-tacize-ve-siddete-yer-yok"}],"replies":[{"embeddable":true,"href":"https:\/\/www.kadindostumarkalar.org\/yazilar\/vakif-dernek\/isyerimde-tacize-ve-siddete-yer-yok"}],"version-history":[{"count":984,"href":"https:\/\/www.kadindostumarkalar.org\/yazilar\/vakif-dernek\/isyerimde-tacize-ve-siddete-yer-yok"}],"predecessor-version":[{"id":533,"href":"https:\/\/www.kadindostumarkalar.org\/yazilar\/vakif-dernek\/isyerimde-tacize-ve-siddete-yer-yok"}],"up":[{"embeddable":true,"href":"https:\/\/www.kadindostumarkalar.org\/yazilar\/vakif-dernek\/isyerimde-tacize-ve-siddete-yer-yok"}],"wp:attachment":[{"href":"https:\/\/www.kadindostumarkalar.org\/img\/blog\/isyerimde-tacize-ve-siddete-yer-yok-0-88914.jpg"}],"curies":[{"name":".Net","href":"https:\/\/api.w.org\/{rel}","templated":true}]}}