{"id":156,"date":"2020-11-29T00:00:00","date_gmt":"2020-11-29T00:00:00","guid":{"rendered":"https:\/\/www.kadindostumarkalar.org\/yazilar\/vakif-dernek\/iznikin-kadinlari-uretiyor"},"modified":"2022-06-02T00:19:20","modified_gmt":"2022-06-02T00:19:20","slug":"iznikin-kadinlari-uretiyor","status":"publish","type":"page","link":"","title":{"rendered":"\u0130ZN\u0130K’\u0130N KADINLARI \u00dcRET\u0130YOR"},"content":{"rendered":"\u0130znik, bereketli topraklar\u0131 ile bir\u00e7ok medeniyete ev sahipli\u011fi yapan ve bu \u00f6zelli\u011fiyle topra\u011f\u0131 tarih kokan bir kasaba. Tarihi dokusu ve g\u00fczelliklerinin yan\u0131 s\u0131ra \u00e7ini sanat\u0131na da farkl\u0131 ve kendine has \u00f6zellikler ekleyen \u0130znik bu zenginli\u011fini, Bizans’tan Osmanl\u0131’ya uzanan kadim tarihi boyunca, kad\u0131n elinin katt\u0131\u011f\u0131 de\u011ferle \u00e7o\u011faltm\u0131\u015ft\u0131r. Bug\u00fcn, \u0130znikli \u00dcreten Kad\u0131nlar Derne\u011fi de, asl\u0131nda, tam olarak, g\u00fcc\u00fcn\u00fc tarihteki \u00f6rneklerinden alarak yola \u00e7\u0131k\u0131yor. Bundan 1,5 y\u0131l \u00f6nce, Havva Candar \u00f6nderli\u011finde hareket eden ve \u00fcreten \u0130znik’in kad\u0131nlar\u0131, ekonomide “Biz de var\u0131z!” diyor. G\u00fcn\u00fcm\u00fczde, i\u015f d\u00fcnyas\u0131n\u0131n \u00f6nde gelen bir\u00e7ok ismi, \u00f6nemli ekonomistleri ve uluslararas\u0131 d\u00fczeyde faaliyet g\u00f6steren \u00f6rg\u00fctleri, “KADIN HAKLARI” ve “KADININ EKONOM\u0130YE DAHA FAZLA DAH\u0130L ED\u0130LMES\u0130” gerekti\u011fi konular\u0131nda ortakla\u015f\u0131yor. Kad\u0131n\u0131n daha g\u00fc\u00e7l\u00fc oldu\u011fu toplumlar daha fazla s\u00fcrd\u00fcr\u00fclebilirlikten s\u00f6z edebiliyor. Hem ekonomik hem de sosyal anlamda, kad\u0131nlar\u0131n \u00f6n\u00fcn\u00fc a\u00e7an toplumlar, daima \u00f6n s\u0131ralarda yer al\u0131yor. \u0130znik sokaklar\u0131, medreseleri ve \u00e7ini at\u00f6lyeleri ile ba\u015ftan a\u015fa\u011f\u0131 bir tarih miras\u0131na ev sahipli\u011fi yap\u0131yor. \u0130znik kad\u0131nlar\u0131 da bir araya gelerek hem bu tarihi de\u011ferlere sahip \u00e7\u0131k\u0131yor, unutulmaya y\u00fcz tutmu\u015f sanatlar\u0131 ve zanaatlar\u0131 icra ediyor hem de emekleriyle, kendi ayaklar\u0131n\u0131n \u00fcst\u00fcnde durman\u0131n keyfini ya\u015f\u0131yor. \u0130znik’in g\u00fc\u00e7l\u00fc kad\u0131nlar\u0131, \u0130znik \u00dcreten Kad\u0131nlar Derne\u011fi \u00e7at\u0131s\u0131 alt\u0131nda \u00fcretiyor, sat\u0131yor ve g\u00fc\u00e7leniyor. \u00c7al\u0131\u015fmalar\u0131 \u0130znik ile de s\u0131n\u0131rl\u0131 kalmayan bu dayan\u0131\u015fma hareketi, karde\u015f illerde, karde\u015f olu\u015fumlarla bir araya gelip g\u00fc\u00e7lerini birle\u015ftirerek, kad\u0131n\u0131n sesini ve eme\u011fini her alanda ve her co\u011frafyada duyurmaya kararl\u0131. En b\u00fcy\u00fck deste\u011fi, Bursa B\u00fcy\u00fck\u015fehir Belediyesi’nden ald\u0131klar\u0131n\u0131 s\u00f6yleyen \u0130znik’in \u00dcreten Kad\u0131nlar\u0131, \u0130znik’te Bursa B\u00fcy\u00fck\u015fehir Belediyesi taraf\u0131ndan yap\u0131lmas\u0131 beklenen “Kad\u0131nlar \u00c7ar\u015f\u0131s\u0131”n\u0131n da \u0130znik’e ve \u00fcreten kad\u0131nlar\u0131n bu dayan\u0131\u015fma hareketine \u00f6nemli katk\u0131lar\u0131 olaca\u011f\u0131na inan\u0131yorlar. En k\u0131sa s\u00fcrede \u00e7ar\u015f\u0131lar\u0131na kavu\u015fmay\u0131 bekliyorlar. Kad\u0131nlar \u00dcretiyor, Unutulmaya Y\u00fcz Tutmu\u015f El \u0130\u015fleri Yeniden Trend Haline Geliyor  \u0130znik’in ad\u0131n\u0131 d\u00fcnyaya duyuran \u00e7ini sanat\u0131, kendine has motifleri ve \u00f6zellikleri ile bug\u00fcn \u0130znikli kad\u0131nlar\u0131n ellerinde yeniden yorumlan\u0131yor. Birbirinden g\u00fczel, el eme\u011fi g\u00f6z nuru \u00e7ini ve seramik \u00fcr\u00fcnler, \u00f6zellikle b\u00f6lgeye gelen yerli ve yabanc\u0131 turistlerin en \u00e7ok ilgisini \u00e7eken \u00fcr\u00fcnler oluyor. Yan\u0131 s\u0131ra kad\u0131nlara umut olan bu topluluk, \u00e7e\u015fitli kurumlar\u0131n \u00fcretime kad\u0131n\u0131 dahil etti\u011fi ve kad\u0131n\u0131n kalk\u0131nmas\u0131na f\u0131rsat verdi\u011fi hareketleri de yak\u0131ndan takip ediyor ve \u0130znik kad\u0131nlar\u0131na bu anlamda rehberlik ediyor. S\u00fcta\u015f markas\u0131n\u0131n ba\u015flatt\u0131\u011f\u0131 BUZU kampanyas\u0131na, \u0130znikli \u00dcreten Kad\u0131nlar\u0131n da kat\u0131ld\u0131\u011f\u0131n\u0131 dile getiren Havva Candar, bu kat\u0131l\u0131mlar\u0131n\u0131n \u00f6zellikle pandemi d\u00f6neminde kad\u0131nlara epeyce destek oldu\u011funu vurguluyor.  Markalar\u0131n, kad\u0131n\u0131 ekonomiye dahil eden sosyal sorumluluk i\u00e7eren hareketlerinin devam etmesinin hem topluma sa\u011flad\u0131\u011f\u0131 faydalar\u0131 hem de kad\u0131nlar\u0131n bu markalara olan g\u00fcven ve aidiyet duygusunu peki\u015ftirdi\u011fini s\u00f6zlerine ekliyor. B\u00f6yle dost markalar\u0131m\u0131z\u0131n say\u0131s\u0131n artmas\u0131n\u0131 y\u00fcrekten istediklerini ve bu sayede ekonominin i\u00e7inde daha \u00e7ok yer almay\u0131 hedeflediklerini dile getiriyor. \u0130znik \u00dcreten Kad\u0131nlar Derne\u011fi kad\u0131nlar\u0131, baz\u0131 geri d\u00f6n\u00fc\u015f\u00fcml\u00fc \u00fcr\u00fcnler ile \u00e7evreye duyarl\u0131l\u0131\u011f\u0131n\u0131 da ortaya koyuyor. UNESCO D\u00fcnya Miras\u0131 Listesi i\u00e7in de \u00f6nemli ad\u0131mlar atm\u0131\u015f bulunuyor. Yan\u0131 s\u0131ra imza att\u0131klar\u0131 KATEM projesi, Tursap ile k\u00fclt\u00fcr sanat turlar\u0131 da derne\u011fin kad\u0131nlar\u0131n\u0131n \u00e7ok y\u00f6nl\u00fc ve giri\u015fimci ki\u015filiklerini ve kararl\u0131l\u0131klar\u0131n\u0131 ortaya koyuyor. Yap\u0131lan bunca g\u00fczel i\u015f, bir araya gelen b\u00f6ylesi g\u00fc\u00e7l\u00fc ve g\u00fczel kad\u0131nlar, \u0130znik’te ba\u015flatt\u0131klar\u0131 dayan\u0131\u015fma hareketini ve \u00fcrettikleri \u00fcr\u00fcnleri d\u00fcnyaya duyurmakta kararl\u0131 g\u00f6r\u00fcn\u00fcyor.     ","protected":false},"author":1,"featured_media":0,"parent":156,"menu_order":0,"comment_status":"open","ping_status":"closed","template":"","meta":{"_links_to":"https:\/\/www.kadindostumarkalar.org\/yazilar\/vakif-dernek\/iznikin-kadinlari-uretiyor","_links_to_target":"https:\/\/www.kadindostumarkalar.org\/yazilar\/vakif-dernek\/iznikin-kadinlari-uretiyor"},"_links":{"self":[{"href":"https:\/\/www.kadindostumarkalar.org\/yazilar\/vakif-dernek\/iznikin-kadinlari-uretiyor"}],"collection":[{"href":"urlver"}],"about":[{"href":""}],"author":[{"embeddable":true,"href":"https:\/\/www.kadindostumarkalar.org\/yazilar\/vakif-dernek\/iznikin-kadinlari-uretiyor"}],"replies":[{"embeddable":true,"href":"https:\/\/www.kadindostumarkalar.org\/yazilar\/vakif-dernek\/iznikin-kadinlari-uretiyor"}],"version-history":[{"count":1257,"href":"https:\/\/www.kadindostumarkalar.org\/yazilar\/vakif-dernek\/iznikin-kadinlari-uretiyor"}],"predecessor-version":[{"id":156,"href":"https:\/\/www.kadindostumarkalar.org\/yazilar\/vakif-dernek\/iznikin-kadinlari-uretiyor"}],"up":[{"embeddable":true,"href":"https:\/\/www.kadindostumarkalar.org\/yazilar\/vakif-dernek\/iznikin-kadinlari-uretiyor"}],"wp:attachment":[{"href":"https:\/\/www.kadindostumarkalar.org\/img\/blog\/fb-img-1606211452025.jpg"}],"curies":[{"name":".Net","href":"https:\/\/api.w.org\/{rel}","templated":true}]}}